{"id":15798,"date":"2024-09-05T14:22:48","date_gmt":"2024-09-05T12:22:48","guid":{"rendered":"https:\/\/lebenleben.de\/karriere\/?page_id=15798"},"modified":"2026-03-30T09:49:33","modified_gmt":"2026-03-30T07:49:33","slug":"elektroniker-m-w-d-fuer-gebaeude-und-energietechnik","status":"publish","type":"page","link":"https:\/\/lebenleben.de\/karriere\/ausbildung\/elektroniker-m-w-d-fuer-gebaeude-und-energietechnik\/","title":{"rendered":"Elektroniker (m\/w\/d) f\u00fcr Geb\u00e4ude- und Energietechnik"},"content":{"rendered":"\n<div id=\"llimageslider-block_8e3ae4c8835522105d614b8a590b1c21\" class=\"block-llimageslider llimageslider alignwide\">\n\n    \n\t\t<div class=\"llimageslider-slider\" data-slick='{\"autoplaySpeed\": 5000}'>\n\t\t\t\t\t\t\t<div class=\"single-slide-wrapper slide-1\">\n\t\t\t\t\t<img loading=\"lazy\" decoding=\"async\" width=\"1100\" height=\"440\" src=\"https:\/\/lebenleben.de\/karriere\/wp-content\/uploads\/sites\/2\/2024\/09\/Elektroniker.jpg\" class=\"single-slide-image slider-desktop-image\" alt=\"\" srcset=\"https:\/\/lebenleben.de\/karriere\/wp-content\/uploads\/sites\/2\/2024\/09\/Elektroniker.jpg 1100w, https:\/\/lebenleben.de\/karriere\/wp-content\/uploads\/sites\/2\/2024\/09\/Elektroniker-300x120.jpg 300w, https:\/\/lebenleben.de\/karriere\/wp-content\/uploads\/sites\/2\/2024\/09\/Elektroniker-1024x410.jpg 1024w, https:\/\/lebenleben.de\/karriere\/wp-content\/uploads\/sites\/2\/2024\/09\/Elektroniker-768x307.jpg 768w\" sizes=\"auto, (max-width: 1100px) 100vw, 1100px\" \/>          <img loading=\"lazy\" decoding=\"async\" width=\"1000\" height=\"400\" src=\"https:\/\/lebenleben.de\/karriere\/wp-content\/uploads\/sites\/2\/2024\/09\/Elektroniker-1024x410.jpg\" class=\"single-slide-image slider-mobile-image\" alt=\"\" srcset=\"https:\/\/lebenleben.de\/karriere\/wp-content\/uploads\/sites\/2\/2024\/09\/Elektroniker-1024x410.jpg 1024w, https:\/\/lebenleben.de\/karriere\/wp-content\/uploads\/sites\/2\/2024\/09\/Elektroniker-300x120.jpg 300w, https:\/\/lebenleben.de\/karriere\/wp-content\/uploads\/sites\/2\/2024\/09\/Elektroniker-768x307.jpg 768w, https:\/\/lebenleben.de\/karriere\/wp-content\/uploads\/sites\/2\/2024\/09\/Elektroniker.jpg 1100w\" sizes=\"auto, (max-width: 1000px) 100vw, 1000px\" \/>\n                    <div class=\"single-slide-text\">\n          <h2>Elektroniker (m\/w\/d) f\u00fcr Geb\u00e4ude- und Energietechnik<\/h2><h3>Deine Zukunft beginnt HIER.<\/h3>          <a class=\"button button-hollow button-hollow-secondary\" href=\"#details\">Mehr erfahren&nbsp;&raquo;<\/a>        <\/div>\n        \n\t\t\t\t<\/div>\n\t\t\t\t\t<\/div>\n\t  <script>\n    jQuery(document).ready(function() {\n        jQuery('.llimageslider-slider').slick({\n          dots: true,\n          infinite: true,\n          speed: 1000,\n          autoplay: true,\n          adaptiveHeight: true,\n          slidesToShow: 1,\n          fade: true,\n          focusOnSelect: true\n        });\n    });\n    <\/script>\n<\/div>\n\n\n\n<h2 class=\"wp-block-heading has-text-align-center\">Die Ausbildung im \u00dcberblick<\/h2>\n\n\n\n<p class=\"has-text-align-center\">Du hast ein gutes technisches Verst\u00e4ndnis, bist handwerklich geschickt und mathematische Aufgaben fallen dir leicht? Au\u00dferdem bist du sorgf\u00e4ltig, arbeitest gerne im Team und bist<br>verantwortungsbewusst, besonders wenn es um Sicherheit geht?<\/p>\n\n\n\n<p class=\"has-text-align-center\">Dann ist diese Ausbildung genau die richtige f\u00fcr dich!<\/p>\n\n\n\n<div style=\"height:25px\" aria-hidden=\"true\" class=\"wp-block-spacer\"><\/div>\n\n\n<div id=\"llreadmore-block_55868ac4329a7178dd70191406f5cd37\" class=\"block-llreadmore llreadmore aligncenter\">\n\t<a class=\"button\" href=\"https:\/\/jobs.lebenleben.de\/de\/jobs\/74\/intro\" target=\"_blank\">Jetzt bewerben&nbsp;&raquo;<\/a>\n<\/div>\n\n\n\n<div style=\"height:60px\" aria-hidden=\"true\" class=\"wp-block-spacer\"><\/div>\n\n\n\n<div class=\"wp-block-group alignfull bg-grey\" id=\"details\"><div class=\"wp-block-group__inner-container is-layout-constrained wp-block-group-is-layout-constrained\">\n<h2 class=\"wp-block-heading has-text-align-center\">F\u00fcr dich zusammengefasst<\/h2>\n\n\n    <script>\n    jQuery(document).ready(function() {\n        jQuery('.uid-1').slick({\n            dots: true,\n            infinite: true,\n            arrows: true,\n            speed: 1000,\n            autoplay: false,\n            slidesToShow: 3,\n            slidesToScroll: 1,\n            fade: false,\n            responsive: [\n                {\n                    breakpoint: 1024,\n                    settings: {\n                        slidesToShow: 2,\n                        slidesToScroll: 1\n                    }\n                },\n                {\n                    breakpoint: 800,\n                    settings: {\n                        slidesToShow: 1,\n                        slidesToScroll: 1\n                    }\n                }\n            ]\n        });\n    });\n    <\/script>\n\n<div id=\"listteaser-block_17b783e12076af52fd9921db4d86ec88\" class=\"block-listteaser-wrapper columns-3 uid-1 testimonial block-listteaser--style-default\">\n                        <div class=\"listteaser-single single-teaser block-subpage-wrapper__single\">\n                                <div class=\"textwrapper\">\n                    <h3 class='block-listteaser__headline text-align-center'>Deine Ausbildungszeit<\/h3>                    \n                    <p>Die Ausbildung dauert regul\u00e4r 3,5 Jahre.<\/p>\n<p>Bei entsprechendem Vorwissen und Engagement w\u00e4hrend der Ausbildung, besteht die M\u00f6glichkeit, die Ausbildungszeit auf 3 Jahre zu verk\u00fcrzen.<\/p>\n<p>Deine Arbeitszeit betr\u00e4gt 39,0 Stunden pro Woche, verteilt von Montag bis Freitag.<\/p>\n\n                                    <\/div>\n            <\/div>\n                    <div class=\"listteaser-single single-teaser block-subpage-wrapper__single\">\n                                <div class=\"textwrapper\">\n                    <h3 class='block-listteaser__headline text-align-center'>Deine Berufsschulzeit<\/h3>                    \n                    <p>Im ersten Lehrjahr bist du montags und dienstags in der Berufsschule, im zweiten Lehrjahr mittwochs, im dritten Lehrjahr donnerstags und im vierten Lehrjahr freitags.<\/p>\n<p>Deine Berufsschulzeiten verbringst du an der BBS1 in Uelzen, Wilhelm-Seedorf-Str. 5.<\/p>\n<p>Deine Ausbildung endet mit der gestreckten Abschlusspr\u00fcfung, die sich in die Abschlusspr\u00fcfung Teil I und die Abschlusspr\u00fcfung Teil II gliedert.<\/p>\n\n                                    <\/div>\n            <\/div>\n                    <div class=\"listteaser-single single-teaser block-subpage-wrapper__single\">\n                                <div class=\"textwrapper\">\n                    <h3 class='block-listteaser__headline text-align-center'>Deine Qualifikationen<\/h3>                    \n                    <p>Du hast mindestens einen Realschulabschluss, bist handwerklich geschickt und interessierst dich f\u00fcr technische Systeme und Abl\u00e4ufe.<\/p>\n<p>Du bist aufgeschlossen, arbeitest gerne im Team und eine sorgf\u00e4ltige und gewissenhafte Arbeitsweise zeichnen dich aus.<\/p>\n<p>Au\u00dferdem besitzt du gute Grundlagenkenntnisse in Mathe und Physik, die dir bei der Berechnung und Arbeit mit Spannung, Stromkreisen und Widerst\u00e4nden helfen.<\/p>\n\n                                    <\/div>\n            <\/div>\n                    <div class=\"listteaser-single single-teaser block-subpage-wrapper__single\">\n                                <div class=\"textwrapper\">\n                    <h3 class='block-listteaser__headline text-align-center'>Deine Einsatzstellen <\/h3>                    \n                    <p>W\u00e4hrend deiner Ausbildung bist du im gesamten Gesch\u00e4ftsgebiet unserer Unternehmensgruppe im Einsatz.<\/p>\n<p>Mit unseren modernen Poolfahrzeugen bist du je nach Bedarf in den Landkreisen Uelzen, L\u00fcchow-Dannenberg und Gifhorn unterwegs.<\/p>\n\n                                    <\/div>\n            <\/div>\n            <\/div>\n<\/div><\/div>\n\n\n\n<div style=\"height:50px\" aria-hidden=\"true\" class=\"wp-block-spacer\"><\/div>\n\n\n\n<h2 class=\"wp-block-heading has-text-align-center\">Darauf kannst du z\u00e4hlen<\/h2>\n\n\n\n<div style=\"height:35px\" aria-hidden=\"true\" class=\"wp-block-spacer\"><\/div>\n\n\n    <script>\n    jQuery(document).ready(function() {\n        jQuery('.uid-2').slick({\n            dots: true,\n            infinite: true,\n            arrows: true,\n            speed: 1000,\n            autoplay: false,\n            slidesToShow: 4,\n            slidesToScroll: 1,\n            fade: false,\n            responsive: [\n                {\n                    breakpoint: 1024,\n                    settings: {\n                        slidesToShow: 2,\n                        slidesToScroll: 1\n                    }\n                },\n                {\n                    breakpoint: 800,\n                    settings: {\n                        slidesToShow: 1,\n                        slidesToScroll: 1\n                    }\n                }\n            ]\n        });\n    });\n    <\/script>\n\n<div id=\"listteaser-block_5ff727ad9abcd39f3969fe333b627bc2\" class=\"block-listteaser-wrapper columns-4 uid-2 testimonial block-listteaser--style-default\">\n                        <div class=\"listteaser-single single-teaser block-subpage-wrapper__single\">\n                <img loading=\"lazy\" decoding=\"async\" width=\"100\" height=\"100\" src=\"https:\/\/lebenleben.de\/karriere\/wp-content\/uploads\/sites\/2\/2024\/09\/rakete.png\" class=\"keep-size\" alt=\"\" \/>                <div class=\"textwrapper\">\n                    <h4 class='block-listteaser__headline text-align-center'>Deine Zukunft<\/h4>                    \n                    <p style=\"text-align: center\">Bei uns hast du die Chance, deine Karriere nach der Ausbildung nahtlos fortzusetzen. Wir bieten dir gute \u00dcbernahmechancen und eine sichere Perspektive f\u00fcr deine berufliche Zukunft.<\/p>\n\n                                    <\/div>\n            <\/div>\n                    <div class=\"listteaser-single single-teaser block-subpage-wrapper__single\">\n                <img loading=\"lazy\" decoding=\"async\" width=\"100\" height=\"100\" src=\"https:\/\/lebenleben.de\/karriere\/wp-content\/uploads\/sites\/2\/2024\/05\/euro-1.png\" class=\"keep-size\" alt=\"\" \/>                <div class=\"textwrapper\">\n                    <h4 class='block-listteaser__headline text-align-center'>Kosten\u00fcbernahme<\/h4>                    \n                    <p style=\"text-align: center\">Wir \u00fcbernehmen die Kosten f\u00fcr deine Schulb\u00fccher und deine<br \/>\nDienstkleidung, damit du dich voll und ganz auf das Wesentliche konzentrieren kannst: deine Ausbildung und deine Zukunft.<\/p>\n\n                                    <\/div>\n            <\/div>\n                    <div class=\"listteaser-single single-teaser block-subpage-wrapper__single\">\n                <img loading=\"lazy\" decoding=\"async\" width=\"100\" height=\"100\" src=\"https:\/\/lebenleben.de\/karriere\/wp-content\/uploads\/sites\/2\/2024\/11\/Bonus-5.png\" class=\"keep-size\" alt=\"\" \/>                <div class=\"textwrapper\">\n                    <h4 class='block-listteaser__headline text-align-center'>Jahressonderzahlung<\/h4>                    \n                    <p style=\"text-align: center\">Am Jahresende erh\u00e4ltst du eine Sonderzahlung in H\u00f6he von<br \/>\n50 % deines monatlichen Bruttogehalts &#8211; ein Bonus von uns f\u00fcr dich!<\/p>\n\n                                    <\/div>\n            <\/div>\n                    <div class=\"listteaser-single single-teaser block-subpage-wrapper__single\">\n                <img loading=\"lazy\" decoding=\"async\" width=\"100\" height=\"100\" src=\"https:\/\/lebenleben.de\/karriere\/wp-content\/uploads\/sites\/2\/2024\/09\/Fitness.png\" class=\"keep-size\" alt=\"\" \/>                <div class=\"textwrapper\">\n                    <h4 class='block-listteaser__headline text-align-center'>Fitness und Gesundheit<\/h4>                    \n                    <p style=\"text-align: center\">Du profitierst vom deutschlandweit g\u00fcltigen Firmenfitness-Programm Hansefit, bei dem du Sport- und Gesundheitseinrichtungen zum verg\u00fcnstigten Tarif nutzen kannst.<\/p>\n\n                                    <\/div>\n            <\/div>\n                    <div class=\"listteaser-single single-teaser block-subpage-wrapper__single\">\n                <img loading=\"lazy\" decoding=\"async\" width=\"100\" height=\"100\" src=\"https:\/\/lebenleben.de\/karriere\/wp-content\/uploads\/sites\/2\/2024\/05\/Icon_2.png\" class=\"keep-size\" alt=\"\" \/>                <div class=\"textwrapper\">\n                    <h4 class='block-listteaser__headline text-align-center'>Urlaub<\/h4>                    \n                    <p style=\"text-align: center\"><span data-teams=\"true\"><span class=\"ui-provider a b c d e f g h i j k l m n o p q r s t u v w x y z ab ac ae af ag ah ai aj ak\" dir=\"ltr\">Du hast einen Urlaubsanspruch von 30 Tagen im Jahr. Damit du die Feiertage in Ruhe genie\u00dfen kannst, hast du zus\u00e4tzlich an Heiligabend und Silvester frei.<\/span><\/span><\/p>\n\n                                    <\/div>\n            <\/div>\n                    <div class=\"listteaser-single single-teaser block-subpage-wrapper__single\">\n                <img loading=\"lazy\" decoding=\"async\" width=\"100\" height=\"100\" src=\"https:\/\/lebenleben.de\/karriere\/wp-content\/uploads\/sites\/2\/2024\/05\/daumen-hoch.png\" class=\"keep-size\" alt=\"\" \/>                <div class=\"textwrapper\">\n                    <h4 class='block-listteaser__headline text-align-center'>Geregelte Arbeitszeiten<\/h4>                    \n                    <p style=\"text-align: center\">Bei uns kannst du dich auf geregelte Arbeitszeiten freuen: du arbeitest ausschlie\u00dflich von Montag bis Freitag ohne Schicht- und Wochenenddienste.<\/p>\n\n                                    <\/div>\n            <\/div>\n                    <div class=\"listteaser-single single-teaser block-subpage-wrapper__single\">\n                <img loading=\"lazy\" decoding=\"async\" width=\"100\" height=\"100\" src=\"https:\/\/lebenleben.de\/karriere\/wp-content\/uploads\/sites\/2\/2026\/03\/Deutschlandticket.png\" class=\"keep-size\" alt=\"\" \/>                <div class=\"textwrapper\">\n                    <h4 class='block-listteaser__headline text-align-center'>Dein Ticket durch Deutschland<\/h4>                    \n                    <p style=\"text-align: center\">Bei uns sicherst du dir dein Deutschlandticket zu verg\u00fcnstigten Konditionen &#8211; f\u00fcr deinen Arbeitsweg und deine Freizeit.<\/p>\n\n                                    <\/div>\n            <\/div>\n            <\/div>\n\n\n\n<div style=\"height:50px\" aria-hidden=\"true\" class=\"wp-block-spacer\"><\/div>\n\n\n\n<div class=\"wp-block-group alignfull bg-grey\"><div class=\"wp-block-group__inner-container is-layout-constrained wp-block-group-is-layout-constrained\">\n<h2 class=\"wp-block-heading has-text-align-center\">Das erwartet dich bei uns<\/h2>\n\n\n    <script>\n    jQuery(document).ready(function() {\n        jQuery('.uid-3').slick({\n            dots: true,\n            infinite: true,\n            arrows: true,\n            speed: 1000,\n            autoplay: false,\n            slidesToShow: 3,\n            slidesToScroll: 1,\n            fade: false,\n            responsive: [\n                {\n                    breakpoint: 1024,\n                    settings: {\n                        slidesToShow: 2,\n                        slidesToScroll: 1\n                    }\n                },\n                {\n                    breakpoint: 800,\n                    settings: {\n                        slidesToShow: 1,\n                        slidesToScroll: 1\n                    }\n                }\n            ]\n        });\n    });\n    <\/script>\n\n<div id=\"listteaser-block_0286f91d13e0d0779e9e6e4c015e6451\" class=\"block-listteaser-wrapper columns-3 uid-3 testimonial block-listteaser--style-default\">\n                        <div class=\"listteaser-single single-teaser block-subpage-wrapper__single\">\n                                <div class=\"textwrapper\">\n                    <h3 class='block-listteaser__headline text-align-center'>Installation<\/h3>                    \n                    <p>Von Beleuchtungsanlagen \u00fcber Sicherheitssysteme bis hin zur Energieversorgung &#8211; du lernst wie elektrische Anlagen in Geb\u00e4uden installiert und in Betrieb genommen werden.<br \/>\nDabei sorgst du daf\u00fcr, dass alles reibungslos funktioniert und den h\u00f6chsten Sicherheitsstandards entspricht.<\/p>\n\n                                    <\/div>\n            <\/div>\n                    <div class=\"listteaser-single single-teaser block-subpage-wrapper__single\">\n                                <div class=\"textwrapper\">\n                    <h3 class='block-listteaser__headline text-align-center'>Wartung<\/h3>                    \n                    <p>Du lernst wie Fehler diagnostiziert werden, technische St\u00f6rungen behoben werden und wie Technik so optimiert wird, dass sie effizient und zuverl\u00e4ssig funktioniert. Hierbei \u00fcberpr\u00fcfst du bestehende Systeme und reparierst diese gegebenenfalls.<\/p>\n\n                                    <\/div>\n            <\/div>\n                    <div class=\"listteaser-single single-teaser block-subpage-wrapper__single\">\n                                <div class=\"textwrapper\">\n                    <h3 class='block-listteaser__headline text-align-center'>Planung<\/h3>                    \n                    <p>Ob bei der Auswahl von Materialien oder der Ausarbeitung von Systemkonzepten &#8211; von Beginn an bist du in die Planung involviert.<br \/>\nDu lernst, technische Zeichnungen und Pl\u00e4ne zu lesen, zu erstellen und alle Arbeitsschritte zu dokumentieren.<\/p>\n\n                                    <\/div>\n            <\/div>\n            <\/div>\n<\/div><\/div>\n\n\n\n<div style=\"height:50px\" aria-hidden=\"true\" class=\"wp-block-spacer\"><\/div>\n\n\n\n<h2 class=\"wp-block-heading has-text-align-center\">Noch Fragen?<\/h2>\n\n\n\n<div class=\"wp-block-columns is-layout-flex wp-container-core-columns-is-layout-9d6595d7 wp-block-columns-is-layout-flex\">\n<div class=\"wp-block-column is-layout-flow wp-block-column-is-layout-flow\" style=\"flex-basis:33.33%\">\n<figure class=\"wp-block-image size-large\"><img loading=\"lazy\" decoding=\"async\" width=\"1024\" height=\"563\" src=\"https:\/\/lebenleben.de\/karriere\/wp-content\/uploads\/sites\/2\/2024\/09\/Susanne_Peters-1024x563.png\" alt=\"\" class=\"wp-image-15634\" srcset=\"https:\/\/lebenleben.de\/karriere\/wp-content\/uploads\/sites\/2\/2024\/09\/Susanne_Peters-1024x563.png 1024w, https:\/\/lebenleben.de\/karriere\/wp-content\/uploads\/sites\/2\/2024\/09\/Susanne_Peters-300x165.png 300w, https:\/\/lebenleben.de\/karriere\/wp-content\/uploads\/sites\/2\/2024\/09\/Susanne_Peters-768x422.png 768w, https:\/\/lebenleben.de\/karriere\/wp-content\/uploads\/sites\/2\/2024\/09\/Susanne_Peters-1536x845.png 1536w, https:\/\/lebenleben.de\/karriere\/wp-content\/uploads\/sites\/2\/2024\/09\/Susanne_Peters-2048x1126.png 2048w\" sizes=\"auto, (max-width: 1024px) 100vw, 1024px\" \/><\/figure>\n<\/div>\n\n\n\n<div class=\"wp-block-column is-layout-flow wp-block-column-is-layout-flow\" style=\"flex-basis:66.66%\">\n<div style=\"height:25px\" aria-hidden=\"true\" class=\"wp-block-spacer\"><\/div>\n\n\n\n<p>Du hast Fragen zu den einzelnen Ausbildungsberufen oder m\u00f6chtest dich generell \u00fcber die Ausbildung in unserer Unternehmensgruppe informieren? Gerne steht dir unsere Ansprechpartnerin zur Verf\u00fcgung:<\/p>\n\n\n\n<h3 class=\"wp-block-heading\">Susanne Peters<\/h3>\n\n\n\n<p>Telefon: 0175 5858717<\/p>\n<\/div>\n<\/div>\n\n\n\n<div style=\"height:50px\" aria-hidden=\"true\" class=\"wp-block-spacer\"><\/div>\n\n\n\n<div id=\"llticker-block_faeab94597f26c25b2b1956ffef0567b\" class=\"block-llticker widget llticker ticker-bg-brand\">\n\t<h3 style=\"text-align: center;\">Starte deine Zukunft bei Leben leben.\u00a0\u00a0\u00a0\u00a0<a class=\"button button-hollow button-hollow-secondary\" href=\"https:\/\/jobs.lebenleben.de\/de\/jobs\/74\/intro\" target=\"_blank\" rel=\"noopener\">Jetzt bewerben<\/a><\/h3>\n<\/div>\n\n\n\n<div style=\"height:50px\" aria-hidden=\"true\" class=\"wp-block-spacer\"><\/div>\n\n\n\n<h2 class=\"wp-block-heading has-text-align-center\">Kontakt<\/h2>\n\n\n\n<p class=\"has-text-align-center\">Trage deine Kontaktdaten ein und wir melden uns schnellstm\u00f6glich bei dir.<\/p>\n\n\n<script>\nvar gform;gform||(document.addEventListener(\"gform_main_scripts_loaded\",function(){gform.scriptsLoaded=!0}),document.addEventListener(\"gform\/theme\/scripts_loaded\",function(){gform.themeScriptsLoaded=!0}),window.addEventListener(\"DOMContentLoaded\",function(){gform.domLoaded=!0}),gform={domLoaded:!1,scriptsLoaded:!1,themeScriptsLoaded:!1,isFormEditor:()=>\"function\"==typeof InitializeEditor,callIfLoaded:function(o){return!(!gform.domLoaded||!gform.scriptsLoaded||!gform.themeScriptsLoaded&&!gform.isFormEditor()||(gform.isFormEditor()&&console.warn(\"The use of gform.initializeOnLoaded() is deprecated in the form editor context and will be removed in Gravity Forms 3.1.\"),o(),0))},initializeOnLoaded:function(o){gform.callIfLoaded(o)||(document.addEventListener(\"gform_main_scripts_loaded\",()=>{gform.scriptsLoaded=!0,gform.callIfLoaded(o)}),document.addEventListener(\"gform\/theme\/scripts_loaded\",()=>{gform.themeScriptsLoaded=!0,gform.callIfLoaded(o)}),window.addEventListener(\"DOMContentLoaded\",()=>{gform.domLoaded=!0,gform.callIfLoaded(o)}))},hooks:{action:{},filter:{}},addAction:function(o,r,e,t){gform.addHook(\"action\",o,r,e,t)},addFilter:function(o,r,e,t){gform.addHook(\"filter\",o,r,e,t)},doAction:function(o){gform.doHook(\"action\",o,arguments)},applyFilters:function(o){return gform.doHook(\"filter\",o,arguments)},removeAction:function(o,r){gform.removeHook(\"action\",o,r)},removeFilter:function(o,r,e){gform.removeHook(\"filter\",o,r,e)},addHook:function(o,r,e,t,n){null==gform.hooks[o][r]&&(gform.hooks[o][r]=[]);var d=gform.hooks[o][r];null==n&&(n=r+\"_\"+d.length),gform.hooks[o][r].push({tag:n,callable:e,priority:t=null==t?10:t})},doHook:function(r,o,e){var t;if(e=Array.prototype.slice.call(e,1),null!=gform.hooks[r][o]&&((o=gform.hooks[r][o]).sort(function(o,r){return o.priority-r.priority}),o.forEach(function(o){\"function\"!=typeof(t=o.callable)&&(t=window[t]),\"action\"==r?t.apply(null,e):e[0]=t.apply(null,e)})),\"filter\"==r)return e[0]},removeHook:function(o,r,t,n){var e;null!=gform.hooks[o][r]&&(e=(e=gform.hooks[o][r]).filter(function(o,r,e){return!!(null!=n&&n!=o.tag||null!=t&&t!=o.priority)}),gform.hooks[o][r]=e)}});\n<\/script>\n\n                <div class='gf_browser_gecko gform_wrapper gform_legacy_markup_wrapper gform-theme--no-framework' data-form-theme='legacy' data-form-index='0' id='gform_wrapper_5' ><form method='post' enctype='multipart\/form-data'  id='gform_5'  action='\/karriere\/wp-json\/wp\/v2\/pages\/15798' data-formid='5' novalidate>\n                        <div class='gform-body gform_body'><ul id='gform_fields_5' class='gform_fields top_label form_sublabel_below description_above validation_below'><li id=\"field_5_4\" class=\"gfield gfield--type-text gfield--input-type-text gfield--width-third gf_left_third gfield_contains_required field_sublabel_below gfield--no-description field_description_above hidden_label field_validation_below gfield_visibility_visible\"  ><label class='gfield_label gform-field-label' for='input_5_4'>Vorname<span class=\"gfield_required\"><span class=\"gfield_required gfield_required_custom\">*<\/span><\/span><\/label><div class='ginput_container ginput_container_text'><input name='input_4' id='input_5_4' type='text' value='' class='large'    placeholder='Vorname *' aria-required=\"true\" aria-invalid=\"false\"   \/><\/div><\/li><li id=\"field_5_5\" class=\"gfield gfield--type-text gfield--input-type-text gfield--width-third gf_middle_third gfield_contains_required field_sublabel_below gfield--no-description field_description_above hidden_label field_validation_below gfield_visibility_visible\"  ><label class='gfield_label gform-field-label' for='input_5_5'>Nachname<span class=\"gfield_required\"><span class=\"gfield_required gfield_required_custom\">*<\/span><\/span><\/label><div class='ginput_container ginput_container_text'><input name='input_5' id='input_5_5' type='text' value='' class='large'    placeholder='Nachname *' aria-required=\"true\" aria-invalid=\"false\"   \/><\/div><\/li><li id=\"field_5_2\" class=\"gfield gfield--type-email gfield--input-type-email gfield--width-third gf_right_third gfield_contains_required field_sublabel_below gfield--no-description field_description_above hidden_label field_validation_below gfield_visibility_visible\"  ><label class='gfield_label gform-field-label' for='input_5_2'>E-Mail<span class=\"gfield_required\"><span class=\"gfield_required gfield_required_custom\">*<\/span><\/span><\/label><div class='ginput_container ginput_container_email'>\n                            <input name='input_2' id='input_5_2' type='email' value='' class='large'   placeholder='E-Mail Adresse *' aria-required=\"true\" aria-invalid=\"false\"  \/>\n                        <\/div><\/li><li id=\"field_5_6\" class=\"gfield gfield--type-textarea gfield--input-type-textarea gfield--width-full field_sublabel_below gfield--no-description field_description_above hidden_label field_validation_below gfield_visibility_visible\"  ><label class='gfield_label gform-field-label' for='input_5_6'>Mitteilung<\/label><div class='ginput_container ginput_container_textarea'><textarea name='input_6' id='input_5_6' class='textarea small'    placeholder='Du m\u00f6chtest uns noch etwas sagen?'  aria-invalid=\"false\"   rows='10' cols='50'><\/textarea><\/div><\/li><li id=\"field_5_3\" class=\"gfield gfield--type-consent gfield--type-choice gfield--input-type-consent gfield--width-full gfield_contains_required field_sublabel_below gfield--no-description field_description_above field_validation_below gfield_visibility_visible\"  ><label class='gfield_label gform-field-label gfield_label_before_complex' >Einwilligung<span class=\"gfield_required\"><span class=\"gfield_required gfield_required_custom\">*<\/span><\/span><\/label><div class='ginput_container ginput_container_consent'><input name='input_3.1' id='input_5_3_1' type='checkbox' value='1'   aria-required=\"true\" aria-invalid=\"false\"   \/> <label class=\"gform-field-label gform-field-label--type-inline gfield_consent_label\" for='input_5_3_1' >Ich erkl\u00e4re mich mit der Speicherung und Verarbeitung meiner Daten gem\u00e4\u00df der <a href=\"https:\/\/lebenleben.de\/karriere\/datenschutz\/\"  target=\"_blank\">Datenschutzerkl\u00e4rung<\/a>  einverstanden.<\/label><input type='hidden' name='input_3.2' value='Ich erkl\u00e4re mich mit der Speicherung und Verarbeitung meiner Daten gem\u00e4\u00df der &lt;a href=&quot;https:\/\/lebenleben.de\/karriere\/datenschutz\/&quot;  target=&quot;_blank&quot;&gt;Datenschutzerkl\u00e4rung&lt;\/a&gt;  einverstanden.' class='gform_hidden' \/><input type='hidden' name='input_3.3' value='5' class='gform_hidden' \/><\/div><\/li><\/ul><\/div>\n        <div class='gform-footer gform_footer top_label'> <input type='submit' id='gform_submit_button_5' class='gform_button button gform-button--width-full' onclick='gform.submission.handleButtonClick(this);' data-submission-type='submit' value='Absenden'  \/> \n            <input type='hidden' class='gform_hidden' name='gform_submission_method' data-js='gform_submission_method_5' value='postback' \/>\n            <input type='hidden' class='gform_hidden' name='gform_theme' data-js='gform_theme_5' id='gform_theme_5' value='legacy' \/>\n            <input type='hidden' class='gform_hidden' name='gform_style_settings' data-js='gform_style_settings_5' id='gform_style_settings_5' value='{&quot;inputPrimaryColor&quot;:&quot;#204ce5&quot;}' \/>\n            <input type='hidden' class='gform_hidden' name='is_submit_5' value='1' \/>\n            <input type='hidden' class='gform_hidden' name='gform_submit' value='5' \/>\n            \n            <input type='hidden' class='gform_hidden' name='gform_currency' data-currency='EUR' value='rGpQYJGx7Q6Ti00pEdiSdXLd7+ZUa9SYzykZW+jIh+tirNsZ0Tm7zYLiujzvzJnSdvHA8GM0WDdANN6CxwofWLe0ANLyLlpmNn9uU1iQ\/ksGso0=' \/>\n            <input type='hidden' class='gform_hidden' name='gform_unique_id' value='' \/>\n            <input type='hidden' class='gform_hidden' name='state_5' value='WyJ7XCIzLjFcIjpcIjdlNjQ2YjZkYzFjM2FkYjBjN2YzNmQ4OTU4NjVkOTI4XCIsXCIzLjJcIjpcIjY3OGQ0NmI4MjlmMDgyNThkOGUwMzc3MWFlYjhjYTlmXCIsXCIzLjNcIjpcIjhkNzkzMzgyYWUyYjVlMGM3MGMwY2I2ZGRjOWNjZDFkXCJ9IiwiYzZjMDVlOWEzMzE1Y2QzYmJjNTdlYzYwMWE0ZGM0YTEiXQ==' \/>\n            <input type='hidden' autocomplete='off' class='gform_hidden' name='gform_target_page_number_5' id='gform_target_page_number_5' value='0' \/>\n            <input type='hidden' autocomplete='off' class='gform_hidden' name='gform_source_page_number_5' id='gform_source_page_number_5' value='1' \/>\n            <input type='hidden' name='gform_field_values' value='' \/>\n            \n        <\/div>\n                        <\/form>\n                        <\/div><script>\ngform.initializeOnLoaded( function() {gformInitSpinner( 5, 'https:\/\/lebenleben.de\/karriere\/wp-content\/plugins\/gravityforms\/images\/spinner.svg', true );jQuery('#gform_ajax_frame_5').on('load',function(){var contents = jQuery(this).contents().find('*').html();var is_postback = contents.indexOf('GF_AJAX_POSTBACK') >= 0;if(!is_postback){return;}var form_content = jQuery(this).contents().find('#gform_wrapper_5');var is_confirmation = jQuery(this).contents().find('#gform_confirmation_wrapper_5').length > 0;var is_redirect = contents.indexOf('gformRedirect(){') >= 0;var is_form = form_content.length > 0 && ! is_redirect && ! is_confirmation;var mt = parseInt(jQuery('html').css('margin-top'), 10) + parseInt(jQuery('body').css('margin-top'), 10) + 100;if(is_form){jQuery('#gform_wrapper_5').html(form_content.html());if(form_content.hasClass('gform_validation_error')){jQuery('#gform_wrapper_5').addClass('gform_validation_error');} else {jQuery('#gform_wrapper_5').removeClass('gform_validation_error');}setTimeout( function() { \/* delay the scroll by 50 milliseconds to fix a bug in chrome *\/  }, 50 );if(window['gformInitDatepicker']) {gformInitDatepicker();}if(window['gformInitPriceFields']) {gformInitPriceFields();}var current_page = jQuery('#gform_source_page_number_5').val();gformInitSpinner( 5, 'https:\/\/lebenleben.de\/karriere\/wp-content\/plugins\/gravityforms\/images\/spinner.svg', true );jQuery(document).trigger('gform_page_loaded', [5, current_page]);window['gf_submitting_5'] = false;}else if(!is_redirect){var confirmation_content = jQuery(this).contents().find('.GF_AJAX_POSTBACK').html();if(!confirmation_content){confirmation_content = contents;}jQuery('#gform_wrapper_5').replaceWith(confirmation_content);jQuery(document).trigger('gform_confirmation_loaded', [5]);window['gf_submitting_5'] = false;wp.a11y.speak(jQuery('#gform_confirmation_message_5').text());}else{jQuery('#gform_5').append(contents);if(window['gformRedirect']) {gformRedirect();}}jQuery(document).trigger(\"gform_pre_post_render\", [{ formId: \"5\", currentPage: \"current_page\", abort: function() { this.preventDefault(); } }]);        if (event && event.defaultPrevented) {                return;        }        const gformWrapperDiv = document.getElementById( \"gform_wrapper_5\" );        if ( gformWrapperDiv ) {            const visibilitySpan = document.createElement( \"span\" );            visibilitySpan.id = \"gform_visibility_test_5\";            gformWrapperDiv.insertAdjacentElement( \"afterend\", visibilitySpan );        }        const visibilityTestDiv = document.getElementById( \"gform_visibility_test_5\" );        let postRenderFired = false;        function triggerPostRender() {            if ( postRenderFired ) {                return;            }            postRenderFired = true;            gform.core.triggerPostRenderEvents( 5, current_page );            if ( visibilityTestDiv ) {                visibilityTestDiv.parentNode.removeChild( visibilityTestDiv );            }        }        function debounce( func, wait, immediate ) {            var timeout;            return function() {                var context = this, args = arguments;                var later = function() {                    timeout = null;                    if ( !immediate ) func.apply( context, args );                };                var callNow = immediate && !timeout;                clearTimeout( timeout );                timeout = setTimeout( later, wait );                if ( callNow ) func.apply( context, args );            };        }        const debouncedTriggerPostRender = debounce( function() {            triggerPostRender();        }, 200 );        if ( visibilityTestDiv && visibilityTestDiv.offsetParent === null ) {            const observer = new MutationObserver( ( mutations ) => {                mutations.forEach( ( mutation ) => {                    if ( mutation.type === 'attributes' && visibilityTestDiv.offsetParent !== null ) {                        debouncedTriggerPostRender();                        observer.disconnect();                    }                });            });            observer.observe( document.body, {                attributes: true,                childList: false,                subtree: true,                attributeFilter: [ 'style', 'class' ],            });        } else {            triggerPostRender();        }    } );} );\n<\/script>\n\n\n\n<div style=\"height:50px\" aria-hidden=\"true\" class=\"wp-block-spacer\"><\/div>\n","protected":false},"excerpt":{"rendered":"<p>Die Ausbildung im \u00dcberblick Du hast ein gutes technisches Verst\u00e4ndnis, bist handwerklich geschickt und mathematische Aufgaben fallen dir leicht? Au\u00dferdem bist du sorgf\u00e4ltig, arbeitest gerne im Team und bistverantwortungsbewusst, besonders wenn es um Sicherheit geht? Dann ist diese Ausbildung genau die richtige f\u00fcr dich! F\u00fcr dich zusammengefasst Darauf kannst du z\u00e4hlen Das erwartet dich bei [&hellip;]<\/p>\n","protected":false},"author":15,"featured_media":15808,"parent":15640,"menu_order":0,"comment_status":"closed","ping_status":"closed","template":"page-templates\/page-fullscreen.php","meta":{"_acf_changed":false,"footnotes":""},"class_list":["post-15798","page","type-page","status-publish","has-post-thumbnail","hentry"],"acf":[],"yoast_head":"<!-- This site is optimized with the Yoast SEO plugin v27.3 - https:\/\/yoast.com\/product\/yoast-seo-wordpress\/ -->\n<title>Ausbildung - Elektroniker (m\/w\/d) f\u00fcr Geb\u00e4ude- und Energietechnik - Leben leben Karriere<\/title>\n<meta name=\"description\" content=\"Du interessierst dich f\u00fcr die Ausbildung zum Elektroniker (m\/w\/d) f\u00fcr Geb\u00e4ude- und Energietechnik bei Leben leben? Hier erf\u00e4hrst du mehr dar\u00fcber.\" \/>\n<meta name=\"robots\" content=\"index, follow, max-snippet:-1, max-image-preview:large, max-video-preview:-1\" \/>\n<link rel=\"canonical\" href=\"https:\/\/lebenleben.de\/karriere\/ausbildung\/elektroniker-m-w-d-fuer-gebaeude-und-energietechnik\/\" \/>\n<meta property=\"og:locale\" content=\"de_DE\" \/>\n<meta property=\"og:type\" content=\"article\" \/>\n<meta property=\"og:title\" content=\"Ausbildung - Elektroniker (m\/w\/d) f\u00fcr Geb\u00e4ude- und Energietechnik - Leben leben Karriere\" \/>\n<meta property=\"og:description\" content=\"Du interessierst dich f\u00fcr die Ausbildung zum Elektroniker (m\/w\/d) f\u00fcr Geb\u00e4ude- und Energietechnik bei Leben leben? Hier erf\u00e4hrst du mehr dar\u00fcber.\" \/>\n<meta property=\"og:url\" content=\"https:\/\/lebenleben.de\/karriere\/ausbildung\/elektroniker-m-w-d-fuer-gebaeude-und-energietechnik\/\" \/>\n<meta property=\"og:site_name\" content=\"Leben leben Karriere\" \/>\n<meta property=\"article:modified_time\" content=\"2026-03-30T07:49:33+00:00\" \/>\n<meta property=\"og:image\" content=\"https:\/\/lebenleben.de\/karriere\/wp-content\/uploads\/sites\/2\/2024\/09\/Elektroniker.jpg\" \/>\n\t<meta property=\"og:image:width\" content=\"1100\" \/>\n\t<meta property=\"og:image:height\" content=\"440\" \/>\n\t<meta property=\"og:image:type\" content=\"image\/jpeg\" \/>\n<meta name=\"twitter:card\" content=\"summary_large_image\" \/>\n<meta name=\"twitter:label1\" content=\"Gesch\u00e4tzte Lesezeit\" \/>\n\t<meta name=\"twitter:data1\" content=\"6\u00a0Minuten\" \/>\n<script type=\"application\/ld+json\" class=\"yoast-schema-graph\">{\"@context\":\"https:\\\/\\\/schema.org\",\"@graph\":[{\"@type\":\"WebPage\",\"@id\":\"https:\\\/\\\/lebenleben.de\\\/karriere\\\/ausbildung\\\/elektroniker-m-w-d-fuer-gebaeude-und-energietechnik\\\/\",\"url\":\"https:\\\/\\\/lebenleben.de\\\/karriere\\\/ausbildung\\\/elektroniker-m-w-d-fuer-gebaeude-und-energietechnik\\\/\",\"name\":\"Ausbildung - Elektroniker (m\\\/w\\\/d) f\u00fcr Geb\u00e4ude- und Energietechnik - Leben leben Karriere\",\"isPartOf\":{\"@id\":\"https:\\\/\\\/lebenleben.de\\\/karriere\\\/#website\"},\"primaryImageOfPage\":{\"@id\":\"https:\\\/\\\/lebenleben.de\\\/karriere\\\/ausbildung\\\/elektroniker-m-w-d-fuer-gebaeude-und-energietechnik\\\/#primaryimage\"},\"image\":{\"@id\":\"https:\\\/\\\/lebenleben.de\\\/karriere\\\/ausbildung\\\/elektroniker-m-w-d-fuer-gebaeude-und-energietechnik\\\/#primaryimage\"},\"thumbnailUrl\":\"https:\\\/\\\/lebenleben.de\\\/karriere\\\/wp-content\\\/uploads\\\/sites\\\/2\\\/2024\\\/09\\\/Elektroniker.jpg\",\"datePublished\":\"2024-09-05T12:22:48+00:00\",\"dateModified\":\"2026-03-30T07:49:33+00:00\",\"description\":\"Du interessierst dich f\u00fcr die Ausbildung zum Elektroniker (m\\\/w\\\/d) f\u00fcr Geb\u00e4ude- und Energietechnik bei Leben leben? Hier erf\u00e4hrst du mehr dar\u00fcber.\",\"breadcrumb\":{\"@id\":\"https:\\\/\\\/lebenleben.de\\\/karriere\\\/ausbildung\\\/elektroniker-m-w-d-fuer-gebaeude-und-energietechnik\\\/#breadcrumb\"},\"inLanguage\":\"de\",\"potentialAction\":[{\"@type\":\"ReadAction\",\"target\":[\"https:\\\/\\\/lebenleben.de\\\/karriere\\\/ausbildung\\\/elektroniker-m-w-d-fuer-gebaeude-und-energietechnik\\\/\"]}]},{\"@type\":\"ImageObject\",\"inLanguage\":\"de\",\"@id\":\"https:\\\/\\\/lebenleben.de\\\/karriere\\\/ausbildung\\\/elektroniker-m-w-d-fuer-gebaeude-und-energietechnik\\\/#primaryimage\",\"url\":\"https:\\\/\\\/lebenleben.de\\\/karriere\\\/wp-content\\\/uploads\\\/sites\\\/2\\\/2024\\\/09\\\/Elektroniker.jpg\",\"contentUrl\":\"https:\\\/\\\/lebenleben.de\\\/karriere\\\/wp-content\\\/uploads\\\/sites\\\/2\\\/2024\\\/09\\\/Elektroniker.jpg\",\"width\":1100,\"height\":440},{\"@type\":\"BreadcrumbList\",\"@id\":\"https:\\\/\\\/lebenleben.de\\\/karriere\\\/ausbildung\\\/elektroniker-m-w-d-fuer-gebaeude-und-energietechnik\\\/#breadcrumb\",\"itemListElement\":[{\"@type\":\"ListItem\",\"position\":1,\"name\":\"Startseite\",\"item\":\"https:\\\/\\\/lebenleben.de\\\/karriere\\\/\"},{\"@type\":\"ListItem\",\"position\":2,\"name\":\"Ausbildung\",\"item\":\"https:\\\/\\\/lebenleben.de\\\/karriere\\\/ausbildung\\\/\"},{\"@type\":\"ListItem\",\"position\":3,\"name\":\"Elektroniker (m\\\/w\\\/d) f\u00fcr Geb\u00e4ude- und Energietechnik\"}]},{\"@type\":\"WebSite\",\"@id\":\"https:\\\/\\\/lebenleben.de\\\/karriere\\\/#website\",\"url\":\"https:\\\/\\\/lebenleben.de\\\/karriere\\\/\",\"name\":\"Leben leben Karriere\",\"description\":\"Jobs &amp; Stellenangebote\",\"publisher\":{\"@id\":\"https:\\\/\\\/lebenleben.de\\\/karriere\\\/#organization\"},\"potentialAction\":[{\"@type\":\"SearchAction\",\"target\":{\"@type\":\"EntryPoint\",\"urlTemplate\":\"https:\\\/\\\/lebenleben.de\\\/karriere\\\/?s={search_term_string}\"},\"query-input\":{\"@type\":\"PropertyValueSpecification\",\"valueRequired\":true,\"valueName\":\"search_term_string\"}}],\"inLanguage\":\"de\"},{\"@type\":\"Organization\",\"@id\":\"https:\\\/\\\/lebenleben.de\\\/karriere\\\/#organization\",\"name\":\"Leben leben Karriere\",\"url\":\"https:\\\/\\\/lebenleben.de\\\/karriere\\\/\",\"logo\":{\"@type\":\"ImageObject\",\"inLanguage\":\"de\",\"@id\":\"https:\\\/\\\/lebenleben.de\\\/karriere\\\/#\\\/schema\\\/logo\\\/image\\\/\",\"url\":\"https:\\\/\\\/lebenleben.de\\\/karriere\\\/wp-content\\\/uploads\\\/sites\\\/2\\\/2021\\\/01\\\/ll_favicon-purple.png\",\"contentUrl\":\"https:\\\/\\\/lebenleben.de\\\/karriere\\\/wp-content\\\/uploads\\\/sites\\\/2\\\/2021\\\/01\\\/ll_favicon-purple.png\",\"width\":501,\"height\":501,\"caption\":\"Leben leben Karriere\"},\"image\":{\"@id\":\"https:\\\/\\\/lebenleben.de\\\/karriere\\\/#\\\/schema\\\/logo\\\/image\\\/\"}}]}<\/script>\n<!-- \/ Yoast SEO plugin. -->","yoast_head_json":{"title":"Ausbildung - Elektroniker (m\/w\/d) f\u00fcr Geb\u00e4ude- und Energietechnik - Leben leben Karriere","description":"Du interessierst dich f\u00fcr die Ausbildung zum Elektroniker (m\/w\/d) f\u00fcr Geb\u00e4ude- und Energietechnik bei Leben leben? Hier erf\u00e4hrst du mehr dar\u00fcber.","robots":{"index":"index","follow":"follow","max-snippet":"max-snippet:-1","max-image-preview":"max-image-preview:large","max-video-preview":"max-video-preview:-1"},"canonical":"https:\/\/lebenleben.de\/karriere\/ausbildung\/elektroniker-m-w-d-fuer-gebaeude-und-energietechnik\/","og_locale":"de_DE","og_type":"article","og_title":"Ausbildung - Elektroniker (m\/w\/d) f\u00fcr Geb\u00e4ude- und Energietechnik - Leben leben Karriere","og_description":"Du interessierst dich f\u00fcr die Ausbildung zum Elektroniker (m\/w\/d) f\u00fcr Geb\u00e4ude- und Energietechnik bei Leben leben? Hier erf\u00e4hrst du mehr dar\u00fcber.","og_url":"https:\/\/lebenleben.de\/karriere\/ausbildung\/elektroniker-m-w-d-fuer-gebaeude-und-energietechnik\/","og_site_name":"Leben leben Karriere","article_modified_time":"2026-03-30T07:49:33+00:00","og_image":[{"width":1100,"height":440,"url":"https:\/\/lebenleben.de\/karriere\/wp-content\/uploads\/sites\/2\/2024\/09\/Elektroniker.jpg","type":"image\/jpeg"}],"twitter_card":"summary_large_image","twitter_misc":{"Gesch\u00e4tzte Lesezeit":"6\u00a0Minuten"},"schema":{"@context":"https:\/\/schema.org","@graph":[{"@type":"WebPage","@id":"https:\/\/lebenleben.de\/karriere\/ausbildung\/elektroniker-m-w-d-fuer-gebaeude-und-energietechnik\/","url":"https:\/\/lebenleben.de\/karriere\/ausbildung\/elektroniker-m-w-d-fuer-gebaeude-und-energietechnik\/","name":"Ausbildung - Elektroniker (m\/w\/d) f\u00fcr Geb\u00e4ude- und Energietechnik - Leben leben Karriere","isPartOf":{"@id":"https:\/\/lebenleben.de\/karriere\/#website"},"primaryImageOfPage":{"@id":"https:\/\/lebenleben.de\/karriere\/ausbildung\/elektroniker-m-w-d-fuer-gebaeude-und-energietechnik\/#primaryimage"},"image":{"@id":"https:\/\/lebenleben.de\/karriere\/ausbildung\/elektroniker-m-w-d-fuer-gebaeude-und-energietechnik\/#primaryimage"},"thumbnailUrl":"https:\/\/lebenleben.de\/karriere\/wp-content\/uploads\/sites\/2\/2024\/09\/Elektroniker.jpg","datePublished":"2024-09-05T12:22:48+00:00","dateModified":"2026-03-30T07:49:33+00:00","description":"Du interessierst dich f\u00fcr die Ausbildung zum Elektroniker (m\/w\/d) f\u00fcr Geb\u00e4ude- und Energietechnik bei Leben leben? Hier erf\u00e4hrst du mehr dar\u00fcber.","breadcrumb":{"@id":"https:\/\/lebenleben.de\/karriere\/ausbildung\/elektroniker-m-w-d-fuer-gebaeude-und-energietechnik\/#breadcrumb"},"inLanguage":"de","potentialAction":[{"@type":"ReadAction","target":["https:\/\/lebenleben.de\/karriere\/ausbildung\/elektroniker-m-w-d-fuer-gebaeude-und-energietechnik\/"]}]},{"@type":"ImageObject","inLanguage":"de","@id":"https:\/\/lebenleben.de\/karriere\/ausbildung\/elektroniker-m-w-d-fuer-gebaeude-und-energietechnik\/#primaryimage","url":"https:\/\/lebenleben.de\/karriere\/wp-content\/uploads\/sites\/2\/2024\/09\/Elektroniker.jpg","contentUrl":"https:\/\/lebenleben.de\/karriere\/wp-content\/uploads\/sites\/2\/2024\/09\/Elektroniker.jpg","width":1100,"height":440},{"@type":"BreadcrumbList","@id":"https:\/\/lebenleben.de\/karriere\/ausbildung\/elektroniker-m-w-d-fuer-gebaeude-und-energietechnik\/#breadcrumb","itemListElement":[{"@type":"ListItem","position":1,"name":"Startseite","item":"https:\/\/lebenleben.de\/karriere\/"},{"@type":"ListItem","position":2,"name":"Ausbildung","item":"https:\/\/lebenleben.de\/karriere\/ausbildung\/"},{"@type":"ListItem","position":3,"name":"Elektroniker (m\/w\/d) f\u00fcr Geb\u00e4ude- und Energietechnik"}]},{"@type":"WebSite","@id":"https:\/\/lebenleben.de\/karriere\/#website","url":"https:\/\/lebenleben.de\/karriere\/","name":"Leben leben Karriere","description":"Jobs &amp; Stellenangebote","publisher":{"@id":"https:\/\/lebenleben.de\/karriere\/#organization"},"potentialAction":[{"@type":"SearchAction","target":{"@type":"EntryPoint","urlTemplate":"https:\/\/lebenleben.de\/karriere\/?s={search_term_string}"},"query-input":{"@type":"PropertyValueSpecification","valueRequired":true,"valueName":"search_term_string"}}],"inLanguage":"de"},{"@type":"Organization","@id":"https:\/\/lebenleben.de\/karriere\/#organization","name":"Leben leben Karriere","url":"https:\/\/lebenleben.de\/karriere\/","logo":{"@type":"ImageObject","inLanguage":"de","@id":"https:\/\/lebenleben.de\/karriere\/#\/schema\/logo\/image\/","url":"https:\/\/lebenleben.de\/karriere\/wp-content\/uploads\/sites\/2\/2021\/01\/ll_favicon-purple.png","contentUrl":"https:\/\/lebenleben.de\/karriere\/wp-content\/uploads\/sites\/2\/2021\/01\/ll_favicon-purple.png","width":501,"height":501,"caption":"Leben leben Karriere"},"image":{"@id":"https:\/\/lebenleben.de\/karriere\/#\/schema\/logo\/image\/"}}]}},"_links":{"self":[{"href":"https:\/\/lebenleben.de\/karriere\/wp-json\/wp\/v2\/pages\/15798","targetHints":{"allow":["GET"]}}],"collection":[{"href":"https:\/\/lebenleben.de\/karriere\/wp-json\/wp\/v2\/pages"}],"about":[{"href":"https:\/\/lebenleben.de\/karriere\/wp-json\/wp\/v2\/types\/page"}],"author":[{"embeddable":true,"href":"https:\/\/lebenleben.de\/karriere\/wp-json\/wp\/v2\/users\/15"}],"replies":[{"embeddable":true,"href":"https:\/\/lebenleben.de\/karriere\/wp-json\/wp\/v2\/comments?post=15798"}],"version-history":[{"count":28,"href":"https:\/\/lebenleben.de\/karriere\/wp-json\/wp\/v2\/pages\/15798\/revisions"}],"predecessor-version":[{"id":16422,"href":"https:\/\/lebenleben.de\/karriere\/wp-json\/wp\/v2\/pages\/15798\/revisions\/16422"}],"up":[{"embeddable":true,"href":"https:\/\/lebenleben.de\/karriere\/wp-json\/wp\/v2\/pages\/15640"}],"wp:featuredmedia":[{"embeddable":true,"href":"https:\/\/lebenleben.de\/karriere\/wp-json\/wp\/v2\/media\/15808"}],"wp:attachment":[{"href":"https:\/\/lebenleben.de\/karriere\/wp-json\/wp\/v2\/media?parent=15798"}],"curies":[{"name":"wp","href":"https:\/\/api.w.org\/{rel}","templated":true}]}}