{"id":20,"date":"2021-01-22T16:26:02","date_gmt":"2021-01-22T15:26:02","guid":{"rendered":"https:\/\/lebenleben.de\/kinder-jugend\/?page_id=20"},"modified":"2026-02-02T08:59:48","modified_gmt":"2026-02-02T07:59:48","slug":"kontakt","status":"publish","type":"page","link":"https:\/\/lebenleben.de\/kinder-jugend\/kontakt\/","title":{"rendered":"Kontakt"},"content":{"rendered":"\n<div id=\"llimageslider-block_9c256db1d06677a512cb74d0808ea46e\" class=\"block-llimageslider llimageslider alignwide\">\n\n    \n\t\t<div class=\"llimageslider-slider\" data-slick='{\"autoplaySpeed\": 5000}'>\n\t\t\t\t\t\t\t<div class=\"single-slide-wrapper slide-1\">\n\t\t\t\t\t<img loading=\"lazy\" decoding=\"async\" width=\"1400\" height=\"440\" src=\"https:\/\/lebenleben.de\/kinder-jugend\/wp-content\/uploads\/sites\/13\/2024\/05\/ll_karr_header_slider_image_1400x560_0006_StiftungLeben_2203_8877-1400x440-1.jpg\" class=\"single-slide-image slider-desktop-image\" alt=\"\" srcset=\"https:\/\/lebenleben.de\/kinder-jugend\/wp-content\/uploads\/sites\/13\/2024\/05\/ll_karr_header_slider_image_1400x560_0006_StiftungLeben_2203_8877-1400x440-1.jpg 1400w, https:\/\/lebenleben.de\/kinder-jugend\/wp-content\/uploads\/sites\/13\/2024\/05\/ll_karr_header_slider_image_1400x560_0006_StiftungLeben_2203_8877-1400x440-1-300x94.jpg 300w, https:\/\/lebenleben.de\/kinder-jugend\/wp-content\/uploads\/sites\/13\/2024\/05\/ll_karr_header_slider_image_1400x560_0006_StiftungLeben_2203_8877-1400x440-1-1024x322.jpg 1024w, https:\/\/lebenleben.de\/kinder-jugend\/wp-content\/uploads\/sites\/13\/2024\/05\/ll_karr_header_slider_image_1400x560_0006_StiftungLeben_2203_8877-1400x440-1-768x241.jpg 768w\" sizes=\"auto, (max-width: 1400px) 100vw, 1400px\" \/>          <img loading=\"lazy\" decoding=\"async\" width=\"1000\" height=\"314\" src=\"https:\/\/lebenleben.de\/kinder-jugend\/wp-content\/uploads\/sites\/13\/2024\/05\/ll_karr_header_slider_image_1400x560_0006_StiftungLeben_2203_8877-1400x440-1-1024x322.jpg\" class=\"single-slide-image slider-mobile-image\" alt=\"\" srcset=\"https:\/\/lebenleben.de\/kinder-jugend\/wp-content\/uploads\/sites\/13\/2024\/05\/ll_karr_header_slider_image_1400x560_0006_StiftungLeben_2203_8877-1400x440-1-1024x322.jpg 1024w, https:\/\/lebenleben.de\/kinder-jugend\/wp-content\/uploads\/sites\/13\/2024\/05\/ll_karr_header_slider_image_1400x560_0006_StiftungLeben_2203_8877-1400x440-1-300x94.jpg 300w, https:\/\/lebenleben.de\/kinder-jugend\/wp-content\/uploads\/sites\/13\/2024\/05\/ll_karr_header_slider_image_1400x560_0006_StiftungLeben_2203_8877-1400x440-1-768x241.jpg 768w, https:\/\/lebenleben.de\/kinder-jugend\/wp-content\/uploads\/sites\/13\/2024\/05\/ll_karr_header_slider_image_1400x560_0006_StiftungLeben_2203_8877-1400x440-1.jpg 1400w\" sizes=\"auto, (max-width: 1000px) 100vw, 1000px\" \/>\n                    <div class=\"single-slide-text\">\n          <h2>Leben leben Kinder &#038; Jugend<\/h2><h3>Kontakt<\/h3>          <a class=\"button button-hollow button-hollow-secondary\" href=\"\">Weiterlesen&nbsp;&raquo;<\/a>        <\/div>\n        \n\t\t\t\t<\/div>\n\t\t\t\t\t<\/div>\n\t  <script>\n    jQuery(document).ready(function() {\n        jQuery('.llimageslider-slider').slick({\n          dots: true,\n          infinite: true,\n          speed: 1000,\n          autoplay: true,\n          adaptiveHeight: true,\n          slidesToShow: 1,\n          fade: true,\n          focusOnSelect: true\n        });\n    });\n    <\/script>\n<\/div>\n\n\n\n<p>Auf einen Blick: die Ansprechpartner:innen f\u00fcr unsere Einrichtungen und Angebote im Bereich Kinder &amp; Jugend.<\/p>\n\n\n\n<div style=\"height:35px\" aria-hidden=\"true\" class=\"wp-block-spacer\"><\/div>\n\n\n\n<div id=\"llcontactlist-block_45070f541638d614f8f36c56be3a87cd\" class=\"block-llcontactlist llcontactlist\">\n\n<ul class=\"accordion\">                <li class=\"accordion-item\">\n          <div class=\"title-area\">\n            <h3 class=\"contactlist-title\">Gesch\u00e4ftsleitung Kinder &amp; Jugend<\/h3>\n                      <\/div>\n          <div class=\"content-area\">\n\n                          <div class=\"freetext-wrapper content-wrapper freetext-before\">\n                <p>Henrik Schulze, Michel Meyer<br \/>\nkfm. Gesch\u00e4ftsf\u00fchrer<\/p>\n<p>Kontakt<br \/>\nTelefon: <a href=\"tel:+4958188541124\">0581 8854-1108<\/a><br \/>\nE-Mail: <a href=\"mailto: annika.tauchnitz@lebenleben.de\">annika.tauchnitz@lebenleben.de<\/a><\/p>\n              <\/div>\n                        <div class=\"content-wrapper\">\n                        <div class=\"email-wrapper inner-content-wrapper\">\n              <div class=\"label\">E-Mail<\/div>\n              <div class=\"value\"><svg class=\"ll-icon icon-mail-alt\" enable-background=\"new 0 0 24 24\" height=\"24px\" id=\"Layer_1\" version=\"1.1\" viewBox=\"0 0 24 24\" width=\"24px\" xml:space=\"preserve\" xmlns=\"http:\/\/www.w3.org\/2000\/svg\" xmlns:xlink=\"http:\/\/www.w3.org\/1999\/xlink\"><path clip-rule=\"evenodd\" d=\"M11.984,13C10.031,13-0.031,4.891-0.031,4.891V4c0-1.104,0.896-2,2.002-2h20.026  C23.104,2,24,2.896,24,4l-0.016,1C23.984,5,14.031,13,11.984,13z M11.984,15.75c2.141,0,12-7.75,12-7.75L24,20  c0,1.104-0.896,2-2.003,2H1.971c-1.105,0-2.002-0.896-2.002-2l0.016-12C-0.016,8,10.031,15.75,11.984,15.75z\" fill-rule=\"evenodd\"\/><\/svg> <a href=\"mailto:kinder-jugend@lebenleben.de\">kinder-jugend@lebenleben.de<\/a><\/div>\n            <\/div>\n            \n            \n            <\/div>\n\n            \n            \n          <\/div>\n        <\/li>\n\n\n                    <li class=\"accordion-item\">\n          <div class=\"title-area\">\n            <h3 class=\"contactlist-title\">KiTa Uelzen (Krippe und Kindergarten)<\/h3>\n                      <\/div>\n          <div class=\"content-area\">\n\n                          <div class=\"freetext-wrapper content-wrapper freetext-before\">\n                <p>Nadine Gesterding<br \/>\nEinrichtungsleiterin<br \/>\nTelefon: <a href=\"tel:(0581) 971 66 -60\">0581 97166 -60<\/a><br \/>\nE-Mail: <a href=\"mailto:nadine.gesterding@lebenleben.de\">nadine.gesterding@lebenleben.de<\/a><\/p>\n              <\/div>\n                        <div class=\"content-wrapper\">\n            \n            \n            <\/div>\n\n            \n            \n          <\/div>\n        <\/li>\n\n\n                    <li class=\"accordion-item\">\n          <div class=\"title-area\">\n            <h3 class=\"contactlist-title\">Heilp\u00e4dagogischer Kindergarten und Sprachheilkindergarten Uelzen<\/h3>\n                      <\/div>\n          <div class=\"content-area\">\n\n                          <div class=\"freetext-wrapper content-wrapper freetext-before\">\n                <p>Antje Fischer<br \/>\nEinrichtungsleiterin<br \/>\nTelefon: <a href=\"tel:+495819716670\">0581 97166-70<\/a><br \/>\nE-Mail: <a href=\"mailto:antje.fischer@lebenleben.de\">antje.fischer@lebenleben.de<\/a><\/p>\n<p>Anja Lueneborg<br \/>\nAssistentin<br \/>\nTelefon: <a href=\"tel:+495819716634\">0581 97166 -34<\/a><br \/>\nE-Mail: <a href=\"mailto:anja.lueneborg@lebenleben.de\">anja.lueneborg@lebenleben.de<\/a><\/p>\n              <\/div>\n                        <div class=\"content-wrapper\">\n            \n            \n            <\/div>\n\n            \n            \n          <\/div>\n        <\/li>\n\n\n                    <li class=\"accordion-item\">\n          <div class=\"title-area\">\n            <h3 class=\"contactlist-title\">Loewenwaldschule<\/h3>\n                      <\/div>\n          <div class=\"content-area\">\n\n                          <div class=\"freetext-wrapper content-wrapper freetext-before\">\n                <p>Annika Bautsch<br \/>\nLeiterin Loewenwaldschule<br \/>\nTelefon: <a href=\"tel:(0581) 971 66-10\">0581 97166-10<\/a><br \/>\nE-Mail: <a href=\"mailto:annika.bautsch@lebenleben.de\">annika.bautsch@lebenleben.de<\/a><\/p>\n<p>Anja Lueneborg<br \/>\nAssistentin<br \/>\nTelefon: <a href=\"tel:(0581 )971 66-34\">0581 97166-34<\/a><br \/>\nE-Mail: <a href=\"mailto:anja.lueneborg@lebenleben.de\">anja.lueneborg@lebenleben.de<\/a><\/p>\n              <\/div>\n                        <div class=\"content-wrapper\">\n            \n            \n            <\/div>\n\n            \n            \n          <\/div>\n        <\/li>\n\n\n                    <li class=\"accordion-item\">\n          <div class=\"title-area\">\n            <h3 class=\"contactlist-title\">KiTa Dannenberg und Heilp\u00e4dagogischer Kindergarten Dannenberg<\/h3>\n                      <\/div>\n          <div class=\"content-area\">\n\n                          <div class=\"freetext-wrapper content-wrapper freetext-before\">\n                <p>Anne Doreen Meinecke<br \/>\nEinrichtungsleiterin KiTa Wunderland<br \/>\nTelefon: <a href=\"tel:(05861) 80 69-227\">05861 8069-227<\/a><br \/>\nE-Mail: <a href=\"mailto:annedoreen.meinecke@lebenleben.de\">annedoreen.meinecke@lebenleben.de<\/a><\/p>\n<p>Anne Doreen Meinecke<br \/>\nEinrichtungsleiterin Heilp\u00e4dagogischer Kindergarten Wunderland<br \/>\nTelefon: <a href=\"tel:(0581) 88 54-2290\">0581 8854-2290<\/a><br \/>\nE-Mail: <a href=\"mailto:annedoreen.meinecke@lebenleben.de\">annedoreen.meinecke@lebenleben.de<\/a><\/p>\n              <\/div>\n                        <div class=\"content-wrapper\">\n            \n            \n            <\/div>\n\n            \n            \n          <\/div>\n        <\/li>\n\n\n                    <li class=\"accordion-item\">\n          <div class=\"title-area\">\n            <h3 class=\"contactlist-title\">Gesamtleitung Ambulante Kinder- und Jugendhilfeangebote<\/h3>\n                      <\/div>\n          <div class=\"content-area\">\n\n                          <div class=\"freetext-wrapper content-wrapper freetext-before\">\n                <p>Miriam Grundei<br \/>\nLeiterin Ambulante Kinder- und Jugendhilfe<br \/>\nZentrale<br \/>\nTelefon: <a href=\"tel:(0581) 8854-1700\">0581 8854-1700<\/a><\/p>\n<p>Meike Gampe<br \/>\nLeiterin Administration<br \/>\nTelefon: <a href=\"tel:(0581) 8854-1715\">0581 8854-1715<\/a><br \/>\nE-Mail: <a href=\"mailto:meike.gampe@lebenleben.de\">meike.gampe@lebenleben.de<\/a><\/p>\n              <\/div>\n                        <div class=\"content-wrapper\">\n            \n            \n            <\/div>\n\n            \n            \n          <\/div>\n        <\/li>\n\n\n                    <li class=\"accordion-item\">\n          <div class=\"title-area\">\n            <h3 class=\"contactlist-title\">Schulbegleitung Stadt und Landkreis Uelzen<\/h3>\n                      <\/div>\n          <div class=\"content-area\">\n\n                          <div class=\"freetext-wrapper content-wrapper freetext-before\">\n                <p>Niklas Arndt, Teamleiter<br \/>\nTelefon: <a href=\"tel:0581 8854-1714\">0581 8854-1714<\/a><br \/>\nE-Mail: <a href=\"mailto:niklas.arndt@lebenleben.de\">niklas.arndt@lebenleben.de<br \/>\n<\/a><br \/>\nFrankziska Arndt, Teamleiterin<br \/>\nTelefon: <a href=\"tel:0581 8854-1711\">0581 8854-1711<\/a><br \/>\nE-Mail: <a href=\"mailto:franziska.arndt@lebenleben.de\">franziska.arndt@lebenleben.de<br \/>\n<\/a><br \/>\nMalte Rademacher, Teamleiter<br \/>\nTelefon: <a href=\"tel:0581 8854-1725\">0581 8854-1725<br \/>\n<\/a>E-Mail: <a href=\"mailto:malte.rademacher@lebenleben.de\">malte.rademacher@lebenleben.de<br \/>\n<\/a><br \/>\nSandra Wortmann, Teamleiterin<br \/>\nTelefon: <a href=\"tel:0581 8854-1728\">0581 8854-1728<br \/>\n<\/a>E-Mail: <a href=\"mailto:sandra.wortmann@lebenleben.de\">sandra.wortmann@lebenleben.de<br \/>\n<\/a><br \/>\nJelena Schubert, Teamleiterin<br \/>\nTelefon: <a href=\"tel:0581 8854-1724\">0581 8854 1724<br \/>\n<\/a>E-Mail: <a href=\"mailto:jelena.schubert@lebenleben.de\">jelena.schubert@lebenleben.de<br \/>\n<\/a><br \/>\nSophie Gr\u00fctzmacher, Teamleiterin<br \/>\nTelefon:\u00a0<a href=\"tel:0581 8854-1718\">0581 8854-1718<br \/>\n<\/a>E-Mail: <a href=\"mailto:sophie.gruetzmacher@lebenleben.de\">sophie.gruetzmacher@lebenleben.de<\/a><\/p>\n<p><span data-teams=\"true\">J\u00f6rn Frenke<\/span>, Teamleiter<br \/>\nTelefon: <a href=\"tel:0581 8854-1707\">0581 8854-1707<br \/>\n<\/a>E-Mail: <a href=\"mailto:joern.frenke@lebenleben.de\">joern.frenke@lebenleben.de<br \/>\n<\/a><br \/>\nLisa K\u00fcster, Teamleiterin<br \/>\nTelefon: <a href=\"tel:0581 8854-1719\">0581 8854-1719<br \/>\n<\/a>E-Mail: <a href=\"mailto:lisa.kuester@lebenleben.de\">lisa.kuester@lebenleben.de<\/a><\/p>\n              <\/div>\n                        <div class=\"content-wrapper\">\n            \n            \n            <\/div>\n\n            \n            \n          <\/div>\n        <\/li>\n\n\n                    <li class=\"accordion-item\">\n          <div class=\"title-area\">\n            <h3 class=\"contactlist-title\"> Schulbegleitung Stadt und Landkreis Gifhorn<\/h3>\n                      <\/div>\n          <div class=\"content-area\">\n\n                          <div class=\"freetext-wrapper content-wrapper freetext-before\">\n                <p>Kristina Fr\u00f6hlich &#8211; stellv. Leiterin Ambulante Kinder- und Jugendhilfe Gifhorn<br \/>\nTelefon: <a href=\"tel:05371 9387856\">05371 9387856<\/a><br \/>\nE-Mail: <a href=\"mailto:kristina.froehlich@lebenleben.de\">kristina.froehlich@lebenleben.de<\/a><\/p>\n<p>Ina Bernsdorf &#8211; stellv. Leiterin Ambulante Kinder- und Jugendhilfe Gifhorn<br \/>\nTelefon: <a href=\"tel:05371 9387856\">05371 9387856<\/a><br \/>\nMobil: <a href=\"tel:0151 51049401\">0151 51049401<\/a><br \/>\nE-Mail: <a href=\"mailto:ina.bernsdorf@lebenleben.de\">ina.bernsdorf@lebenleben.de<\/a><\/p>\n<p>Christel Schirmer \u2013 Assistenz Ambulante Kinder- und Jugendhilfe<br \/>\nTelefon: <a href=\"tel:05371 9387856\">05371 9387856<\/a><br \/>\nE-Mail: <a href=\"mailto:christel.schirmer@lebenleben.de\">christel.schirmer@lebenleben.de<\/a><\/p>\n<p>Vanessa Bartels &#8211; Assistenz Ambulante Kinder- und Jugendhilfe<br \/>\nTelefon: <a href=\"tel:05371 9387856\">05371 9387856<\/a><br \/>\nE-Mail: <a href=\"mailto:vanessa.bartels@lebenleben.de\">vanessa.bartels@lebenleben.de<\/a><\/p>\n<p>Sandy Vranken &#8211; Teamleiterin<br \/>\nTelefon: <a href=\"tel:05371 9387856\">05371 9387856<\/a><br \/>\nMobil: <a href=\"tel:0151 61902189\">0151 61902189<\/a><br \/>\nE-Mail: <a href=\"mailto:sandy.vranken@lebenleben.de\">sandy.vranken@lebenleben.de<\/a><\/p>\n<p>Johanna Gottschalt &#8211; Teamleiterin<br \/>\nTelefon: <a href=\"tel:05371 9387856\">05371 9387856<\/a><br \/>\nMail: <a href=\"tel:0151 51639015\">0151 51639015<\/a><br \/>\nE-Mail: <a href=\"mailto:johanna.gottschalt@lebenleben.de\">johanna.gottschalt@lebenleben.de<\/a><\/p>\n<p>Julia Krawczynski, Teamleiterin (in Elternzeit)<br \/>\nE-Mail: <a href=\"mailto:julia.krawczynski@lebenleben.de\">julia.krawczynski@lebenleben.de<\/a><\/p>\n              <\/div>\n                        <div class=\"content-wrapper\">\n            \n            \n            <\/div>\n\n            \n            \n          <\/div>\n        <\/li>\n\n\n                    <li class=\"accordion-item\">\n          <div class=\"title-area\">\n            <h3 class=\"contactlist-title\">R\u00fcckenwind Uelzen \u2013 Sozialp\u00e4dagogische Familienhilfe<\/h3>\n                      <\/div>\n          <div class=\"content-area\">\n\n                          <div class=\"freetext-wrapper content-wrapper freetext-before\">\n                <p>Anja Stricker, Leiterin Sozialp\u00e4dagogische Familienhilfe<br \/>\nTelefon: <a href=\"tel:0151 72185700\">0151 72185700<\/a><br \/>\nE-Mail: <a href=\"mailto:anja.stricker@lebenleben.de\">anja.stricker@lebenleben.de<\/a><\/p>\n<p>Julia Kottlick, Sachbearbeiterin<br \/>\nTelefon: <a href=\"tel:0581 8854-1701\">0581 8854-1701<\/a><br \/>\nE-Mail: <a href=\"mailto:julia.kottlick@lebenleben.de\">julia.kottlick@lebenleben.de<\/a><\/p>\n<p>Alina Vilette, p\u00e4dagogische Fachkraft<br \/>\nTelefon: <a href=\"tel:0171 8314088\">0171 8314088<\/a><br \/>\nE-Mail: <a href=\"mailto:alina.villette@lebenleben.de\">alina.villette@lebenleben.de<\/a><\/p>\n<p>Astrid Lukaschewsky, p\u00e4dagogische Fachkraft<br \/>\nTelefon: <a href=\"tel:0160 90379221\">0160 90379221<\/a><br \/>\nE-Mail: <a href=\"mailto:astrid.lukaschewsky@lebenleben.de\">astrid.lukaschewsky@lebenleben.de<\/a><\/p>\n<p>Lea Czerny, p\u00e4dagogische Fachkraft<br \/>\nTelefon: <a href=\"tel:0151 42608473\">0151 42608473<\/a><br \/>\nE-Mail: <a href=\"mailto:lea.czerny@lebenleben.de\">lea.czerny@lebenleben.de<\/a><\/p>\n<p>Jessica Weber, p\u00e4dagogische Fachkraft<br \/>\nTelefon: <a href=\"tel:0170 4140309\">0170 4140309<\/a><br \/>\nE-Mail: <a href=\"mailto:jessica.weber@lebenleben.de\">jessica.weber@lebenleben.de<\/a><\/p>\n              <\/div>\n                        <div class=\"content-wrapper\">\n            \n            \n            <\/div>\n\n            \n            \n          <\/div>\n        <\/li>\n\n\n                    <li class=\"accordion-item\">\n          <div class=\"title-area\">\n            <h3 class=\"contactlist-title\">R\u00fcckenwind Gifhorn \u2013 Sozialp\u00e4dagogische Familienhilfe<\/h3>\n                      <\/div>\n          <div class=\"content-area\">\n\n                          <div class=\"freetext-wrapper content-wrapper freetext-before\">\n                <p>Kristina Fr\u00f6hlich &#8211; stellv. Leiterin Ambulante Kinder- und Jugendhilfe Gifhorn<br \/>\nTelefon: <a href=\"tel:05371 9387856\">05371 9387856<\/a><br \/>\nE-Mail: <a href=\"mailto:kristina.froehlich@lebenleben.de\">kristina.froehlich@lebenleben.de<\/a><\/p>\n<p>Marlen Homann, p\u00e4dagogische Fachkraft<br \/>\nTelefon:\u00a0<a href=\"tel:05371 9387856\">05371 9387856<\/a><br \/>\nMobil:\u00a0<a href=\"tel:+4915153362529\">0151 53362529<\/a><br \/>\nE-Mail: <a href=\"mailto:marlen.homann@lebenleben.de\">marlen.homann@lebenleben.de<\/a><\/p>\n<p>Bettina Meseke-Knauer, p\u00e4dagogische Fachkraft<br \/>\nTelefon:\u00a0<a href=\"tel:05371 9387856\">05371 9387856<\/a><br \/>\nMobil:\u00a0<a href=\"tel:+491709515547\">0170 9515547<\/a><br \/>\nE-Mail: <a href=\"mailto:bettina.meseke-knauer@lebenleben.de\">bettina.meseke-knauer@lebenleben.de<\/a><\/p>\n              <\/div>\n                        <div class=\"content-wrapper\">\n            \n            \n            <\/div>\n\n            \n            \n          <\/div>\n        <\/li>\n\n\n                    <li class=\"accordion-item\">\n          <div class=\"title-area\">\n            <h3 class=\"contactlist-title\">Alltags- und Freizeitangebote f\u00fcr Kinder &amp; Jugendliche<\/h3>\n                      <\/div>\n          <div class=\"content-area\">\n\n                          <div class=\"freetext-wrapper content-wrapper freetext-before\">\n                <p>Tanja Soetbeer<br \/>\nTelefon: <a href=\"tel:0581 8854-1723\">0581 8854-1723<\/a><br \/>\nE-Mail: <a href=\"mailto:tanja.soetbeer@lebenleben.de\">tanja.soetbeer@lebenleben.de<\/a><\/p>\n              <\/div>\n                        <div class=\"content-wrapper\">\n            \n            \n            <\/div>\n\n            \n            \n          <\/div>\n        <\/li>\n\n\n                    <li class=\"accordion-item\">\n          <div class=\"title-area\">\n            <h3 class=\"contactlist-title\">Spektral \u2013 Autismusambulanz Uelzen <\/h3>\n                      <\/div>\n          <div class=\"content-area\">\n\n                          <div class=\"freetext-wrapper content-wrapper freetext-before\">\n                <p>Nele Feuerhake, p\u00e4dagogisch therapeutische Fachkraft, fachliche Leitung<br \/>\nTelefon: <a href=\"tel:0581 8854-1737\">0581 8854-1737<\/a><br \/>\nE-Mail: <a href=\"mailto:nele.feuerhake@lebenleben.de\">nele.feuerhake@lebenleben.de<\/a><\/p>\n<p>Jonas Dierssen, p\u00e4dagogisch therapeutische Fachkraft, fachliche Leitung<br \/>\nTelefon: <a href=\"tel:0581 8854 1720\">0581 8854-1720<\/a><br \/>\nE-Mail: <a href=\"mailto: jonas.dierssen@lebenleben.de\">jonas.dierssen@lebenleben.de<\/a><\/p>\n<p>Tanja Soetbeer, Administration<br \/>\nTelefon: <a href=\"tel:0581 8854-1723\">0581 8854-1723<\/a><br \/>\nE-Mail: <a href=\"mailto:tanja.soetbeer@lebenleben.de\">tanja.soetbeer@lebenleben.de<\/a><\/p>\n<p>Dana J\u00f6rn, p\u00e4dagogisch therapeutische Fachkraft<br \/>\nTelefon: <a href=\"tel:+4958188541733\">0581 8854-1733<\/a><br \/>\nE-Mail: <a href=\"mailto:dana.joern@lebenleben.de\">dana.joern@lebenleben.de<\/a><\/p>\n<p>Birgitt Hotopp, p\u00e4dagogisch therapeutische Fachkraft<br \/>\nTelefon: <a href=\"tel:+4958188541735\">0581 8854-1735<\/a><br \/>\nE-Mail: <a href=\"mailto:birgitt.hotopp@lebenleben.de\">birgitt.hotopp@lebenleben.de<\/a><\/p>\n<p>Saskia Neufeldt, p\u00e4dagogisch therapeutische Fachkraft<br \/>\nTelefon: <a href=\"tel:+4958188541731\">0581 8854-1731<\/a><br \/>\nE-Mail: <a href=\"mailto:saskia.neufeldt@lebenleben.de\">saskia.neufeldt@lebenleben.de<\/a><\/p>\n<p>Sofie Ribel, p\u00e4dagogisch therapeutische Fachkraft<br \/>\nTelefon: <a href=\"tel:+4915115562350\">0151 15562350<\/a><br \/>\nE-Mail: <a href=\"mailto:sofie.ribel@lebenleben.de\">sofie.ribel@lebenleben.de<\/a><\/p>\n<p>Christiane Tillmann, p\u00e4dagogisch therapeutische Fachkraft<br \/>\nTelefon: <a href=\"tel:+4958188541732\">0581 8854-1732<\/a><br \/>\nE-Mail: <a href=\"mailto:christiane.tillmann@lebenleben.de\">christiane.tillmann@lebenleben.de<\/a><\/p>\n<p>Janine Baisch, p\u00e4dagogisch therapeutische Fachkraft<br \/>\nTelefon: <a href=\"tel:+4958188541739\">0581 8854-1739<\/a><br \/>\nE-Mail: <a href=\"mailto:janine.baisch@lebenleben.de\">janine.baisch@lebenleben.de<\/a><\/p>\n<p>Carolin Schrader, p\u00e4dagogisch therapeutische Fachkraft<br \/>\nTelefon: <a href=\"tel:+4958188541738\">0581 8854-1738<\/a><br \/>\nE-Mail: <a href=\"mailto:carolin.schrader@lebenleben.de\">carolin.schrader@lebenleben.de<\/a><\/p>\n              <\/div>\n                        <div class=\"content-wrapper\">\n            \n            \n            <\/div>\n\n            \n            \n          <\/div>\n        <\/li>\n\n\n                    <li class=\"accordion-item\">\n          <div class=\"title-area\">\n            <h3 class=\"contactlist-title\">Spektral &#8211; Autismusambulanz Gifhorn<\/h3>\n                      <\/div>\n          <div class=\"content-area\">\n\n                          <div class=\"freetext-wrapper content-wrapper freetext-before\">\n                <p>Ina Bernsdorf &#8211; stellv. Leiterin Ambulante Kinder- und Jugendhilfe Gifhorn<br \/>\nTelefon: <a href=\"tel:05371 9387856\">05371 9387856<\/a><br \/>\nMobil: <a href=\"tel:0151 51049401\">0151 51049401<\/a><br \/>\nE-Mail: <a href=\"mailto:ina.bernsdorf@lebenleben.de\">ina.bernsdorf@lebenleben.de<\/a><\/p>\n<p>Vanessa Bartels &#8211; Assistenz Ambulante Kinder- und Jugendhilfe<br \/>\nTelefon: <a href=\"tel:05371 9387856\">05371 9387856<\/a><br \/>\nE-Mail: <a href=\"mailto:vanessa.bartels@lebenleben.de\">vanessa.bartels@lebenleben.de<\/a><\/p>\n<p>Egle Elvikis, p\u00e4dagogisch therapeutische Fachkraft<br \/>\nTelefon: <a href=\"tel:05371 9387856\">05371 9387856<\/a><br \/>\nMobil: <a href=\"tel:0151 70611008\">0151 70611008<\/a><br \/>\nE-Mail: <a href=\"mailto:egle.elvikis@lebenleben.de\">egle.elvikis@lebenleben.de<\/a><\/p>\n<p>Jennifer Scoggins &#8211; p\u00e4dagogisch therapeutische Fachkraft<br \/>\nTelefon: <a href=\"tel:05371 9387856\">05371 9387856<\/a><br \/>\nE-Mail: <a href=\"mailto:jennifer.scoggins@lebenleben.de\">jennifer.scoggins@lebenleben.de<\/a><\/p>\n<p>Julia Krawczynski, p\u00e4dagogisch therapeutische Fachkraft (in Elternzeit)<br \/>\nTelefon: <a href=\"tel:05371 9387856\">05371 9387856<\/a><br \/>\nMobil: <a href=\"tel:0151 54024879\">0151 54024879<\/a><br \/>\nE-Mail: <a href=\"mailto:julia.krawczynski@lebenleben.de\">julia.krawczynski@lebenleben.de<\/a><\/p>\n              <\/div>\n                        <div class=\"content-wrapper\">\n            \n            \n            <\/div>\n\n            \n            \n          <\/div>\n        <\/li>\n\n\n    <\/ul>\n<\/div>\n\n\n\n<div style=\"height:50px\" aria-hidden=\"true\" class=\"wp-block-spacer\"><\/div>\n","protected":false},"excerpt":{"rendered":"<p>Auf einen Blick: die Ansprechpartner:innen f\u00fcr unsere Einrichtungen und Angebote im Bereich Kinder &amp; Jugend.<\/p>\n","protected":false},"author":1,"featured_media":0,"parent":0,"menu_order":100,"comment_status":"closed","ping_status":"closed","template":"page-templates\/page-fullscreen.php","meta":{"_acf_changed":false,"footnotes":""},"class_list":["post-20","page","type-page","status-publish","hentry"],"acf":[],"yoast_head":"<!-- This site is optimized with the Yoast SEO plugin v27.3 - https:\/\/yoast.com\/product\/yoast-seo-wordpress\/ -->\n<title>Leben leben | Angebote f\u00fcr Kinder &amp; Jugendliche | Kontakt<\/title>\n<meta name=\"description\" content=\"Leben leben | Angebote f\u00fcr Kinder &amp; Jugendliche | Kontaktdaten der Ansprechpartner:innen im \u00dcberblick.\" \/>\n<meta name=\"robots\" content=\"index, follow, max-snippet:-1, max-image-preview:large, max-video-preview:-1\" \/>\n<link rel=\"canonical\" href=\"https:\/\/lebenleben.de\/kinder-jugend\/kontakt\/\" \/>\n<meta property=\"og:locale\" content=\"de_DE\" \/>\n<meta property=\"og:type\" content=\"article\" \/>\n<meta property=\"og:title\" content=\"Leben leben | Angebote f\u00fcr Kinder &amp; Jugendliche | Kontakt\" \/>\n<meta property=\"og:description\" content=\"Leben leben | Angebote f\u00fcr Kinder &amp; Jugendliche | Kontaktdaten der Ansprechpartner:innen im \u00dcberblick.\" \/>\n<meta property=\"og:url\" content=\"https:\/\/lebenleben.de\/kinder-jugend\/kontakt\/\" \/>\n<meta property=\"og:site_name\" content=\"Leben leben Kinder &amp; Jugend\" \/>\n<meta property=\"article:modified_time\" content=\"2026-02-02T07:59:48+00:00\" \/>\n<meta name=\"twitter:card\" content=\"summary_large_image\" \/>\n<meta name=\"twitter:label1\" content=\"Gesch\u00e4tzte Lesezeit\" \/>\n\t<meta name=\"twitter:data1\" content=\"4\u00a0Minuten\" \/>\n<script type=\"application\/ld+json\" class=\"yoast-schema-graph\">{\"@context\":\"https:\\\/\\\/schema.org\",\"@graph\":[{\"@type\":\"WebPage\",\"@id\":\"https:\\\/\\\/lebenleben.de\\\/kinder-jugend\\\/kontakt\\\/\",\"url\":\"https:\\\/\\\/lebenleben.de\\\/kinder-jugend\\\/kontakt\\\/\",\"name\":\"Leben leben | Angebote f\u00fcr Kinder & Jugendliche | Kontakt\",\"isPartOf\":{\"@id\":\"https:\\\/\\\/lebenleben.de\\\/kinder-jugend\\\/#website\"},\"datePublished\":\"2021-01-22T15:26:02+00:00\",\"dateModified\":\"2026-02-02T07:59:48+00:00\",\"description\":\"Leben leben | Angebote f\u00fcr Kinder & Jugendliche | Kontaktdaten der Ansprechpartner:innen im \u00dcberblick.\",\"breadcrumb\":{\"@id\":\"https:\\\/\\\/lebenleben.de\\\/kinder-jugend\\\/kontakt\\\/#breadcrumb\"},\"inLanguage\":\"de\",\"potentialAction\":[{\"@type\":\"ReadAction\",\"target\":[\"https:\\\/\\\/lebenleben.de\\\/kinder-jugend\\\/kontakt\\\/\"]}]},{\"@type\":\"BreadcrumbList\",\"@id\":\"https:\\\/\\\/lebenleben.de\\\/kinder-jugend\\\/kontakt\\\/#breadcrumb\",\"itemListElement\":[{\"@type\":\"ListItem\",\"position\":1,\"name\":\"Startseite\",\"item\":\"https:\\\/\\\/lebenleben.de\\\/kinder-jugend\\\/\"},{\"@type\":\"ListItem\",\"position\":2,\"name\":\"Kontakt\"}]},{\"@type\":\"WebSite\",\"@id\":\"https:\\\/\\\/lebenleben.de\\\/kinder-jugend\\\/#website\",\"url\":\"https:\\\/\\\/lebenleben.de\\\/kinder-jugend\\\/\",\"name\":\"Leben leben Kinder &amp; Jugend\",\"description\":\"Eine weitere Leben Leben Netzwerk Website\",\"publisher\":{\"@id\":\"https:\\\/\\\/lebenleben.de\\\/kinder-jugend\\\/#organization\"},\"potentialAction\":[{\"@type\":\"SearchAction\",\"target\":{\"@type\":\"EntryPoint\",\"urlTemplate\":\"https:\\\/\\\/lebenleben.de\\\/kinder-jugend\\\/?s={search_term_string}\"},\"query-input\":{\"@type\":\"PropertyValueSpecification\",\"valueRequired\":true,\"valueName\":\"search_term_string\"}}],\"inLanguage\":\"de\"},{\"@type\":\"Organization\",\"@id\":\"https:\\\/\\\/lebenleben.de\\\/kinder-jugend\\\/#organization\",\"name\":\"Leben leben Kinder & Jugend\",\"url\":\"https:\\\/\\\/lebenleben.de\\\/kinder-jugend\\\/\",\"logo\":{\"@type\":\"ImageObject\",\"inLanguage\":\"de\",\"@id\":\"https:\\\/\\\/lebenleben.de\\\/kinder-jugend\\\/#\\\/schema\\\/logo\\\/image\\\/\",\"url\":\"https:\\\/\\\/lebenleben.de\\\/kinder-jugend\\\/wp-content\\\/uploads\\\/sites\\\/13\\\/2021\\\/01\\\/ll_favicon-green.png\",\"contentUrl\":\"https:\\\/\\\/lebenleben.de\\\/kinder-jugend\\\/wp-content\\\/uploads\\\/sites\\\/13\\\/2021\\\/01\\\/ll_favicon-green.png\",\"width\":501,\"height\":501,\"caption\":\"Leben leben Kinder & Jugend\"},\"image\":{\"@id\":\"https:\\\/\\\/lebenleben.de\\\/kinder-jugend\\\/#\\\/schema\\\/logo\\\/image\\\/\"}}]}<\/script>\n<!-- \/ Yoast SEO plugin. -->","yoast_head_json":{"title":"Leben leben | Angebote f\u00fcr Kinder & Jugendliche | Kontakt","description":"Leben leben | Angebote f\u00fcr Kinder & Jugendliche | Kontaktdaten der Ansprechpartner:innen im \u00dcberblick.","robots":{"index":"index","follow":"follow","max-snippet":"max-snippet:-1","max-image-preview":"max-image-preview:large","max-video-preview":"max-video-preview:-1"},"canonical":"https:\/\/lebenleben.de\/kinder-jugend\/kontakt\/","og_locale":"de_DE","og_type":"article","og_title":"Leben leben | Angebote f\u00fcr Kinder & Jugendliche | Kontakt","og_description":"Leben leben | Angebote f\u00fcr Kinder & Jugendliche | Kontaktdaten der Ansprechpartner:innen im \u00dcberblick.","og_url":"https:\/\/lebenleben.de\/kinder-jugend\/kontakt\/","og_site_name":"Leben leben Kinder &amp; Jugend","article_modified_time":"2026-02-02T07:59:48+00:00","twitter_card":"summary_large_image","twitter_misc":{"Gesch\u00e4tzte Lesezeit":"4\u00a0Minuten"},"schema":{"@context":"https:\/\/schema.org","@graph":[{"@type":"WebPage","@id":"https:\/\/lebenleben.de\/kinder-jugend\/kontakt\/","url":"https:\/\/lebenleben.de\/kinder-jugend\/kontakt\/","name":"Leben leben | Angebote f\u00fcr Kinder & Jugendliche | Kontakt","isPartOf":{"@id":"https:\/\/lebenleben.de\/kinder-jugend\/#website"},"datePublished":"2021-01-22T15:26:02+00:00","dateModified":"2026-02-02T07:59:48+00:00","description":"Leben leben | Angebote f\u00fcr Kinder & Jugendliche | Kontaktdaten der Ansprechpartner:innen im \u00dcberblick.","breadcrumb":{"@id":"https:\/\/lebenleben.de\/kinder-jugend\/kontakt\/#breadcrumb"},"inLanguage":"de","potentialAction":[{"@type":"ReadAction","target":["https:\/\/lebenleben.de\/kinder-jugend\/kontakt\/"]}]},{"@type":"BreadcrumbList","@id":"https:\/\/lebenleben.de\/kinder-jugend\/kontakt\/#breadcrumb","itemListElement":[{"@type":"ListItem","position":1,"name":"Startseite","item":"https:\/\/lebenleben.de\/kinder-jugend\/"},{"@type":"ListItem","position":2,"name":"Kontakt"}]},{"@type":"WebSite","@id":"https:\/\/lebenleben.de\/kinder-jugend\/#website","url":"https:\/\/lebenleben.de\/kinder-jugend\/","name":"Leben leben Kinder &amp; Jugend","description":"Eine weitere Leben Leben Netzwerk Website","publisher":{"@id":"https:\/\/lebenleben.de\/kinder-jugend\/#organization"},"potentialAction":[{"@type":"SearchAction","target":{"@type":"EntryPoint","urlTemplate":"https:\/\/lebenleben.de\/kinder-jugend\/?s={search_term_string}"},"query-input":{"@type":"PropertyValueSpecification","valueRequired":true,"valueName":"search_term_string"}}],"inLanguage":"de"},{"@type":"Organization","@id":"https:\/\/lebenleben.de\/kinder-jugend\/#organization","name":"Leben leben Kinder & Jugend","url":"https:\/\/lebenleben.de\/kinder-jugend\/","logo":{"@type":"ImageObject","inLanguage":"de","@id":"https:\/\/lebenleben.de\/kinder-jugend\/#\/schema\/logo\/image\/","url":"https:\/\/lebenleben.de\/kinder-jugend\/wp-content\/uploads\/sites\/13\/2021\/01\/ll_favicon-green.png","contentUrl":"https:\/\/lebenleben.de\/kinder-jugend\/wp-content\/uploads\/sites\/13\/2021\/01\/ll_favicon-green.png","width":501,"height":501,"caption":"Leben leben Kinder & Jugend"},"image":{"@id":"https:\/\/lebenleben.de\/kinder-jugend\/#\/schema\/logo\/image\/"}}]}},"_links":{"self":[{"href":"https:\/\/lebenleben.de\/kinder-jugend\/wp-json\/wp\/v2\/pages\/20","targetHints":{"allow":["GET"]}}],"collection":[{"href":"https:\/\/lebenleben.de\/kinder-jugend\/wp-json\/wp\/v2\/pages"}],"about":[{"href":"https:\/\/lebenleben.de\/kinder-jugend\/wp-json\/wp\/v2\/types\/page"}],"author":[{"embeddable":true,"href":"https:\/\/lebenleben.de\/kinder-jugend\/wp-json\/wp\/v2\/users\/1"}],"replies":[{"embeddable":true,"href":"https:\/\/lebenleben.de\/kinder-jugend\/wp-json\/wp\/v2\/comments?post=20"}],"version-history":[{"count":226,"href":"https:\/\/lebenleben.de\/kinder-jugend\/wp-json\/wp\/v2\/pages\/20\/revisions"}],"predecessor-version":[{"id":1207,"href":"https:\/\/lebenleben.de\/kinder-jugend\/wp-json\/wp\/v2\/pages\/20\/revisions\/1207"}],"wp:attachment":[{"href":"https:\/\/lebenleben.de\/kinder-jugend\/wp-json\/wp\/v2\/media?parent=20"}],"curies":[{"name":"wp","href":"https:\/\/api.w.org\/{rel}","templated":true}]}}