{"id":7,"date":"2021-01-22T16:24:40","date_gmt":"2021-01-22T15:24:40","guid":{"rendered":"https:\/\/lebenleben.de\/kinder-jugend\/?page_id=7"},"modified":"2025-09-04T08:38:22","modified_gmt":"2025-09-04T06:38:22","slug":"startseite","status":"publish","type":"page","link":"https:\/\/lebenleben.de\/kinder-jugend\/","title":{"rendered":"Startseite"},"content":{"rendered":"\n<div id=\"llimageslider-block_8a0bbbdf80919efc9c2c18edd3e7ec0a\" class=\"block-llimageslider llimageslider alignwide\">\n\n    \n\t\t<div class=\"llimageslider-slider\" data-slick='{\"autoplaySpeed\": 5000}'>\n\t\t\t\t\t\t\t<div class=\"single-slide-wrapper slide-1\">\n\t\t\t\t\t<img loading=\"lazy\" decoding=\"async\" width=\"1400\" height=\"560\" src=\"https:\/\/lebenleben.de\/kinder-jugend\/wp-content\/uploads\/sites\/13\/2021\/03\/ll_header_slider_image_1400x560_0006_5N5A5387.jpg\" class=\"single-slide-image slider-desktop-image\" alt=\"\" srcset=\"https:\/\/lebenleben.de\/kinder-jugend\/wp-content\/uploads\/sites\/13\/2021\/03\/ll_header_slider_image_1400x560_0006_5N5A5387.jpg 1400w, https:\/\/lebenleben.de\/kinder-jugend\/wp-content\/uploads\/sites\/13\/2021\/03\/ll_header_slider_image_1400x560_0006_5N5A5387-300x120.jpg 300w, https:\/\/lebenleben.de\/kinder-jugend\/wp-content\/uploads\/sites\/13\/2021\/03\/ll_header_slider_image_1400x560_0006_5N5A5387-1024x410.jpg 1024w, https:\/\/lebenleben.de\/kinder-jugend\/wp-content\/uploads\/sites\/13\/2021\/03\/ll_header_slider_image_1400x560_0006_5N5A5387-768x307.jpg 768w\" sizes=\"auto, (max-width: 1400px) 100vw, 1400px\" \/>          <img loading=\"lazy\" decoding=\"async\" width=\"1000\" height=\"714\" src=\"https:\/\/lebenleben.de\/kinder-jugend\/wp-content\/uploads\/sites\/13\/2021\/03\/ll_content_image_1400x1000_0006_5N5A5387-1024x731.jpg\" class=\"single-slide-image slider-mobile-image\" alt=\"\" srcset=\"https:\/\/lebenleben.de\/kinder-jugend\/wp-content\/uploads\/sites\/13\/2021\/03\/ll_content_image_1400x1000_0006_5N5A5387-1024x731.jpg 1024w, https:\/\/lebenleben.de\/kinder-jugend\/wp-content\/uploads\/sites\/13\/2021\/03\/ll_content_image_1400x1000_0006_5N5A5387-300x214.jpg 300w, https:\/\/lebenleben.de\/kinder-jugend\/wp-content\/uploads\/sites\/13\/2021\/03\/ll_content_image_1400x1000_0006_5N5A5387-768x549.jpg 768w, https:\/\/lebenleben.de\/kinder-jugend\/wp-content\/uploads\/sites\/13\/2021\/03\/ll_content_image_1400x1000_0006_5N5A5387.jpg 1400w\" sizes=\"auto, (max-width: 1000px) 100vw, 1000px\" \/>\n                    <div class=\"single-slide-text\">\n          <h2>Miteinander  \u2013 f\u00fcreinander<\/h2><h3>Begleitung und Unterst\u00fctzung von Anfang an<\/h3>                  <\/div>\n        \n\t\t\t\t<\/div>\n\t\t\t\t\t<\/div>\n\t  <script>\n    jQuery(document).ready(function() {\n        jQuery('.llimageslider-slider').slick({\n          dots: true,\n          infinite: true,\n          speed: 1000,\n          autoplay: true,\n          adaptiveHeight: true,\n          slidesToShow: 1,\n          fade: true,\n          focusOnSelect: true\n        });\n    });\n    <\/script>\n<\/div>\n\n\n\n<div class=\"wp-block-columns is-layout-flex wp-container-core-columns-is-layout-9d6595d7 wp-block-columns-is-layout-flex\">\n<div class=\"wp-block-column is-layout-flow wp-block-column-is-layout-flow\" style=\"flex-basis:75%\">\n<h1 class=\"wp-block-heading\">Kinder &amp; Jugend<\/h1>\n\n\n\n<h2 class=\"wp-block-heading\">Der Start ins Leben mit Leben leben<\/h2>\n\n\n\n<p>Die Arbeit mit Kindern und Jugendlichen hat bei Leben leben eine lange Tradition und liegt uns besonders am Herzen. In unseren Einrichtungen in den Landkreisen Uelzen, L\u00fcchow-Dannenberg und Gifhorn betreuen, erziehen, bilden, unterst\u00fctzen und f\u00f6rdern wir Kinder und Jugendliche gem\u00e4\u00df ihren individuellen Bed\u00fcrfnissen und das mit ganz viel Herz.<\/p>\n\n\n\n<p>Zu uns geh\u00f6ren:<\/p>\n<\/div>\n\n\n\n<div class=\"wp-block-column hide-mobile is-layout-flow wp-block-column-is-layout-flow\" style=\"flex-basis:25%\">\n<div class=\"wp-block-group widget hide-mobile\"><div class=\"wp-block-group__inner-container is-layout-flow wp-block-group-is-layout-flow\">\n<h3 class=\"wp-block-heading\">Kontakt<\/h3>\n\n\n\n<p>Finden Sie Ihre Ansprechpartner f\u00fcr unsere Einrichtungen und Angebote im Bereich Kinder &amp; Jugend.<\/p>\n\n\n\n<p><a href=\"https:\/\/lebenleben.de\/kinder-jugend\/kontakt\/\">Kontakt<\/a><\/p>\n<\/div><\/div>\n<\/div>\n<\/div>\n\n\n\n<ul class=\"wp-block-list\">\n<li>Das Wunderland mit\n<ul class=\"wp-block-list\">\n<li>der <a href=\"https:\/\/lebenleben.de\/wunderland\/wunderland-uelzen\/kita-uelzen\/\">integrativen Kindertagesst\u00e4tte in Uelzen<\/a><\/li>\n\n\n\n<li>der <a href=\"https:\/\/lebenleben.de\/wunderland\/wunderland-dannenberg\/kita-dannenberg\/\" target=\"_blank\" rel=\"noreferrer noopener\">Integrativen Kindertagesst\u00e4tte in Dannenberg<\/a><\/li>\n\n\n\n<li>dem <a href=\"https:\/\/lebenleben.de\/wunderland\/wunderland-uelzen\/heilpaedagogischer-kindergarten\/\" target=\"_blank\" rel=\"noreferrer noopener\">Heilp\u00e4dagogischen Kindergarten in Uelzen<\/a><\/li>\n\n\n\n<li>dem <a href=\"https:\/\/lebenleben.de\/wunderland\/wunderland-dannenberg\/heilpaedagogischer-kindergarten\/\" target=\"_blank\" rel=\"noreferrer noopener\">Heilp\u00e4dagogischen Kindergarten in Dannenberg<\/a><\/li>\n\n\n\n<li>dem <a href=\"https:\/\/lebenleben.de\/wunderland\/wunderland-uelzen\/sprachheilkindergarten\/\" target=\"_blank\" rel=\"noreferrer noopener\">Sprachheilkindergarten in Uelzen<\/a><\/li>\n<\/ul>\n<\/li>\n\n\n\n<li>Die <a href=\"https:\/\/lebenleben.de\/loewenwaldschule\/\" target=\"_blank\" rel=\"noreferrer noopener\">Loewenwaldschule in Uelzen<\/a><\/li>\n<\/ul>\n\n\n\n<p>Dar\u00fcber hinaus sind wir mit folgenden Einrichtungen und Angeboten in der ambulanten und station\u00e4ren Kinder- und Jugendhilfe aktiv:<\/p>\n\n\n\n<div style=\"height:20px\" aria-hidden=\"true\" class=\"wp-block-spacer\"><\/div>\n\n\n\n<ul class=\"wp-block-list\">\n<li><a href=\"https:\/\/lebenleben.de\/schulbegleitung\/\">Schulbegleitung<\/a> in den Landkreisen Uelzen und Gifhorn<\/li>\n\n\n\n<li><a href=\"https:\/\/lebenleben.de\/kinder-jugend\/ambulante-angebote\/\">R\u00fcckenwind<\/a> &#8211; Sozialp\u00e4dagogische Familienhilfe im Landkreis Uelzen<\/li>\n\n\n\n<li><a href=\"https:\/\/lebenleben.de\/kinder-jugend\/ambulante-angebote\/\">Alltag &amp; Freizeit<\/a> im Landkreis Uelzen<\/li>\n\n\n\n<li><a href=\"https:\/\/lebenleben.de\/spektral\/\">Spektral <\/a>&#8211; Autismusambulanz im Landkreis Uelzen und Gifhorn<\/li>\n<\/ul>\n\n\n\n<p>Ausf\u00fchrliche Informationen zu den jeweiligen Einrichtungen oder Angeboten finden Sie auf der entsprechenden Website. Gern k\u00f6nnen Sie sich aber auch direkt an uns wenden&nbsp;\u2013 <a href=\"https:\/\/lebenleben.de\/kinder-jugend\/kontakt\/\">hier<\/a> finden Sie Ihre:n Ansprechpartner:in.<\/p>\n\n\n\n<div style=\"height:25px\" aria-hidden=\"true\" class=\"wp-block-spacer hide-desktop\"><\/div>\n\n\n\n<div class=\"wp-block-group widget hide-desktop\"><div class=\"wp-block-group__inner-container is-layout-flow wp-block-group-is-layout-flow\">\n<h3 class=\"wp-block-heading\">Kontakt<\/h3>\n\n\n\n<p>Finden Sie Ihre Ansprechpartner f\u00fcr unsere Einrichtungen und Angebote im Bereich Kinder &amp; Jugend.<\/p>\n\n\n\n<p><a href=\"https:\/\/lebenleben.de\/kinder-jugend\/kontakt\/\">Kontakt<\/a><\/p>\n<\/div><\/div>\n\n\n\n<div style=\"height:35px\" aria-hidden=\"true\" class=\"wp-block-spacer\"><\/div>\n\n\n\n<h2 class=\"wp-block-heading\">Mit Kindern und Jugendlichen arbeiten<\/h2>\n\n\n\n<p>Der vielf\u00e4ltige T\u00e4tigkeitsbereich in der Kinder- und Jugendbetreuung macht uns auch zu einem interessanten Arbeitgeber f\u00fcr Fachpersonal verschiedener Qualifikation. Aktuelle Stellenausschreibungen finden Sie <a href=\"https:\/\/lebenleben.de\/stellenmarkt\/kategorie\/kinder-jugend\/\" target=\"_blank\" rel=\"noreferrer noopener\">hier<\/a>. <\/p>\n\n\n\n<div style=\"height:10px\" aria-hidden=\"true\" class=\"wp-block-spacer\"><\/div>\n\n\n\n<p>Sollte das zu Ihnen passende Angebot nicht dabei sein, dann sprechen Sie uns einfach an. Gern schauen wir mit Ihnen gemeinsam, wie Sie Teil unserer Unternehmensgruppe werden k\u00f6nnen.<\/p>\n\n\n\n<div style=\"height:50px\" aria-hidden=\"true\" class=\"wp-block-spacer\"><\/div>\n","protected":false},"excerpt":{"rendered":"<p>Die Arbeit mit Kindern und Jugendlichen hat bei Leben leben eine lange Tradition und liegt uns besonders am Herzen. In unseren Einrichtungen in den Landkreisen Uelzen, L\u00fcchow-Dannenberg und Gifhorn betreuen, erziehen, bilden, unterst\u00fctzen und f\u00f6rdern wir Kinder und Jugendliche gem\u00e4\u00df ihren individuellen Bed\u00fcrfnissen und das mit ganz viel Herz.<\/p>\n","protected":false},"author":1,"featured_media":0,"parent":0,"menu_order":0,"comment_status":"closed","ping_status":"closed","template":"page-templates\/page-fullscreen.php","meta":{"_acf_changed":false,"footnotes":""},"class_list":["post-7","page","type-page","status-publish","hentry"],"acf":[],"yoast_head":"<!-- This site is optimized with the Yoast SEO plugin v27.3 - https:\/\/yoast.com\/product\/yoast-seo-wordpress\/ -->\n<title>Leben leben | Angebote f\u00fcr Kinder &amp; Jugendliche<\/title>\n<meta name=\"description\" content=\"Verschaffen sie sich hier einen \u00dcberblick \u00fcber unsere Einrichtungen und Dienstleistungen f\u00fcr Kinder und Jugendliche.\" \/>\n<meta name=\"robots\" content=\"index, follow, max-snippet:-1, max-image-preview:large, max-video-preview:-1\" \/>\n<link rel=\"canonical\" href=\"https:\/\/lebenleben.de\/kinder-jugend\/\" \/>\n<meta property=\"og:locale\" content=\"de_DE\" \/>\n<meta property=\"og:type\" content=\"article\" \/>\n<meta property=\"og:title\" content=\"Leben leben | Angebote f\u00fcr Kinder &amp; Jugendliche\" \/>\n<meta property=\"og:description\" content=\"Verschaffen sie sich hier einen \u00dcberblick \u00fcber unsere Einrichtungen und Dienstleistungen f\u00fcr Kinder und Jugendliche.\" \/>\n<meta property=\"og:url\" content=\"https:\/\/lebenleben.de\/kinder-jugend\/\" \/>\n<meta property=\"og:site_name\" content=\"Leben leben Kinder &amp; Jugend\" \/>\n<meta property=\"article:modified_time\" content=\"2025-09-04T06:38:22+00:00\" \/>\n<meta name=\"twitter:card\" content=\"summary_large_image\" \/>\n<meta name=\"twitter:label1\" content=\"Gesch\u00e4tzte Lesezeit\" \/>\n\t<meta name=\"twitter:data1\" content=\"2\u00a0Minuten\" \/>\n<script type=\"application\/ld+json\" class=\"yoast-schema-graph\">{\"@context\":\"https:\\\/\\\/schema.org\",\"@graph\":[{\"@type\":\"WebPage\",\"@id\":\"https:\\\/\\\/lebenleben.de\\\/kinder-jugend\\\/\",\"url\":\"https:\\\/\\\/lebenleben.de\\\/kinder-jugend\\\/\",\"name\":\"Leben leben | Angebote f\u00fcr Kinder & Jugendliche\",\"isPartOf\":{\"@id\":\"https:\\\/\\\/lebenleben.de\\\/kinder-jugend\\\/#website\"},\"datePublished\":\"2021-01-22T15:24:40+00:00\",\"dateModified\":\"2025-09-04T06:38:22+00:00\",\"description\":\"Verschaffen sie sich hier einen \u00dcberblick \u00fcber unsere Einrichtungen und Dienstleistungen f\u00fcr Kinder und Jugendliche.\",\"breadcrumb\":{\"@id\":\"https:\\\/\\\/lebenleben.de\\\/kinder-jugend\\\/#breadcrumb\"},\"inLanguage\":\"de\",\"potentialAction\":[{\"@type\":\"ReadAction\",\"target\":[\"https:\\\/\\\/lebenleben.de\\\/kinder-jugend\\\/\"]}]},{\"@type\":\"BreadcrumbList\",\"@id\":\"https:\\\/\\\/lebenleben.de\\\/kinder-jugend\\\/#breadcrumb\",\"itemListElement\":[{\"@type\":\"ListItem\",\"position\":1,\"name\":\"Startseite\",\"item\":\"https:\\\/\\\/lebenleben.de\\\/kinder-jugend\\\/\"},{\"@type\":\"ListItem\",\"position\":2,\"name\":\"Startseite\"}]},{\"@type\":\"WebSite\",\"@id\":\"https:\\\/\\\/lebenleben.de\\\/kinder-jugend\\\/#website\",\"url\":\"https:\\\/\\\/lebenleben.de\\\/kinder-jugend\\\/\",\"name\":\"Leben leben Kinder &amp; Jugend\",\"description\":\"Eine weitere Leben Leben Netzwerk Website\",\"publisher\":{\"@id\":\"https:\\\/\\\/lebenleben.de\\\/kinder-jugend\\\/#organization\"},\"potentialAction\":[{\"@type\":\"SearchAction\",\"target\":{\"@type\":\"EntryPoint\",\"urlTemplate\":\"https:\\\/\\\/lebenleben.de\\\/kinder-jugend\\\/?s={search_term_string}\"},\"query-input\":{\"@type\":\"PropertyValueSpecification\",\"valueRequired\":true,\"valueName\":\"search_term_string\"}}],\"inLanguage\":\"de\"},{\"@type\":\"Organization\",\"@id\":\"https:\\\/\\\/lebenleben.de\\\/kinder-jugend\\\/#organization\",\"name\":\"Leben leben Kinder & Jugend\",\"url\":\"https:\\\/\\\/lebenleben.de\\\/kinder-jugend\\\/\",\"logo\":{\"@type\":\"ImageObject\",\"inLanguage\":\"de\",\"@id\":\"https:\\\/\\\/lebenleben.de\\\/kinder-jugend\\\/#\\\/schema\\\/logo\\\/image\\\/\",\"url\":\"https:\\\/\\\/lebenleben.de\\\/kinder-jugend\\\/wp-content\\\/uploads\\\/sites\\\/13\\\/2021\\\/01\\\/ll_favicon-green.png\",\"contentUrl\":\"https:\\\/\\\/lebenleben.de\\\/kinder-jugend\\\/wp-content\\\/uploads\\\/sites\\\/13\\\/2021\\\/01\\\/ll_favicon-green.png\",\"width\":501,\"height\":501,\"caption\":\"Leben leben Kinder & Jugend\"},\"image\":{\"@id\":\"https:\\\/\\\/lebenleben.de\\\/kinder-jugend\\\/#\\\/schema\\\/logo\\\/image\\\/\"}}]}<\/script>\n<!-- \/ Yoast SEO plugin. -->","yoast_head_json":{"title":"Leben leben | Angebote f\u00fcr Kinder & Jugendliche","description":"Verschaffen sie sich hier einen \u00dcberblick \u00fcber unsere Einrichtungen und Dienstleistungen f\u00fcr Kinder und Jugendliche.","robots":{"index":"index","follow":"follow","max-snippet":"max-snippet:-1","max-image-preview":"max-image-preview:large","max-video-preview":"max-video-preview:-1"},"canonical":"https:\/\/lebenleben.de\/kinder-jugend\/","og_locale":"de_DE","og_type":"article","og_title":"Leben leben | Angebote f\u00fcr Kinder & Jugendliche","og_description":"Verschaffen sie sich hier einen \u00dcberblick \u00fcber unsere Einrichtungen und Dienstleistungen f\u00fcr Kinder und Jugendliche.","og_url":"https:\/\/lebenleben.de\/kinder-jugend\/","og_site_name":"Leben leben Kinder &amp; Jugend","article_modified_time":"2025-09-04T06:38:22+00:00","twitter_card":"summary_large_image","twitter_misc":{"Gesch\u00e4tzte Lesezeit":"2\u00a0Minuten"},"schema":{"@context":"https:\/\/schema.org","@graph":[{"@type":"WebPage","@id":"https:\/\/lebenleben.de\/kinder-jugend\/","url":"https:\/\/lebenleben.de\/kinder-jugend\/","name":"Leben leben | Angebote f\u00fcr Kinder & Jugendliche","isPartOf":{"@id":"https:\/\/lebenleben.de\/kinder-jugend\/#website"},"datePublished":"2021-01-22T15:24:40+00:00","dateModified":"2025-09-04T06:38:22+00:00","description":"Verschaffen sie sich hier einen \u00dcberblick \u00fcber unsere Einrichtungen und Dienstleistungen f\u00fcr Kinder und Jugendliche.","breadcrumb":{"@id":"https:\/\/lebenleben.de\/kinder-jugend\/#breadcrumb"},"inLanguage":"de","potentialAction":[{"@type":"ReadAction","target":["https:\/\/lebenleben.de\/kinder-jugend\/"]}]},{"@type":"BreadcrumbList","@id":"https:\/\/lebenleben.de\/kinder-jugend\/#breadcrumb","itemListElement":[{"@type":"ListItem","position":1,"name":"Startseite","item":"https:\/\/lebenleben.de\/kinder-jugend\/"},{"@type":"ListItem","position":2,"name":"Startseite"}]},{"@type":"WebSite","@id":"https:\/\/lebenleben.de\/kinder-jugend\/#website","url":"https:\/\/lebenleben.de\/kinder-jugend\/","name":"Leben leben Kinder &amp; Jugend","description":"Eine weitere Leben Leben Netzwerk Website","publisher":{"@id":"https:\/\/lebenleben.de\/kinder-jugend\/#organization"},"potentialAction":[{"@type":"SearchAction","target":{"@type":"EntryPoint","urlTemplate":"https:\/\/lebenleben.de\/kinder-jugend\/?s={search_term_string}"},"query-input":{"@type":"PropertyValueSpecification","valueRequired":true,"valueName":"search_term_string"}}],"inLanguage":"de"},{"@type":"Organization","@id":"https:\/\/lebenleben.de\/kinder-jugend\/#organization","name":"Leben leben Kinder & Jugend","url":"https:\/\/lebenleben.de\/kinder-jugend\/","logo":{"@type":"ImageObject","inLanguage":"de","@id":"https:\/\/lebenleben.de\/kinder-jugend\/#\/schema\/logo\/image\/","url":"https:\/\/lebenleben.de\/kinder-jugend\/wp-content\/uploads\/sites\/13\/2021\/01\/ll_favicon-green.png","contentUrl":"https:\/\/lebenleben.de\/kinder-jugend\/wp-content\/uploads\/sites\/13\/2021\/01\/ll_favicon-green.png","width":501,"height":501,"caption":"Leben leben Kinder & Jugend"},"image":{"@id":"https:\/\/lebenleben.de\/kinder-jugend\/#\/schema\/logo\/image\/"}}]}},"_links":{"self":[{"href":"https:\/\/lebenleben.de\/kinder-jugend\/wp-json\/wp\/v2\/pages\/7","targetHints":{"allow":["GET"]}}],"collection":[{"href":"https:\/\/lebenleben.de\/kinder-jugend\/wp-json\/wp\/v2\/pages"}],"about":[{"href":"https:\/\/lebenleben.de\/kinder-jugend\/wp-json\/wp\/v2\/types\/page"}],"author":[{"embeddable":true,"href":"https:\/\/lebenleben.de\/kinder-jugend\/wp-json\/wp\/v2\/users\/1"}],"replies":[{"embeddable":true,"href":"https:\/\/lebenleben.de\/kinder-jugend\/wp-json\/wp\/v2\/comments?post=7"}],"version-history":[{"count":54,"href":"https:\/\/lebenleben.de\/kinder-jugend\/wp-json\/wp\/v2\/pages\/7\/revisions"}],"predecessor-version":[{"id":1187,"href":"https:\/\/lebenleben.de\/kinder-jugend\/wp-json\/wp\/v2\/pages\/7\/revisions\/1187"}],"wp:attachment":[{"href":"https:\/\/lebenleben.de\/kinder-jugend\/wp-json\/wp\/v2\/media?parent=7"}],"curies":[{"name":"wp","href":"https:\/\/api.w.org\/{rel}","templated":true}]}}