{"id":100,"date":"2021-01-22T09:57:06","date_gmt":"2021-01-22T08:57:06","guid":{"rendered":"https:\/\/lebenleben.de\/mvz\/?page_id=100"},"modified":"2026-02-23T11:42:54","modified_gmt":"2026-02-23T10:42:54","slug":"kinder-und-jugendmedizin","status":"publish","type":"page","link":"https:\/\/lebenleben.de\/mvz\/kinder-und-jugendmedizin\/","title":{"rendered":"Kinder- und Jugendmedizin"},"content":{"rendered":"\n<div id=\"llimageslider-block_e2bc66d582ac6cdd34f371c76471cf3f\" class=\"block-llimageslider llimageslider alignwide\">\n\n    \n\t\t<div class=\"llimageslider-slider\" data-slick='{\"autoplaySpeed\": 5000}'>\n\t\t\t\t\t\t\t<div class=\"single-slide-wrapper slide-1\">\n\t\t\t\t\t<img loading=\"lazy\" decoding=\"async\" width=\"1398\" height=\"560\" src=\"https:\/\/lebenleben.de\/mvz\/wp-content\/uploads\/sites\/3\/2026\/02\/Header_Paediatrie.jpg\" class=\"single-slide-image slider-desktop-image\" alt=\"\" srcset=\"https:\/\/lebenleben.de\/mvz\/wp-content\/uploads\/sites\/3\/2026\/02\/Header_Paediatrie.jpg 1400w, https:\/\/lebenleben.de\/mvz\/wp-content\/uploads\/sites\/3\/2026\/02\/Header_Paediatrie-300x120.jpg 300w, https:\/\/lebenleben.de\/mvz\/wp-content\/uploads\/sites\/3\/2026\/02\/Header_Paediatrie-1024x410.jpg 1024w, https:\/\/lebenleben.de\/mvz\/wp-content\/uploads\/sites\/3\/2026\/02\/Header_Paediatrie-768x308.jpg 768w\" sizes=\"auto, (max-width: 1398px) 100vw, 1398px\" \/>          <img loading=\"lazy\" decoding=\"async\" width=\"1000\" height=\"400\" src=\"https:\/\/lebenleben.de\/mvz\/wp-content\/uploads\/sites\/3\/2026\/02\/Header_Paediatrie-1024x410.jpg\" class=\"single-slide-image slider-mobile-image\" alt=\"\" srcset=\"https:\/\/lebenleben.de\/mvz\/wp-content\/uploads\/sites\/3\/2026\/02\/Header_Paediatrie-1024x410.jpg 1024w, https:\/\/lebenleben.de\/mvz\/wp-content\/uploads\/sites\/3\/2026\/02\/Header_Paediatrie-300x120.jpg 300w, https:\/\/lebenleben.de\/mvz\/wp-content\/uploads\/sites\/3\/2026\/02\/Header_Paediatrie-768x308.jpg 768w, https:\/\/lebenleben.de\/mvz\/wp-content\/uploads\/sites\/3\/2026\/02\/Header_Paediatrie.jpg 1400w\" sizes=\"auto, (max-width: 1000px) 100vw, 1000px\" \/>\n                    <div class=\"single-slide-text\">\n          <h2>Kinder- und Jugendmedizin<\/h2><h3>Ihre Kinderarztpraxis &#8211; Susanne Fuhrmann in Uelzen.<\/h3>                  <\/div>\n        \n\t\t\t\t<\/div>\n\t\t\t\t\t<\/div>\n\t  <script>\n    jQuery(document).ready(function() {\n        jQuery('.llimageslider-slider').slick({\n          dots: true,\n          infinite: true,\n          speed: 1000,\n          autoplay: true,\n          adaptiveHeight: true,\n          slidesToShow: 1,\n          fade: true,\n          focusOnSelect: true\n        });\n    });\n    <\/script>\n<\/div>\n\n\n\n<h2 class=\"wp-block-heading has-text-align-center\">Gut begleitet von Anfang an<\/h2>\n\n\n\n<div style=\"height:10px\" aria-hidden=\"true\" class=\"wp-block-spacer\"><\/div>\n\n\n\n<p class=\"has-text-align-center\">In unseren hellen und modernen Praxisr\u00e4umen im <strong>MVZ Drei Linden in der Dieterichstra\u00dfe 1 in Uelzen<\/strong> begleiten wir Kinder und Jugendliche von der Geburt bis zum 18. Lebensjahr mit medizinischer Kompetenz und viel Einf\u00fchlungsverm\u00f6gen.<\/p>\n\n\n\n<p class=\"has-text-align-center\">Sie k\u00f6nnen sich mit allen Fragen zur Gesundheit und Entwicklung Ihres Kindes an uns wenden. Uns ist wichtig, dass Sie sich in jeder Phase gut informiert und gut betreut f\u00fchlen. Daf\u00fcr sind wir f\u00fcr Sie da.<\/p>\n\n\n\n<div style=\"height:10px\" aria-hidden=\"true\" class=\"wp-block-spacer\"><\/div>\n\n\n\n<p class=\"has-text-align-center\"><em>Ihre Fach\u00e4rztin f\u00fcr Kinder- und Jugendmedizin,&nbsp;<a href=\"https:\/\/lebenleben.de\/mvz\/kinder-und-jugendmedizin\/dipl-med-susanne-fuhrmann\/\" target=\"_blank\" rel=\"noreferrer noopener\">Dipl. med. Susanne Fuhrmann<\/a><\/em><\/p>\n\n\n\n<div style=\"height:70px\" aria-hidden=\"true\" class=\"wp-block-spacer\"><\/div>\n\n\n\n<div id=\"listteaser-block_5bf41244d93c211d5d9174d152cad41a\" class=\"block-listteaser-wrapper columns-4 uid-1 testimonial block-listteaser--style-default\">\n                        <div class=\"listteaser-single single-teaser block-subpage-wrapper__single\">\n                <a class='imagelink' href='#leistungen' rel='bookmark'  title='Unsere Leistungen'><img loading=\"lazy\" decoding=\"async\" width=\"75\" height=\"75\" src=\"https:\/\/lebenleben.de\/mvz\/wp-content\/uploads\/sites\/3\/2026\/02\/Stethoskop.png\" class=\"keep-size\" alt=\"\" \/><\/a>                <div class=\"textwrapper\">\n                    <h3 class='block-listteaser__headline text-align-center'><a href='#leistungen' rel='bookmark'  title='Unsere Leistungen'>Unsere Leistungen<\/a><\/h3>                    \n                    <p style=\"text-align: center\">\u00dcberblick \u00fcber unsere Leistungen.<\/p>\n\n                                            <p class=\"text-align-center\">\n                            <a href=\"#leistungen\" rel=\"bookmark\" title=\"Unsere Leistungen\" >\n                                Mehr erfahren&nbsp;&raquo;\n                            <\/a>\n                        <\/p>\n                                    <\/div>\n            <\/div>\n                    <div class=\"listteaser-single single-teaser block-subpage-wrapper__single\">\n                <a class='imagelink' href='#team' rel='bookmark'  title='Unser Team'><img loading=\"lazy\" decoding=\"async\" width=\"75\" height=\"75\" src=\"https:\/\/lebenleben.de\/mvz\/wp-content\/uploads\/sites\/3\/2024\/09\/Team.png\" class=\"keep-size\" alt=\"\" \/><\/a>                <div class=\"textwrapper\">\n                    <h3 class='block-listteaser__headline text-align-center'><a href='#team' rel='bookmark'  title='Unser Team'>Unser Team<\/a><\/h3>                    \n                    <p style=\"text-align: center\">Lernen Sie unser Praxisteam kennen.<\/p>\n\n                                            <p class=\"text-align-center\">\n                            <a href=\"#team\" rel=\"bookmark\" title=\"Unser Team\" >\n                                Mehr erfahren&nbsp;&raquo;\n                            <\/a>\n                        <\/p>\n                                    <\/div>\n            <\/div>\n                    <div class=\"listteaser-single single-teaser block-subpage-wrapper__single\">\n                <a class='imagelink' href='#praxis' rel='bookmark'  title='Unsere Praxis'><img loading=\"lazy\" decoding=\"async\" width=\"75\" height=\"75\" src=\"https:\/\/lebenleben.de\/mvz\/wp-content\/uploads\/sites\/3\/2024\/09\/Anfahrt.png\" class=\"keep-size\" alt=\"\" \/><\/a>                <div class=\"textwrapper\">\n                    <h3 class='block-listteaser__headline text-align-center'><a href='#praxis' rel='bookmark'  title='Unsere Praxis'>Unsere Praxis<\/a><\/h3>                    \n                    <p style=\"text-align: center\">Einblicke in unsere Praxisr\u00e4ume.<\/p>\n\n                                            <p class=\"text-align-center\">\n                            <a href=\"#praxis\" rel=\"bookmark\" title=\"Unsere Praxis\" >\n                                Mehr erfahren&nbsp;&raquo;\n                            <\/a>\n                        <\/p>\n                                    <\/div>\n            <\/div>\n                    <div class=\"listteaser-single single-teaser block-subpage-wrapper__single\">\n                <a class='imagelink' href='#kontakt' rel='bookmark'  title='Informationen'><img loading=\"lazy\" decoding=\"async\" width=\"75\" height=\"75\" src=\"https:\/\/lebenleben.de\/mvz\/wp-content\/uploads\/sites\/3\/2024\/09\/Kontakt.png\" class=\"keep-size\" alt=\"\" \/><\/a>                <div class=\"textwrapper\">\n                    <h3 class='block-listteaser__headline text-align-center'><a href='#kontakt' rel='bookmark'  title='Informationen'>Informationen<\/a><\/h3>                    \n                    <p style=\"text-align: center\">Sprechzeiten, Kontakt &amp; Anfahrt.<\/p>\n\n                                            <p class=\"text-align-center\">\n                            <a href=\"#kontakt\" rel=\"bookmark\" title=\"Informationen\" >\n                                Mehr erfahren&nbsp;&raquo;\n                            <\/a>\n                        <\/p>\n                                    <\/div>\n            <\/div>\n            <\/div>\n\n\n\n<div style=\"height:50px\" aria-hidden=\"true\" class=\"wp-block-spacer\"><\/div>\n\n\n\n<div class=\"wp-block-group alignfull bg-grey\"><div class=\"wp-block-group__inner-container is-layout-constrained wp-block-group-is-layout-constrained\">\n<h2 class=\"wp-block-heading has-text-align-center\" id=\"leistungen\">Unsere Leistungen<\/h2>\n\n\n    <script>\n    jQuery(document).ready(function() {\n        jQuery('.uid-2').slick({\n            dots: true,\n            infinite: true,\n            arrows: true,\n            speed: 1000,\n            autoplay: false,\n            slidesToShow: 3,\n            slidesToScroll: 1,\n            fade: false,\n            responsive: [\n                {\n                    breakpoint: 1024,\n                    settings: {\n                        slidesToShow: 2,\n                        slidesToScroll: 1\n                    }\n                },\n                {\n                    breakpoint: 800,\n                    settings: {\n                        slidesToShow: 1,\n                        slidesToScroll: 1\n                    }\n                }\n            ]\n        });\n    });\n    <\/script>\n\n<div id=\"listteaser-block_388822c90c97a71930ef77314afb5eb2\" class=\"block-listteaser-wrapper columns-3 uid-2 testimonial block-listteaser--style-default\">\n                        <div class=\"listteaser-single single-teaser block-subpage-wrapper__single\">\n                <img loading=\"lazy\" decoding=\"async\" width=\"1000\" height=\"667\" src=\"https:\/\/lebenleben.de\/mvz\/wp-content\/uploads\/sites\/3\/2026\/02\/Allgemein.jpg\" class=\"keep-size\" alt=\"\" srcset=\"https:\/\/lebenleben.de\/mvz\/wp-content\/uploads\/sites\/3\/2026\/02\/Allgemein.jpg 1000w, https:\/\/lebenleben.de\/mvz\/wp-content\/uploads\/sites\/3\/2026\/02\/Allgemein-300x200.jpg 300w, https:\/\/lebenleben.de\/mvz\/wp-content\/uploads\/sites\/3\/2026\/02\/Allgemein-768x512.jpg 768w\" sizes=\"auto, (max-width: 1000px) 100vw, 1000px\" \/>                <div class=\"textwrapper\">\n                    <h3 class='block-listteaser__headline text-align-center'>Allgemeine Kinder- und Jugendmedizin<\/h3>                    \n                    <p><ul>\n<li data-start=\"475\" data-end=\"520\">\n<p data-start=\"477\" data-end=\"520\">Vorsorgeuntersuchungen (U-Untersuchungen)<\/p>\n<\/li>\n<li data-start=\"521\" data-end=\"556\">\n<p data-start=\"523\" data-end=\"556\">Impfungen nach STIKO-Empfehlung<\/p>\n<\/li>\n<li data-start=\"557\" data-end=\"607\">\n<p data-start=\"559\" data-end=\"607\">Behandlung akuter und chronischer Erkrankungen<\/p>\n<\/li>\n<li data-start=\"557\" data-end=\"607\">\n<p data-start=\"610\" data-end=\"660\">Behandlung bei Allergien<\/p>\n<\/li>\n<li data-start=\"608\" data-end=\"660\">\n<p data-start=\"610\" data-end=\"660\">Beratung zu Ern\u00e4hrung, Entwicklung und Verhalten<\/p>\n<\/li>\n<li data-start=\"661\" data-end=\"701\">\n<p data-start=\"663\" data-end=\"701\">Betreuung von Fr\u00fch- und Neugeborenen<\/p>\n<\/li>\n<\/ul>\n<\/p>\n                                    <\/div>\n            <\/div>\n                    <div class=\"listteaser-single single-teaser block-subpage-wrapper__single\">\n                <img loading=\"lazy\" decoding=\"async\" width=\"1000\" height=\"667\" src=\"https:\/\/lebenleben.de\/mvz\/wp-content\/uploads\/sites\/3\/2026\/02\/Spezielle.jpg\" class=\"keep-size\" alt=\"\" srcset=\"https:\/\/lebenleben.de\/mvz\/wp-content\/uploads\/sites\/3\/2026\/02\/Spezielle.jpg 1000w, https:\/\/lebenleben.de\/mvz\/wp-content\/uploads\/sites\/3\/2026\/02\/Spezielle-300x200.jpg 300w, https:\/\/lebenleben.de\/mvz\/wp-content\/uploads\/sites\/3\/2026\/02\/Spezielle-768x512.jpg 768w\" sizes=\"auto, (max-width: 1000px) 100vw, 1000px\" \/>                <div class=\"textwrapper\">\n                    <h3 class='block-listteaser__headline text-align-center'>Spezielle Diagnostik &amp; Entwicklungsmedizin<\/h3>                    \n                    <p><ul>\n<li data-start=\"1120\" data-end=\"1160\">\n<p data-start=\"1122\" data-end=\"1160\">Entwicklungsdiagnostik und -beratung<\/p>\n<\/li>\n<li data-start=\"1161\" data-end=\"1182\">\n<p data-start=\"1163\" data-end=\"1182\">H\u00f6r- und Sehtests<\/p>\n<\/li>\n<li data-start=\"1183\" data-end=\"1212\">\n<p data-start=\"1185\" data-end=\"1212\">Lungenfunktionsdiagnostik<\/p>\n<\/li>\n<li data-start=\"1213\" data-end=\"1235\">\n<p data-start=\"1215\" data-end=\"1235\">Allergiediagnostik<\/p>\n<\/li>\n<li data-start=\"1236\" data-end=\"1278\">\n<p data-start=\"1238\" data-end=\"1278\">EKG und Langzeitmessungen (bei Bedarf)<\/p>\n<\/li>\n<li data-start=\"1279\" data-end=\"1336\">\n<p data-start=\"1281\" data-end=\"1336\">Abkl\u00e4rung bei Lern- und Konzentrationsschwierigkeiten<\/p>\n<\/li>\n<\/ul>\n<\/p>\n                                    <\/div>\n            <\/div>\n                    <div class=\"listteaser-single single-teaser block-subpage-wrapper__single\">\n                <img loading=\"lazy\" decoding=\"async\" width=\"1000\" height=\"667\" src=\"https:\/\/lebenleben.de\/mvz\/wp-content\/uploads\/sites\/3\/2026\/02\/Beratung.jpg\" class=\"keep-size\" alt=\"\" srcset=\"https:\/\/lebenleben.de\/mvz\/wp-content\/uploads\/sites\/3\/2026\/02\/Beratung.jpg 1000w, https:\/\/lebenleben.de\/mvz\/wp-content\/uploads\/sites\/3\/2026\/02\/Beratung-300x200.jpg 300w, https:\/\/lebenleben.de\/mvz\/wp-content\/uploads\/sites\/3\/2026\/02\/Beratung-768x512.jpg 768w\" sizes=\"auto, (max-width: 1000px) 100vw, 1000px\" \/>                <div class=\"textwrapper\">\n                    <h3 class='block-listteaser__headline text-align-center'>Pr\u00e4vention, Vorsorge &amp; Elternberatung<\/h3>                    \n                    <p><ul>\n<li data-start=\"1695\" data-end=\"1746\">\n<p data-start=\"1697\" data-end=\"1746\">Beratung bei Verhaltens- und Entwicklungsfragen<\/p>\n<\/li>\n<li data-start=\"1747\" data-end=\"1798\">\n<p data-start=\"1749\" data-end=\"1798\">Unterst\u00fctzung bei Lern- und Leseschwierigkeiten<\/p>\n<\/li>\n<li data-start=\"1799\" data-end=\"1847\">\n<p data-start=\"1801\" data-end=\"1847\">Pr\u00e4ventionsprogramme und Gesundheitsvorsorge<\/p>\n<\/li>\n<li data-start=\"1848\" data-end=\"1891\">\n<p data-start=\"1850\" data-end=\"1891\">Individuelle Elternberatung nach Bedarf<\/p>\n<\/li>\n<li data-start=\"1892\" data-end=\"1931\">\n<p data-start=\"1894\" data-end=\"1931\">Begleitung chronisch kranker Kinder<\/p>\n<\/li>\n<\/ul>\n<\/p>\n                                    <\/div>\n            <\/div>\n            <\/div>\n<\/div><\/div>\n\n\n\n<div style=\"height:50px\" aria-hidden=\"true\" class=\"wp-block-spacer\"><\/div>\n\n\n\n<h2 class=\"wp-block-heading has-text-align-center\" id=\"team\">Unser Team<\/h2>\n\n\n\n<div style=\"height:25px\" aria-hidden=\"true\" class=\"wp-block-spacer\"><\/div>\n\n\n    <script>\n    jQuery(document).ready(function() {\n        jQuery('.uid-3').slick({\n            dots: true,\n            infinite: true,\n            arrows: true,\n            speed: 1000,\n            autoplay: false,\n            slidesToShow: 3,\n            slidesToScroll: 1,\n            fade: false,\n            responsive: [\n                {\n                    breakpoint: 1024,\n                    settings: {\n                        slidesToShow: 2,\n                        slidesToScroll: 1\n                    }\n                },\n                {\n                    breakpoint: 800,\n                    settings: {\n                        slidesToShow: 1,\n                        slidesToScroll: 1\n                    }\n                }\n            ]\n        });\n    });\n    <\/script>\n\n<div id=\"listteaser-block_2b42443a9d710783ada3403064fca859\" class=\"block-listteaser-wrapper columns-3 uid-3 testimonial block-listteaser--style-white\">\n                        <div class=\"listteaser-single single-teaser block-subpage-wrapper__single\">\n                <img loading=\"lazy\" decoding=\"async\" width=\"563\" height=\"844\" src=\"https:\/\/lebenleben.de\/mvz\/wp-content\/uploads\/sites\/3\/2026\/02\/Susanne_Fuhrmann.jpg\" class=\"keep-size\" alt=\"\" srcset=\"https:\/\/lebenleben.de\/mvz\/wp-content\/uploads\/sites\/3\/2026\/02\/Susanne_Fuhrmann.jpg 563w, https:\/\/lebenleben.de\/mvz\/wp-content\/uploads\/sites\/3\/2026\/02\/Susanne_Fuhrmann-200x300.jpg 200w\" sizes=\"auto, (max-width: 563px) 100vw, 563px\" \/>                <div class=\"textwrapper\">\n                    <h3 class='block-listteaser__headline text-align-left'>Dipl. med. Susanne Fuhrmann<\/h3>                    \n                    <p>Fach\u00e4rztin f\u00fcr Kinder- und Jugendmedizin<\/p>\n\n                                    <\/div>\n            <\/div>\n                    <div class=\"listteaser-single single-teaser block-subpage-wrapper__single\">\n                <img loading=\"lazy\" decoding=\"async\" width=\"683\" height=\"1024\" src=\"https:\/\/lebenleben.de\/mvz\/wp-content\/uploads\/sites\/3\/2026\/02\/Antigone_Kadriu-683x1024.jpg\" class=\"keep-size\" alt=\"\" srcset=\"https:\/\/lebenleben.de\/mvz\/wp-content\/uploads\/sites\/3\/2026\/02\/Antigone_Kadriu-683x1024.jpg 683w, https:\/\/lebenleben.de\/mvz\/wp-content\/uploads\/sites\/3\/2026\/02\/Antigone_Kadriu-200x300.jpg 200w, https:\/\/lebenleben.de\/mvz\/wp-content\/uploads\/sites\/3\/2026\/02\/Antigone_Kadriu-768x1151.jpg 768w, https:\/\/lebenleben.de\/mvz\/wp-content\/uploads\/sites\/3\/2026\/02\/Antigone_Kadriu.jpg 1000w\" sizes=\"auto, (max-width: 683px) 100vw, 683px\" \/>                <div class=\"textwrapper\">\n                    <h3 class='block-listteaser__headline text-align-left'>Antigone Kadriu<\/h3>                    \n                    <p>Medizinische Fachangestellte<\/p>\n\n                                    <\/div>\n            <\/div>\n                    <div class=\"listteaser-single single-teaser block-subpage-wrapper__single\">\n                <img loading=\"lazy\" decoding=\"async\" width=\"683\" height=\"1024\" src=\"https:\/\/lebenleben.de\/mvz\/wp-content\/uploads\/sites\/3\/2026\/02\/Xhevrije_Kadriu-683x1024.jpg\" class=\"keep-size\" alt=\"\" srcset=\"https:\/\/lebenleben.de\/mvz\/wp-content\/uploads\/sites\/3\/2026\/02\/Xhevrije_Kadriu-683x1024.jpg 683w, https:\/\/lebenleben.de\/mvz\/wp-content\/uploads\/sites\/3\/2026\/02\/Xhevrije_Kadriu-200x300.jpg 200w, https:\/\/lebenleben.de\/mvz\/wp-content\/uploads\/sites\/3\/2026\/02\/Xhevrije_Kadriu-768x1151.jpg 768w, https:\/\/lebenleben.de\/mvz\/wp-content\/uploads\/sites\/3\/2026\/02\/Xhevrije_Kadriu.jpg 1000w\" sizes=\"auto, (max-width: 683px) 100vw, 683px\" \/>                <div class=\"textwrapper\">\n                    <h3 class='block-listteaser__headline text-align-left'>Xhevrije Kadriu<\/h3>                    \n                    <p>Medizinische Fachangestellte<\/p>\n\n                                    <\/div>\n            <\/div>\n                    <div class=\"listteaser-single single-teaser block-subpage-wrapper__single\">\n                <img loading=\"lazy\" decoding=\"async\" width=\"683\" height=\"1024\" src=\"https:\/\/lebenleben.de\/mvz\/wp-content\/uploads\/sites\/3\/2026\/02\/Andrea_Knoll-683x1024.jpg\" class=\"keep-size\" alt=\"\" srcset=\"https:\/\/lebenleben.de\/mvz\/wp-content\/uploads\/sites\/3\/2026\/02\/Andrea_Knoll-683x1024.jpg 683w, https:\/\/lebenleben.de\/mvz\/wp-content\/uploads\/sites\/3\/2026\/02\/Andrea_Knoll-200x300.jpg 200w, https:\/\/lebenleben.de\/mvz\/wp-content\/uploads\/sites\/3\/2026\/02\/Andrea_Knoll-768x1151.jpg 768w, https:\/\/lebenleben.de\/mvz\/wp-content\/uploads\/sites\/3\/2026\/02\/Andrea_Knoll.jpg 1000w\" sizes=\"auto, (max-width: 683px) 100vw, 683px\" \/>                <div class=\"textwrapper\">\n                    <h3 class='block-listteaser__headline text-align-left'>Andrea Knoll<\/h3>                    \n                    <p>Medizinische Fachangestellte<\/p>\n\n                                    <\/div>\n            <\/div>\n            <\/div>\n\n\n\n<div style=\"height:50px\" aria-hidden=\"true\" class=\"wp-block-spacer\"><\/div>\n\n\n\n<div class=\"wp-block-group alignfull bg-grey\"><div class=\"wp-block-group__inner-container is-layout-constrained wp-block-group-is-layout-constrained\">\n<h2 class=\"wp-block-heading has-text-align-center\" id=\"praxis\">Unsere Praxis<\/h2>\n\n\n\n<p class=\"has-text-align-center\">Adresse: Dieterichsstra\u00dfe 1, 29525 Uelzen<\/p>\n\n\n\n<div style=\"height:35px\" aria-hidden=\"true\" class=\"wp-block-spacer\"><\/div>\n\n\n    <script>\n    jQuery(document).ready(function() {\n        jQuery('.uid-4').slick({\n            dots: true,\n            infinite: true,\n            arrows: true,\n            speed: 1000,\n            autoplay: false,\n            slidesToShow: 3,\n            slidesToScroll: 1,\n            fade: false,\n            responsive: [\n                {\n                    breakpoint: 1024,\n                    settings: {\n                        slidesToShow: 2,\n                        slidesToScroll: 1\n                    }\n                },\n                {\n                    breakpoint: 800,\n                    settings: {\n                        slidesToShow: 1,\n                        slidesToScroll: 1\n                    }\n                }\n            ]\n        });\n    });\n    <\/script>\n\n<div id=\"listteaser-block_8090dfe5ba960f82bfe33b800fa96ebc\" class=\"block-listteaser-wrapper columns-3 uid-4 testimonial block-listteaser--style-grey\">\n                        <div class=\"listteaser-single single-teaser block-subpage-wrapper__single\">\n                <img loading=\"lazy\" decoding=\"async\" width=\"683\" height=\"1024\" src=\"https:\/\/lebenleben.de\/mvz\/wp-content\/uploads\/sites\/3\/2026\/02\/Paediatrie_Aussenansicht-683x1024.jpg\" class=\"keep-size\" alt=\"\" srcset=\"https:\/\/lebenleben.de\/mvz\/wp-content\/uploads\/sites\/3\/2026\/02\/Paediatrie_Aussenansicht-683x1024.jpg 683w, https:\/\/lebenleben.de\/mvz\/wp-content\/uploads\/sites\/3\/2026\/02\/Paediatrie_Aussenansicht-200x300.jpg 200w, https:\/\/lebenleben.de\/mvz\/wp-content\/uploads\/sites\/3\/2026\/02\/Paediatrie_Aussenansicht-768x1152.jpg 768w, https:\/\/lebenleben.de\/mvz\/wp-content\/uploads\/sites\/3\/2026\/02\/Paediatrie_Aussenansicht-1024x1536.jpg 1024w, https:\/\/lebenleben.de\/mvz\/wp-content\/uploads\/sites\/3\/2026\/02\/Paediatrie_Aussenansicht.jpg 1365w\" sizes=\"auto, (max-width: 683px) 100vw, 683px\" \/>                <div class=\"textwrapper\">\n                                        \n                    <p style=\"text-align: center\">Au\u00dfenansicht<\/p>\n\n                                    <\/div>\n            <\/div>\n                    <div class=\"listteaser-single single-teaser block-subpage-wrapper__single\">\n                <img loading=\"lazy\" decoding=\"async\" width=\"683\" height=\"1024\" src=\"https:\/\/lebenleben.de\/mvz\/wp-content\/uploads\/sites\/3\/2026\/02\/Paediatrie_Empfangsbereich-683x1024.jpg\" class=\"keep-size\" alt=\"\" srcset=\"https:\/\/lebenleben.de\/mvz\/wp-content\/uploads\/sites\/3\/2026\/02\/Paediatrie_Empfangsbereich-683x1024.jpg 683w, https:\/\/lebenleben.de\/mvz\/wp-content\/uploads\/sites\/3\/2026\/02\/Paediatrie_Empfangsbereich-200x300.jpg 200w, https:\/\/lebenleben.de\/mvz\/wp-content\/uploads\/sites\/3\/2026\/02\/Paediatrie_Empfangsbereich-768x1152.jpg 768w, https:\/\/lebenleben.de\/mvz\/wp-content\/uploads\/sites\/3\/2026\/02\/Paediatrie_Empfangsbereich-1024x1536.jpg 1024w, https:\/\/lebenleben.de\/mvz\/wp-content\/uploads\/sites\/3\/2026\/02\/Paediatrie_Empfangsbereich.jpg 1365w\" sizes=\"auto, (max-width: 683px) 100vw, 683px\" \/>                <div class=\"textwrapper\">\n                                        \n                    <p style=\"text-align: center\">Empfangsbereich<\/p>\n\n                                    <\/div>\n            <\/div>\n                    <div class=\"listteaser-single single-teaser block-subpage-wrapper__single\">\n                <img loading=\"lazy\" decoding=\"async\" width=\"683\" height=\"1024\" src=\"https:\/\/lebenleben.de\/mvz\/wp-content\/uploads\/sites\/3\/2026\/02\/Paediatrie_Wartezimmer-683x1024.jpg\" class=\"keep-size\" alt=\"\" srcset=\"https:\/\/lebenleben.de\/mvz\/wp-content\/uploads\/sites\/3\/2026\/02\/Paediatrie_Wartezimmer-683x1024.jpg 683w, https:\/\/lebenleben.de\/mvz\/wp-content\/uploads\/sites\/3\/2026\/02\/Paediatrie_Wartezimmer-200x300.jpg 200w, https:\/\/lebenleben.de\/mvz\/wp-content\/uploads\/sites\/3\/2026\/02\/Paediatrie_Wartezimmer-768x1152.jpg 768w, https:\/\/lebenleben.de\/mvz\/wp-content\/uploads\/sites\/3\/2026\/02\/Paediatrie_Wartezimmer-1024x1536.jpg 1024w, https:\/\/lebenleben.de\/mvz\/wp-content\/uploads\/sites\/3\/2026\/02\/Paediatrie_Wartezimmer.jpg 1365w\" sizes=\"auto, (max-width: 683px) 100vw, 683px\" \/>                <div class=\"textwrapper\">\n                                        \n                    <p style=\"text-align: center\">Warte- und Spielzimmer<\/p>\n\n                                    <\/div>\n            <\/div>\n                    <div class=\"listteaser-single single-teaser block-subpage-wrapper__single\">\n                <img loading=\"lazy\" decoding=\"async\" width=\"683\" height=\"1024\" src=\"https:\/\/lebenleben.de\/mvz\/wp-content\/uploads\/sites\/3\/2026\/02\/Paediatrie_Behandlungszimmer-683x1024.jpg\" class=\"keep-size\" alt=\"\" srcset=\"https:\/\/lebenleben.de\/mvz\/wp-content\/uploads\/sites\/3\/2026\/02\/Paediatrie_Behandlungszimmer-683x1024.jpg 683w, https:\/\/lebenleben.de\/mvz\/wp-content\/uploads\/sites\/3\/2026\/02\/Paediatrie_Behandlungszimmer-200x300.jpg 200w, https:\/\/lebenleben.de\/mvz\/wp-content\/uploads\/sites\/3\/2026\/02\/Paediatrie_Behandlungszimmer-768x1152.jpg 768w, https:\/\/lebenleben.de\/mvz\/wp-content\/uploads\/sites\/3\/2026\/02\/Paediatrie_Behandlungszimmer-1024x1536.jpg 1024w, https:\/\/lebenleben.de\/mvz\/wp-content\/uploads\/sites\/3\/2026\/02\/Paediatrie_Behandlungszimmer.jpg 1365w\" sizes=\"auto, (max-width: 683px) 100vw, 683px\" \/>                <div class=\"textwrapper\">\n                                        \n                    <p style=\"text-align: center\">Behandlungszimmer<\/p>\n\n                                    <\/div>\n            <\/div>\n                    <div class=\"listteaser-single single-teaser block-subpage-wrapper__single\">\n                <img loading=\"lazy\" decoding=\"async\" width=\"683\" height=\"1024\" src=\"https:\/\/lebenleben.de\/mvz\/wp-content\/uploads\/sites\/3\/2026\/02\/Paediatrie_Behandlungszimmer2-683x1024.jpg\" class=\"keep-size\" alt=\"\" srcset=\"https:\/\/lebenleben.de\/mvz\/wp-content\/uploads\/sites\/3\/2026\/02\/Paediatrie_Behandlungszimmer2-683x1024.jpg 683w, https:\/\/lebenleben.de\/mvz\/wp-content\/uploads\/sites\/3\/2026\/02\/Paediatrie_Behandlungszimmer2-200x300.jpg 200w, https:\/\/lebenleben.de\/mvz\/wp-content\/uploads\/sites\/3\/2026\/02\/Paediatrie_Behandlungszimmer2-768x1152.jpg 768w, https:\/\/lebenleben.de\/mvz\/wp-content\/uploads\/sites\/3\/2026\/02\/Paediatrie_Behandlungszimmer2-1024x1536.jpg 1024w, https:\/\/lebenleben.de\/mvz\/wp-content\/uploads\/sites\/3\/2026\/02\/Paediatrie_Behandlungszimmer2.jpg 1365w\" sizes=\"auto, (max-width: 683px) 100vw, 683px\" \/>                <div class=\"textwrapper\">\n                                        \n                    <p style=\"text-align: center\">Behandlungszimmer<\/p>\n\n                                    <\/div>\n            <\/div>\n                    <div class=\"listteaser-single single-teaser block-subpage-wrapper__single\">\n                <img loading=\"lazy\" decoding=\"async\" width=\"683\" height=\"1024\" src=\"https:\/\/lebenleben.de\/mvz\/wp-content\/uploads\/sites\/3\/2026\/02\/Paediatrie_Behandlungszimmer3-683x1024.jpg\" class=\"keep-size\" alt=\"\" srcset=\"https:\/\/lebenleben.de\/mvz\/wp-content\/uploads\/sites\/3\/2026\/02\/Paediatrie_Behandlungszimmer3-683x1024.jpg 683w, https:\/\/lebenleben.de\/mvz\/wp-content\/uploads\/sites\/3\/2026\/02\/Paediatrie_Behandlungszimmer3-200x300.jpg 200w, https:\/\/lebenleben.de\/mvz\/wp-content\/uploads\/sites\/3\/2026\/02\/Paediatrie_Behandlungszimmer3-768x1152.jpg 768w, https:\/\/lebenleben.de\/mvz\/wp-content\/uploads\/sites\/3\/2026\/02\/Paediatrie_Behandlungszimmer3-1024x1536.jpg 1024w, https:\/\/lebenleben.de\/mvz\/wp-content\/uploads\/sites\/3\/2026\/02\/Paediatrie_Behandlungszimmer3.jpg 1365w\" sizes=\"auto, (max-width: 683px) 100vw, 683px\" \/>                <div class=\"textwrapper\">\n                                        \n                    <p style=\"text-align: center\">Behandlungszimmer<\/p>\n\n                                    <\/div>\n            <\/div>\n                    <div class=\"listteaser-single single-teaser block-subpage-wrapper__single\">\n                <img loading=\"lazy\" decoding=\"async\" width=\"683\" height=\"1024\" src=\"https:\/\/lebenleben.de\/mvz\/wp-content\/uploads\/sites\/3\/2026\/02\/Paediatrie_Behandlungszimmer4-683x1024.jpg\" class=\"keep-size\" alt=\"\" srcset=\"https:\/\/lebenleben.de\/mvz\/wp-content\/uploads\/sites\/3\/2026\/02\/Paediatrie_Behandlungszimmer4-683x1024.jpg 683w, https:\/\/lebenleben.de\/mvz\/wp-content\/uploads\/sites\/3\/2026\/02\/Paediatrie_Behandlungszimmer4-200x300.jpg 200w, https:\/\/lebenleben.de\/mvz\/wp-content\/uploads\/sites\/3\/2026\/02\/Paediatrie_Behandlungszimmer4-768x1152.jpg 768w, https:\/\/lebenleben.de\/mvz\/wp-content\/uploads\/sites\/3\/2026\/02\/Paediatrie_Behandlungszimmer4-1024x1536.jpg 1024w, https:\/\/lebenleben.de\/mvz\/wp-content\/uploads\/sites\/3\/2026\/02\/Paediatrie_Behandlungszimmer4.jpg 1365w\" sizes=\"auto, (max-width: 683px) 100vw, 683px\" \/>                <div class=\"textwrapper\">\n                                        \n                    <p style=\"text-align: center\">Behandlungszimmer<\/p>\n\n                                    <\/div>\n            <\/div>\n                    <div class=\"listteaser-single single-teaser block-subpage-wrapper__single\">\n                <img loading=\"lazy\" decoding=\"async\" width=\"683\" height=\"1024\" src=\"https:\/\/lebenleben.de\/mvz\/wp-content\/uploads\/sites\/3\/2026\/02\/Paediatrie_Innenbereich-683x1024.jpg\" class=\"keep-size\" alt=\"\" srcset=\"https:\/\/lebenleben.de\/mvz\/wp-content\/uploads\/sites\/3\/2026\/02\/Paediatrie_Innenbereich-683x1024.jpg 683w, https:\/\/lebenleben.de\/mvz\/wp-content\/uploads\/sites\/3\/2026\/02\/Paediatrie_Innenbereich-200x300.jpg 200w, https:\/\/lebenleben.de\/mvz\/wp-content\/uploads\/sites\/3\/2026\/02\/Paediatrie_Innenbereich-768x1152.jpg 768w, https:\/\/lebenleben.de\/mvz\/wp-content\/uploads\/sites\/3\/2026\/02\/Paediatrie_Innenbereich-1024x1536.jpg 1024w, https:\/\/lebenleben.de\/mvz\/wp-content\/uploads\/sites\/3\/2026\/02\/Paediatrie_Innenbereich.jpg 1365w\" sizes=\"auto, (max-width: 683px) 100vw, 683px\" \/>                <div class=\"textwrapper\">\n                                        \n                    <p style=\"text-align: center\">Innenbereich<\/p>\n\n                                    <\/div>\n            <\/div>\n                    <div class=\"listteaser-single single-teaser block-subpage-wrapper__single\">\n                <img loading=\"lazy\" decoding=\"async\" width=\"683\" height=\"1024\" src=\"https:\/\/lebenleben.de\/mvz\/wp-content\/uploads\/sites\/3\/2026\/02\/Paediatrie_Innenbereich2-683x1024.jpg\" class=\"keep-size\" alt=\"\" srcset=\"https:\/\/lebenleben.de\/mvz\/wp-content\/uploads\/sites\/3\/2026\/02\/Paediatrie_Innenbereich2-683x1024.jpg 683w, https:\/\/lebenleben.de\/mvz\/wp-content\/uploads\/sites\/3\/2026\/02\/Paediatrie_Innenbereich2-200x300.jpg 200w, https:\/\/lebenleben.de\/mvz\/wp-content\/uploads\/sites\/3\/2026\/02\/Paediatrie_Innenbereich2-768x1152.jpg 768w, https:\/\/lebenleben.de\/mvz\/wp-content\/uploads\/sites\/3\/2026\/02\/Paediatrie_Innenbereich2-1024x1536.jpg 1024w, https:\/\/lebenleben.de\/mvz\/wp-content\/uploads\/sites\/3\/2026\/02\/Paediatrie_Innenbereich2.jpg 1365w\" sizes=\"auto, (max-width: 683px) 100vw, 683px\" \/>                <div class=\"textwrapper\">\n                                        \n                    <p style=\"text-align: center\">Innenbereich<\/p>\n\n                                    <\/div>\n            <\/div>\n            <\/div>\n<\/div><\/div>\n\n\n\n<div style=\"height:50px\" aria-hidden=\"true\" class=\"wp-block-spacer\"><\/div>\n\n\n\n<div class=\"wp-block-columns is-layout-flex wp-container-core-columns-is-layout-9d6595d7 wp-block-columns-is-layout-flex\">\n<div class=\"wp-block-column is-layout-flow wp-block-column-is-layout-flow\" style=\"flex-basis:30%\">\n<h3 class=\"wp-block-heading has-text-align-center\">Sprechzeiten<\/h3>\n\n\n\n<p class=\"has-text-align-center\">Um Wartezeiten f\u00fcr Sie und Ihr Kind m\u00f6glichst gering zu halten, bitten wir Sie um vorherige Terminvereinbarung.<\/p>\n\n\n\n<p class=\"has-text-align-center\"><strong>Montag bis Freitag<br><\/strong>8:00 &#8211; 12:30 Uhr<br><br><strong>Montag, Dienstag und Donnerstag <br><\/strong>14:30 &#8211; 17:30 Uhr<\/p>\n\n\n\n<div style=\"height:10px\" aria-hidden=\"true\" class=\"wp-block-spacer\"><\/div>\n<\/div>\n\n\n\n<div class=\"wp-block-column is-layout-flow wp-block-column-is-layout-flow\" style=\"flex-basis:40%\">\n<h3 class=\"wp-block-heading has-text-align-center\" id=\"anfahrt\">Anfahrt<\/h3>\n\n\n\n<div style=\"height:10px\" aria-hidden=\"true\" class=\"wp-block-spacer\"><\/div>\n\n\n\n <div class=\"brlbs-cmpnt-container brlbs-cmpnt-content-blocker brlbs-cmpnt-with-individual-styles\" data-borlabs-cookie-content-blocker-id=\"google-maps\" data-borlabs-cookie-content=\"PGlmcmFtZSBzcmM9Imh0dHBzOi8vd3d3Lmdvb2dsZS5jb20vbWFwcy9lbWJlZD9wYj0hMW0xOCExbTEyITFtMyExZDI0MDMuMjM2NTM0Njk4ODc5NSEyZDEwLjU1NDA2NDk3Njk0ODc2MiEzZDUyLjk2MjE1OTIwMzM5OTQ0NSEybTMhMWYwITJmMCEzZjAhM20yITFpMTAyNCEyaTc2OCE0ZjEzLjEhM20zITFtMiExczB4NDdhZTJiMDA1ZWU0Njg2OSUzQTB4MWFmMDViMTdlZWMyNjQ3MyEyc0tpbmRlciUyMHVuZCUyMEp1Z2VuZG1lZGl6aW4lMjAtJTIwTGViZW4lMjBsZWJlbiUyMGdHbWJIITVlMCEzbTIhMXNkZSEyc2RlITR2MTc3MDcyNTM2MjQwMiE1bTIhMXNkZSEyc2RlIiB3aWR0aD0iMTAwJSIgaGVpZ2h0PSIyMTAiIHN0eWxlPSJib3JkZXI6MDsiIGFsbG93ZnVsbHNjcmVlbj0iIiBsb2FkaW5nPSJsYXp5IiByZWZlcnJlcnBvbGljeT0ibm8tcmVmZXJyZXItd2hlbi1kb3duZ3JhZGUiPjwvaWZyYW1lPg==\"><div class=\"brlbs-cmpnt-cb-preset-b brlbs-cmpnt-cb-google-maps\"> <div class=\"brlbs-cmpnt-cb-thumbnail\" style=\"background-image: url('https:\/\/lebenleben.de\/mvz\/wp-content\/uploads\/borlabs-cookie\/3\/brlbs-cb-google-maps-main.png')\"><\/div> <div class=\"brlbs-cmpnt-cb-main\"> <div class=\"brlbs-cmpnt-cb-content\"> <p class=\"brlbs-cmpnt-cb-description\">Sie sehen gerade einen Platzhalterinhalt von <strong>Google Maps<\/strong>. Um auf den eigentlichen Inhalt zuzugreifen, klicken Sie auf die Schaltfl\u00e4che unten. Bitte beachten Sie, dass dabei Daten an Drittanbieter weitergegeben werden.<\/p> <a class=\"brlbs-cmpnt-cb-provider-toggle\" href=\"#\" data-borlabs-cookie-show-provider-information role=\"button\">Mehr Informationen<\/a> <\/div> <div class=\"brlbs-cmpnt-cb-buttons\"> <a class=\"brlbs-cmpnt-cb-btn\" href=\"#\" data-borlabs-cookie-unblock role=\"button\">Inhalt entsperren<\/a> <a class=\"brlbs-cmpnt-cb-btn\" href=\"#\" data-borlabs-cookie-accept-service role=\"button\" style=\"display: inherit\">Erforderlichen Service akzeptieren und Inhalte entsperren<\/a> <\/div> <\/div> <\/div><\/div>\n<\/div>\n\n\n\n<div class=\"wp-block-column is-layout-flow wp-block-column-is-layout-flow\" style=\"flex-basis:30%\">\n<h3 class=\"wp-block-heading has-text-align-center\" id=\"kontakt\">Kontakt<\/h3>\n\n\n\n<p class=\"has-text-align-center\"><strong>Adresse<br><\/strong>Dieterichsstra\u00dfe 1<br>29525 Uelzen<\/p>\n\n\n\n<p class=\"has-text-align-center\"><strong>Telefon<br><\/strong>0581 948874-220<\/p>\n\n\n\n<p class=\"has-text-align-center\"><strong>E-Mail<br><\/strong><a href=\"mailto:paediatrie@lebenleben.de\"><\/a><a href=\"javascript:;\">paediatrie@lebenleben.de<\/a><\/p>\n<\/div>\n<\/div>\n\n\n\n<div style=\"height:50px\" aria-hidden=\"true\" class=\"wp-block-spacer\"><\/div>\n","protected":false},"excerpt":{"rendered":"<p>Unsere Kinderarztpraxis &#8211; Susanne Fuhrmann im Drei Linden, Dieterichsstra\u00dfe 1, 29525 Uelzen.<\/p>\n","protected":false},"author":1,"featured_media":2545,"parent":0,"menu_order":10,"comment_status":"closed","ping_status":"closed","template":"page-templates\/page-fullscreen.php","meta":{"_acf_changed":false,"footnotes":""},"class_list":["post-100","page","type-page","status-publish","has-post-thumbnail","hentry"],"acf":[],"yoast_head":"<!-- This site is optimized with the Yoast SEO plugin v27.3 - https:\/\/yoast.com\/product\/yoast-seo-wordpress\/ -->\n<title>Praxis f\u00fcr Kinder- und Jugendmedizin - Susanne Fuhrmann<\/title>\n<meta name=\"description\" content=\"Ihre Kinder\u00e4rztin in Uelzen: Wir decken das gesamte p\u00e4diatrische Spektrum ab und k\u00fcmmern uns um die Gesundheit von Kindern und Jugendlichen.\" \/>\n<meta name=\"robots\" content=\"index, follow, max-snippet:-1, max-image-preview:large, max-video-preview:-1\" \/>\n<link rel=\"canonical\" href=\"https:\/\/lebenleben.de\/mvz\/kinder-und-jugendmedizin\/\" \/>\n<meta property=\"og:locale\" content=\"de_DE\" \/>\n<meta property=\"og:type\" content=\"article\" \/>\n<meta property=\"og:title\" content=\"Praxis f\u00fcr Kinder- und Jugendmedizin - Susanne Fuhrmann\" \/>\n<meta property=\"og:description\" content=\"Ihre Kinder\u00e4rztin in Uelzen: Wir decken das gesamte p\u00e4diatrische Spektrum ab und k\u00fcmmern uns um die Gesundheit von Kindern und Jugendlichen.\" \/>\n<meta property=\"og:url\" content=\"https:\/\/lebenleben.de\/mvz\/kinder-und-jugendmedizin\/\" \/>\n<meta property=\"og:site_name\" content=\"Leben leben MVZ\" \/>\n<meta property=\"article:modified_time\" content=\"2026-02-23T10:42:54+00:00\" \/>\n<meta property=\"og:image\" content=\"https:\/\/lebenleben.de\/mvz\/wp-content\/uploads\/sites\/3\/2026\/02\/Paediatrie.jpg\" \/>\n\t<meta property=\"og:image:width\" content=\"800\" \/>\n\t<meta property=\"og:image:height\" content=\"480\" \/>\n\t<meta property=\"og:image:type\" content=\"image\/jpeg\" \/>\n<meta name=\"twitter:card\" content=\"summary_large_image\" \/>\n<meta name=\"twitter:label1\" content=\"Gesch\u00e4tzte Lesezeit\" \/>\n\t<meta name=\"twitter:data1\" content=\"7\u00a0Minuten\" \/>\n<script type=\"application\/ld+json\" class=\"yoast-schema-graph\">{\"@context\":\"https:\\\/\\\/schema.org\",\"@graph\":[{\"@type\":\"WebPage\",\"@id\":\"https:\\\/\\\/lebenleben.de\\\/mvz\\\/kinder-und-jugendmedizin\\\/\",\"url\":\"https:\\\/\\\/lebenleben.de\\\/mvz\\\/kinder-und-jugendmedizin\\\/\",\"name\":\"Praxis f\u00fcr Kinder- und Jugendmedizin - Susanne Fuhrmann\",\"isPartOf\":{\"@id\":\"https:\\\/\\\/lebenleben.de\\\/mvz\\\/#website\"},\"primaryImageOfPage\":{\"@id\":\"https:\\\/\\\/lebenleben.de\\\/mvz\\\/kinder-und-jugendmedizin\\\/#primaryimage\"},\"image\":{\"@id\":\"https:\\\/\\\/lebenleben.de\\\/mvz\\\/kinder-und-jugendmedizin\\\/#primaryimage\"},\"thumbnailUrl\":\"https:\\\/\\\/lebenleben.de\\\/mvz\\\/wp-content\\\/uploads\\\/sites\\\/3\\\/2026\\\/02\\\/Paediatrie.jpg\",\"datePublished\":\"2021-01-22T08:57:06+00:00\",\"dateModified\":\"2026-02-23T10:42:54+00:00\",\"description\":\"Ihre Kinder\u00e4rztin in Uelzen: Wir decken das gesamte p\u00e4diatrische Spektrum ab und k\u00fcmmern uns um die Gesundheit von Kindern und Jugendlichen.\",\"breadcrumb\":{\"@id\":\"https:\\\/\\\/lebenleben.de\\\/mvz\\\/kinder-und-jugendmedizin\\\/#breadcrumb\"},\"inLanguage\":\"de\",\"potentialAction\":[{\"@type\":\"ReadAction\",\"target\":[\"https:\\\/\\\/lebenleben.de\\\/mvz\\\/kinder-und-jugendmedizin\\\/\"]}]},{\"@type\":\"ImageObject\",\"inLanguage\":\"de\",\"@id\":\"https:\\\/\\\/lebenleben.de\\\/mvz\\\/kinder-und-jugendmedizin\\\/#primaryimage\",\"url\":\"https:\\\/\\\/lebenleben.de\\\/mvz\\\/wp-content\\\/uploads\\\/sites\\\/3\\\/2026\\\/02\\\/Paediatrie.jpg\",\"contentUrl\":\"https:\\\/\\\/lebenleben.de\\\/mvz\\\/wp-content\\\/uploads\\\/sites\\\/3\\\/2026\\\/02\\\/Paediatrie.jpg\",\"width\":800,\"height\":480},{\"@type\":\"BreadcrumbList\",\"@id\":\"https:\\\/\\\/lebenleben.de\\\/mvz\\\/kinder-und-jugendmedizin\\\/#breadcrumb\",\"itemListElement\":[{\"@type\":\"ListItem\",\"position\":1,\"name\":\"Startseite\",\"item\":\"https:\\\/\\\/lebenleben.de\\\/mvz\\\/\"},{\"@type\":\"ListItem\",\"position\":2,\"name\":\"Kinder- und Jugendmedizin\"}]},{\"@type\":\"WebSite\",\"@id\":\"https:\\\/\\\/lebenleben.de\\\/mvz\\\/#website\",\"url\":\"https:\\\/\\\/lebenleben.de\\\/mvz\\\/\",\"name\":\"Leben leben MVZ\",\"description\":\"Medizinisches Versorgungszentrum am Hammersteinplatz\",\"publisher\":{\"@id\":\"https:\\\/\\\/lebenleben.de\\\/mvz\\\/#organization\"},\"potentialAction\":[{\"@type\":\"SearchAction\",\"target\":{\"@type\":\"EntryPoint\",\"urlTemplate\":\"https:\\\/\\\/lebenleben.de\\\/mvz\\\/?s={search_term_string}\"},\"query-input\":{\"@type\":\"PropertyValueSpecification\",\"valueRequired\":true,\"valueName\":\"search_term_string\"}}],\"inLanguage\":\"de\"},{\"@type\":\"Organization\",\"@id\":\"https:\\\/\\\/lebenleben.de\\\/mvz\\\/#organization\",\"name\":\"Leben leben MVZ\",\"url\":\"https:\\\/\\\/lebenleben.de\\\/mvz\\\/\",\"logo\":{\"@type\":\"ImageObject\",\"inLanguage\":\"de\",\"@id\":\"https:\\\/\\\/lebenleben.de\\\/mvz\\\/#\\\/schema\\\/logo\\\/image\\\/\",\"url\":\"https:\\\/\\\/lebenleben.de\\\/mvz\\\/wp-content\\\/uploads\\\/sites\\\/3\\\/2021\\\/01\\\/ll_favicon-cyan.png\",\"contentUrl\":\"https:\\\/\\\/lebenleben.de\\\/mvz\\\/wp-content\\\/uploads\\\/sites\\\/3\\\/2021\\\/01\\\/ll_favicon-cyan.png\",\"width\":501,\"height\":501,\"caption\":\"Leben leben MVZ\"},\"image\":{\"@id\":\"https:\\\/\\\/lebenleben.de\\\/mvz\\\/#\\\/schema\\\/logo\\\/image\\\/\"}}]}<\/script>\n<!-- \/ Yoast SEO plugin. -->","yoast_head_json":{"title":"Praxis f\u00fcr Kinder- und Jugendmedizin - Susanne Fuhrmann","description":"Ihre Kinder\u00e4rztin in Uelzen: Wir decken das gesamte p\u00e4diatrische Spektrum ab und k\u00fcmmern uns um die Gesundheit von Kindern und Jugendlichen.","robots":{"index":"index","follow":"follow","max-snippet":"max-snippet:-1","max-image-preview":"max-image-preview:large","max-video-preview":"max-video-preview:-1"},"canonical":"https:\/\/lebenleben.de\/mvz\/kinder-und-jugendmedizin\/","og_locale":"de_DE","og_type":"article","og_title":"Praxis f\u00fcr Kinder- und Jugendmedizin - Susanne Fuhrmann","og_description":"Ihre Kinder\u00e4rztin in Uelzen: Wir decken das gesamte p\u00e4diatrische Spektrum ab und k\u00fcmmern uns um die Gesundheit von Kindern und Jugendlichen.","og_url":"https:\/\/lebenleben.de\/mvz\/kinder-und-jugendmedizin\/","og_site_name":"Leben leben MVZ","article_modified_time":"2026-02-23T10:42:54+00:00","og_image":[{"width":800,"height":480,"url":"https:\/\/lebenleben.de\/mvz\/wp-content\/uploads\/sites\/3\/2026\/02\/Paediatrie.jpg","type":"image\/jpeg"}],"twitter_card":"summary_large_image","twitter_misc":{"Gesch\u00e4tzte Lesezeit":"7\u00a0Minuten"},"schema":{"@context":"https:\/\/schema.org","@graph":[{"@type":"WebPage","@id":"https:\/\/lebenleben.de\/mvz\/kinder-und-jugendmedizin\/","url":"https:\/\/lebenleben.de\/mvz\/kinder-und-jugendmedizin\/","name":"Praxis f\u00fcr Kinder- und Jugendmedizin - Susanne Fuhrmann","isPartOf":{"@id":"https:\/\/lebenleben.de\/mvz\/#website"},"primaryImageOfPage":{"@id":"https:\/\/lebenleben.de\/mvz\/kinder-und-jugendmedizin\/#primaryimage"},"image":{"@id":"https:\/\/lebenleben.de\/mvz\/kinder-und-jugendmedizin\/#primaryimage"},"thumbnailUrl":"https:\/\/lebenleben.de\/mvz\/wp-content\/uploads\/sites\/3\/2026\/02\/Paediatrie.jpg","datePublished":"2021-01-22T08:57:06+00:00","dateModified":"2026-02-23T10:42:54+00:00","description":"Ihre Kinder\u00e4rztin in Uelzen: Wir decken das gesamte p\u00e4diatrische Spektrum ab und k\u00fcmmern uns um die Gesundheit von Kindern und Jugendlichen.","breadcrumb":{"@id":"https:\/\/lebenleben.de\/mvz\/kinder-und-jugendmedizin\/#breadcrumb"},"inLanguage":"de","potentialAction":[{"@type":"ReadAction","target":["https:\/\/lebenleben.de\/mvz\/kinder-und-jugendmedizin\/"]}]},{"@type":"ImageObject","inLanguage":"de","@id":"https:\/\/lebenleben.de\/mvz\/kinder-und-jugendmedizin\/#primaryimage","url":"https:\/\/lebenleben.de\/mvz\/wp-content\/uploads\/sites\/3\/2026\/02\/Paediatrie.jpg","contentUrl":"https:\/\/lebenleben.de\/mvz\/wp-content\/uploads\/sites\/3\/2026\/02\/Paediatrie.jpg","width":800,"height":480},{"@type":"BreadcrumbList","@id":"https:\/\/lebenleben.de\/mvz\/kinder-und-jugendmedizin\/#breadcrumb","itemListElement":[{"@type":"ListItem","position":1,"name":"Startseite","item":"https:\/\/lebenleben.de\/mvz\/"},{"@type":"ListItem","position":2,"name":"Kinder- und Jugendmedizin"}]},{"@type":"WebSite","@id":"https:\/\/lebenleben.de\/mvz\/#website","url":"https:\/\/lebenleben.de\/mvz\/","name":"Leben leben MVZ","description":"Medizinisches Versorgungszentrum am Hammersteinplatz","publisher":{"@id":"https:\/\/lebenleben.de\/mvz\/#organization"},"potentialAction":[{"@type":"SearchAction","target":{"@type":"EntryPoint","urlTemplate":"https:\/\/lebenleben.de\/mvz\/?s={search_term_string}"},"query-input":{"@type":"PropertyValueSpecification","valueRequired":true,"valueName":"search_term_string"}}],"inLanguage":"de"},{"@type":"Organization","@id":"https:\/\/lebenleben.de\/mvz\/#organization","name":"Leben leben MVZ","url":"https:\/\/lebenleben.de\/mvz\/","logo":{"@type":"ImageObject","inLanguage":"de","@id":"https:\/\/lebenleben.de\/mvz\/#\/schema\/logo\/image\/","url":"https:\/\/lebenleben.de\/mvz\/wp-content\/uploads\/sites\/3\/2021\/01\/ll_favicon-cyan.png","contentUrl":"https:\/\/lebenleben.de\/mvz\/wp-content\/uploads\/sites\/3\/2021\/01\/ll_favicon-cyan.png","width":501,"height":501,"caption":"Leben leben MVZ"},"image":{"@id":"https:\/\/lebenleben.de\/mvz\/#\/schema\/logo\/image\/"}}]}},"_links":{"self":[{"href":"https:\/\/lebenleben.de\/mvz\/wp-json\/wp\/v2\/pages\/100","targetHints":{"allow":["GET"]}}],"collection":[{"href":"https:\/\/lebenleben.de\/mvz\/wp-json\/wp\/v2\/pages"}],"about":[{"href":"https:\/\/lebenleben.de\/mvz\/wp-json\/wp\/v2\/types\/page"}],"author":[{"embeddable":true,"href":"https:\/\/lebenleben.de\/mvz\/wp-json\/wp\/v2\/users\/1"}],"replies":[{"embeddable":true,"href":"https:\/\/lebenleben.de\/mvz\/wp-json\/wp\/v2\/comments?post=100"}],"version-history":[{"count":109,"href":"https:\/\/lebenleben.de\/mvz\/wp-json\/wp\/v2\/pages\/100\/revisions"}],"predecessor-version":[{"id":2558,"href":"https:\/\/lebenleben.de\/mvz\/wp-json\/wp\/v2\/pages\/100\/revisions\/2558"}],"wp:featuredmedia":[{"embeddable":true,"href":"https:\/\/lebenleben.de\/mvz\/wp-json\/wp\/v2\/media\/2545"}],"wp:attachment":[{"href":"https:\/\/lebenleben.de\/mvz\/wp-json\/wp\/v2\/media?parent=100"}],"curies":[{"name":"wp","href":"https:\/\/api.w.org\/{rel}","templated":true}]}}