{"id":111,"date":"2021-01-22T10:04:29","date_gmt":"2021-01-22T09:04:29","guid":{"rendered":"https:\/\/lebenleben.de\/mvz\/?page_id=111"},"modified":"2026-01-27T09:04:07","modified_gmt":"2026-01-27T08:04:07","slug":"ulrike-radtke","status":"publish","type":"page","link":"https:\/\/lebenleben.de\/mvz\/allgemeinmedizin\/ulrike-radtke\/","title":{"rendered":"Ulrike Radtke"},"content":{"rendered":"\n<div class=\"wp-block-columns is-layout-flex wp-container-core-columns-is-layout-9d6595d7 wp-block-columns-is-layout-flex\">\n<div class=\"wp-block-column is-layout-flow wp-block-column-is-layout-flow\" style=\"flex-basis:66%\">\n<h1 class=\"wp-block-heading\">Ulrike Radtke<\/h1>\n\n\n\n<p><strong><strong>Fach\u00e4rztin f\u00fcr An\u00e4sthesie und Allgemeinmedizin<\/strong>,  Notfallmedizin<\/strong><\/p>\n\n\n\n<h2 class=\"wp-block-heading\">Beruf<\/h2>\n\n\n\n<p>seit Juli 2021 angestellte Fach\u00e4rzin f\u00fcr Allgemeinmedizin im MVZ am Hammersteinplatz<\/p>\n\n\n\n<p>2018 &#8211; 2021 Assistenz\u00e4rztin f\u00fcr Allgemeinmedizin in der \u00fcber\u00f6rtlichen Praxisgemeinschaft Dres. Runge, Danielsen-Runge, Becker und Abrahamsen<\/p>\n\n\n\n<p>2017 &#8211; 2018 Assistenz\u00e4rztin f\u00fcr Innere Medizin \/ Weiterbildung Allgemeinmedizin im Klinikum L\u00fcneburg<\/p>\n\n\n\n<p>2009 &#8211; 2017 Assistenz\u00e4rztin \/ Fach\u00e4rztin f\u00fcr An\u00e4sthesie im Klinikum L\u00fcneburg <\/p>\n\n\n\n<p>2007 &#8211; 2009 Assistenz\u00e4rztin f\u00fcr An\u00e4sthesie im Klinikum Uelzen<\/p>\n\n\n\n<p>2006 &#8211; 2007 Assistenz\u00e4rztin in der Kardiologie akut im HGZ Bad Bevensen<\/p>\n\n\n\n<h2 class=\"wp-block-heading\">Ausbildung<\/h2>\n\n\n\n<p>01\/2021 Fach\u00e4rztin f\u00fcr Allgemeinmedizin<\/p>\n\n\n\n<p>07\/2015 Fach\u00e4rztin f\u00fcr An\u00e4sthesie<\/p>\n\n\n\n<p>07\/2011 Zusatzbezeichnung Notfallmedizin<\/p>\n\n\n\n<p>05\/2006 Approbation als \u00c4rztin<\/p>\n\n\n\n<h2 class=\"wp-block-heading\">Privat<\/h2>\n\n\n\n<p>Verheiratet, 3 Kinder<\/p>\n\n\n\n<p>Engagement in der Freiwilligen Feuerwehr<\/p>\n<\/div>\n\n\n\n<div class=\"wp-block-column is-layout-flow wp-block-column-is-layout-flow\" style=\"flex-basis:33%\">\n<figure class=\"wp-block-image size-large ll-corner-large\"><img loading=\"lazy\" decoding=\"async\" width=\"683\" height=\"1024\" src=\"https:\/\/lebenleben.de\/mvz\/wp-content\/uploads\/sites\/3\/2024\/06\/DSC00574-683x1024.jpg\" alt=\"\" class=\"wp-image-1866\" srcset=\"https:\/\/lebenleben.de\/mvz\/wp-content\/uploads\/sites\/3\/2024\/06\/DSC00574-683x1024.jpg 683w, https:\/\/lebenleben.de\/mvz\/wp-content\/uploads\/sites\/3\/2024\/06\/DSC00574-200x300.jpg 200w, https:\/\/lebenleben.de\/mvz\/wp-content\/uploads\/sites\/3\/2024\/06\/DSC00574-768x1152.jpg 768w, https:\/\/lebenleben.de\/mvz\/wp-content\/uploads\/sites\/3\/2024\/06\/DSC00574-1024x1536.jpg 1024w, https:\/\/lebenleben.de\/mvz\/wp-content\/uploads\/sites\/3\/2024\/06\/DSC00574.jpg 1365w\" sizes=\"auto, (max-width: 683px) 100vw, 683px\" \/><figcaption class=\"wp-element-caption\">Ulrike Radtke <br><\/figcaption><\/figure>\n\n\n\n<p><\/p>\n<\/div>\n<\/div>\n","protected":false},"excerpt":{"rendered":"<p>Ulrike Radtke Fach\u00e4rztin f\u00fcr An\u00e4sthesie und Allgemeinmedizin, Notfallmedizin Beruf seit Juli 2021 angestellte Fach\u00e4rzin f\u00fcr Allgemeinmedizin im MVZ am Hammersteinplatz 2018 &#8211; 2021 Assistenz\u00e4rztin f\u00fcr Allgemeinmedizin in der \u00fcber\u00f6rtlichen Praxisgemeinschaft Dres. Runge, Danielsen-Runge, Becker und Abrahamsen 2017 &#8211; 2018 Assistenz\u00e4rztin f\u00fcr Innere Medizin \/ Weiterbildung Allgemeinmedizin im Klinikum L\u00fcneburg 2009 &#8211; 2017 Assistenz\u00e4rztin \/ Fach\u00e4rztin [&hellip;]<\/p>\n","protected":false},"author":1,"featured_media":0,"parent":2020,"menu_order":10,"comment_status":"closed","ping_status":"closed","template":"page-templates\/page-fullscreen.php","meta":{"_acf_changed":false,"footnotes":""},"class_list":["post-111","page","type-page","status-publish","hentry"],"acf":[],"yoast_head":"<!-- This site is optimized with the Yoast SEO plugin v27.3 - https:\/\/yoast.com\/product\/yoast-seo-wordpress\/ -->\n<title>Ulrike Radtke Fach\u00e4rztin f\u00fcr Allgemeinmedizin<\/title>\n<meta name=\"description\" content=\"Ihre Haus\u00e4rztin in Uelzen: Ulrike Radtke, Fach\u00e4rztin f\u00fcr Allgemeinmedizin im MVZ am Hammersteinplatz in Uelzen t\u00e4tig.\" \/>\n<meta name=\"robots\" content=\"index, follow, max-snippet:-1, max-image-preview:large, max-video-preview:-1\" \/>\n<link rel=\"canonical\" href=\"https:\/\/lebenleben.de\/mvz\/allgemeinmedizin\/ulrike-radtke\/\" \/>\n<meta property=\"og:locale\" content=\"de_DE\" \/>\n<meta property=\"og:type\" content=\"article\" \/>\n<meta property=\"og:title\" content=\"Ulrike Radtke Fach\u00e4rztin f\u00fcr Allgemeinmedizin\" \/>\n<meta property=\"og:description\" content=\"Ihre Haus\u00e4rztin in Uelzen: Ulrike Radtke, Fach\u00e4rztin f\u00fcr Allgemeinmedizin im MVZ am Hammersteinplatz in Uelzen t\u00e4tig.\" \/>\n<meta property=\"og:url\" content=\"https:\/\/lebenleben.de\/mvz\/allgemeinmedizin\/ulrike-radtke\/\" \/>\n<meta property=\"og:site_name\" content=\"Leben leben MVZ\" \/>\n<meta property=\"article:modified_time\" content=\"2026-01-27T08:04:07+00:00\" \/>\n<meta property=\"og:image\" content=\"https:\/\/lebenleben.de\/mvz\/wp-content\/uploads\/sites\/3\/2024\/06\/DSC00574.jpg\" \/>\n\t<meta property=\"og:image:width\" content=\"1365\" \/>\n\t<meta property=\"og:image:height\" content=\"2048\" \/>\n\t<meta property=\"og:image:type\" content=\"image\/jpeg\" \/>\n<meta name=\"twitter:card\" content=\"summary_large_image\" \/>\n<meta name=\"twitter:label1\" content=\"Gesch\u00e4tzte Lesezeit\" \/>\n\t<meta name=\"twitter:data1\" content=\"1\u00a0Minute\" \/>\n<script type=\"application\/ld+json\" class=\"yoast-schema-graph\">{\"@context\":\"https:\\\/\\\/schema.org\",\"@graph\":[{\"@type\":\"WebPage\",\"@id\":\"https:\\\/\\\/lebenleben.de\\\/mvz\\\/allgemeinmedizin\\\/ulrike-radtke\\\/\",\"url\":\"https:\\\/\\\/lebenleben.de\\\/mvz\\\/allgemeinmedizin\\\/ulrike-radtke\\\/\",\"name\":\"Ulrike Radtke Fach\u00e4rztin f\u00fcr Allgemeinmedizin\",\"isPartOf\":{\"@id\":\"https:\\\/\\\/lebenleben.de\\\/mvz\\\/#website\"},\"primaryImageOfPage\":{\"@id\":\"https:\\\/\\\/lebenleben.de\\\/mvz\\\/allgemeinmedizin\\\/ulrike-radtke\\\/#primaryimage\"},\"image\":{\"@id\":\"https:\\\/\\\/lebenleben.de\\\/mvz\\\/allgemeinmedizin\\\/ulrike-radtke\\\/#primaryimage\"},\"thumbnailUrl\":\"https:\\\/\\\/lebenleben.de\\\/mvz\\\/wp-content\\\/uploads\\\/sites\\\/3\\\/2024\\\/06\\\/DSC00574-683x1024.jpg\",\"datePublished\":\"2021-01-22T09:04:29+00:00\",\"dateModified\":\"2026-01-27T08:04:07+00:00\",\"description\":\"Ihre Haus\u00e4rztin in Uelzen: Ulrike Radtke, Fach\u00e4rztin f\u00fcr Allgemeinmedizin im MVZ am Hammersteinplatz in Uelzen t\u00e4tig.\",\"breadcrumb\":{\"@id\":\"https:\\\/\\\/lebenleben.de\\\/mvz\\\/allgemeinmedizin\\\/ulrike-radtke\\\/#breadcrumb\"},\"inLanguage\":\"de\",\"potentialAction\":[{\"@type\":\"ReadAction\",\"target\":[\"https:\\\/\\\/lebenleben.de\\\/mvz\\\/allgemeinmedizin\\\/ulrike-radtke\\\/\"]}]},{\"@type\":\"ImageObject\",\"inLanguage\":\"de\",\"@id\":\"https:\\\/\\\/lebenleben.de\\\/mvz\\\/allgemeinmedizin\\\/ulrike-radtke\\\/#primaryimage\",\"url\":\"https:\\\/\\\/lebenleben.de\\\/mvz\\\/wp-content\\\/uploads\\\/sites\\\/3\\\/2024\\\/06\\\/DSC00574.jpg\",\"contentUrl\":\"https:\\\/\\\/lebenleben.de\\\/mvz\\\/wp-content\\\/uploads\\\/sites\\\/3\\\/2024\\\/06\\\/DSC00574.jpg\",\"width\":1365,\"height\":2048},{\"@type\":\"BreadcrumbList\",\"@id\":\"https:\\\/\\\/lebenleben.de\\\/mvz\\\/allgemeinmedizin\\\/ulrike-radtke\\\/#breadcrumb\",\"itemListElement\":[{\"@type\":\"ListItem\",\"position\":1,\"name\":\"Startseite\",\"item\":\"https:\\\/\\\/lebenleben.de\\\/mvz\\\/\"},{\"@type\":\"ListItem\",\"position\":2,\"name\":\"Allgemeinmedizin\",\"item\":\"https:\\\/\\\/lebenleben.de\\\/mvz\\\/allgemeinmedizin\\\/\"},{\"@type\":\"ListItem\",\"position\":3,\"name\":\"Ulrike Radtke\"}]},{\"@type\":\"WebSite\",\"@id\":\"https:\\\/\\\/lebenleben.de\\\/mvz\\\/#website\",\"url\":\"https:\\\/\\\/lebenleben.de\\\/mvz\\\/\",\"name\":\"Leben leben MVZ\",\"description\":\"Medizinisches Versorgungszentrum am Hammersteinplatz\",\"publisher\":{\"@id\":\"https:\\\/\\\/lebenleben.de\\\/mvz\\\/#organization\"},\"potentialAction\":[{\"@type\":\"SearchAction\",\"target\":{\"@type\":\"EntryPoint\",\"urlTemplate\":\"https:\\\/\\\/lebenleben.de\\\/mvz\\\/?s={search_term_string}\"},\"query-input\":{\"@type\":\"PropertyValueSpecification\",\"valueRequired\":true,\"valueName\":\"search_term_string\"}}],\"inLanguage\":\"de\"},{\"@type\":\"Organization\",\"@id\":\"https:\\\/\\\/lebenleben.de\\\/mvz\\\/#organization\",\"name\":\"Leben leben MVZ\",\"url\":\"https:\\\/\\\/lebenleben.de\\\/mvz\\\/\",\"logo\":{\"@type\":\"ImageObject\",\"inLanguage\":\"de\",\"@id\":\"https:\\\/\\\/lebenleben.de\\\/mvz\\\/#\\\/schema\\\/logo\\\/image\\\/\",\"url\":\"https:\\\/\\\/lebenleben.de\\\/mvz\\\/wp-content\\\/uploads\\\/sites\\\/3\\\/2021\\\/01\\\/ll_favicon-cyan.png\",\"contentUrl\":\"https:\\\/\\\/lebenleben.de\\\/mvz\\\/wp-content\\\/uploads\\\/sites\\\/3\\\/2021\\\/01\\\/ll_favicon-cyan.png\",\"width\":501,\"height\":501,\"caption\":\"Leben leben MVZ\"},\"image\":{\"@id\":\"https:\\\/\\\/lebenleben.de\\\/mvz\\\/#\\\/schema\\\/logo\\\/image\\\/\"}}]}<\/script>\n<!-- \/ Yoast SEO plugin. -->","yoast_head_json":{"title":"Ulrike Radtke Fach\u00e4rztin f\u00fcr Allgemeinmedizin","description":"Ihre Haus\u00e4rztin in Uelzen: Ulrike Radtke, Fach\u00e4rztin f\u00fcr Allgemeinmedizin im MVZ am Hammersteinplatz in Uelzen t\u00e4tig.","robots":{"index":"index","follow":"follow","max-snippet":"max-snippet:-1","max-image-preview":"max-image-preview:large","max-video-preview":"max-video-preview:-1"},"canonical":"https:\/\/lebenleben.de\/mvz\/allgemeinmedizin\/ulrike-radtke\/","og_locale":"de_DE","og_type":"article","og_title":"Ulrike Radtke Fach\u00e4rztin f\u00fcr Allgemeinmedizin","og_description":"Ihre Haus\u00e4rztin in Uelzen: Ulrike Radtke, Fach\u00e4rztin f\u00fcr Allgemeinmedizin im MVZ am Hammersteinplatz in Uelzen t\u00e4tig.","og_url":"https:\/\/lebenleben.de\/mvz\/allgemeinmedizin\/ulrike-radtke\/","og_site_name":"Leben leben MVZ","article_modified_time":"2026-01-27T08:04:07+00:00","og_image":[{"width":1365,"height":2048,"url":"https:\/\/lebenleben.de\/mvz\/wp-content\/uploads\/sites\/3\/2024\/06\/DSC00574.jpg","type":"image\/jpeg"}],"twitter_card":"summary_large_image","twitter_misc":{"Gesch\u00e4tzte Lesezeit":"1\u00a0Minute"},"schema":{"@context":"https:\/\/schema.org","@graph":[{"@type":"WebPage","@id":"https:\/\/lebenleben.de\/mvz\/allgemeinmedizin\/ulrike-radtke\/","url":"https:\/\/lebenleben.de\/mvz\/allgemeinmedizin\/ulrike-radtke\/","name":"Ulrike Radtke Fach\u00e4rztin f\u00fcr Allgemeinmedizin","isPartOf":{"@id":"https:\/\/lebenleben.de\/mvz\/#website"},"primaryImageOfPage":{"@id":"https:\/\/lebenleben.de\/mvz\/allgemeinmedizin\/ulrike-radtke\/#primaryimage"},"image":{"@id":"https:\/\/lebenleben.de\/mvz\/allgemeinmedizin\/ulrike-radtke\/#primaryimage"},"thumbnailUrl":"https:\/\/lebenleben.de\/mvz\/wp-content\/uploads\/sites\/3\/2024\/06\/DSC00574-683x1024.jpg","datePublished":"2021-01-22T09:04:29+00:00","dateModified":"2026-01-27T08:04:07+00:00","description":"Ihre Haus\u00e4rztin in Uelzen: Ulrike Radtke, Fach\u00e4rztin f\u00fcr Allgemeinmedizin im MVZ am Hammersteinplatz in Uelzen t\u00e4tig.","breadcrumb":{"@id":"https:\/\/lebenleben.de\/mvz\/allgemeinmedizin\/ulrike-radtke\/#breadcrumb"},"inLanguage":"de","potentialAction":[{"@type":"ReadAction","target":["https:\/\/lebenleben.de\/mvz\/allgemeinmedizin\/ulrike-radtke\/"]}]},{"@type":"ImageObject","inLanguage":"de","@id":"https:\/\/lebenleben.de\/mvz\/allgemeinmedizin\/ulrike-radtke\/#primaryimage","url":"https:\/\/lebenleben.de\/mvz\/wp-content\/uploads\/sites\/3\/2024\/06\/DSC00574.jpg","contentUrl":"https:\/\/lebenleben.de\/mvz\/wp-content\/uploads\/sites\/3\/2024\/06\/DSC00574.jpg","width":1365,"height":2048},{"@type":"BreadcrumbList","@id":"https:\/\/lebenleben.de\/mvz\/allgemeinmedizin\/ulrike-radtke\/#breadcrumb","itemListElement":[{"@type":"ListItem","position":1,"name":"Startseite","item":"https:\/\/lebenleben.de\/mvz\/"},{"@type":"ListItem","position":2,"name":"Allgemeinmedizin","item":"https:\/\/lebenleben.de\/mvz\/allgemeinmedizin\/"},{"@type":"ListItem","position":3,"name":"Ulrike Radtke"}]},{"@type":"WebSite","@id":"https:\/\/lebenleben.de\/mvz\/#website","url":"https:\/\/lebenleben.de\/mvz\/","name":"Leben leben MVZ","description":"Medizinisches Versorgungszentrum am Hammersteinplatz","publisher":{"@id":"https:\/\/lebenleben.de\/mvz\/#organization"},"potentialAction":[{"@type":"SearchAction","target":{"@type":"EntryPoint","urlTemplate":"https:\/\/lebenleben.de\/mvz\/?s={search_term_string}"},"query-input":{"@type":"PropertyValueSpecification","valueRequired":true,"valueName":"search_term_string"}}],"inLanguage":"de"},{"@type":"Organization","@id":"https:\/\/lebenleben.de\/mvz\/#organization","name":"Leben leben MVZ","url":"https:\/\/lebenleben.de\/mvz\/","logo":{"@type":"ImageObject","inLanguage":"de","@id":"https:\/\/lebenleben.de\/mvz\/#\/schema\/logo\/image\/","url":"https:\/\/lebenleben.de\/mvz\/wp-content\/uploads\/sites\/3\/2021\/01\/ll_favicon-cyan.png","contentUrl":"https:\/\/lebenleben.de\/mvz\/wp-content\/uploads\/sites\/3\/2021\/01\/ll_favicon-cyan.png","width":501,"height":501,"caption":"Leben leben MVZ"},"image":{"@id":"https:\/\/lebenleben.de\/mvz\/#\/schema\/logo\/image\/"}}]}},"_links":{"self":[{"href":"https:\/\/lebenleben.de\/mvz\/wp-json\/wp\/v2\/pages\/111","targetHints":{"allow":["GET"]}}],"collection":[{"href":"https:\/\/lebenleben.de\/mvz\/wp-json\/wp\/v2\/pages"}],"about":[{"href":"https:\/\/lebenleben.de\/mvz\/wp-json\/wp\/v2\/types\/page"}],"author":[{"embeddable":true,"href":"https:\/\/lebenleben.de\/mvz\/wp-json\/wp\/v2\/users\/1"}],"replies":[{"embeddable":true,"href":"https:\/\/lebenleben.de\/mvz\/wp-json\/wp\/v2\/comments?post=111"}],"version-history":[{"count":16,"href":"https:\/\/lebenleben.de\/mvz\/wp-json\/wp\/v2\/pages\/111\/revisions"}],"predecessor-version":[{"id":2420,"href":"https:\/\/lebenleben.de\/mvz\/wp-json\/wp\/v2\/pages\/111\/revisions\/2420"}],"up":[{"embeddable":true,"href":"https:\/\/lebenleben.de\/mvz\/wp-json\/wp\/v2\/pages\/2020"}],"wp:attachment":[{"href":"https:\/\/lebenleben.de\/mvz\/wp-json\/wp\/v2\/media?parent=111"}],"curies":[{"name":"wp","href":"https:\/\/api.w.org\/{rel}","templated":true}]}}