{"id":1183,"date":"2023-03-28T18:07:52","date_gmt":"2023-03-28T16:07:52","guid":{"rendered":"https:\/\/lebenleben.de\/mvz\/?page_id=1183"},"modified":"2024-10-23T10:32:25","modified_gmt":"2024-10-23T08:32:25","slug":"dr-med-peer-l-poetzl","status":"publish","type":"page","link":"https:\/\/lebenleben.de\/mvz\/allgemeinmedizin\/dr-med-peer-l-poetzl\/","title":{"rendered":"Dr. med. Peer L. P\u00f6tzl"},"content":{"rendered":"\n<div class=\"wp-block-columns is-layout-flex wp-container-core-columns-is-layout-9d6595d7 wp-block-columns-is-layout-flex\">\n<div class=\"wp-block-column is-layout-flow wp-block-column-is-layout-flow\" style=\"flex-basis:66%\">\n<h1 class=\"wp-block-heading\">Dr. med. Peer L. P\u00f6tzl<\/h1>\n\n\n\n<p><strong>Facharzt f\u00fcr Allgemeinmedizin, Notfallmedizin<\/strong><\/p>\n\n\n\n<h2 class=\"wp-block-heading\">Beruf<\/h2>\n\n\n\n<p>2022 Facharzt f\u00fcr Allgemeinmedizin in der Hausarztpraxis Kirsche in Bad Bevensen<\/p>\n\n\n\n<p>2019 \u2013 2021&nbsp;&nbsp;Assistenzarzt\/Facharzt in der haus\u00e4rztlichen, \u00fcber\u00f6rtlichen &nbsp; Gemeinschaftspraxis Drs.med. Danielsen-Runge \/Runge und Kollegen in Bleckede<\/p>\n\n\n\n<p>2016 \u2013 2019&nbsp;&nbsp;&nbsp;Assistenzarzt in der Inneren Medizin des St\u00e4dtischen Klinikums L\u00fcneburg in den Abteilungen Innere Medizin (Gastroenterologie\/Kardiologie\/Geriatrie)<\/p>\n\n\n\n<p>2014 \u2013 2016&nbsp;&nbsp;Assistenzarzt<em> <\/em>in der Abteilung f\u00fcr An\u00e4sthesie- und Intensivmedizin des DRK Krankenhauses Neuwied am Rhein<\/p>\n\n\n\n<p>2014 Polizei\u00e4rztliche T\u00e4tigkeit f\u00fcr das Polizeipr\u00e4sidium Koblenz<\/p>\n\n\n\n<p>2006-2007&nbsp;&nbsp;Rettungsassistent im DRK Kreisverband Rhein-Hunsr\u00fcck e.V.<\/p>\n\n\n\n<p>2004 &#8211; 2006&nbsp;Rettungssanit\u00e4ter\/Rettungsassistent in der DRK Rhein-Lahn-Westerwald Rettungsdienst gGmbH<\/p>\n\n\n\n<p>04\/2003-02\/2004&nbsp;Rettungssanit\u00e4ter in der Rhein-Lahn-Westerwald Rettungsdienst gGmbH (Zivildienst)<\/p>\n\n\n\n<h2 class=\"wp-block-heading\">Ausbildung<\/h2>\n\n\n\n<p>06\/21&nbsp;&nbsp;Facharzt f\u00fcr Allgemeinmedizin<\/p>\n\n\n\n<p>05\/2018&nbsp;&nbsp;Zusatzbezeichnung Notfallmedizin &nbsp;&nbsp;&nbsp;&nbsp;&nbsp;&nbsp;&nbsp;&nbsp;<\/p>\n\n\n\n<p>12\/2013&nbsp;&nbsp;Approbation als Arzt<\/p>\n\n\n\n<p>10\/2007-11\/2013&nbsp; Studium der Humanmedizin an der Johannes Gutenberg-Universit\u00e4t\/Universit\u00e4tsmedizin Mainz<\/p>\n\n\n\n<p>Erstellung der Dissertation mit dem Titel<\/p>\n\n\n\n<p>\u201e<em>Funktionelle Korrelate degenerativer Hippocampusver\u00e4nderungen im gesunden Alterungsprozess\u201c<\/em> <\/p>\n\n\n\n<p>an der Universit\u00e4tsmedizin Mainz &#8211; Prof. Dr. med. Fellgiebel 07\/2017<\/p>\n\n\n\n<p>02\/2004-06\/2004&nbsp;&nbsp; Ausbildung zum Rettungsassistenten in der Fachweiterbildungsst\u00e4tte des Marienhausklinikums Neuwied mit praktischen Ausbildungsbl\u00f6cken in der Universit\u00e4tsklinik K\u00f6ln und dem Bundeswehrzentralkrankenhaus Koblenz<\/p>\n\n\n\n<p>08\/1994-03\/2003&nbsp; Abitur am Martin-Butzer-Gymnasium Dierdorf der evang. Kirche des Rheinlandes<\/p>\n\n\n\n<h2 class=\"wp-block-heading\">Privat<\/h2>\n\n\n\n<p>Verheiratet, 1 Kind<\/p>\n\n\n\n<p>Gitarrenspieler<\/p>\n<\/div>\n\n\n\n<div class=\"wp-block-column is-layout-flow wp-block-column-is-layout-flow\" style=\"flex-basis:33%\">\n<figure class=\"wp-block-image size-full ll-corner-large\"><img loading=\"lazy\" decoding=\"async\" width=\"667\" height=\"1000\" src=\"https:\/\/lebenleben.de\/mvz\/wp-content\/uploads\/sites\/3\/2024\/06\/Poetzl.png\" alt=\"\" class=\"wp-image-1864\" srcset=\"https:\/\/lebenleben.de\/mvz\/wp-content\/uploads\/sites\/3\/2024\/06\/Poetzl.png 667w, https:\/\/lebenleben.de\/mvz\/wp-content\/uploads\/sites\/3\/2024\/06\/Poetzl-200x300.png 200w\" sizes=\"auto, (max-width: 667px) 100vw, 667px\" \/><figcaption class=\"wp-element-caption\">Dr. med. Peer L. P\u00f6tzl<\/figcaption><\/figure>\n\n\n\n<p><\/p>\n<\/div>\n<\/div>\n","protected":false},"excerpt":{"rendered":"<p>Dr. med. Peer L. P\u00f6tzl, Facharzt und Notfallmediziner<\/p>\n","protected":false},"author":4,"featured_media":0,"parent":2020,"menu_order":20,"comment_status":"closed","ping_status":"closed","template":"page-templates\/page-fullscreen.php","meta":{"_acf_changed":false,"footnotes":""},"class_list":["post-1183","page","type-page","status-publish","hentry"],"acf":[],"yoast_head":"<!-- This site is optimized with the Yoast SEO plugin v27.3 - https:\/\/yoast.com\/product\/yoast-seo-wordpress\/ -->\n<title>Dr. med. Peer L. P\u00f6tzl - Leben leben MVZ<\/title>\n<meta name=\"robots\" content=\"index, follow, max-snippet:-1, max-image-preview:large, max-video-preview:-1\" \/>\n<link rel=\"canonical\" href=\"https:\/\/lebenleben.de\/mvz\/allgemeinmedizin\/dr-med-peer-l-poetzl\/\" \/>\n<meta property=\"og:locale\" content=\"de_DE\" \/>\n<meta property=\"og:type\" content=\"article\" \/>\n<meta property=\"og:title\" content=\"Dr. med. Peer L. P\u00f6tzl - Leben leben MVZ\" \/>\n<meta property=\"og:description\" content=\"Dr. med. Peer L. P\u00f6tzl, Facharzt und Notfallmediziner\" \/>\n<meta property=\"og:url\" content=\"https:\/\/lebenleben.de\/mvz\/allgemeinmedizin\/dr-med-peer-l-poetzl\/\" \/>\n<meta property=\"og:site_name\" content=\"Leben leben MVZ\" \/>\n<meta property=\"article:modified_time\" content=\"2024-10-23T08:32:25+00:00\" \/>\n<meta property=\"og:image\" content=\"https:\/\/lebenleben.de\/mvz\/wp-content\/uploads\/sites\/3\/2024\/06\/Poetzl.png\" \/>\n\t<meta property=\"og:image:width\" content=\"667\" \/>\n\t<meta property=\"og:image:height\" content=\"1000\" \/>\n\t<meta property=\"og:image:type\" content=\"image\/png\" \/>\n<meta name=\"twitter:card\" content=\"summary_large_image\" \/>\n<meta name=\"twitter:label1\" content=\"Gesch\u00e4tzte Lesezeit\" \/>\n\t<meta name=\"twitter:data1\" content=\"2\u00a0Minuten\" \/>\n<script type=\"application\/ld+json\" class=\"yoast-schema-graph\">{\"@context\":\"https:\\\/\\\/schema.org\",\"@graph\":[{\"@type\":\"WebPage\",\"@id\":\"https:\\\/\\\/lebenleben.de\\\/mvz\\\/allgemeinmedizin\\\/dr-med-peer-l-poetzl\\\/\",\"url\":\"https:\\\/\\\/lebenleben.de\\\/mvz\\\/allgemeinmedizin\\\/dr-med-peer-l-poetzl\\\/\",\"name\":\"Dr. med. Peer L. P\u00f6tzl - Leben leben MVZ\",\"isPartOf\":{\"@id\":\"https:\\\/\\\/lebenleben.de\\\/mvz\\\/#website\"},\"primaryImageOfPage\":{\"@id\":\"https:\\\/\\\/lebenleben.de\\\/mvz\\\/allgemeinmedizin\\\/dr-med-peer-l-poetzl\\\/#primaryimage\"},\"image\":{\"@id\":\"https:\\\/\\\/lebenleben.de\\\/mvz\\\/allgemeinmedizin\\\/dr-med-peer-l-poetzl\\\/#primaryimage\"},\"thumbnailUrl\":\"https:\\\/\\\/lebenleben.de\\\/mvz\\\/wp-content\\\/uploads\\\/sites\\\/3\\\/2024\\\/06\\\/Poetzl.png\",\"datePublished\":\"2023-03-28T16:07:52+00:00\",\"dateModified\":\"2024-10-23T08:32:25+00:00\",\"breadcrumb\":{\"@id\":\"https:\\\/\\\/lebenleben.de\\\/mvz\\\/allgemeinmedizin\\\/dr-med-peer-l-poetzl\\\/#breadcrumb\"},\"inLanguage\":\"de\",\"potentialAction\":[{\"@type\":\"ReadAction\",\"target\":[\"https:\\\/\\\/lebenleben.de\\\/mvz\\\/allgemeinmedizin\\\/dr-med-peer-l-poetzl\\\/\"]}]},{\"@type\":\"ImageObject\",\"inLanguage\":\"de\",\"@id\":\"https:\\\/\\\/lebenleben.de\\\/mvz\\\/allgemeinmedizin\\\/dr-med-peer-l-poetzl\\\/#primaryimage\",\"url\":\"https:\\\/\\\/lebenleben.de\\\/mvz\\\/wp-content\\\/uploads\\\/sites\\\/3\\\/2024\\\/06\\\/Poetzl.png\",\"contentUrl\":\"https:\\\/\\\/lebenleben.de\\\/mvz\\\/wp-content\\\/uploads\\\/sites\\\/3\\\/2024\\\/06\\\/Poetzl.png\",\"width\":667,\"height\":1000},{\"@type\":\"BreadcrumbList\",\"@id\":\"https:\\\/\\\/lebenleben.de\\\/mvz\\\/allgemeinmedizin\\\/dr-med-peer-l-poetzl\\\/#breadcrumb\",\"itemListElement\":[{\"@type\":\"ListItem\",\"position\":1,\"name\":\"Startseite\",\"item\":\"https:\\\/\\\/lebenleben.de\\\/mvz\\\/\"},{\"@type\":\"ListItem\",\"position\":2,\"name\":\"Allgemeinmedizin\",\"item\":\"https:\\\/\\\/lebenleben.de\\\/mvz\\\/allgemeinmedizin\\\/\"},{\"@type\":\"ListItem\",\"position\":3,\"name\":\"Dr. med. Peer L. P\u00f6tzl\"}]},{\"@type\":\"WebSite\",\"@id\":\"https:\\\/\\\/lebenleben.de\\\/mvz\\\/#website\",\"url\":\"https:\\\/\\\/lebenleben.de\\\/mvz\\\/\",\"name\":\"Leben leben MVZ\",\"description\":\"Medizinisches Versorgungszentrum am Hammersteinplatz\",\"publisher\":{\"@id\":\"https:\\\/\\\/lebenleben.de\\\/mvz\\\/#organization\"},\"potentialAction\":[{\"@type\":\"SearchAction\",\"target\":{\"@type\":\"EntryPoint\",\"urlTemplate\":\"https:\\\/\\\/lebenleben.de\\\/mvz\\\/?s={search_term_string}\"},\"query-input\":{\"@type\":\"PropertyValueSpecification\",\"valueRequired\":true,\"valueName\":\"search_term_string\"}}],\"inLanguage\":\"de\"},{\"@type\":\"Organization\",\"@id\":\"https:\\\/\\\/lebenleben.de\\\/mvz\\\/#organization\",\"name\":\"Leben leben MVZ\",\"url\":\"https:\\\/\\\/lebenleben.de\\\/mvz\\\/\",\"logo\":{\"@type\":\"ImageObject\",\"inLanguage\":\"de\",\"@id\":\"https:\\\/\\\/lebenleben.de\\\/mvz\\\/#\\\/schema\\\/logo\\\/image\\\/\",\"url\":\"https:\\\/\\\/lebenleben.de\\\/mvz\\\/wp-content\\\/uploads\\\/sites\\\/3\\\/2021\\\/01\\\/ll_favicon-cyan.png\",\"contentUrl\":\"https:\\\/\\\/lebenleben.de\\\/mvz\\\/wp-content\\\/uploads\\\/sites\\\/3\\\/2021\\\/01\\\/ll_favicon-cyan.png\",\"width\":501,\"height\":501,\"caption\":\"Leben leben MVZ\"},\"image\":{\"@id\":\"https:\\\/\\\/lebenleben.de\\\/mvz\\\/#\\\/schema\\\/logo\\\/image\\\/\"}}]}<\/script>\n<!-- \/ Yoast SEO plugin. -->","yoast_head_json":{"title":"Dr. med. Peer L. P\u00f6tzl - Leben leben MVZ","robots":{"index":"index","follow":"follow","max-snippet":"max-snippet:-1","max-image-preview":"max-image-preview:large","max-video-preview":"max-video-preview:-1"},"canonical":"https:\/\/lebenleben.de\/mvz\/allgemeinmedizin\/dr-med-peer-l-poetzl\/","og_locale":"de_DE","og_type":"article","og_title":"Dr. med. Peer L. P\u00f6tzl - Leben leben MVZ","og_description":"Dr. med. Peer L. P\u00f6tzl, Facharzt und Notfallmediziner","og_url":"https:\/\/lebenleben.de\/mvz\/allgemeinmedizin\/dr-med-peer-l-poetzl\/","og_site_name":"Leben leben MVZ","article_modified_time":"2024-10-23T08:32:25+00:00","og_image":[{"width":667,"height":1000,"url":"https:\/\/lebenleben.de\/mvz\/wp-content\/uploads\/sites\/3\/2024\/06\/Poetzl.png","type":"image\/png"}],"twitter_card":"summary_large_image","twitter_misc":{"Gesch\u00e4tzte Lesezeit":"2\u00a0Minuten"},"schema":{"@context":"https:\/\/schema.org","@graph":[{"@type":"WebPage","@id":"https:\/\/lebenleben.de\/mvz\/allgemeinmedizin\/dr-med-peer-l-poetzl\/","url":"https:\/\/lebenleben.de\/mvz\/allgemeinmedizin\/dr-med-peer-l-poetzl\/","name":"Dr. med. Peer L. P\u00f6tzl - Leben leben MVZ","isPartOf":{"@id":"https:\/\/lebenleben.de\/mvz\/#website"},"primaryImageOfPage":{"@id":"https:\/\/lebenleben.de\/mvz\/allgemeinmedizin\/dr-med-peer-l-poetzl\/#primaryimage"},"image":{"@id":"https:\/\/lebenleben.de\/mvz\/allgemeinmedizin\/dr-med-peer-l-poetzl\/#primaryimage"},"thumbnailUrl":"https:\/\/lebenleben.de\/mvz\/wp-content\/uploads\/sites\/3\/2024\/06\/Poetzl.png","datePublished":"2023-03-28T16:07:52+00:00","dateModified":"2024-10-23T08:32:25+00:00","breadcrumb":{"@id":"https:\/\/lebenleben.de\/mvz\/allgemeinmedizin\/dr-med-peer-l-poetzl\/#breadcrumb"},"inLanguage":"de","potentialAction":[{"@type":"ReadAction","target":["https:\/\/lebenleben.de\/mvz\/allgemeinmedizin\/dr-med-peer-l-poetzl\/"]}]},{"@type":"ImageObject","inLanguage":"de","@id":"https:\/\/lebenleben.de\/mvz\/allgemeinmedizin\/dr-med-peer-l-poetzl\/#primaryimage","url":"https:\/\/lebenleben.de\/mvz\/wp-content\/uploads\/sites\/3\/2024\/06\/Poetzl.png","contentUrl":"https:\/\/lebenleben.de\/mvz\/wp-content\/uploads\/sites\/3\/2024\/06\/Poetzl.png","width":667,"height":1000},{"@type":"BreadcrumbList","@id":"https:\/\/lebenleben.de\/mvz\/allgemeinmedizin\/dr-med-peer-l-poetzl\/#breadcrumb","itemListElement":[{"@type":"ListItem","position":1,"name":"Startseite","item":"https:\/\/lebenleben.de\/mvz\/"},{"@type":"ListItem","position":2,"name":"Allgemeinmedizin","item":"https:\/\/lebenleben.de\/mvz\/allgemeinmedizin\/"},{"@type":"ListItem","position":3,"name":"Dr. med. Peer L. P\u00f6tzl"}]},{"@type":"WebSite","@id":"https:\/\/lebenleben.de\/mvz\/#website","url":"https:\/\/lebenleben.de\/mvz\/","name":"Leben leben MVZ","description":"Medizinisches Versorgungszentrum am Hammersteinplatz","publisher":{"@id":"https:\/\/lebenleben.de\/mvz\/#organization"},"potentialAction":[{"@type":"SearchAction","target":{"@type":"EntryPoint","urlTemplate":"https:\/\/lebenleben.de\/mvz\/?s={search_term_string}"},"query-input":{"@type":"PropertyValueSpecification","valueRequired":true,"valueName":"search_term_string"}}],"inLanguage":"de"},{"@type":"Organization","@id":"https:\/\/lebenleben.de\/mvz\/#organization","name":"Leben leben MVZ","url":"https:\/\/lebenleben.de\/mvz\/","logo":{"@type":"ImageObject","inLanguage":"de","@id":"https:\/\/lebenleben.de\/mvz\/#\/schema\/logo\/image\/","url":"https:\/\/lebenleben.de\/mvz\/wp-content\/uploads\/sites\/3\/2021\/01\/ll_favicon-cyan.png","contentUrl":"https:\/\/lebenleben.de\/mvz\/wp-content\/uploads\/sites\/3\/2021\/01\/ll_favicon-cyan.png","width":501,"height":501,"caption":"Leben leben MVZ"},"image":{"@id":"https:\/\/lebenleben.de\/mvz\/#\/schema\/logo\/image\/"}}]}},"_links":{"self":[{"href":"https:\/\/lebenleben.de\/mvz\/wp-json\/wp\/v2\/pages\/1183","targetHints":{"allow":["GET"]}}],"collection":[{"href":"https:\/\/lebenleben.de\/mvz\/wp-json\/wp\/v2\/pages"}],"about":[{"href":"https:\/\/lebenleben.de\/mvz\/wp-json\/wp\/v2\/types\/page"}],"author":[{"embeddable":true,"href":"https:\/\/lebenleben.de\/mvz\/wp-json\/wp\/v2\/users\/4"}],"replies":[{"embeddable":true,"href":"https:\/\/lebenleben.de\/mvz\/wp-json\/wp\/v2\/comments?post=1183"}],"version-history":[{"count":11,"href":"https:\/\/lebenleben.de\/mvz\/wp-json\/wp\/v2\/pages\/1183\/revisions"}],"predecessor-version":[{"id":1867,"href":"https:\/\/lebenleben.de\/mvz\/wp-json\/wp\/v2\/pages\/1183\/revisions\/1867"}],"up":[{"embeddable":true,"href":"https:\/\/lebenleben.de\/mvz\/wp-json\/wp\/v2\/pages\/2020"}],"wp:attachment":[{"href":"https:\/\/lebenleben.de\/mvz\/wp-json\/wp\/v2\/media?parent=1183"}],"curies":[{"name":"wp","href":"https:\/\/api.w.org\/{rel}","templated":true}]}}