{"id":9,"date":"2021-01-22T16:15:11","date_gmt":"2021-01-22T15:15:11","guid":{"rendered":"https:\/\/lebenleben.de\/schulbegleitung\/?page_id=9"},"modified":"2024-05-29T09:00:30","modified_gmt":"2024-05-29T07:00:30","slug":"unsere-experten","status":"publish","type":"page","link":"https:\/\/lebenleben.de\/schulbegleitung\/unsere-experten\/","title":{"rendered":"Unsere Experten"},"content":{"rendered":"\n<div id=\"llimageslider-block_c9f461a9bc4723ee83301ffbf750d01c\" class=\"block-llimageslider llimageslider alignwide\">\n\n    \n\t\t<div class=\"llimageslider-slider\" data-slick='{\"autoplaySpeed\": 5000}'>\n\t\t\t\t\t\t\t<div class=\"single-slide-wrapper slide-1\">\n\t\t\t\t\t<img loading=\"lazy\" decoding=\"async\" width=\"1400\" height=\"440\" src=\"https:\/\/lebenleben.de\/schulbegleitung\/wp-content\/uploads\/sites\/12\/2024\/05\/ll_header_slider_image_1400x560_0002_Unsere-Experten-1400x440-1.jpg\" class=\"single-slide-image slider-desktop-image\" alt=\"\" srcset=\"https:\/\/lebenleben.de\/schulbegleitung\/wp-content\/uploads\/sites\/12\/2024\/05\/ll_header_slider_image_1400x560_0002_Unsere-Experten-1400x440-1.jpg 1400w, https:\/\/lebenleben.de\/schulbegleitung\/wp-content\/uploads\/sites\/12\/2024\/05\/ll_header_slider_image_1400x560_0002_Unsere-Experten-1400x440-1-300x94.jpg 300w, https:\/\/lebenleben.de\/schulbegleitung\/wp-content\/uploads\/sites\/12\/2024\/05\/ll_header_slider_image_1400x560_0002_Unsere-Experten-1400x440-1-1024x322.jpg 1024w, https:\/\/lebenleben.de\/schulbegleitung\/wp-content\/uploads\/sites\/12\/2024\/05\/ll_header_slider_image_1400x560_0002_Unsere-Experten-1400x440-1-768x241.jpg 768w\" sizes=\"auto, (max-width: 1400px) 100vw, 1400px\" \/>          <img loading=\"lazy\" decoding=\"async\" width=\"1000\" height=\"314\" src=\"https:\/\/lebenleben.de\/schulbegleitung\/wp-content\/uploads\/sites\/12\/2024\/05\/ll_header_slider_image_1400x560_0002_Unsere-Experten-1400x440-1-1024x322.jpg\" class=\"single-slide-image slider-mobile-image\" alt=\"\" srcset=\"https:\/\/lebenleben.de\/schulbegleitung\/wp-content\/uploads\/sites\/12\/2024\/05\/ll_header_slider_image_1400x560_0002_Unsere-Experten-1400x440-1-1024x322.jpg 1024w, https:\/\/lebenleben.de\/schulbegleitung\/wp-content\/uploads\/sites\/12\/2024\/05\/ll_header_slider_image_1400x560_0002_Unsere-Experten-1400x440-1-300x94.jpg 300w, https:\/\/lebenleben.de\/schulbegleitung\/wp-content\/uploads\/sites\/12\/2024\/05\/ll_header_slider_image_1400x560_0002_Unsere-Experten-1400x440-1-768x241.jpg 768w, https:\/\/lebenleben.de\/schulbegleitung\/wp-content\/uploads\/sites\/12\/2024\/05\/ll_header_slider_image_1400x560_0002_Unsere-Experten-1400x440-1.jpg 1400w\" sizes=\"auto, (max-width: 1000px) 100vw, 1000px\" \/>\n                    <div class=\"single-slide-text\">\n          <h2>Schulbegleitung in Uelzen und Gifhorn<\/h2><h3>Ein Team aus qualifizierten Expert:innen<\/h3>                  <\/div>\n        \n\t\t\t\t<\/div>\n\t\t\t\t\t<\/div>\n\t  <script>\n    jQuery(document).ready(function() {\n        jQuery('.llimageslider-slider').slick({\n          dots: true,\n          infinite: true,\n          speed: 1000,\n          autoplay: true,\n          adaptiveHeight: true,\n          slidesToShow: 1,\n          fade: true,\n          focusOnSelect: true\n        });\n    });\n    <\/script>\n<\/div>\n\n\n\n<p>Unsere Mitarbeitenden in der Schulbegleitung sind allesamt Expert:innen auf diesem Gebiet. Darauf legen wir Wert, um eine qualit\u00e4tsvolle Begleitung der Sch\u00fcler:innen mit Unterst\u00fctzungsbedarf zu gew\u00e4hrleisten. Neben Fachkr\u00e4ften aus p\u00e4dagogischen, therapeutischen und pflegerischen Berufen besch\u00e4ftigen wir auch Mitarbeitende ohne Vorkenntnisse oder berufliche Qualifikation in diesen Bereichen. Alle haben die f\u00fcr die Schulbegleitung erforderlichen Fachkenntnisse in der einj\u00e4hrigen berufsbegleitenden \u201eQualifizierungsma\u00dfnahme f\u00fcr Schulbegleiter\u201c (QmfSB) erworben. Dabei handelt sich um eine Qualifizierungsma\u00dfnahme aus dem Bereich unserer zertifizierten Lerndienstleistungen nach DIN ISO 29993, die speziell auf den T\u00e4tigkeitsbereich der Schulbegleitung abgestimmt ist.<\/p>\n\n\n\n<p>Unter dem Leitgedanken von Integration und Inklusion werden in dieser Weiterbildung folgende Inhalte vermittelt:<\/p>\n\n\n\n<div style=\"height:15px\" aria-hidden=\"true\" class=\"wp-block-spacer\"><\/div>\n\n\n\n<ul class=\"wp-block-list\">\n<li>p\u00e4dagogisches Basiswissen,<\/li>\n\n\n\n<li>professionelle Kommunikationstechniken,<\/li>\n\n\n\n<li>Wissen \u00fcber bestimmte Krankheitsbilder und Behinderungsarten<\/li>\n\n\n\n<li>sowie die Kenntnis rechtlicher und administrativer Rahmenbedingungen<\/li>\n<\/ul>\n\n\n\n<p>Die Teilnehmenden erwerben Grundlagenkenntnisse in der P\u00e4dagogik, Sonderp\u00e4dagogik, Traumap\u00e4dagogik und in der Entwicklungspsychologie sowie Wissen \u00fcber Beeintr\u00e4chtigungsformen und Kenntnisse im Umgang mit erziehungsschwierigem Verhalten. Auch die Grundregeln der allgemeinen Gespr\u00e4chsf\u00fchrung, die Kenntnisse g\u00e4ngiger Konfliktl\u00f6sungsstrategien sowie die Reflexion und das Erproben von Gespr\u00e4chsregeln geh\u00f6ren zur Qualifizierungsma\u00dfnahme.<\/p>\n\n\n\n<p>Unsere Schulbegleiter:innen werden neben der Weiterbildung von den fallzust\u00e4ndigen Leitungskr\u00e4ften beratend begleitet und tauschen sich in kleinen Fachgruppen regelm\u00e4\u00dfig untereinander \u00fcber aktuelle Probleme aus der Berufspraxis aus. In diesem Rahmen werden L\u00f6sungsans\u00e4tze diskutiert, und die F\u00e4higkeit zum Perspektivwechsel wird gef\u00f6rdert.<\/p>\n\n\n\n<p>M\u00f6chten Sie unser Schulbegleitungsteam verst\u00e4rken? Dann sollten Sie idealerweise eine Qualifikation im Bereich P\u00e4dagogik, Sozial-\/Sonderp\u00e4dagogik oder eine vergleichbare Fachausbildung, z.&nbsp;B. als Erzieher:in, Ergotherapeut:in oder Gesundheits- und (Kinder-)Krankenpfleger:in, mitbringen. Auch wenn Sie branchenfremd sind, ein empathischer und einsatzbereiter Mensch sind, ist der Quereinstieg in diese m\u00f6glich. Bei vorliegender Eignung k\u00f6nnen Sie berufsbegleitend die oben genannte qualifizierte Weiterbildung zur Fachkraft f\u00fcr Schulbegleitung absolvieren. <\/p>\n\n\n\n<div style=\"height:50px\" aria-hidden=\"true\" class=\"wp-block-spacer\"><\/div>\n","protected":false},"excerpt":{"rendered":"<p>Unsere Mitarbeitenden in der Schulbegleitung sind allesamt Expert:innen auf diesem Gebiet. Darauf legen wir Wert, um eine qualit\u00e4tsvolle Begleitung der Sch\u00fcler:innen mit Unterst\u00fctzungsbedarf zu gew\u00e4hrleisten. Neben Fachkr\u00e4ften aus p\u00e4dagogischen, therapeutischen und pflegerischen Berufen besch\u00e4ftigen wir auch Mitarbeitende ohne Vorkenntnisse oder berufliche Qualifikation in diesen Bereichen. Alle haben die f\u00fcr die Schulbegleitung erforderlichen Fachkenntnisse in der [&hellip;]<\/p>\n","protected":false},"author":1,"featured_media":99,"parent":0,"menu_order":10,"comment_status":"closed","ping_status":"closed","template":"page-templates\/page-fullscreen.php","meta":{"_acf_changed":false,"footnotes":""},"class_list":["post-9","page","type-page","status-publish","has-post-thumbnail","hentry"],"acf":[],"yoast_head":"<!-- This site is optimized with the Yoast SEO plugin v27.3 - https:\/\/yoast.com\/product\/yoast-seo-wordpress\/ -->\n<title>Schulbegleitung in Uelzen und Gifhorn durch qualifizierte Expert:innen<\/title>\n<meta name=\"description\" content=\"Die Schulbegleitung f\u00fcr Kinder und Jugendliche mit Behinderung wird von extra qualifizierten Expert:innen durchgef\u00fchrt. M\u00f6chten Sie unser Team verst\u00e4rken?\" \/>\n<meta name=\"robots\" content=\"index, follow, max-snippet:-1, max-image-preview:large, max-video-preview:-1\" \/>\n<link rel=\"canonical\" href=\"https:\/\/lebenleben.de\/schulbegleitung\/unsere-experten\/\" \/>\n<meta property=\"og:locale\" content=\"de_DE\" \/>\n<meta property=\"og:type\" content=\"article\" \/>\n<meta property=\"og:title\" content=\"Schulbegleitung in Uelzen und Gifhorn durch qualifizierte Expert:innen\" \/>\n<meta property=\"og:description\" content=\"Die Schulbegleitung f\u00fcr Kinder und Jugendliche mit Behinderung wird von extra qualifizierten Expert:innen durchgef\u00fchrt. M\u00f6chten Sie unser Team verst\u00e4rken?\" \/>\n<meta property=\"og:url\" content=\"https:\/\/lebenleben.de\/schulbegleitung\/unsere-experten\/\" \/>\n<meta property=\"og:site_name\" content=\"Leben leben Schulbegleitung\" \/>\n<meta property=\"article:modified_time\" content=\"2024-05-29T07:00:30+00:00\" \/>\n<meta property=\"og:image\" content=\"https:\/\/lebenleben.de\/schulbegleitung\/wp-content\/uploads\/sites\/12\/2021\/04\/ll_header_slider_image_1400x560_0002_Unsere-Experten.jpg\" \/>\n\t<meta property=\"og:image:width\" content=\"1400\" \/>\n\t<meta property=\"og:image:height\" content=\"560\" \/>\n\t<meta property=\"og:image:type\" content=\"image\/jpeg\" \/>\n<meta name=\"twitter:card\" content=\"summary_large_image\" \/>\n<meta name=\"twitter:label1\" content=\"Gesch\u00e4tzte Lesezeit\" \/>\n\t<meta name=\"twitter:data1\" content=\"2\u00a0Minuten\" \/>\n<script type=\"application\/ld+json\" class=\"yoast-schema-graph\">{\"@context\":\"https:\\\/\\\/schema.org\",\"@graph\":[{\"@type\":\"WebPage\",\"@id\":\"https:\\\/\\\/lebenleben.de\\\/schulbegleitung\\\/unsere-experten\\\/\",\"url\":\"https:\\\/\\\/lebenleben.de\\\/schulbegleitung\\\/unsere-experten\\\/\",\"name\":\"Schulbegleitung in Uelzen und Gifhorn durch qualifizierte Expert:innen\",\"isPartOf\":{\"@id\":\"https:\\\/\\\/lebenleben.de\\\/schulbegleitung\\\/#website\"},\"primaryImageOfPage\":{\"@id\":\"https:\\\/\\\/lebenleben.de\\\/schulbegleitung\\\/unsere-experten\\\/#primaryimage\"},\"image\":{\"@id\":\"https:\\\/\\\/lebenleben.de\\\/schulbegleitung\\\/unsere-experten\\\/#primaryimage\"},\"thumbnailUrl\":\"https:\\\/\\\/lebenleben.de\\\/schulbegleitung\\\/wp-content\\\/uploads\\\/sites\\\/12\\\/2021\\\/04\\\/ll_header_slider_image_1400x560_0002_Unsere-Experten.jpg\",\"datePublished\":\"2021-01-22T15:15:11+00:00\",\"dateModified\":\"2024-05-29T07:00:30+00:00\",\"description\":\"Die Schulbegleitung f\u00fcr Kinder und Jugendliche mit Behinderung wird von extra qualifizierten Expert:innen durchgef\u00fchrt. M\u00f6chten Sie unser Team verst\u00e4rken?\",\"breadcrumb\":{\"@id\":\"https:\\\/\\\/lebenleben.de\\\/schulbegleitung\\\/unsere-experten\\\/#breadcrumb\"},\"inLanguage\":\"de\",\"potentialAction\":[{\"@type\":\"ReadAction\",\"target\":[\"https:\\\/\\\/lebenleben.de\\\/schulbegleitung\\\/unsere-experten\\\/\"]}]},{\"@type\":\"ImageObject\",\"inLanguage\":\"de\",\"@id\":\"https:\\\/\\\/lebenleben.de\\\/schulbegleitung\\\/unsere-experten\\\/#primaryimage\",\"url\":\"https:\\\/\\\/lebenleben.de\\\/schulbegleitung\\\/wp-content\\\/uploads\\\/sites\\\/12\\\/2021\\\/04\\\/ll_header_slider_image_1400x560_0002_Unsere-Experten.jpg\",\"contentUrl\":\"https:\\\/\\\/lebenleben.de\\\/schulbegleitung\\\/wp-content\\\/uploads\\\/sites\\\/12\\\/2021\\\/04\\\/ll_header_slider_image_1400x560_0002_Unsere-Experten.jpg\",\"width\":1400,\"height\":560},{\"@type\":\"BreadcrumbList\",\"@id\":\"https:\\\/\\\/lebenleben.de\\\/schulbegleitung\\\/unsere-experten\\\/#breadcrumb\",\"itemListElement\":[{\"@type\":\"ListItem\",\"position\":1,\"name\":\"Startseite\",\"item\":\"https:\\\/\\\/lebenleben.de\\\/schulbegleitung\\\/\"},{\"@type\":\"ListItem\",\"position\":2,\"name\":\"Unsere Experten\"}]},{\"@type\":\"WebSite\",\"@id\":\"https:\\\/\\\/lebenleben.de\\\/schulbegleitung\\\/#website\",\"url\":\"https:\\\/\\\/lebenleben.de\\\/schulbegleitung\\\/\",\"name\":\"Leben leben Schulbegleitung\",\"description\":\"Eine weitere Leben Leben Netzwerk Website\",\"publisher\":{\"@id\":\"https:\\\/\\\/lebenleben.de\\\/schulbegleitung\\\/#organization\"},\"potentialAction\":[{\"@type\":\"SearchAction\",\"target\":{\"@type\":\"EntryPoint\",\"urlTemplate\":\"https:\\\/\\\/lebenleben.de\\\/schulbegleitung\\\/?s={search_term_string}\"},\"query-input\":{\"@type\":\"PropertyValueSpecification\",\"valueRequired\":true,\"valueName\":\"search_term_string\"}}],\"inLanguage\":\"de\"},{\"@type\":\"Organization\",\"@id\":\"https:\\\/\\\/lebenleben.de\\\/schulbegleitung\\\/#organization\",\"name\":\"Leben leben Schulbegleitung\",\"url\":\"https:\\\/\\\/lebenleben.de\\\/schulbegleitung\\\/\",\"logo\":{\"@type\":\"ImageObject\",\"inLanguage\":\"de\",\"@id\":\"https:\\\/\\\/lebenleben.de\\\/schulbegleitung\\\/#\\\/schema\\\/logo\\\/image\\\/\",\"url\":\"https:\\\/\\\/lebenleben.de\\\/schulbegleitung\\\/wp-content\\\/uploads\\\/sites\\\/12\\\/2021\\\/01\\\/ll_favicon-green.png\",\"contentUrl\":\"https:\\\/\\\/lebenleben.de\\\/schulbegleitung\\\/wp-content\\\/uploads\\\/sites\\\/12\\\/2021\\\/01\\\/ll_favicon-green.png\",\"width\":501,\"height\":501,\"caption\":\"Leben leben Schulbegleitung\"},\"image\":{\"@id\":\"https:\\\/\\\/lebenleben.de\\\/schulbegleitung\\\/#\\\/schema\\\/logo\\\/image\\\/\"}}]}<\/script>\n<!-- \/ Yoast SEO plugin. -->","yoast_head_json":{"title":"Schulbegleitung in Uelzen und Gifhorn durch qualifizierte Expert:innen","description":"Die Schulbegleitung f\u00fcr Kinder und Jugendliche mit Behinderung wird von extra qualifizierten Expert:innen durchgef\u00fchrt. M\u00f6chten Sie unser Team verst\u00e4rken?","robots":{"index":"index","follow":"follow","max-snippet":"max-snippet:-1","max-image-preview":"max-image-preview:large","max-video-preview":"max-video-preview:-1"},"canonical":"https:\/\/lebenleben.de\/schulbegleitung\/unsere-experten\/","og_locale":"de_DE","og_type":"article","og_title":"Schulbegleitung in Uelzen und Gifhorn durch qualifizierte Expert:innen","og_description":"Die Schulbegleitung f\u00fcr Kinder und Jugendliche mit Behinderung wird von extra qualifizierten Expert:innen durchgef\u00fchrt. M\u00f6chten Sie unser Team verst\u00e4rken?","og_url":"https:\/\/lebenleben.de\/schulbegleitung\/unsere-experten\/","og_site_name":"Leben leben Schulbegleitung","article_modified_time":"2024-05-29T07:00:30+00:00","og_image":[{"width":1400,"height":560,"url":"https:\/\/lebenleben.de\/schulbegleitung\/wp-content\/uploads\/sites\/12\/2021\/04\/ll_header_slider_image_1400x560_0002_Unsere-Experten.jpg","type":"image\/jpeg"}],"twitter_card":"summary_large_image","twitter_misc":{"Gesch\u00e4tzte Lesezeit":"2\u00a0Minuten"},"schema":{"@context":"https:\/\/schema.org","@graph":[{"@type":"WebPage","@id":"https:\/\/lebenleben.de\/schulbegleitung\/unsere-experten\/","url":"https:\/\/lebenleben.de\/schulbegleitung\/unsere-experten\/","name":"Schulbegleitung in Uelzen und Gifhorn durch qualifizierte Expert:innen","isPartOf":{"@id":"https:\/\/lebenleben.de\/schulbegleitung\/#website"},"primaryImageOfPage":{"@id":"https:\/\/lebenleben.de\/schulbegleitung\/unsere-experten\/#primaryimage"},"image":{"@id":"https:\/\/lebenleben.de\/schulbegleitung\/unsere-experten\/#primaryimage"},"thumbnailUrl":"https:\/\/lebenleben.de\/schulbegleitung\/wp-content\/uploads\/sites\/12\/2021\/04\/ll_header_slider_image_1400x560_0002_Unsere-Experten.jpg","datePublished":"2021-01-22T15:15:11+00:00","dateModified":"2024-05-29T07:00:30+00:00","description":"Die Schulbegleitung f\u00fcr Kinder und Jugendliche mit Behinderung wird von extra qualifizierten Expert:innen durchgef\u00fchrt. M\u00f6chten Sie unser Team verst\u00e4rken?","breadcrumb":{"@id":"https:\/\/lebenleben.de\/schulbegleitung\/unsere-experten\/#breadcrumb"},"inLanguage":"de","potentialAction":[{"@type":"ReadAction","target":["https:\/\/lebenleben.de\/schulbegleitung\/unsere-experten\/"]}]},{"@type":"ImageObject","inLanguage":"de","@id":"https:\/\/lebenleben.de\/schulbegleitung\/unsere-experten\/#primaryimage","url":"https:\/\/lebenleben.de\/schulbegleitung\/wp-content\/uploads\/sites\/12\/2021\/04\/ll_header_slider_image_1400x560_0002_Unsere-Experten.jpg","contentUrl":"https:\/\/lebenleben.de\/schulbegleitung\/wp-content\/uploads\/sites\/12\/2021\/04\/ll_header_slider_image_1400x560_0002_Unsere-Experten.jpg","width":1400,"height":560},{"@type":"BreadcrumbList","@id":"https:\/\/lebenleben.de\/schulbegleitung\/unsere-experten\/#breadcrumb","itemListElement":[{"@type":"ListItem","position":1,"name":"Startseite","item":"https:\/\/lebenleben.de\/schulbegleitung\/"},{"@type":"ListItem","position":2,"name":"Unsere Experten"}]},{"@type":"WebSite","@id":"https:\/\/lebenleben.de\/schulbegleitung\/#website","url":"https:\/\/lebenleben.de\/schulbegleitung\/","name":"Leben leben Schulbegleitung","description":"Eine weitere Leben Leben Netzwerk Website","publisher":{"@id":"https:\/\/lebenleben.de\/schulbegleitung\/#organization"},"potentialAction":[{"@type":"SearchAction","target":{"@type":"EntryPoint","urlTemplate":"https:\/\/lebenleben.de\/schulbegleitung\/?s={search_term_string}"},"query-input":{"@type":"PropertyValueSpecification","valueRequired":true,"valueName":"search_term_string"}}],"inLanguage":"de"},{"@type":"Organization","@id":"https:\/\/lebenleben.de\/schulbegleitung\/#organization","name":"Leben leben Schulbegleitung","url":"https:\/\/lebenleben.de\/schulbegleitung\/","logo":{"@type":"ImageObject","inLanguage":"de","@id":"https:\/\/lebenleben.de\/schulbegleitung\/#\/schema\/logo\/image\/","url":"https:\/\/lebenleben.de\/schulbegleitung\/wp-content\/uploads\/sites\/12\/2021\/01\/ll_favicon-green.png","contentUrl":"https:\/\/lebenleben.de\/schulbegleitung\/wp-content\/uploads\/sites\/12\/2021\/01\/ll_favicon-green.png","width":501,"height":501,"caption":"Leben leben Schulbegleitung"},"image":{"@id":"https:\/\/lebenleben.de\/schulbegleitung\/#\/schema\/logo\/image\/"}}]}},"_links":{"self":[{"href":"https:\/\/lebenleben.de\/schulbegleitung\/wp-json\/wp\/v2\/pages\/9","targetHints":{"allow":["GET"]}}],"collection":[{"href":"https:\/\/lebenleben.de\/schulbegleitung\/wp-json\/wp\/v2\/pages"}],"about":[{"href":"https:\/\/lebenleben.de\/schulbegleitung\/wp-json\/wp\/v2\/types\/page"}],"author":[{"embeddable":true,"href":"https:\/\/lebenleben.de\/schulbegleitung\/wp-json\/wp\/v2\/users\/1"}],"replies":[{"embeddable":true,"href":"https:\/\/lebenleben.de\/schulbegleitung\/wp-json\/wp\/v2\/comments?post=9"}],"version-history":[{"count":8,"href":"https:\/\/lebenleben.de\/schulbegleitung\/wp-json\/wp\/v2\/pages\/9\/revisions"}],"predecessor-version":[{"id":244,"href":"https:\/\/lebenleben.de\/schulbegleitung\/wp-json\/wp\/v2\/pages\/9\/revisions\/244"}],"wp:featuredmedia":[{"embeddable":true,"href":"https:\/\/lebenleben.de\/schulbegleitung\/wp-json\/wp\/v2\/media\/99"}],"wp:attachment":[{"href":"https:\/\/lebenleben.de\/schulbegleitung\/wp-json\/wp\/v2\/media?parent=9"}],"curies":[{"name":"wp","href":"https:\/\/api.w.org\/{rel}","templated":true}]}}