{"id":13,"date":"2022-05-04T11:40:45","date_gmt":"2022-05-04T09:40:45","guid":{"rendered":"https:\/\/lebenleben.de\/spektral\/?page_id=13"},"modified":"2024-05-30T12:15:56","modified_gmt":"2024-05-30T10:15:56","slug":"unsere-angebote","status":"publish","type":"page","link":"https:\/\/lebenleben.de\/spektral\/uelzen\/unsere-angebote\/","title":{"rendered":"Unsere Angebote"},"content":{"rendered":"\n<div id=\"llimageslider-block_b56756e0f1654f7ff9615459ae5136d1\" class=\"block-llimageslider llimageslider alignwide\">\n\n    \n\t\t<div class=\"llimageslider-slider\" data-slick='{\"autoplaySpeed\": 5000}'>\n\t\t\t\t\t\t\t<div class=\"single-slide-wrapper slide-1\">\n\t\t\t\t\t<img loading=\"lazy\" decoding=\"async\" width=\"1400\" height=\"440\" src=\"https:\/\/lebenleben.de\/spektral\/wp-content\/uploads\/sites\/17\/2024\/05\/DSC_2444-1400x440-2.jpg\" class=\"single-slide-image slider-desktop-image\" alt=\"\" srcset=\"https:\/\/lebenleben.de\/spektral\/wp-content\/uploads\/sites\/17\/2024\/05\/DSC_2444-1400x440-2.jpg 1400w, https:\/\/lebenleben.de\/spektral\/wp-content\/uploads\/sites\/17\/2024\/05\/DSC_2444-1400x440-2-300x94.jpg 300w, https:\/\/lebenleben.de\/spektral\/wp-content\/uploads\/sites\/17\/2024\/05\/DSC_2444-1400x440-2-1024x322.jpg 1024w, https:\/\/lebenleben.de\/spektral\/wp-content\/uploads\/sites\/17\/2024\/05\/DSC_2444-1400x440-2-768x241.jpg 768w\" sizes=\"auto, (max-width: 1400px) 100vw, 1400px\" \/>          <img loading=\"lazy\" decoding=\"async\" width=\"1000\" height=\"314\" src=\"https:\/\/lebenleben.de\/spektral\/wp-content\/uploads\/sites\/17\/2024\/05\/DSC_2444-1400x440-2-1024x322.jpg\" class=\"single-slide-image slider-mobile-image\" alt=\"\" srcset=\"https:\/\/lebenleben.de\/spektral\/wp-content\/uploads\/sites\/17\/2024\/05\/DSC_2444-1400x440-2-1024x322.jpg 1024w, https:\/\/lebenleben.de\/spektral\/wp-content\/uploads\/sites\/17\/2024\/05\/DSC_2444-1400x440-2-300x94.jpg 300w, https:\/\/lebenleben.de\/spektral\/wp-content\/uploads\/sites\/17\/2024\/05\/DSC_2444-1400x440-2-768x241.jpg 768w, https:\/\/lebenleben.de\/spektral\/wp-content\/uploads\/sites\/17\/2024\/05\/DSC_2444-1400x440-2.jpg 1400w\" sizes=\"auto, (max-width: 1000px) 100vw, 1000px\" \/>\n                    <div class=\"single-slide-text\">\n          <h2>Unsere Angebote<\/h2>                  <\/div>\n        \n\t\t\t\t<\/div>\n\t\t\t\t\t<\/div>\n\t  <script>\n    jQuery(document).ready(function() {\n        jQuery('.llimageslider-slider').slick({\n          dots: true,\n          infinite: true,\n          speed: 1000,\n          autoplay: true,\n          adaptiveHeight: true,\n          slidesToShow: 1,\n          fade: true,\n          focusOnSelect: true\n        });\n    });\n    <\/script>\n<\/div>\n\n\n\n<p>Die Angebote der Autismusambulanz haben zum Ziel, Menschen mit einer Autismus-Spektrum-St\u00f6rung eine bestm\u00f6gliche Teilhabe an der Gesellschaft zu erm\u00f6glichen. Hierzu wird gemeinsam mit den Klient:Innen daran gearbeitet Ressourcen zu nutzen, allt\u00e4gliche Kompetenzen auszubauen und Skills bzw. Strategien zu erlernen, um im individuellen Rahmen selbstbestimmt und selbstwirksam leben zu k\u00f6nnen.<\/p>\n\n\n\n<div style=\"height:25px\" aria-hidden=\"true\" class=\"wp-block-spacer\"><\/div>\n\n\n\n<h3 class=\"wp-block-heading\"><strong>Individuelle p\u00e4dagogisch-therapeutische F\u00f6rderung<\/strong><\/h3>\n\n\n\n<p>Gemeinsam mit den Klient:Innen und ggf. deren Umfeld wird die F\u00f6rderung individuell an die Bedarfe angepasst. So wird durch die Nutzung unterschiedlicher Methoden eine gezielte F\u00f6rderung und Begleitung des Alltags erm\u00f6glicht.<\/p>\n\n\n\n<div style=\"height:25px\" aria-hidden=\"true\" class=\"wp-block-spacer\"><\/div>\n\n\n\n<h3 class=\"wp-block-heading\"><strong>(Umfeld-)Beratung Betroffene + Familien<\/strong><\/h3>\n\n\n\n<p>Im Gespr\u00e4ch k\u00f6nnen hier sowohl die Klient:innen, aber auch Eltern und anderen Beteiligte&nbsp; unterst\u00fctzt werden. Dies dient sowohl zur Vermittlung von Informationen, aber auch beispielsweise der Analyse von herausfordernden Situationen oder Ver\u00e4nderung von Strukturen.<\/p>\n\n\n\n<p>Auch ohne Diagnose besteht im Rahmen einer Ersteinsch\u00e4tzung bei Verdacht auf eine Autismus-Spektrums-St\u00f6rung die M\u00f6glichkeit gemeinsam mit den Fachkr\u00e4ften, die oftmals herausfordernde Situation, zu besprechen, erste Anregungen zu geben und Unsicherheiten abzubauen.<\/p>\n\n\n\n<div style=\"height:25px\" aria-hidden=\"true\" class=\"wp-block-spacer\"><\/div>\n\n\n\n<h3 class=\"wp-block-heading\"><strong>Sozialkompetenzgruppe<\/strong><\/h3>\n\n\n\n<p>In Kleingruppen wird der Fokus auf die Bereiche soziale Interaktion und Kommunikation gelegt. Hier sollen vorhandene Ressourcen des Sozialverhaltens genutzt werden, um im Gruppenkontext Handlungsm\u00f6glichkeiten f\u00fcr allt\u00e4gliche Situationen zu erarbeiten und zu erproben.<\/p>\n\n\n\n<div style=\"height:25px\" aria-hidden=\"true\" class=\"wp-block-spacer\"><\/div>\n\n\n\n<h3 class=\"wp-block-heading\"><strong>Tiergest\u00fctzte Interaktion \/ P\u00e4dagogik<\/strong><\/h3>\n\n\n\n<p>Die TGI bietet eine tiergest\u00fctzte, individuell auf den Klienten angepasste F\u00f6rderung. Die Tiere (in erster Linie zwei Therapie- und P\u00e4dagogikbegleithunde) fungieren hier als Medium zwischen dem Klienten und der Therapeutin. Sie sind oft ein T\u00fcr\u00f6ffner im Beziehungsaufbau und haben eine beruhigende Wirkung.<\/p>\n\n\n\n<div style=\"height:25px\" aria-hidden=\"true\" class=\"wp-block-spacer\"><\/div>\n\n\n\n<h3 class=\"wp-block-heading\"><strong>Vernetzung und Kooperation mit Institutionen<\/strong><\/h3>\n\n\n\n<p>F\u00fcr Einrichtungen, wie Kindertagesst\u00e4tten oder Schulen, besteht in diesem Rahmen die M\u00f6glichkeit Kontakt zu den Fachkr\u00e4ften aufzunehmen. Auch an diesen Orten gibt es f\u00fcr Betroffene herausfordernde Situationen im Alltag, welche mit einem Autismus spezifischen Blick beleuchtet werden k\u00f6nnen und so M\u00f6glichkeiten bieten, Strukturen oder Abl\u00e4ufe Autismus freundlicher zu gestalten.<\/p>\n\n\n\n<p>Auch besteht die M\u00f6glichkeit der Vernetzung mit anderen Hilfeleistungen f\u00fcr eine bestm\u00f6gliche Unterst\u00fctzung (wie z. B. Schulbegleitung, familienentlastende Dienste, Familienhilfe)<\/p>\n\n\n\n<div style=\"height:50px\" aria-hidden=\"true\" class=\"wp-block-spacer\"><\/div>\n","protected":false},"excerpt":{"rendered":"<p>Die Angebote der Autismusambulanz helfen Menschen mit einer Autismus-Spektrum-St\u00f6rung die eigenen Ressourcen bestm\u00f6glich f\u00fcr eine Teilhabe an der Gesellschaft einzusetzen.<\/p>\n","protected":false},"author":1,"featured_media":195,"parent":9,"menu_order":11,"comment_status":"closed","ping_status":"closed","template":"page-templates\/page-fullscreen.php","meta":{"_acf_changed":false,"footnotes":""},"class_list":["post-13","page","type-page","status-publish","has-post-thumbnail","hentry"],"acf":[],"yoast_head":"<!-- This site is optimized with the Yoast SEO plugin v27.3 - https:\/\/yoast.com\/product\/yoast-seo-wordpress\/ -->\n<title>Unsere Angebote - Spektral<\/title>\n<meta name=\"robots\" content=\"index, follow, max-snippet:-1, max-image-preview:large, max-video-preview:-1\" \/>\n<link rel=\"canonical\" href=\"https:\/\/lebenleben.de\/spektral\/uelzen\/unsere-angebote\/\" \/>\n<meta property=\"og:locale\" content=\"de_DE\" \/>\n<meta property=\"og:type\" content=\"article\" \/>\n<meta property=\"og:title\" content=\"Unsere Angebote - Spektral\" \/>\n<meta property=\"og:description\" content=\"Die Angebote der Autismusambulanz helfen Menschen mit einer Autismus-Spektrum-St\u00f6rung die eigenen Ressourcen bestm\u00f6glich f\u00fcr eine Teilhabe an der Gesellschaft einzusetzen.\" \/>\n<meta property=\"og:url\" content=\"https:\/\/lebenleben.de\/spektral\/uelzen\/unsere-angebote\/\" \/>\n<meta property=\"og:site_name\" content=\"Spektral\" \/>\n<meta property=\"article:modified_time\" content=\"2024-05-30T10:15:56+00:00\" \/>\n<meta property=\"og:image\" content=\"https:\/\/lebenleben.de\/spektral\/wp-content\/uploads\/sites\/17\/2022\/05\/DSC_2444.jpg\" \/>\n\t<meta property=\"og:image:width\" content=\"2048\" \/>\n\t<meta property=\"og:image:height\" content=\"1363\" \/>\n\t<meta property=\"og:image:type\" content=\"image\/jpeg\" \/>\n<meta name=\"twitter:card\" content=\"summary_large_image\" \/>\n<meta name=\"twitter:label1\" content=\"Gesch\u00e4tzte Lesezeit\" \/>\n\t<meta name=\"twitter:data1\" content=\"3\u00a0Minuten\" \/>\n<script type=\"application\/ld+json\" class=\"yoast-schema-graph\">{\"@context\":\"https:\\\/\\\/schema.org\",\"@graph\":[{\"@type\":\"WebPage\",\"@id\":\"https:\\\/\\\/lebenleben.de\\\/spektral\\\/uelzen\\\/unsere-angebote\\\/\",\"url\":\"https:\\\/\\\/lebenleben.de\\\/spektral\\\/uelzen\\\/unsere-angebote\\\/\",\"name\":\"Unsere Angebote - Spektral\",\"isPartOf\":{\"@id\":\"https:\\\/\\\/lebenleben.de\\\/spektral\\\/#website\"},\"primaryImageOfPage\":{\"@id\":\"https:\\\/\\\/lebenleben.de\\\/spektral\\\/uelzen\\\/unsere-angebote\\\/#primaryimage\"},\"image\":{\"@id\":\"https:\\\/\\\/lebenleben.de\\\/spektral\\\/uelzen\\\/unsere-angebote\\\/#primaryimage\"},\"thumbnailUrl\":\"https:\\\/\\\/lebenleben.de\\\/spektral\\\/wp-content\\\/uploads\\\/sites\\\/17\\\/2022\\\/05\\\/DSC_2444.jpg\",\"datePublished\":\"2022-05-04T09:40:45+00:00\",\"dateModified\":\"2024-05-30T10:15:56+00:00\",\"breadcrumb\":{\"@id\":\"https:\\\/\\\/lebenleben.de\\\/spektral\\\/uelzen\\\/unsere-angebote\\\/#breadcrumb\"},\"inLanguage\":\"de\",\"potentialAction\":[{\"@type\":\"ReadAction\",\"target\":[\"https:\\\/\\\/lebenleben.de\\\/spektral\\\/uelzen\\\/unsere-angebote\\\/\"]}]},{\"@type\":\"ImageObject\",\"inLanguage\":\"de\",\"@id\":\"https:\\\/\\\/lebenleben.de\\\/spektral\\\/uelzen\\\/unsere-angebote\\\/#primaryimage\",\"url\":\"https:\\\/\\\/lebenleben.de\\\/spektral\\\/wp-content\\\/uploads\\\/sites\\\/17\\\/2022\\\/05\\\/DSC_2444.jpg\",\"contentUrl\":\"https:\\\/\\\/lebenleben.de\\\/spektral\\\/wp-content\\\/uploads\\\/sites\\\/17\\\/2022\\\/05\\\/DSC_2444.jpg\",\"width\":2048,\"height\":1363},{\"@type\":\"BreadcrumbList\",\"@id\":\"https:\\\/\\\/lebenleben.de\\\/spektral\\\/uelzen\\\/unsere-angebote\\\/#breadcrumb\",\"itemListElement\":[{\"@type\":\"ListItem\",\"position\":1,\"name\":\"Startseite\",\"item\":\"https:\\\/\\\/lebenleben.de\\\/spektral\\\/\"},{\"@type\":\"ListItem\",\"position\":2,\"name\":\"Uelzen\",\"item\":\"https:\\\/\\\/lebenleben.de\\\/spektral\\\/uelzen\\\/\"},{\"@type\":\"ListItem\",\"position\":3,\"name\":\"Unsere Angebote\"}]},{\"@type\":\"WebSite\",\"@id\":\"https:\\\/\\\/lebenleben.de\\\/spektral\\\/#website\",\"url\":\"https:\\\/\\\/lebenleben.de\\\/spektral\\\/\",\"name\":\"Spektral\",\"description\":\"Autismusambulanz in Uelzen und Gifhorn von Leben leben\",\"publisher\":{\"@id\":\"https:\\\/\\\/lebenleben.de\\\/spektral\\\/#organization\"},\"potentialAction\":[{\"@type\":\"SearchAction\",\"target\":{\"@type\":\"EntryPoint\",\"urlTemplate\":\"https:\\\/\\\/lebenleben.de\\\/spektral\\\/?s={search_term_string}\"},\"query-input\":{\"@type\":\"PropertyValueSpecification\",\"valueRequired\":true,\"valueName\":\"search_term_string\"}}],\"inLanguage\":\"de\"},{\"@type\":\"Organization\",\"@id\":\"https:\\\/\\\/lebenleben.de\\\/spektral\\\/#organization\",\"name\":\"Leben leben Spektral\",\"url\":\"https:\\\/\\\/lebenleben.de\\\/spektral\\\/\",\"logo\":{\"@type\":\"ImageObject\",\"inLanguage\":\"de\",\"@id\":\"https:\\\/\\\/lebenleben.de\\\/spektral\\\/#\\\/schema\\\/logo\\\/image\\\/\",\"url\":\"https:\\\/\\\/lebenleben.de\\\/spektral\\\/wp-content\\\/uploads\\\/sites\\\/17\\\/2022\\\/05\\\/ll_favicon-green.png\",\"contentUrl\":\"https:\\\/\\\/lebenleben.de\\\/spektral\\\/wp-content\\\/uploads\\\/sites\\\/17\\\/2022\\\/05\\\/ll_favicon-green.png\",\"width\":501,\"height\":501,\"caption\":\"Leben leben Spektral\"},\"image\":{\"@id\":\"https:\\\/\\\/lebenleben.de\\\/spektral\\\/#\\\/schema\\\/logo\\\/image\\\/\"}}]}<\/script>\n<!-- \/ Yoast SEO plugin. -->","yoast_head_json":{"title":"Unsere Angebote - Spektral","robots":{"index":"index","follow":"follow","max-snippet":"max-snippet:-1","max-image-preview":"max-image-preview:large","max-video-preview":"max-video-preview:-1"},"canonical":"https:\/\/lebenleben.de\/spektral\/uelzen\/unsere-angebote\/","og_locale":"de_DE","og_type":"article","og_title":"Unsere Angebote - Spektral","og_description":"Die Angebote der Autismusambulanz helfen Menschen mit einer Autismus-Spektrum-St\u00f6rung die eigenen Ressourcen bestm\u00f6glich f\u00fcr eine Teilhabe an der Gesellschaft einzusetzen.","og_url":"https:\/\/lebenleben.de\/spektral\/uelzen\/unsere-angebote\/","og_site_name":"Spektral","article_modified_time":"2024-05-30T10:15:56+00:00","og_image":[{"width":2048,"height":1363,"url":"https:\/\/lebenleben.de\/spektral\/wp-content\/uploads\/sites\/17\/2022\/05\/DSC_2444.jpg","type":"image\/jpeg"}],"twitter_card":"summary_large_image","twitter_misc":{"Gesch\u00e4tzte Lesezeit":"3\u00a0Minuten"},"schema":{"@context":"https:\/\/schema.org","@graph":[{"@type":"WebPage","@id":"https:\/\/lebenleben.de\/spektral\/uelzen\/unsere-angebote\/","url":"https:\/\/lebenleben.de\/spektral\/uelzen\/unsere-angebote\/","name":"Unsere Angebote - Spektral","isPartOf":{"@id":"https:\/\/lebenleben.de\/spektral\/#website"},"primaryImageOfPage":{"@id":"https:\/\/lebenleben.de\/spektral\/uelzen\/unsere-angebote\/#primaryimage"},"image":{"@id":"https:\/\/lebenleben.de\/spektral\/uelzen\/unsere-angebote\/#primaryimage"},"thumbnailUrl":"https:\/\/lebenleben.de\/spektral\/wp-content\/uploads\/sites\/17\/2022\/05\/DSC_2444.jpg","datePublished":"2022-05-04T09:40:45+00:00","dateModified":"2024-05-30T10:15:56+00:00","breadcrumb":{"@id":"https:\/\/lebenleben.de\/spektral\/uelzen\/unsere-angebote\/#breadcrumb"},"inLanguage":"de","potentialAction":[{"@type":"ReadAction","target":["https:\/\/lebenleben.de\/spektral\/uelzen\/unsere-angebote\/"]}]},{"@type":"ImageObject","inLanguage":"de","@id":"https:\/\/lebenleben.de\/spektral\/uelzen\/unsere-angebote\/#primaryimage","url":"https:\/\/lebenleben.de\/spektral\/wp-content\/uploads\/sites\/17\/2022\/05\/DSC_2444.jpg","contentUrl":"https:\/\/lebenleben.de\/spektral\/wp-content\/uploads\/sites\/17\/2022\/05\/DSC_2444.jpg","width":2048,"height":1363},{"@type":"BreadcrumbList","@id":"https:\/\/lebenleben.de\/spektral\/uelzen\/unsere-angebote\/#breadcrumb","itemListElement":[{"@type":"ListItem","position":1,"name":"Startseite","item":"https:\/\/lebenleben.de\/spektral\/"},{"@type":"ListItem","position":2,"name":"Uelzen","item":"https:\/\/lebenleben.de\/spektral\/uelzen\/"},{"@type":"ListItem","position":3,"name":"Unsere Angebote"}]},{"@type":"WebSite","@id":"https:\/\/lebenleben.de\/spektral\/#website","url":"https:\/\/lebenleben.de\/spektral\/","name":"Spektral","description":"Autismusambulanz in Uelzen und Gifhorn von Leben leben","publisher":{"@id":"https:\/\/lebenleben.de\/spektral\/#organization"},"potentialAction":[{"@type":"SearchAction","target":{"@type":"EntryPoint","urlTemplate":"https:\/\/lebenleben.de\/spektral\/?s={search_term_string}"},"query-input":{"@type":"PropertyValueSpecification","valueRequired":true,"valueName":"search_term_string"}}],"inLanguage":"de"},{"@type":"Organization","@id":"https:\/\/lebenleben.de\/spektral\/#organization","name":"Leben leben Spektral","url":"https:\/\/lebenleben.de\/spektral\/","logo":{"@type":"ImageObject","inLanguage":"de","@id":"https:\/\/lebenleben.de\/spektral\/#\/schema\/logo\/image\/","url":"https:\/\/lebenleben.de\/spektral\/wp-content\/uploads\/sites\/17\/2022\/05\/ll_favicon-green.png","contentUrl":"https:\/\/lebenleben.de\/spektral\/wp-content\/uploads\/sites\/17\/2022\/05\/ll_favicon-green.png","width":501,"height":501,"caption":"Leben leben Spektral"},"image":{"@id":"https:\/\/lebenleben.de\/spektral\/#\/schema\/logo\/image\/"}}]}},"_links":{"self":[{"href":"https:\/\/lebenleben.de\/spektral\/wp-json\/wp\/v2\/pages\/13","targetHints":{"allow":["GET"]}}],"collection":[{"href":"https:\/\/lebenleben.de\/spektral\/wp-json\/wp\/v2\/pages"}],"about":[{"href":"https:\/\/lebenleben.de\/spektral\/wp-json\/wp\/v2\/types\/page"}],"author":[{"embeddable":true,"href":"https:\/\/lebenleben.de\/spektral\/wp-json\/wp\/v2\/users\/1"}],"replies":[{"embeddable":true,"href":"https:\/\/lebenleben.de\/spektral\/wp-json\/wp\/v2\/comments?post=13"}],"version-history":[{"count":7,"href":"https:\/\/lebenleben.de\/spektral\/wp-json\/wp\/v2\/pages\/13\/revisions"}],"predecessor-version":[{"id":800,"href":"https:\/\/lebenleben.de\/spektral\/wp-json\/wp\/v2\/pages\/13\/revisions\/800"}],"up":[{"embeddable":true,"href":"https:\/\/lebenleben.de\/spektral\/wp-json\/wp\/v2\/pages\/9"}],"wp:featuredmedia":[{"embeddable":true,"href":"https:\/\/lebenleben.de\/spektral\/wp-json\/wp\/v2\/media\/195"}],"wp:attachment":[{"href":"https:\/\/lebenleben.de\/spektral\/wp-json\/wp\/v2\/media?parent=13"}],"curies":[{"name":"wp","href":"https:\/\/api.w.org\/{rel}","templated":true}]}}