{"id":17,"date":"2022-05-04T11:41:30","date_gmt":"2022-05-04T09:41:30","guid":{"rendered":"https:\/\/lebenleben.de\/spektral\/?page_id=17"},"modified":"2025-10-14T11:12:34","modified_gmt":"2025-10-14T09:12:34","slug":"unser-team","status":"publish","type":"page","link":"https:\/\/lebenleben.de\/spektral\/uelzen\/unser-team\/","title":{"rendered":"Unser Team in Uelzen"},"content":{"rendered":"\n<div id=\"llimageslider-block_cf853f9f08fc603f2c5bc2eb86369b71\" class=\"block-llimageslider llimageslider alignwide\">\n\n    \n\t\t<div class=\"llimageslider-slider\" data-slick='{\"autoplaySpeed\": 5000}'>\n\t\t\t\t\t\t\t<div class=\"single-slide-wrapper slide-1\">\n\t\t\t\t\t<img loading=\"lazy\" decoding=\"async\" width=\"1400\" height=\"440\" src=\"https:\/\/lebenleben.de\/spektral\/wp-content\/uploads\/sites\/17\/2024\/05\/DSC_6172_resized-1400x440-1.jpg\" class=\"single-slide-image slider-desktop-image\" alt=\"\" srcset=\"https:\/\/lebenleben.de\/spektral\/wp-content\/uploads\/sites\/17\/2024\/05\/DSC_6172_resized-1400x440-1.jpg 1400w, https:\/\/lebenleben.de\/spektral\/wp-content\/uploads\/sites\/17\/2024\/05\/DSC_6172_resized-1400x440-1-300x94.jpg 300w, https:\/\/lebenleben.de\/spektral\/wp-content\/uploads\/sites\/17\/2024\/05\/DSC_6172_resized-1400x440-1-1024x322.jpg 1024w, https:\/\/lebenleben.de\/spektral\/wp-content\/uploads\/sites\/17\/2024\/05\/DSC_6172_resized-1400x440-1-768x241.jpg 768w\" sizes=\"auto, (max-width: 1400px) 100vw, 1400px\" \/>          <img loading=\"lazy\" decoding=\"async\" width=\"1000\" height=\"314\" src=\"https:\/\/lebenleben.de\/spektral\/wp-content\/uploads\/sites\/17\/2024\/05\/DSC_6172_resized-1400x440-1-1024x322.jpg\" class=\"single-slide-image slider-mobile-image\" alt=\"\" srcset=\"https:\/\/lebenleben.de\/spektral\/wp-content\/uploads\/sites\/17\/2024\/05\/DSC_6172_resized-1400x440-1-1024x322.jpg 1024w, https:\/\/lebenleben.de\/spektral\/wp-content\/uploads\/sites\/17\/2024\/05\/DSC_6172_resized-1400x440-1-300x94.jpg 300w, https:\/\/lebenleben.de\/spektral\/wp-content\/uploads\/sites\/17\/2024\/05\/DSC_6172_resized-1400x440-1-768x241.jpg 768w, https:\/\/lebenleben.de\/spektral\/wp-content\/uploads\/sites\/17\/2024\/05\/DSC_6172_resized-1400x440-1.jpg 1400w\" sizes=\"auto, (max-width: 1000px) 100vw, 1000px\" \/>\n                    <div class=\"single-slide-text\">\n          <h2>Unser Team in Uelzen<\/h2>                  <\/div>\n        \n\t\t\t\t<\/div>\n\t\t\t\t\t<\/div>\n\t  <script>\n    jQuery(document).ready(function() {\n        jQuery('.llimageslider-slider').slick({\n          dots: true,\n          infinite: true,\n          speed: 1000,\n          autoplay: true,\n          adaptiveHeight: true,\n          slidesToShow: 1,\n          fade: true,\n          focusOnSelect: true\n        });\n    });\n    <\/script>\n<\/div>\n\n\n\n<div id=\"listteaser-block_a5ece914fb9496639eface6cd1e1df94\" class=\"block-listteaser-wrapper columns-5 uid-1 testimonial block-listteaser--style-default\">\n                        <div class=\"listteaser-single single-teaser block-subpage-wrapper__single\">\n                <img loading=\"lazy\" decoding=\"async\" width=\"717\" height=\"1024\" src=\"https:\/\/lebenleben.de\/spektral\/wp-content\/uploads\/sites\/17\/2025\/03\/Christiane-Tillmann-717x1024.jpg\" class=\"keep-size\" alt=\"\" srcset=\"https:\/\/lebenleben.de\/spektral\/wp-content\/uploads\/sites\/17\/2025\/03\/Christiane-Tillmann-717x1024.jpg 717w, https:\/\/lebenleben.de\/spektral\/wp-content\/uploads\/sites\/17\/2025\/03\/Christiane-Tillmann-210x300.jpg 210w, https:\/\/lebenleben.de\/spektral\/wp-content\/uploads\/sites\/17\/2025\/03\/Christiane-Tillmann-768x1097.jpg 768w, https:\/\/lebenleben.de\/spektral\/wp-content\/uploads\/sites\/17\/2025\/03\/Christiane-Tillmann.jpg 840w\" sizes=\"auto, (max-width: 717px) 100vw, 717px\" \/>                <div class=\"textwrapper\">\n                    <h3 class='block-listteaser__headline text-align-center'>Christiane Tillmann<\/h3>                    \n                    <p><\/p>\n                                    <\/div>\n            <\/div>\n                    <div class=\"listteaser-single single-teaser block-subpage-wrapper__single\">\n                <img loading=\"lazy\" decoding=\"async\" width=\"717\" height=\"1024\" src=\"https:\/\/lebenleben.de\/spektral\/wp-content\/uploads\/sites\/17\/2025\/03\/Jonas-Dierssen-717x1024.jpg\" class=\"keep-size\" alt=\"\" srcset=\"https:\/\/lebenleben.de\/spektral\/wp-content\/uploads\/sites\/17\/2025\/03\/Jonas-Dierssen-717x1024.jpg 717w, https:\/\/lebenleben.de\/spektral\/wp-content\/uploads\/sites\/17\/2025\/03\/Jonas-Dierssen-210x300.jpg 210w, https:\/\/lebenleben.de\/spektral\/wp-content\/uploads\/sites\/17\/2025\/03\/Jonas-Dierssen-768x1097.jpg 768w, https:\/\/lebenleben.de\/spektral\/wp-content\/uploads\/sites\/17\/2025\/03\/Jonas-Dierssen.jpg 840w\" sizes=\"auto, (max-width: 717px) 100vw, 717px\" \/>                <div class=\"textwrapper\">\n                    <h3 class='block-listteaser__headline text-align-center'>Jonas Dierssen<\/h3>                    \n                    <p><\/p>\n                                    <\/div>\n            <\/div>\n                    <div class=\"listteaser-single single-teaser block-subpage-wrapper__single\">\n                <img loading=\"lazy\" decoding=\"async\" width=\"717\" height=\"1024\" src=\"https:\/\/lebenleben.de\/spektral\/wp-content\/uploads\/sites\/17\/2025\/03\/Tanja-Soetbeer-717x1024.jpg\" class=\"keep-size\" alt=\"\" srcset=\"https:\/\/lebenleben.de\/spektral\/wp-content\/uploads\/sites\/17\/2025\/03\/Tanja-Soetbeer-717x1024.jpg 717w, https:\/\/lebenleben.de\/spektral\/wp-content\/uploads\/sites\/17\/2025\/03\/Tanja-Soetbeer-210x300.jpg 210w, https:\/\/lebenleben.de\/spektral\/wp-content\/uploads\/sites\/17\/2025\/03\/Tanja-Soetbeer-768x1097.jpg 768w, https:\/\/lebenleben.de\/spektral\/wp-content\/uploads\/sites\/17\/2025\/03\/Tanja-Soetbeer.jpg 840w\" sizes=\"auto, (max-width: 717px) 100vw, 717px\" \/>                <div class=\"textwrapper\">\n                    <h3 class='block-listteaser__headline text-align-center'>Tanja Soetbeer<\/h3>                    \n                    <p><\/p>\n                                    <\/div>\n            <\/div>\n                    <div class=\"listteaser-single single-teaser block-subpage-wrapper__single\">\n                <img loading=\"lazy\" decoding=\"async\" width=\"717\" height=\"1024\" src=\"https:\/\/lebenleben.de\/spektral\/wp-content\/uploads\/sites\/17\/2025\/03\/Nele-Feuerhake-717x1024.jpg\" class=\"keep-size\" alt=\"\" srcset=\"https:\/\/lebenleben.de\/spektral\/wp-content\/uploads\/sites\/17\/2025\/03\/Nele-Feuerhake-717x1024.jpg 717w, https:\/\/lebenleben.de\/spektral\/wp-content\/uploads\/sites\/17\/2025\/03\/Nele-Feuerhake-210x300.jpg 210w, https:\/\/lebenleben.de\/spektral\/wp-content\/uploads\/sites\/17\/2025\/03\/Nele-Feuerhake-768x1097.jpg 768w, https:\/\/lebenleben.de\/spektral\/wp-content\/uploads\/sites\/17\/2025\/03\/Nele-Feuerhake.jpg 840w\" sizes=\"auto, (max-width: 717px) 100vw, 717px\" \/>                <div class=\"textwrapper\">\n                    <h3 class='block-listteaser__headline text-align-center'>Nele Feuerhake<\/h3>                    \n                    <p><\/p>\n                                    <\/div>\n            <\/div>\n                    <div class=\"listteaser-single single-teaser block-subpage-wrapper__single\">\n                <img loading=\"lazy\" decoding=\"async\" width=\"717\" height=\"1024\" src=\"https:\/\/lebenleben.de\/spektral\/wp-content\/uploads\/sites\/17\/2025\/03\/Saskia-Neufeldt-717x1024.jpg\" class=\"keep-size\" alt=\"\" srcset=\"https:\/\/lebenleben.de\/spektral\/wp-content\/uploads\/sites\/17\/2025\/03\/Saskia-Neufeldt-717x1024.jpg 717w, https:\/\/lebenleben.de\/spektral\/wp-content\/uploads\/sites\/17\/2025\/03\/Saskia-Neufeldt-210x300.jpg 210w, https:\/\/lebenleben.de\/spektral\/wp-content\/uploads\/sites\/17\/2025\/03\/Saskia-Neufeldt-768x1096.jpg 768w, https:\/\/lebenleben.de\/spektral\/wp-content\/uploads\/sites\/17\/2025\/03\/Saskia-Neufeldt.jpg 863w\" sizes=\"auto, (max-width: 717px) 100vw, 717px\" \/>                <div class=\"textwrapper\">\n                    <h3 class='block-listteaser__headline text-align-center'>Saskia Neufeldt<\/h3>                    \n                    <p><\/p>\n                                    <\/div>\n            <\/div>\n                    <div class=\"listteaser-single single-teaser block-subpage-wrapper__single\">\n                <img loading=\"lazy\" decoding=\"async\" width=\"717\" height=\"1024\" src=\"https:\/\/lebenleben.de\/spektral\/wp-content\/uploads\/sites\/17\/2025\/03\/Birgitt-Hotopp-717x1024.jpg\" class=\"keep-size\" alt=\"\" srcset=\"https:\/\/lebenleben.de\/spektral\/wp-content\/uploads\/sites\/17\/2025\/03\/Birgitt-Hotopp-717x1024.jpg 717w, https:\/\/lebenleben.de\/spektral\/wp-content\/uploads\/sites\/17\/2025\/03\/Birgitt-Hotopp-210x300.jpg 210w, https:\/\/lebenleben.de\/spektral\/wp-content\/uploads\/sites\/17\/2025\/03\/Birgitt-Hotopp-768x1097.jpg 768w, https:\/\/lebenleben.de\/spektral\/wp-content\/uploads\/sites\/17\/2025\/03\/Birgitt-Hotopp.jpg 840w\" sizes=\"auto, (max-width: 717px) 100vw, 717px\" \/>                <div class=\"textwrapper\">\n                    <h3 class='block-listteaser__headline text-align-center'>Birgit Hotopp<\/h3>                    \n                    <p><\/p>\n                                    <\/div>\n            <\/div>\n                    <div class=\"listteaser-single single-teaser block-subpage-wrapper__single\">\n                <img loading=\"lazy\" decoding=\"async\" width=\"724\" height=\"1024\" src=\"https:\/\/lebenleben.de\/spektral\/wp-content\/uploads\/sites\/17\/2025\/03\/Platzhalter-Teambilder-724x1024.png\" class=\"keep-size\" alt=\"\" srcset=\"https:\/\/lebenleben.de\/spektral\/wp-content\/uploads\/sites\/17\/2025\/03\/Platzhalter-Teambilder-724x1024.png 724w, https:\/\/lebenleben.de\/spektral\/wp-content\/uploads\/sites\/17\/2025\/03\/Platzhalter-Teambilder-212x300.png 212w, https:\/\/lebenleben.de\/spektral\/wp-content\/uploads\/sites\/17\/2025\/03\/Platzhalter-Teambilder-768x1086.png 768w, https:\/\/lebenleben.de\/spektral\/wp-content\/uploads\/sites\/17\/2025\/03\/Platzhalter-Teambilder-1086x1536.png 1086w, https:\/\/lebenleben.de\/spektral\/wp-content\/uploads\/sites\/17\/2025\/03\/Platzhalter-Teambilder.png 1414w\" sizes=\"auto, (max-width: 724px) 100vw, 724px\" \/>                <div class=\"textwrapper\">\n                    <h3 class='block-listteaser__headline text-align-center'>Dana J\u00f6rn<\/h3>                    \n                    <p><\/p>\n                                    <\/div>\n            <\/div>\n                    <div class=\"listteaser-single single-teaser block-subpage-wrapper__single\">\n                <img loading=\"lazy\" decoding=\"async\" width=\"724\" height=\"1024\" src=\"https:\/\/lebenleben.de\/spektral\/wp-content\/uploads\/sites\/17\/2025\/03\/Platzhalter-Teambilder-724x1024.png\" class=\"keep-size\" alt=\"\" srcset=\"https:\/\/lebenleben.de\/spektral\/wp-content\/uploads\/sites\/17\/2025\/03\/Platzhalter-Teambilder-724x1024.png 724w, https:\/\/lebenleben.de\/spektral\/wp-content\/uploads\/sites\/17\/2025\/03\/Platzhalter-Teambilder-212x300.png 212w, https:\/\/lebenleben.de\/spektral\/wp-content\/uploads\/sites\/17\/2025\/03\/Platzhalter-Teambilder-768x1086.png 768w, https:\/\/lebenleben.de\/spektral\/wp-content\/uploads\/sites\/17\/2025\/03\/Platzhalter-Teambilder-1086x1536.png 1086w, https:\/\/lebenleben.de\/spektral\/wp-content\/uploads\/sites\/17\/2025\/03\/Platzhalter-Teambilder.png 1414w\" sizes=\"auto, (max-width: 724px) 100vw, 724px\" \/>                <div class=\"textwrapper\">\n                    <h3 class='block-listteaser__headline text-align-center'>Sofie Ribel<\/h3>                    \n                    <p><\/p>\n                                    <\/div>\n            <\/div>\n                    <div class=\"listteaser-single single-teaser block-subpage-wrapper__single\">\n                <img loading=\"lazy\" decoding=\"async\" width=\"724\" height=\"1024\" src=\"https:\/\/lebenleben.de\/spektral\/wp-content\/uploads\/sites\/17\/2025\/03\/Platzhalter-Teambilder-724x1024.png\" class=\"keep-size\" alt=\"\" srcset=\"https:\/\/lebenleben.de\/spektral\/wp-content\/uploads\/sites\/17\/2025\/03\/Platzhalter-Teambilder-724x1024.png 724w, https:\/\/lebenleben.de\/spektral\/wp-content\/uploads\/sites\/17\/2025\/03\/Platzhalter-Teambilder-212x300.png 212w, https:\/\/lebenleben.de\/spektral\/wp-content\/uploads\/sites\/17\/2025\/03\/Platzhalter-Teambilder-768x1086.png 768w, https:\/\/lebenleben.de\/spektral\/wp-content\/uploads\/sites\/17\/2025\/03\/Platzhalter-Teambilder-1086x1536.png 1086w, https:\/\/lebenleben.de\/spektral\/wp-content\/uploads\/sites\/17\/2025\/03\/Platzhalter-Teambilder.png 1414w\" sizes=\"auto, (max-width: 724px) 100vw, 724px\" \/>                <div class=\"textwrapper\">\n                    <h3 class='block-listteaser__headline text-align-center'>Caroline Schrader<\/h3>                    \n                    <p><\/p>\n                                    <\/div>\n            <\/div>\n                    <div class=\"listteaser-single single-teaser block-subpage-wrapper__single\">\n                <img loading=\"lazy\" decoding=\"async\" width=\"724\" height=\"1024\" src=\"https:\/\/lebenleben.de\/spektral\/wp-content\/uploads\/sites\/17\/2025\/03\/Platzhalter-Teambilder-724x1024.png\" class=\"keep-size\" alt=\"\" srcset=\"https:\/\/lebenleben.de\/spektral\/wp-content\/uploads\/sites\/17\/2025\/03\/Platzhalter-Teambilder-724x1024.png 724w, https:\/\/lebenleben.de\/spektral\/wp-content\/uploads\/sites\/17\/2025\/03\/Platzhalter-Teambilder-212x300.png 212w, https:\/\/lebenleben.de\/spektral\/wp-content\/uploads\/sites\/17\/2025\/03\/Platzhalter-Teambilder-768x1086.png 768w, https:\/\/lebenleben.de\/spektral\/wp-content\/uploads\/sites\/17\/2025\/03\/Platzhalter-Teambilder-1086x1536.png 1086w, https:\/\/lebenleben.de\/spektral\/wp-content\/uploads\/sites\/17\/2025\/03\/Platzhalter-Teambilder.png 1414w\" sizes=\"auto, (max-width: 724px) 100vw, 724px\" \/>                <div class=\"textwrapper\">\n                    <h3 class='block-listteaser__headline text-align-center'>Janine Baisch <\/h3>                    \n                    <p><\/p>\n                                    <\/div>\n            <\/div>\n            <\/div>\n\n\n\n<div style=\"height:50px\" aria-hidden=\"true\" class=\"wp-block-spacer\"><\/div>\n\n\n\n<h2 class=\"wp-block-heading has-text-align-center\">Unsere Kolleg*innen im Interview<\/h2>\n\n\n\n<div style=\"height:10px\" aria-hidden=\"true\" class=\"wp-block-spacer\"><\/div>\n\n\n\n<div class=\"wp-block-columns is-layout-flex wp-container-core-columns-is-layout-9d6595d7 wp-block-columns-is-layout-flex\">\n<div class=\"wp-block-column is-layout-flow wp-block-column-is-layout-flow\" style=\"flex-basis:50%\">\n<figure class=\"wp-block-video\"><video controls poster=\"https:\/\/lebenleben.de\/spektral\/wp-content\/uploads\/sites\/17\/2022\/06\/01_Interview_Nele_geschnitten_1_thumb_2.png\" src=\"https:\/\/lebenleben.de\/spektral\/wp-content\/uploads\/sites\/17\/2022\/06\/01_Interview_Nele_geschnitten_1.mp4\"><\/video><figcaption class=\"wp-element-caption\">Interview mit Nele Feuerhake<\/figcaption><\/figure>\n<\/div>\n\n\n\n<div class=\"wp-block-column is-layout-flow wp-block-column-is-layout-flow\" style=\"flex-basis:50%\">\n<figure class=\"wp-block-video\"><video controls poster=\"https:\/\/lebenleben.de\/spektral\/wp-content\/uploads\/sites\/17\/2022\/06\/02_Interview_Birgit_geschnitten_1_thumb_2.png\" src=\"https:\/\/lebenleben.de\/spektral\/wp-content\/uploads\/sites\/17\/2022\/06\/02_Interview_Birgit_geschnitten_1.mp4\"><\/video><figcaption class=\"wp-element-caption\">Interview mit Birgitt Hotopp<\/figcaption><\/figure>\n<\/div>\n<\/div>\n\n\n\n<div class=\"wp-block-columns is-layout-flex wp-container-core-columns-is-layout-9d6595d7 wp-block-columns-is-layout-flex\">\n<div class=\"wp-block-column is-layout-flow wp-block-column-is-layout-flow\" style=\"flex-basis:50%\">\n<figure class=\"wp-block-video\"><video controls poster=\"https:\/\/lebenleben.de\/spektral\/wp-content\/uploads\/sites\/17\/2022\/06\/04_Interview_Saskia_geschnitten_1_thumb.png\" src=\"https:\/\/lebenleben.de\/spektral\/wp-content\/uploads\/sites\/17\/2022\/06\/04_Interview_Saskia_geschnitten_1.mp4\"><\/video><figcaption class=\"wp-element-caption\">Interview mit Saskia Neufeldt<\/figcaption><\/figure>\n<\/div>\n\n\n\n<div class=\"wp-block-column is-layout-flow wp-block-column-is-layout-flow\" style=\"flex-basis:50%\"><\/div>\n<\/div>\n\n\n\n<div style=\"height:50px\" aria-hidden=\"true\" class=\"wp-block-spacer\"><\/div>\n\n\n\n<p><\/p>\n","protected":false},"excerpt":{"rendered":"<p>Nele, Annette, Birgit, Saskia und D\u00f6rte stellen sich vor und nehmen Dich mit auf eine kleine Rundreise durch unsere F\u00f6rderr\u00e4ume. Die Entscheidung liegt bei Dir!<\/p>\n","protected":false},"author":1,"featured_media":452,"parent":9,"menu_order":13,"comment_status":"closed","ping_status":"closed","template":"page-templates\/page-fullscreen.php","meta":{"_acf_changed":false,"footnotes":""},"class_list":["post-17","page","type-page","status-publish","has-post-thumbnail","hentry"],"acf":[],"yoast_head":"<!-- This site is optimized with the Yoast SEO plugin v27.3 - https:\/\/yoast.com\/product\/yoast-seo-wordpress\/ -->\n<title>Unser Team in Uelzen in Uelzen - Spektral<\/title>\n<meta name=\"robots\" content=\"index, follow, max-snippet:-1, max-image-preview:large, max-video-preview:-1\" \/>\n<link rel=\"canonical\" href=\"https:\/\/lebenleben.de\/spektral\/uelzen\/unser-team\/\" \/>\n<meta property=\"og:locale\" content=\"de_DE\" \/>\n<meta property=\"og:type\" content=\"article\" \/>\n<meta property=\"og:title\" content=\"Unser Team in Uelzen in Uelzen - Spektral\" \/>\n<meta property=\"og:description\" content=\"Nele, Annette, Birgit, Saskia und D\u00f6rte stellen sich vor und nehmen Dich mit auf eine kleine Rundreise durch unsere F\u00f6rderr\u00e4ume. Die Entscheidung liegt bei Dir!\" \/>\n<meta property=\"og:url\" content=\"https:\/\/lebenleben.de\/spektral\/uelzen\/unser-team\/\" \/>\n<meta property=\"og:site_name\" content=\"Spektral\" \/>\n<meta property=\"article:modified_time\" content=\"2025-10-14T09:12:34+00:00\" \/>\n<meta property=\"og:image\" content=\"https:\/\/lebenleben.de\/spektral\/wp-content\/uploads\/sites\/17\/2022\/06\/DSC_6172_resized.jpg\" \/>\n\t<meta property=\"og:image:width\" content=\"1500\" \/>\n\t<meta property=\"og:image:height\" content=\"998\" \/>\n\t<meta property=\"og:image:type\" content=\"image\/jpeg\" \/>\n<meta name=\"twitter:card\" content=\"summary_large_image\" \/>\n<meta name=\"twitter:label1\" content=\"Gesch\u00e4tzte Lesezeit\" \/>\n\t<meta name=\"twitter:data1\" content=\"3\u00a0Minuten\" \/>\n<script type=\"application\/ld+json\" class=\"yoast-schema-graph\">{\"@context\":\"https:\\\/\\\/schema.org\",\"@graph\":[{\"@type\":\"WebPage\",\"@id\":\"https:\\\/\\\/lebenleben.de\\\/spektral\\\/uelzen\\\/unser-team\\\/\",\"url\":\"https:\\\/\\\/lebenleben.de\\\/spektral\\\/uelzen\\\/unser-team\\\/\",\"name\":\"Unser Team in Uelzen in Uelzen - Spektral\",\"isPartOf\":{\"@id\":\"https:\\\/\\\/lebenleben.de\\\/spektral\\\/#website\"},\"primaryImageOfPage\":{\"@id\":\"https:\\\/\\\/lebenleben.de\\\/spektral\\\/uelzen\\\/unser-team\\\/#primaryimage\"},\"image\":{\"@id\":\"https:\\\/\\\/lebenleben.de\\\/spektral\\\/uelzen\\\/unser-team\\\/#primaryimage\"},\"thumbnailUrl\":\"https:\\\/\\\/lebenleben.de\\\/spektral\\\/wp-content\\\/uploads\\\/sites\\\/17\\\/2022\\\/06\\\/DSC_6172_resized.jpg\",\"datePublished\":\"2022-05-04T09:41:30+00:00\",\"dateModified\":\"2025-10-14T09:12:34+00:00\",\"breadcrumb\":{\"@id\":\"https:\\\/\\\/lebenleben.de\\\/spektral\\\/uelzen\\\/unser-team\\\/#breadcrumb\"},\"inLanguage\":\"de\",\"potentialAction\":[{\"@type\":\"ReadAction\",\"target\":[\"https:\\\/\\\/lebenleben.de\\\/spektral\\\/uelzen\\\/unser-team\\\/\"]}]},{\"@type\":\"ImageObject\",\"inLanguage\":\"de\",\"@id\":\"https:\\\/\\\/lebenleben.de\\\/spektral\\\/uelzen\\\/unser-team\\\/#primaryimage\",\"url\":\"https:\\\/\\\/lebenleben.de\\\/spektral\\\/wp-content\\\/uploads\\\/sites\\\/17\\\/2022\\\/06\\\/DSC_6172_resized.jpg\",\"contentUrl\":\"https:\\\/\\\/lebenleben.de\\\/spektral\\\/wp-content\\\/uploads\\\/sites\\\/17\\\/2022\\\/06\\\/DSC_6172_resized.jpg\",\"width\":1500,\"height\":998},{\"@type\":\"BreadcrumbList\",\"@id\":\"https:\\\/\\\/lebenleben.de\\\/spektral\\\/uelzen\\\/unser-team\\\/#breadcrumb\",\"itemListElement\":[{\"@type\":\"ListItem\",\"position\":1,\"name\":\"Startseite\",\"item\":\"https:\\\/\\\/lebenleben.de\\\/spektral\\\/\"},{\"@type\":\"ListItem\",\"position\":2,\"name\":\"Uelzen\",\"item\":\"https:\\\/\\\/lebenleben.de\\\/spektral\\\/uelzen\\\/\"},{\"@type\":\"ListItem\",\"position\":3,\"name\":\"Unser Team in Uelzen\"}]},{\"@type\":\"WebSite\",\"@id\":\"https:\\\/\\\/lebenleben.de\\\/spektral\\\/#website\",\"url\":\"https:\\\/\\\/lebenleben.de\\\/spektral\\\/\",\"name\":\"Spektral\",\"description\":\"Autismusambulanz in Uelzen und Gifhorn von Leben leben\",\"publisher\":{\"@id\":\"https:\\\/\\\/lebenleben.de\\\/spektral\\\/#organization\"},\"potentialAction\":[{\"@type\":\"SearchAction\",\"target\":{\"@type\":\"EntryPoint\",\"urlTemplate\":\"https:\\\/\\\/lebenleben.de\\\/spektral\\\/?s={search_term_string}\"},\"query-input\":{\"@type\":\"PropertyValueSpecification\",\"valueRequired\":true,\"valueName\":\"search_term_string\"}}],\"inLanguage\":\"de\"},{\"@type\":\"Organization\",\"@id\":\"https:\\\/\\\/lebenleben.de\\\/spektral\\\/#organization\",\"name\":\"Leben leben Spektral\",\"url\":\"https:\\\/\\\/lebenleben.de\\\/spektral\\\/\",\"logo\":{\"@type\":\"ImageObject\",\"inLanguage\":\"de\",\"@id\":\"https:\\\/\\\/lebenleben.de\\\/spektral\\\/#\\\/schema\\\/logo\\\/image\\\/\",\"url\":\"https:\\\/\\\/lebenleben.de\\\/spektral\\\/wp-content\\\/uploads\\\/sites\\\/17\\\/2022\\\/05\\\/ll_favicon-green.png\",\"contentUrl\":\"https:\\\/\\\/lebenleben.de\\\/spektral\\\/wp-content\\\/uploads\\\/sites\\\/17\\\/2022\\\/05\\\/ll_favicon-green.png\",\"width\":501,\"height\":501,\"caption\":\"Leben leben Spektral\"},\"image\":{\"@id\":\"https:\\\/\\\/lebenleben.de\\\/spektral\\\/#\\\/schema\\\/logo\\\/image\\\/\"}}]}<\/script>\n<!-- \/ Yoast SEO plugin. -->","yoast_head_json":{"title":"Unser Team in Uelzen in Uelzen - Spektral","robots":{"index":"index","follow":"follow","max-snippet":"max-snippet:-1","max-image-preview":"max-image-preview:large","max-video-preview":"max-video-preview:-1"},"canonical":"https:\/\/lebenleben.de\/spektral\/uelzen\/unser-team\/","og_locale":"de_DE","og_type":"article","og_title":"Unser Team in Uelzen in Uelzen - Spektral","og_description":"Nele, Annette, Birgit, Saskia und D\u00f6rte stellen sich vor und nehmen Dich mit auf eine kleine Rundreise durch unsere F\u00f6rderr\u00e4ume. Die Entscheidung liegt bei Dir!","og_url":"https:\/\/lebenleben.de\/spektral\/uelzen\/unser-team\/","og_site_name":"Spektral","article_modified_time":"2025-10-14T09:12:34+00:00","og_image":[{"width":1500,"height":998,"url":"https:\/\/lebenleben.de\/spektral\/wp-content\/uploads\/sites\/17\/2022\/06\/DSC_6172_resized.jpg","type":"image\/jpeg"}],"twitter_card":"summary_large_image","twitter_misc":{"Gesch\u00e4tzte Lesezeit":"3\u00a0Minuten"},"schema":{"@context":"https:\/\/schema.org","@graph":[{"@type":"WebPage","@id":"https:\/\/lebenleben.de\/spektral\/uelzen\/unser-team\/","url":"https:\/\/lebenleben.de\/spektral\/uelzen\/unser-team\/","name":"Unser Team in Uelzen in Uelzen - Spektral","isPartOf":{"@id":"https:\/\/lebenleben.de\/spektral\/#website"},"primaryImageOfPage":{"@id":"https:\/\/lebenleben.de\/spektral\/uelzen\/unser-team\/#primaryimage"},"image":{"@id":"https:\/\/lebenleben.de\/spektral\/uelzen\/unser-team\/#primaryimage"},"thumbnailUrl":"https:\/\/lebenleben.de\/spektral\/wp-content\/uploads\/sites\/17\/2022\/06\/DSC_6172_resized.jpg","datePublished":"2022-05-04T09:41:30+00:00","dateModified":"2025-10-14T09:12:34+00:00","breadcrumb":{"@id":"https:\/\/lebenleben.de\/spektral\/uelzen\/unser-team\/#breadcrumb"},"inLanguage":"de","potentialAction":[{"@type":"ReadAction","target":["https:\/\/lebenleben.de\/spektral\/uelzen\/unser-team\/"]}]},{"@type":"ImageObject","inLanguage":"de","@id":"https:\/\/lebenleben.de\/spektral\/uelzen\/unser-team\/#primaryimage","url":"https:\/\/lebenleben.de\/spektral\/wp-content\/uploads\/sites\/17\/2022\/06\/DSC_6172_resized.jpg","contentUrl":"https:\/\/lebenleben.de\/spektral\/wp-content\/uploads\/sites\/17\/2022\/06\/DSC_6172_resized.jpg","width":1500,"height":998},{"@type":"BreadcrumbList","@id":"https:\/\/lebenleben.de\/spektral\/uelzen\/unser-team\/#breadcrumb","itemListElement":[{"@type":"ListItem","position":1,"name":"Startseite","item":"https:\/\/lebenleben.de\/spektral\/"},{"@type":"ListItem","position":2,"name":"Uelzen","item":"https:\/\/lebenleben.de\/spektral\/uelzen\/"},{"@type":"ListItem","position":3,"name":"Unser Team in Uelzen"}]},{"@type":"WebSite","@id":"https:\/\/lebenleben.de\/spektral\/#website","url":"https:\/\/lebenleben.de\/spektral\/","name":"Spektral","description":"Autismusambulanz in Uelzen und Gifhorn von Leben leben","publisher":{"@id":"https:\/\/lebenleben.de\/spektral\/#organization"},"potentialAction":[{"@type":"SearchAction","target":{"@type":"EntryPoint","urlTemplate":"https:\/\/lebenleben.de\/spektral\/?s={search_term_string}"},"query-input":{"@type":"PropertyValueSpecification","valueRequired":true,"valueName":"search_term_string"}}],"inLanguage":"de"},{"@type":"Organization","@id":"https:\/\/lebenleben.de\/spektral\/#organization","name":"Leben leben Spektral","url":"https:\/\/lebenleben.de\/spektral\/","logo":{"@type":"ImageObject","inLanguage":"de","@id":"https:\/\/lebenleben.de\/spektral\/#\/schema\/logo\/image\/","url":"https:\/\/lebenleben.de\/spektral\/wp-content\/uploads\/sites\/17\/2022\/05\/ll_favicon-green.png","contentUrl":"https:\/\/lebenleben.de\/spektral\/wp-content\/uploads\/sites\/17\/2022\/05\/ll_favicon-green.png","width":501,"height":501,"caption":"Leben leben Spektral"},"image":{"@id":"https:\/\/lebenleben.de\/spektral\/#\/schema\/logo\/image\/"}}]}},"_links":{"self":[{"href":"https:\/\/lebenleben.de\/spektral\/wp-json\/wp\/v2\/pages\/17","targetHints":{"allow":["GET"]}}],"collection":[{"href":"https:\/\/lebenleben.de\/spektral\/wp-json\/wp\/v2\/pages"}],"about":[{"href":"https:\/\/lebenleben.de\/spektral\/wp-json\/wp\/v2\/types\/page"}],"author":[{"embeddable":true,"href":"https:\/\/lebenleben.de\/spektral\/wp-json\/wp\/v2\/users\/1"}],"replies":[{"embeddable":true,"href":"https:\/\/lebenleben.de\/spektral\/wp-json\/wp\/v2\/comments?post=17"}],"version-history":[{"count":34,"href":"https:\/\/lebenleben.de\/spektral\/wp-json\/wp\/v2\/pages\/17\/revisions"}],"predecessor-version":[{"id":921,"href":"https:\/\/lebenleben.de\/spektral\/wp-json\/wp\/v2\/pages\/17\/revisions\/921"}],"up":[{"embeddable":true,"href":"https:\/\/lebenleben.de\/spektral\/wp-json\/wp\/v2\/pages\/9"}],"wp:featuredmedia":[{"embeddable":true,"href":"https:\/\/lebenleben.de\/spektral\/wp-json\/wp\/v2\/media\/452"}],"wp:attachment":[{"href":"https:\/\/lebenleben.de\/spektral\/wp-json\/wp\/v2\/media?parent=17"}],"curies":[{"name":"wp","href":"https:\/\/api.w.org\/{rel}","templated":true}]}}