{"id":252,"date":"2022-05-25T17:48:49","date_gmt":"2022-05-25T15:48:49","guid":{"rendered":"https:\/\/lebenleben.de\/spektral\/?page_id=252"},"modified":"2024-05-30T11:56:04","modified_gmt":"2024-05-30T09:56:04","slug":"wenn-sie-mehr-wissen-wollen","status":"publish","type":"page","link":"https:\/\/lebenleben.de\/spektral\/wissenswertes-a-z\/wenn-sie-mehr-wissen-wollen\/","title":{"rendered":"H\u00e4ufige Fragen &amp; Begriffe"},"content":{"rendered":"\n<div id=\"llimageslider-block_ac144a3f366b0924b37216f9d555e7ae\" class=\"block-llimageslider llimageslider alignwide\">\n\n    \n\t\t<div class=\"llimageslider-slider\" data-slick='{\"autoplaySpeed\": 5000}'>\n\t\t\t\t\t\t\t<div class=\"single-slide-wrapper slide-1\">\n\t\t\t\t\t<img loading=\"lazy\" decoding=\"async\" width=\"1400\" height=\"440\" src=\"https:\/\/lebenleben.de\/spektral\/wp-content\/uploads\/sites\/17\/2024\/05\/DSC_2402-1400x440-1.jpg\" class=\"single-slide-image slider-desktop-image\" alt=\"\" srcset=\"https:\/\/lebenleben.de\/spektral\/wp-content\/uploads\/sites\/17\/2024\/05\/DSC_2402-1400x440-1.jpg 1400w, https:\/\/lebenleben.de\/spektral\/wp-content\/uploads\/sites\/17\/2024\/05\/DSC_2402-1400x440-1-300x94.jpg 300w, https:\/\/lebenleben.de\/spektral\/wp-content\/uploads\/sites\/17\/2024\/05\/DSC_2402-1400x440-1-1024x322.jpg 1024w, https:\/\/lebenleben.de\/spektral\/wp-content\/uploads\/sites\/17\/2024\/05\/DSC_2402-1400x440-1-768x241.jpg 768w\" sizes=\"auto, (max-width: 1400px) 100vw, 1400px\" \/>          <img loading=\"lazy\" decoding=\"async\" width=\"1000\" height=\"314\" src=\"https:\/\/lebenleben.de\/spektral\/wp-content\/uploads\/sites\/17\/2024\/05\/DSC_2402-1400x440-1-1024x322.jpg\" class=\"single-slide-image slider-mobile-image\" alt=\"\" srcset=\"https:\/\/lebenleben.de\/spektral\/wp-content\/uploads\/sites\/17\/2024\/05\/DSC_2402-1400x440-1-1024x322.jpg 1024w, https:\/\/lebenleben.de\/spektral\/wp-content\/uploads\/sites\/17\/2024\/05\/DSC_2402-1400x440-1-300x94.jpg 300w, https:\/\/lebenleben.de\/spektral\/wp-content\/uploads\/sites\/17\/2024\/05\/DSC_2402-1400x440-1-768x241.jpg 768w, https:\/\/lebenleben.de\/spektral\/wp-content\/uploads\/sites\/17\/2024\/05\/DSC_2402-1400x440-1.jpg 1400w\" sizes=\"auto, (max-width: 1000px) 100vw, 1000px\" \/>\n                    <div class=\"single-slide-text\">\n          <h2>H\u00e4ufige Fragen &#038; Begriffe<\/h2>                  <\/div>\n        \n\t\t\t\t<\/div>\n\t\t\t\t\t<\/div>\n\t  <script>\n    jQuery(document).ready(function() {\n        jQuery('.llimageslider-slider').slick({\n          dots: true,\n          infinite: true,\n          speed: 1000,\n          autoplay: true,\n          adaptiveHeight: true,\n          slidesToShow: 1,\n          fade: true,\n          focusOnSelect: true\n        });\n    });\n    <\/script>\n<\/div>\n\n\n\n<h2 class=\"wp-block-heading\">H\u00e4ufige Fragen (FAQ)<\/h2>\n\n\n\n<div style=\"height:25px\" aria-hidden=\"true\" class=\"wp-block-spacer\"><\/div>\n\n\n\n<div id=\"llaccordion-block_fac7cea0203266ec9a923c971fbd7239\" class=\"block-llaccordion llaccordion\">\n\n<ul class=\"accordion\">      \n        <li class=\"accordion-item\">\n          <div class=\"title-area\">\n            <h3 class=\"contactlist-title\">Ambulanz<\/h3>\n          <\/div>\n          <div class=\"content-area\">\n            <div class=\"content-wrapper\">\n              <p>Unter dem Begriff der &#8222;Ambulanz&#8220; ist in diesem Zusammenhang nicht der Bereich eines Krankenhauses oder einer Krankenhausabteilung gemeint. Er steht im Zusammenhag mit unserer p\u00e4dagogisch therapeutischen F\u00f6rderung f\u00fcr eine nicht station\u00e4re Versorgung betroffener Menschen und macht au\u00dferdem deutlich, dass, \u00e4hnlich wie in einer medizinischen Ambulanz, mulitmodale und vielf\u00e4ltige Angebote zur Verf\u00fcgung gestellt werden.<\/p>\n            <\/div>\n          <\/div>\n        <\/li>\n\n\n          \n        <li class=\"accordion-item\">\n          <div class=\"title-area\">\n            <h3 class=\"contactlist-title\">ASS<\/h3>\n          <\/div>\n          <div class=\"content-area\">\n            <div class=\"content-wrapper\">\n              <p>Abk\u00fcrzung f\u00fcr Autismus-Spektrums-St\u00f6rung; eine tiefgreifende Entwicklungsst\u00f6rung mit verschiedenen Symptomen in vielf\u00e4ltiger Auspr\u00e4gung. Sie wird in kinder- und jugendpsychiatrischen bzw. psychiatrischen Praxen diagnostiziert.<\/p>\n            <\/div>\n          <\/div>\n        <\/li>\n\n\n          \n        <li class=\"accordion-item\">\n          <div class=\"title-area\">\n            <h3 class=\"contactlist-title\">Autismustherapie<\/h3>\n          <\/div>\n          <div class=\"content-area\">\n            <div class=\"content-wrapper\">\n              <p>&#8230;beschreibt die p\u00e4dagogisch therapeutische F\u00f6rderung von Kindern, Jugendlichen und Erwachsenen unter Einbeziehung des jeweiligen Umfeldes. Es handelt sich hierbei um komplexe Ma\u00dfnahmen, die der Eingliederung und dadurch der Teilhabe von Menschen mit Diagnosen aus dem Autismus-Spektrum am gesellschaftlichen Leben dienen.<\/p>\n            <\/div>\n          <\/div>\n        <\/li>\n\n\n          \n        <li class=\"accordion-item\">\n          <div class=\"title-area\">\n            <h3 class=\"contactlist-title\">Beziehungsaufbau<\/h3>\n          <\/div>\n          <div class=\"content-area\">\n            <div class=\"content-wrapper\">\n              <p>Diese Phase wird umgangssprachlich auch als Kennenlernen bezeichnet. Hierbei geht es darum durch Gespr\u00e4che und gemeinsam verbrachte Zeit Informationen auszutauschen, Vertrauen aufzubauen und sich aufeinander abzustimmen.<\/p>\n            <\/div>\n          <\/div>\n        <\/li>\n\n\n          \n        <li class=\"accordion-item\">\n          <div class=\"title-area\">\n            <h3 class=\"contactlist-title\">Compliance<\/h3>\n          <\/div>\n          <div class=\"content-area\">\n            <div class=\"content-wrapper\">\n              <p>Therapiemitarbeit des Klienten<\/p>\n            <\/div>\n          <\/div>\n        <\/li>\n\n\n          \n        <li class=\"accordion-item\">\n          <div class=\"title-area\">\n            <h3 class=\"contactlist-title\">Diagnose<\/h3>\n          <\/div>\n          <div class=\"content-area\">\n            <div class=\"content-wrapper\">\n              <p>Durch eine Diagnose wird eine k\u00f6rperliche oder psychische Krankheit durch einen Arzt festgestellt. Hierbei werden verschiedene Ergebnisse von Untersuchungen u. Gespr\u00e4chen zusammen gefasst.<\/p>\n            <\/div>\n          <\/div>\n        <\/li>\n\n\n          \n        <li class=\"accordion-item\">\n          <div class=\"title-area\">\n            <h3 class=\"contactlist-title\">Defizit\u00e4r<\/h3>\n          <\/div>\n          <div class=\"content-area\">\n            <div class=\"content-wrapper\">\n              <p>Ein Defizit ergebend, M\u00e4ngel aufweisend<\/p>\n            <\/div>\n          <\/div>\n        <\/li>\n\n\n          \n        <li class=\"accordion-item\">\n          <div class=\"title-area\">\n            <h3 class=\"contactlist-title\">Evaluation<\/h3>\n          <\/div>\n          <div class=\"content-area\">\n            <div class=\"content-wrapper\">\n              <p>In einer Evaluation wird die Entwicklung von vergangenen Prozessen untersucht. Im Bereich der Autismusf\u00f6rderung hei\u00dft das, die Fachkr\u00e4fte fassen zusammen welche Themen bearbeitet wurden, was erreicht wurde oder im weiteren Verlauf n\u00f6tig ist. Daraus werden Berichte formuliert.<\/p>\n            <\/div>\n          <\/div>\n        <\/li>\n\n\n          \n        <li class=\"accordion-item\">\n          <div class=\"title-area\">\n            <h3 class=\"contactlist-title\">Gew\u00e4hrung<\/h3>\n          <\/div>\n          <div class=\"content-area\">\n            <div class=\"content-wrapper\">\n              <p>Eine Gew\u00e4hrung wird vom zust\u00e4ndigen Amt ausgestellt. Hier wird festgehalten, in welchem Umfang und welcher Art die F\u00f6rderung in der Autismusambulanz erfolgen kann.<\/p>\n            <\/div>\n          <\/div>\n        <\/li>\n\n\n          \n        <li class=\"accordion-item\">\n          <div class=\"title-area\">\n            <h3 class=\"contactlist-title\">Hilfeplangespr\u00e4ch<\/h3>\n          <\/div>\n          <div class=\"content-area\">\n            <div class=\"content-wrapper\">\n              <p>In einem Hilfeplangespr\u00e4ch kommen Klient, Fachkraft der Ambulanz, zust\u00e4ndige Mitarbeiter des Amtes und je nach Alter des Klienten die Erziehungsberechtigten zusammen, um zu besprechen, wie der vergangene Zeitraum der F\u00f6rderung verlaufen ist, welche Themen besprochen wurde und welche Ziele als n\u00e4chstes bearbeitet werden soll. In diesem Rahmen kann auch gemeinsam entschieden werden, dass eine F\u00f6rderung beendet wird.<\/p>\n            <\/div>\n          <\/div>\n        <\/li>\n\n\n          \n        <li class=\"accordion-item\">\n          <div class=\"title-area\">\n            <h3 class=\"contactlist-title\">ICD 11<\/h3>\n          <\/div>\n          <div class=\"content-area\">\n            <div class=\"content-wrapper\">\n              <p>Die ICD-11 ist eine Gliederung von gesundheitlichen Einschr\u00e4nkungen, die weltweit genutzt wird. Neben der thematischen Einsortierung von Einschr\u00e4nkungen, gibt die ICD-11 Fachkr\u00e4ften auch Abk\u00fcrzungen, die f\u00fcr Berichte und \u00e4hnliches genutzt werden.<\/p>\n            <\/div>\n          <\/div>\n        <\/li>\n\n\n          \n        <li class=\"accordion-item\">\n          <div class=\"title-area\">\n            <h3 class=\"contactlist-title\">Klient<\/h3>\n          <\/div>\n          <div class=\"content-area\">\n            <div class=\"content-wrapper\">\n              <p>Ein Klient ist der Mensch, welcher mit der Diagnose Autismus-Spektrums-St\u00f6rung, die Unterst\u00fctzung der Autismusambulanz in Anspruch nehmen kann.<\/p>\n            <\/div>\n          <\/div>\n        <\/li>\n\n\n          \n        <li class=\"accordion-item\">\n          <div class=\"title-area\">\n            <h3 class=\"contactlist-title\">Lebenswelt<\/h3>\n          <\/div>\n          <div class=\"content-area\">\n            <div class=\"content-wrapper\">\n              <p>Orte und Themen, in denen sich Mensch (i.d.S. Kinder + Jugendliche, junge Erwachsene) bewegen, womit sie sich besch\u00e4ftigen und was sie besch\u00e4ftigt.<\/p>\n            <\/div>\n          <\/div>\n        <\/li>\n\n\n          \n        <li class=\"accordion-item\">\n          <div class=\"title-area\">\n            <h3 class=\"contactlist-title\">Meltdown<\/h3>\n          <\/div>\n          <div class=\"content-area\">\n            <div class=\"content-wrapper\">\n              <p>Ein Meltdown wird ausgel\u00f6st durch eine Reiz\u00fcberflutung (Overload) und daraus resultierenden Stress. Diese Reaktion kann von den betroffenen Menschen nicht kontrolliert werden. Hierbei kann es beispielsweise zu schreien, Aggressionen gegen andere Personen oder sich selbst kommen. Ein Meltdown kann je nach Auspr\u00e4gung unterschiedlich lange dauern.<\/p>\n            <\/div>\n          <\/div>\n        <\/li>\n\n\n          \n        <li class=\"accordion-item\">\n          <div class=\"title-area\">\n            <h3 class=\"contactlist-title\">Multimodal<\/h3>\n          <\/div>\n          <div class=\"content-area\">\n            <div class=\"content-wrapper\">\n              <p>Kombination verschiedener therapeutisch, p\u00e4dagogischer Ans\u00e4tze<\/p>\n            <\/div>\n          <\/div>\n        <\/li>\n\n\n          \n        <li class=\"accordion-item\">\n          <div class=\"title-area\">\n            <h3 class=\"contactlist-title\">Neurotypisch<\/h3>\n          <\/div>\n          <div class=\"content-area\">\n            <div class=\"content-wrapper\">\n              <p>Menschen, die keine Diagnose im Autsimus-Spektrum haben<\/p>\n            <\/div>\n          <\/div>\n        <\/li>\n\n\n          \n        <li class=\"accordion-item\">\n          <div class=\"title-area\">\n            <h3 class=\"contactlist-title\">Neurodiversit\u00e4t<\/h3>\n          <\/div>\n          <div class=\"content-area\">\n            <div class=\"content-wrapper\">\n              <p>Neurologische Vielfalt; jeder Mensch und somit jedes Gehirn ist anders<\/p>\n            <\/div>\n          <\/div>\n        <\/li>\n\n\n          \n        <li class=\"accordion-item\">\n          <div class=\"title-area\">\n            <h3 class=\"contactlist-title\">Overload<\/h3>\n          <\/div>\n          <div class=\"content-area\">\n            <div class=\"content-wrapper\">\n              <p>Ein Overload ist eine Reiz\u00fcberflutung. Hierbei kann ein Mensch die Sinneseindr\u00fccke um sich herum nicht vollst\u00e4ndig verarbeiten, was zu einer \u00dcberforderung f\u00fchrt. Hierbei kann sowohl eine Art von Sinneseindruck, wie beispielsweise das H\u00f6ren von zu lauten Ger\u00e4uschen, zu einer \u00dcberforderung f\u00fchren. Aber auch die Kombination von verschiedenen Bereichen der Sinneseindr\u00fccke kann vorliegen.<\/p>\n            <\/div>\n          <\/div>\n        <\/li>\n\n\n          \n        <li class=\"accordion-item\">\n          <div class=\"title-area\">\n            <h3 class=\"contactlist-title\">pathologisch<\/h3>\n          <\/div>\n          <div class=\"content-area\">\n            <div class=\"content-wrapper\">\n              <p>nicht gesund, bzw. krankhaft<\/p>\n            <\/div>\n          <\/div>\n        <\/li>\n\n\n          \n        <li class=\"accordion-item\">\n          <div class=\"title-area\">\n            <h3 class=\"contactlist-title\">Repetitiv<\/h3>\n          <\/div>\n          <div class=\"content-area\">\n            <div class=\"content-wrapper\">\n              <p>Sich wiederholend<\/p>\n            <\/div>\n          <\/div>\n        <\/li>\n\n\n          \n        <li class=\"accordion-item\">\n          <div class=\"title-area\">\n            <h3 class=\"contactlist-title\">Restriktiv<\/h3>\n          <\/div>\n          <div class=\"content-area\">\n            <div class=\"content-wrapper\">\n              <p>einschr\u00e4nkend<\/p>\n            <\/div>\n          <\/div>\n        <\/li>\n\n\n          \n        <li class=\"accordion-item\">\n          <div class=\"title-area\">\n            <h3 class=\"contactlist-title\">reziprok<\/h3>\n          <\/div>\n          <div class=\"content-area\">\n            <div class=\"content-wrapper\">\n              <p>wechselseitig, gegenseitig, aufeinander bezogen<\/p>\n            <\/div>\n          <\/div>\n        <\/li>\n\n\n          \n        <li class=\"accordion-item\">\n          <div class=\"title-area\">\n            <h3 class=\"contactlist-title\">Shutdown (autistischer)<\/h3>\n          <\/div>\n          <div class=\"content-area\">\n            <div class=\"content-wrapper\">\n              <p>Eine Reaktion auf eine vorangegangene Reiz\u00fcberflutung, bei der das Gehirn das \u201eSystem\u201c herunter f\u00e4hrt, um es zu sch\u00fctzen<\/p>\n            <\/div>\n          <\/div>\n        <\/li>\n\n\n          \n        <li class=\"accordion-item\">\n          <div class=\"title-area\">\n            <h3 class=\"contactlist-title\">Setting<\/h3>\n          <\/div>\n          <div class=\"content-area\">\n            <div class=\"content-wrapper\">\n              <p>Gestaltung eines\u00a0 therapeutischen Gespr\u00e4ches (Umgebung, Atmosph\u00e4re, Inhalt)<\/p>\n            <\/div>\n          <\/div>\n        <\/li>\n\n\n          \n        <li class=\"accordion-item\">\n          <div class=\"title-area\">\n            <h3 class=\"contactlist-title\">Skills<\/h3>\n          <\/div>\n          <div class=\"content-area\">\n            <div class=\"content-wrapper\">\n              <p>Ein einge\u00fcbtes\/erlerntes Verhalten, welches kurzfristig in einer schwierigen Situation hilft, mit dieser besser umzugehen<\/p>\n            <\/div>\n          <\/div>\n        <\/li>\n\n\n          \n        <li class=\"accordion-item\">\n          <div class=\"title-area\">\n            <h3 class=\"contactlist-title\">Stereotypisch<\/h3>\n          <\/div>\n          <div class=\"content-area\">\n            <div class=\"content-wrapper\">\n              <p>Ein h\u00e4ufig vorkommendes, gleichbleibendes (Verhaltens-) Muster<\/p>\n            <\/div>\n          <\/div>\n        <\/li>\n\n\n          \n        <li class=\"accordion-item\">\n          <div class=\"title-area\">\n            <h3 class=\"contactlist-title\">Teilhabe<\/h3>\n          <\/div>\n          <div class=\"content-area\">\n            <div class=\"content-wrapper\">\n              <p>Unter Teilhabe wird verstanden, dass ein Mensch in eine Gemeinschaft bzgl. die Gesellschaft einbezogen ist. Hierbei soll erm\u00f6glicht werden, dass niemand ausgeschlossen ist aufgrund bestimmter Merkmale. Ein Teil davon ist auch, dass Menschen ihr Leben selbst oder mit Unterst\u00fctzung gestalten k\u00f6nnen und Entscheidungen treffen.<\/p>\n            <\/div>\n          <\/div>\n        <\/li>\n\n\n    <\/ul>\n<\/div>\n\n\n\n<div style=\"height:35px\" aria-hidden=\"true\" class=\"wp-block-spacer\"><\/div>\n\n\n\n<h2 class=\"wp-block-heading\">H\u00e4ufige Begriffe (Glossar)<\/h2>\n\n\n\n<div style=\"height:25px\" aria-hidden=\"true\" class=\"wp-block-spacer\"><\/div>\n\n\n\n<h3 class=\"wp-block-heading\">A<\/h3>\n\n\n\n<p>ASS<br>Abk\u00fcrzung f\u00fcr Autismus-Spektrums-St\u00f6rung; eine tiefgreifende Entwicklungsst\u00f6rung mit verschiedenen Symptomen in vielf\u00e4ltiger Auspr\u00e4gung. Sie wird in kinder- und jugendpsychiatrischen bzw. psychiatrischen Praxen diagnostiziert.<\/p>\n\n\n\n<h3 class=\"wp-block-heading\"><strong>B<\/strong><\/h3>\n\n\n\n<p>Beziehungsaufbau<br>Diese Phase wird umgangssprachlich auch als Kennenlernen bezeichnet. Hierbei geht es darum durch Gespr\u00e4che und gemeinsam verbrachte Zeit Informationen auszutauschen, Vertrauen aufzubauen und sich aufeinander abzustimmen.<\/p>\n\n\n\n<h3 class=\"wp-block-heading\">C<\/h3>\n\n\n\n<p>Compliance<br>Therapiemitarbeit des Klienten.<\/p>\n\n\n\n<h3 class=\"wp-block-heading\">D<\/h3>\n\n\n\n<p>Diagnose<br>Durch eine Diagnose wird eine k\u00f6rperliche oder psychische Krankheit durch einen Arzt festgestellt. Hierbei werden verschiedene Ergebnisse von Untersuchungen u. Gespr\u00e4chen zusammen gefasst.<\/p>\n\n\n\n<p>Defizit\u00e4r<br>Ein Defizit ergebend, M\u00e4ngel aufweisend.<\/p>\n\n\n\n<h3 class=\"wp-block-heading\">E<\/h3>\n\n\n\n<p>Evaluation<br>In einer Evaluation wird die Entwicklung von vergangenen Prozessen untersucht. Im Bereich der Autismusf\u00f6rderung hei\u00dft das, die Fachkr\u00e4fte fassen zusammen welche Themen bearbeitet wurden, was erreicht wurde oder im weiteren Verlauf n\u00f6tig ist. Daraus werden Berichte formuliert.<\/p>\n\n\n\n<h3 class=\"wp-block-heading\">F<\/h3>\n\n\n\n<div style=\"height:10px\" aria-hidden=\"true\" class=\"wp-block-spacer\"><\/div>\n\n\n\n<h3 class=\"wp-block-heading\">G<\/h3>\n\n\n\n<p>Gew\u00e4hrung<br>Eine Gew\u00e4hrung wird vom zust\u00e4ndigen Amt ausgestellt. Hier wird festgehalten, in welchem Umfang und welcher Art die F\u00f6rderung in der Autismusambulanz erfolgen kann.<\/p>\n\n\n\n<h3 class=\"wp-block-heading\">H<\/h3>\n\n\n\n<p>Hilfeplangespr\u00e4ch<br>In einem Hilfeplangespr\u00e4ch kommen Klient, Fachkraft der Ambulanz, zust\u00e4ndige Mitarbeiter des Amtes und je nach Alter des Klienten die Erziehungsberechtigten zusammen, um zu besprechen, wie der vergangene Zeitraum der F\u00f6rderung verlaufen ist, welche Themen besprochen wurde und welche Ziele als n\u00e4chstes bearbeitet werden soll. In diesem Rahmen kann auch gemeinsam entschieden werden, dass eine F\u00f6rderung beendet wird.<\/p>\n\n\n\n<h3 class=\"wp-block-heading\">I<\/h3>\n\n\n\n<p>ICD 11<br>Die ICD-11 ist eine Gliederung von gesundheitlichen Einschr\u00e4nkungen, die weltweit genutzt wird. Neben der thematischen Einsortierung von Einschr\u00e4nkungen, gibt die ICD-11 Fachkr\u00e4ften auch Abk\u00fcrzungen, die f\u00fcr Berichte und \u00e4hnliches genutzt werden.<\/p>\n\n\n\n<h3 class=\"wp-block-heading\">J <\/h3>\n\n\n\n<div style=\"height:10px\" aria-hidden=\"true\" class=\"wp-block-spacer\"><\/div>\n\n\n\n<h3 class=\"wp-block-heading\">K<\/h3>\n\n\n\n<p>Klient<br>Ein Klient ist der Mensch, welcher mit der Diagnose Autismus-Spektrums-St\u00f6rung, die Unterst\u00fctzung der Autismusambulanz in Anspruch nehmen kann.<\/p>\n\n\n\n<h3 class=\"wp-block-heading\">L<\/h3>\n\n\n\n<p>Lebenswelt<br>Orte und Themen, in denen sich Mensch (i.d.S. Kinder + Jugendliche, junge Erwachsene) bewegen, womit sie sich besch\u00e4ftigen und was sie besch\u00e4ftigt.<\/p>\n\n\n\n<h3 class=\"wp-block-heading\">M<\/h3>\n\n\n\n<p>Meltdown<br>Ein Meltdown wird ausgel\u00f6st durch eine Reiz\u00fcberflutung (Overload) und daraus resultierenden Stress. Diese Reaktion kann von den betroffenen Menschen nicht kontrolliert werden. Hierbei kann es beispielsweise zu schreien, Aggressionen gegen andere Personen oder sich selbst kommen. Ein Meltdown kann je nach Auspr\u00e4gung unterschiedlich lange dauern.<\/p>\n\n\n\n<p>Multimodal<br>Kombination verschiedener therapeutisch, p\u00e4dagogischer Ans\u00e4tze.<\/p>\n\n\n\n<h3 class=\"wp-block-heading\">N<\/h3>\n\n\n\n<p>Neurotypisch<br>Menschen, die keine Diagnose im Autsimus-Spektrum haben.<\/p>\n\n\n\n<p>Neurodiversit\u00e4t<br>Neurologische Vielfalt; jeder Mensch und somit jedes Gehirn ist anders.<\/p>\n\n\n\n<h3 class=\"wp-block-heading\">O<\/h3>\n\n\n\n<p>Overload<br>Ein Overload ist eine Reiz\u00fcberflutung. Hierbei kann ein Mensch die Sinneseindr\u00fccke um sich herum nicht vollst\u00e4ndig verarbeiten, was zu einer \u00dcberforderung f\u00fchrt. Hierbei kann sowohl eine Art von Sinneseindruck, wie beispielsweise das H\u00f6ren von zu lauten Ger\u00e4uschen, zu einer \u00dcberforderung f\u00fchren. Aber auch die Kombination von verschiedenen Bereichen der Sinneseindr\u00fccke kann vorliegen.<\/p>\n\n\n\n<h3 class=\"wp-block-heading\">P<\/h3>\n\n\n\n<p>pathologisch<br>nicht gesund, bzw. krankhaft.<\/p>\n\n\n\n<h3 class=\"wp-block-heading\">Q<\/h3>\n\n\n\n<div style=\"height:10px\" aria-hidden=\"true\" class=\"wp-block-spacer\"><\/div>\n\n\n\n<h3 class=\"wp-block-heading\">R<\/h3>\n\n\n\n<p>Repetitiv<br>sich wiederholend.<\/p>\n\n\n\n<p>Restriktiv<br>einschr\u00e4nkend.<\/p>\n\n\n\n<p>reziprok<br>wechselseitig, gegenseitig, aufeinander bezogen.<\/p>\n\n\n\n<h3 class=\"wp-block-heading\">S<\/h3>\n\n\n\n<p>Shutdown (autistischer)<br>Eine Reaktion auf eine vorangegangene Reiz\u00fcberflutung, bei der das Gehirn das \u201eSystem\u201c herunter f\u00e4hrt, um es zu sch\u00fctzen.<\/p>\n\n\n\n<p>Setting<br>Gestaltung eines&nbsp;therapeutischen Gespr\u00e4ches (Umgebung, Atmosph\u00e4re, Inhalt).<\/p>\n\n\n\n<p>Skills<br>Ein einge\u00fcbtes\/erlerntes Verhalten, welches kurzfristig in einer schwierigen Situation hilft, mit dieser besser umzugehen.<\/p>\n\n\n\n<p>Stereotypisch<br>Ein h\u00e4ufig vorkommendes, gleichbleibendes (Verhaltens-) Muster.<\/p>\n\n\n\n<h3 class=\"wp-block-heading\">T<\/h3>\n\n\n\n<p>Teilhabe<br>Unter Teilhabe wird verstanden, dass ein Mensch in eine Gemeinschaft bzgl. die Gesellschaft einbezogen ist. Hierbei soll erm\u00f6glicht werden, dass niemand ausgeschlossen ist aufgrund bestimmter Merkmale. Ein Teil davon ist auch, dass Menschen ihr Leben selbst oder mit Unterst\u00fctzung gestalten k\u00f6nnen und Entscheidungen treffen.<\/p>\n\n\n\n<h3 class=\"wp-block-heading\">U<\/h3>\n\n\n\n<div style=\"height:10px\" aria-hidden=\"true\" class=\"wp-block-spacer\"><\/div>\n\n\n\n<h3 class=\"wp-block-heading\">V<\/h3>\n\n\n\n<div style=\"height:10px\" aria-hidden=\"true\" class=\"wp-block-spacer\"><\/div>\n\n\n\n<h3 class=\"wp-block-heading\">W<\/h3>\n\n\n\n<div style=\"height:10px\" aria-hidden=\"true\" class=\"wp-block-spacer\"><\/div>\n\n\n\n<h3 class=\"wp-block-heading\">X<\/h3>\n\n\n\n<div style=\"height:10px\" aria-hidden=\"true\" class=\"wp-block-spacer\"><\/div>\n\n\n\n<h3 class=\"wp-block-heading\">Y<\/h3>\n\n\n\n<div style=\"height:10px\" aria-hidden=\"true\" class=\"wp-block-spacer\"><\/div>\n\n\n\n<h3 class=\"wp-block-heading\">Z<\/h3>\n\n\n\n<div style=\"height:50px\" aria-hidden=\"true\" class=\"wp-block-spacer\"><\/div>\n","protected":false},"excerpt":{"rendered":"<p>Hier finden Sie zum besseren Verst\u00e4ndnis die Erl\u00e4uterung von Fachbegriffen<\/p>\n","protected":false},"author":4,"featured_media":175,"parent":33,"menu_order":40,"comment_status":"closed","ping_status":"closed","template":"page-templates\/page-fullscreen.php","meta":{"_acf_changed":false,"footnotes":""},"class_list":["post-252","page","type-page","status-publish","has-post-thumbnail","hentry"],"acf":[],"yoast_head":"<!-- This site is optimized with the Yoast SEO plugin v27.3 - https:\/\/yoast.com\/product\/yoast-seo-wordpress\/ -->\n<title>H\u00e4ufige Fragen &amp; Begriffe - Spektral<\/title>\n<meta name=\"robots\" content=\"index, follow, max-snippet:-1, max-image-preview:large, max-video-preview:-1\" \/>\n<link rel=\"canonical\" href=\"https:\/\/lebenleben.de\/spektral\/wissenswertes-a-z\/wenn-sie-mehr-wissen-wollen\/\" \/>\n<meta property=\"og:locale\" content=\"de_DE\" \/>\n<meta property=\"og:type\" content=\"article\" \/>\n<meta property=\"og:title\" content=\"H\u00e4ufige Fragen &amp; Begriffe - Spektral\" \/>\n<meta property=\"og:description\" content=\"Hier finden Sie zum besseren Verst\u00e4ndnis die Erl\u00e4uterung von Fachbegriffen\" \/>\n<meta property=\"og:url\" content=\"https:\/\/lebenleben.de\/spektral\/wissenswertes-a-z\/wenn-sie-mehr-wissen-wollen\/\" \/>\n<meta property=\"og:site_name\" content=\"Spektral\" \/>\n<meta property=\"article:modified_time\" content=\"2024-05-30T09:56:04+00:00\" \/>\n<meta property=\"og:image\" content=\"https:\/\/lebenleben.de\/spektral\/wp-content\/uploads\/sites\/17\/2022\/05\/DSC_2328.jpg\" \/>\n\t<meta property=\"og:image:width\" content=\"2048\" \/>\n\t<meta property=\"og:image:height\" content=\"1363\" \/>\n\t<meta property=\"og:image:type\" content=\"image\/jpeg\" \/>\n<meta name=\"twitter:card\" content=\"summary_large_image\" \/>\n<meta name=\"twitter:label1\" content=\"Gesch\u00e4tzte Lesezeit\" \/>\n\t<meta name=\"twitter:data1\" content=\"7\u00a0Minuten\" \/>\n<script type=\"application\/ld+json\" class=\"yoast-schema-graph\">{\"@context\":\"https:\\\/\\\/schema.org\",\"@graph\":[{\"@type\":\"WebPage\",\"@id\":\"https:\\\/\\\/lebenleben.de\\\/spektral\\\/wissenswertes-a-z\\\/wenn-sie-mehr-wissen-wollen\\\/\",\"url\":\"https:\\\/\\\/lebenleben.de\\\/spektral\\\/wissenswertes-a-z\\\/wenn-sie-mehr-wissen-wollen\\\/\",\"name\":\"H\u00e4ufige Fragen &amp; Begriffe - Spektral\",\"isPartOf\":{\"@id\":\"https:\\\/\\\/lebenleben.de\\\/spektral\\\/#website\"},\"primaryImageOfPage\":{\"@id\":\"https:\\\/\\\/lebenleben.de\\\/spektral\\\/wissenswertes-a-z\\\/wenn-sie-mehr-wissen-wollen\\\/#primaryimage\"},\"image\":{\"@id\":\"https:\\\/\\\/lebenleben.de\\\/spektral\\\/wissenswertes-a-z\\\/wenn-sie-mehr-wissen-wollen\\\/#primaryimage\"},\"thumbnailUrl\":\"https:\\\/\\\/lebenleben.de\\\/spektral\\\/wp-content\\\/uploads\\\/sites\\\/17\\\/2022\\\/05\\\/DSC_2328.jpg\",\"datePublished\":\"2022-05-25T15:48:49+00:00\",\"dateModified\":\"2024-05-30T09:56:04+00:00\",\"breadcrumb\":{\"@id\":\"https:\\\/\\\/lebenleben.de\\\/spektral\\\/wissenswertes-a-z\\\/wenn-sie-mehr-wissen-wollen\\\/#breadcrumb\"},\"inLanguage\":\"de\",\"potentialAction\":[{\"@type\":\"ReadAction\",\"target\":[\"https:\\\/\\\/lebenleben.de\\\/spektral\\\/wissenswertes-a-z\\\/wenn-sie-mehr-wissen-wollen\\\/\"]}]},{\"@type\":\"ImageObject\",\"inLanguage\":\"de\",\"@id\":\"https:\\\/\\\/lebenleben.de\\\/spektral\\\/wissenswertes-a-z\\\/wenn-sie-mehr-wissen-wollen\\\/#primaryimage\",\"url\":\"https:\\\/\\\/lebenleben.de\\\/spektral\\\/wp-content\\\/uploads\\\/sites\\\/17\\\/2022\\\/05\\\/DSC_2328.jpg\",\"contentUrl\":\"https:\\\/\\\/lebenleben.de\\\/spektral\\\/wp-content\\\/uploads\\\/sites\\\/17\\\/2022\\\/05\\\/DSC_2328.jpg\",\"width\":2048,\"height\":1363},{\"@type\":\"BreadcrumbList\",\"@id\":\"https:\\\/\\\/lebenleben.de\\\/spektral\\\/wissenswertes-a-z\\\/wenn-sie-mehr-wissen-wollen\\\/#breadcrumb\",\"itemListElement\":[{\"@type\":\"ListItem\",\"position\":1,\"name\":\"Startseite\",\"item\":\"https:\\\/\\\/lebenleben.de\\\/spektral\\\/\"},{\"@type\":\"ListItem\",\"position\":2,\"name\":\"Wissenswertes A-Z\",\"item\":\"https:\\\/\\\/lebenleben.de\\\/spektral\\\/wissenswertes-a-z\\\/\"},{\"@type\":\"ListItem\",\"position\":3,\"name\":\"H\u00e4ufige Fragen &amp; Begriffe\"}]},{\"@type\":\"WebSite\",\"@id\":\"https:\\\/\\\/lebenleben.de\\\/spektral\\\/#website\",\"url\":\"https:\\\/\\\/lebenleben.de\\\/spektral\\\/\",\"name\":\"Spektral\",\"description\":\"Autismusambulanz in Uelzen und Gifhorn von Leben leben\",\"publisher\":{\"@id\":\"https:\\\/\\\/lebenleben.de\\\/spektral\\\/#organization\"},\"potentialAction\":[{\"@type\":\"SearchAction\",\"target\":{\"@type\":\"EntryPoint\",\"urlTemplate\":\"https:\\\/\\\/lebenleben.de\\\/spektral\\\/?s={search_term_string}\"},\"query-input\":{\"@type\":\"PropertyValueSpecification\",\"valueRequired\":true,\"valueName\":\"search_term_string\"}}],\"inLanguage\":\"de\"},{\"@type\":\"Organization\",\"@id\":\"https:\\\/\\\/lebenleben.de\\\/spektral\\\/#organization\",\"name\":\"Leben leben Spektral\",\"url\":\"https:\\\/\\\/lebenleben.de\\\/spektral\\\/\",\"logo\":{\"@type\":\"ImageObject\",\"inLanguage\":\"de\",\"@id\":\"https:\\\/\\\/lebenleben.de\\\/spektral\\\/#\\\/schema\\\/logo\\\/image\\\/\",\"url\":\"https:\\\/\\\/lebenleben.de\\\/spektral\\\/wp-content\\\/uploads\\\/sites\\\/17\\\/2022\\\/05\\\/ll_favicon-green.png\",\"contentUrl\":\"https:\\\/\\\/lebenleben.de\\\/spektral\\\/wp-content\\\/uploads\\\/sites\\\/17\\\/2022\\\/05\\\/ll_favicon-green.png\",\"width\":501,\"height\":501,\"caption\":\"Leben leben Spektral\"},\"image\":{\"@id\":\"https:\\\/\\\/lebenleben.de\\\/spektral\\\/#\\\/schema\\\/logo\\\/image\\\/\"}}]}<\/script>\n<!-- \/ Yoast SEO plugin. -->","yoast_head_json":{"title":"H\u00e4ufige Fragen &amp; Begriffe - Spektral","robots":{"index":"index","follow":"follow","max-snippet":"max-snippet:-1","max-image-preview":"max-image-preview:large","max-video-preview":"max-video-preview:-1"},"canonical":"https:\/\/lebenleben.de\/spektral\/wissenswertes-a-z\/wenn-sie-mehr-wissen-wollen\/","og_locale":"de_DE","og_type":"article","og_title":"H\u00e4ufige Fragen &amp; Begriffe - Spektral","og_description":"Hier finden Sie zum besseren Verst\u00e4ndnis die Erl\u00e4uterung von Fachbegriffen","og_url":"https:\/\/lebenleben.de\/spektral\/wissenswertes-a-z\/wenn-sie-mehr-wissen-wollen\/","og_site_name":"Spektral","article_modified_time":"2024-05-30T09:56:04+00:00","og_image":[{"width":2048,"height":1363,"url":"https:\/\/lebenleben.de\/spektral\/wp-content\/uploads\/sites\/17\/2022\/05\/DSC_2328.jpg","type":"image\/jpeg"}],"twitter_card":"summary_large_image","twitter_misc":{"Gesch\u00e4tzte Lesezeit":"7\u00a0Minuten"},"schema":{"@context":"https:\/\/schema.org","@graph":[{"@type":"WebPage","@id":"https:\/\/lebenleben.de\/spektral\/wissenswertes-a-z\/wenn-sie-mehr-wissen-wollen\/","url":"https:\/\/lebenleben.de\/spektral\/wissenswertes-a-z\/wenn-sie-mehr-wissen-wollen\/","name":"H\u00e4ufige Fragen &amp; Begriffe - Spektral","isPartOf":{"@id":"https:\/\/lebenleben.de\/spektral\/#website"},"primaryImageOfPage":{"@id":"https:\/\/lebenleben.de\/spektral\/wissenswertes-a-z\/wenn-sie-mehr-wissen-wollen\/#primaryimage"},"image":{"@id":"https:\/\/lebenleben.de\/spektral\/wissenswertes-a-z\/wenn-sie-mehr-wissen-wollen\/#primaryimage"},"thumbnailUrl":"https:\/\/lebenleben.de\/spektral\/wp-content\/uploads\/sites\/17\/2022\/05\/DSC_2328.jpg","datePublished":"2022-05-25T15:48:49+00:00","dateModified":"2024-05-30T09:56:04+00:00","breadcrumb":{"@id":"https:\/\/lebenleben.de\/spektral\/wissenswertes-a-z\/wenn-sie-mehr-wissen-wollen\/#breadcrumb"},"inLanguage":"de","potentialAction":[{"@type":"ReadAction","target":["https:\/\/lebenleben.de\/spektral\/wissenswertes-a-z\/wenn-sie-mehr-wissen-wollen\/"]}]},{"@type":"ImageObject","inLanguage":"de","@id":"https:\/\/lebenleben.de\/spektral\/wissenswertes-a-z\/wenn-sie-mehr-wissen-wollen\/#primaryimage","url":"https:\/\/lebenleben.de\/spektral\/wp-content\/uploads\/sites\/17\/2022\/05\/DSC_2328.jpg","contentUrl":"https:\/\/lebenleben.de\/spektral\/wp-content\/uploads\/sites\/17\/2022\/05\/DSC_2328.jpg","width":2048,"height":1363},{"@type":"BreadcrumbList","@id":"https:\/\/lebenleben.de\/spektral\/wissenswertes-a-z\/wenn-sie-mehr-wissen-wollen\/#breadcrumb","itemListElement":[{"@type":"ListItem","position":1,"name":"Startseite","item":"https:\/\/lebenleben.de\/spektral\/"},{"@type":"ListItem","position":2,"name":"Wissenswertes A-Z","item":"https:\/\/lebenleben.de\/spektral\/wissenswertes-a-z\/"},{"@type":"ListItem","position":3,"name":"H\u00e4ufige Fragen &amp; Begriffe"}]},{"@type":"WebSite","@id":"https:\/\/lebenleben.de\/spektral\/#website","url":"https:\/\/lebenleben.de\/spektral\/","name":"Spektral","description":"Autismusambulanz in Uelzen und Gifhorn von Leben leben","publisher":{"@id":"https:\/\/lebenleben.de\/spektral\/#organization"},"potentialAction":[{"@type":"SearchAction","target":{"@type":"EntryPoint","urlTemplate":"https:\/\/lebenleben.de\/spektral\/?s={search_term_string}"},"query-input":{"@type":"PropertyValueSpecification","valueRequired":true,"valueName":"search_term_string"}}],"inLanguage":"de"},{"@type":"Organization","@id":"https:\/\/lebenleben.de\/spektral\/#organization","name":"Leben leben Spektral","url":"https:\/\/lebenleben.de\/spektral\/","logo":{"@type":"ImageObject","inLanguage":"de","@id":"https:\/\/lebenleben.de\/spektral\/#\/schema\/logo\/image\/","url":"https:\/\/lebenleben.de\/spektral\/wp-content\/uploads\/sites\/17\/2022\/05\/ll_favicon-green.png","contentUrl":"https:\/\/lebenleben.de\/spektral\/wp-content\/uploads\/sites\/17\/2022\/05\/ll_favicon-green.png","width":501,"height":501,"caption":"Leben leben Spektral"},"image":{"@id":"https:\/\/lebenleben.de\/spektral\/#\/schema\/logo\/image\/"}}]}},"_links":{"self":[{"href":"https:\/\/lebenleben.de\/spektral\/wp-json\/wp\/v2\/pages\/252","targetHints":{"allow":["GET"]}}],"collection":[{"href":"https:\/\/lebenleben.de\/spektral\/wp-json\/wp\/v2\/pages"}],"about":[{"href":"https:\/\/lebenleben.de\/spektral\/wp-json\/wp\/v2\/types\/page"}],"author":[{"embeddable":true,"href":"https:\/\/lebenleben.de\/spektral\/wp-json\/wp\/v2\/users\/4"}],"replies":[{"embeddable":true,"href":"https:\/\/lebenleben.de\/spektral\/wp-json\/wp\/v2\/comments?post=252"}],"version-history":[{"count":22,"href":"https:\/\/lebenleben.de\/spektral\/wp-json\/wp\/v2\/pages\/252\/revisions"}],"predecessor-version":[{"id":776,"href":"https:\/\/lebenleben.de\/spektral\/wp-json\/wp\/v2\/pages\/252\/revisions\/776"}],"up":[{"embeddable":true,"href":"https:\/\/lebenleben.de\/spektral\/wp-json\/wp\/v2\/pages\/33"}],"wp:featuredmedia":[{"embeddable":true,"href":"https:\/\/lebenleben.de\/spektral\/wp-json\/wp\/v2\/media\/175"}],"wp:attachment":[{"href":"https:\/\/lebenleben.de\/spektral\/wp-json\/wp\/v2\/media?parent=252"}],"curies":[{"name":"wp","href":"https:\/\/api.w.org\/{rel}","templated":true}]}}