{"id":31,"date":"2022-05-04T11:44:22","date_gmt":"2022-05-04T09:44:22","guid":{"rendered":"https:\/\/lebenleben.de\/spektral\/?page_id=31"},"modified":"2025-08-08T13:04:09","modified_gmt":"2025-08-08T11:04:09","slug":"unsere-projekte","status":"publish","type":"page","link":"https:\/\/lebenleben.de\/spektral\/gifhorn\/unsere-projekte\/","title":{"rendered":"Unsere Projekte"},"content":{"rendered":"\n<div id=\"llimageslider-block_c64d83b8e414ae560d8ee04df949fb79\" class=\"block-llimageslider llimageslider alignwide\">\n\n    \n\t\t<div class=\"llimageslider-slider\" data-slick='{\"autoplaySpeed\": 5000}'>\n\t\t\t\t\t\t\t<div class=\"single-slide-wrapper slide-1\">\n\t\t\t\t\t<img loading=\"lazy\" decoding=\"async\" width=\"1400\" height=\"440\" src=\"https:\/\/lebenleben.de\/spektral\/wp-content\/uploads\/sites\/17\/2024\/05\/iStock-1331406551_bunte-Kugeln-1400x440-1.jpg\" class=\"single-slide-image slider-desktop-image\" alt=\"\" srcset=\"https:\/\/lebenleben.de\/spektral\/wp-content\/uploads\/sites\/17\/2024\/05\/iStock-1331406551_bunte-Kugeln-1400x440-1.jpg 1400w, https:\/\/lebenleben.de\/spektral\/wp-content\/uploads\/sites\/17\/2024\/05\/iStock-1331406551_bunte-Kugeln-1400x440-1-300x94.jpg 300w, https:\/\/lebenleben.de\/spektral\/wp-content\/uploads\/sites\/17\/2024\/05\/iStock-1331406551_bunte-Kugeln-1400x440-1-1024x322.jpg 1024w, https:\/\/lebenleben.de\/spektral\/wp-content\/uploads\/sites\/17\/2024\/05\/iStock-1331406551_bunte-Kugeln-1400x440-1-768x241.jpg 768w\" sizes=\"auto, (max-width: 1400px) 100vw, 1400px\" \/>          <img loading=\"lazy\" decoding=\"async\" width=\"1000\" height=\"314\" src=\"https:\/\/lebenleben.de\/spektral\/wp-content\/uploads\/sites\/17\/2024\/05\/iStock-1331406551_bunte-Kugeln-1400x440-1-1024x322.jpg\" class=\"single-slide-image slider-mobile-image\" alt=\"\" srcset=\"https:\/\/lebenleben.de\/spektral\/wp-content\/uploads\/sites\/17\/2024\/05\/iStock-1331406551_bunte-Kugeln-1400x440-1-1024x322.jpg 1024w, https:\/\/lebenleben.de\/spektral\/wp-content\/uploads\/sites\/17\/2024\/05\/iStock-1331406551_bunte-Kugeln-1400x440-1-300x94.jpg 300w, https:\/\/lebenleben.de\/spektral\/wp-content\/uploads\/sites\/17\/2024\/05\/iStock-1331406551_bunte-Kugeln-1400x440-1-768x241.jpg 768w, https:\/\/lebenleben.de\/spektral\/wp-content\/uploads\/sites\/17\/2024\/05\/iStock-1331406551_bunte-Kugeln-1400x440-1.jpg 1400w\" sizes=\"auto, (max-width: 1000px) 100vw, 1000px\" \/>\n                    <div class=\"single-slide-text\">\n          <h2>Unsere Projekte<\/h2>                  <\/div>\n        \n\t\t\t\t<\/div>\n\t\t\t\t\t<\/div>\n\t  <script>\n    jQuery(document).ready(function() {\n        jQuery('.llimageslider-slider').slick({\n          dots: true,\n          infinite: true,\n          speed: 1000,\n          autoplay: true,\n          adaptiveHeight: true,\n          slidesToShow: 1,\n          fade: true,\n          focusOnSelect: true\n        });\n    });\n    <\/script>\n<\/div>\n\n\n\n<h3 class=\"wp-block-heading\">Start der sozialen Kompetenzgruppen steht kurz bevor<\/h3>\n\n\n\n<div class=\"wp-block-columns is-layout-flex wp-container-core-columns-is-layout-9d6595d7 wp-block-columns-is-layout-flex\">\n<div class=\"wp-block-column is-layout-flow wp-block-column-is-layout-flow\" style=\"flex-basis:30%\">\n<figure class=\"wp-block-image size-large is-style-default\"><img loading=\"lazy\" decoding=\"async\" width=\"1024\" height=\"681\" src=\"https:\/\/lebenleben.de\/spektral\/wp-content\/uploads\/sites\/17\/2022\/06\/DSC_6172_resized-1024x681.jpg\" alt=\"\" class=\"wp-image-452\" srcset=\"https:\/\/lebenleben.de\/spektral\/wp-content\/uploads\/sites\/17\/2022\/06\/DSC_6172_resized-1024x681.jpg 1024w, https:\/\/lebenleben.de\/spektral\/wp-content\/uploads\/sites\/17\/2022\/06\/DSC_6172_resized-300x200.jpg 300w, https:\/\/lebenleben.de\/spektral\/wp-content\/uploads\/sites\/17\/2022\/06\/DSC_6172_resized-768x511.jpg 768w, https:\/\/lebenleben.de\/spektral\/wp-content\/uploads\/sites\/17\/2022\/06\/DSC_6172_resized.jpg 1500w\" sizes=\"auto, (max-width: 1024px) 100vw, 1024px\" \/><\/figure>\n<\/div>\n\n\n\n<div class=\"wp-block-column is-layout-flow wp-block-column-is-layout-flow\" style=\"flex-basis:70%\">\n<p>Soziale Kompetenzgruppen, kurz &#8222;Soko&#8220;, sollen den Teilnehmenden erm\u00f6glichen, in Kleingruppen soziale Interaktion und Kommunikation zu \u00fcben. Hierbei wird herausgearbeitet, welche F\u00e4higkeiten und Ressourcen schon vorhanden sind und was noch erlernt werden kann. In den Kleingruppen wird darauf geachtet, dass die Teilnehmenden einer \u00e4hnlichen Altersgruppe angeh\u00f6ren.<\/p>\n\n\n\n<p>Themen in der &#8222;Soko&#8220; k\u00f6nnen beispielsweise sein:<\/p>\n\n\n\n<ul class=\"wp-block-list\">\n<li>Umgang mit Emotionen<\/li>\n\n\n\n<li>Gespr\u00e4chsregeln<\/li>\n\n\n\n<li>Konfliktbew\u00e4ltigung<\/li>\n\n\n\n<li>Teamarbeit<\/li>\n\n\n\n<li>Absprachen treffen und einhalten<\/li>\n<\/ul>\n\n\n\n<div style=\"height:25px\" aria-hidden=\"true\" class=\"wp-block-spacer\"><\/div>\n\n\n\n<p><\/p>\n<\/div>\n<\/div>\n\n\n\n<h3 class=\"wp-block-heading\">Unser Hund-Mensch-Team stellt sich vor<\/h3>\n\n\n\n<div class=\"wp-block-columns is-layout-flex wp-container-core-columns-is-layout-9d6595d7 wp-block-columns-is-layout-flex\">\n<div class=\"wp-block-column is-layout-flow wp-block-column-is-layout-flow\" style=\"flex-basis:30%\">\n<figure class=\"wp-block-image size-large\"><img loading=\"lazy\" decoding=\"async\" width=\"1024\" height=\"1024\" src=\"https:\/\/lebenleben.de\/spektral\/wp-content\/uploads\/sites\/17\/2025\/08\/Therapiehund-Neo-1-1024x1024.jpg\" alt=\"\" class=\"wp-image-904\" srcset=\"https:\/\/lebenleben.de\/spektral\/wp-content\/uploads\/sites\/17\/2025\/08\/Therapiehund-Neo-1-1024x1024.jpg 1024w, https:\/\/lebenleben.de\/spektral\/wp-content\/uploads\/sites\/17\/2025\/08\/Therapiehund-Neo-1-300x300.jpg 300w, https:\/\/lebenleben.de\/spektral\/wp-content\/uploads\/sites\/17\/2025\/08\/Therapiehund-Neo-1-768x768.jpg 768w, https:\/\/lebenleben.de\/spektral\/wp-content\/uploads\/sites\/17\/2025\/08\/Therapiehund-Neo-1-1536x1536.jpg 1536w, https:\/\/lebenleben.de\/spektral\/wp-content\/uploads\/sites\/17\/2025\/08\/Therapiehund-Neo-1-2048x2048.jpg 2048w, https:\/\/lebenleben.de\/spektral\/wp-content\/uploads\/sites\/17\/2025\/08\/Therapiehund-Neo-1-500x500.jpg 500w\" sizes=\"auto, (max-width: 1024px) 100vw, 1024px\" \/><\/figure>\n<\/div>\n\n\n\n<div class=\"wp-block-column is-layout-flow wp-block-column-is-layout-flow\" style=\"flex-basis:70%\">\n<p>Neo, ein vierj\u00e4hriger Australian Shepard R\u00fcde und Jenny, Autismusfachkraft, sind schon jetzt Teil unseres Teams und werden sp\u00e4testens nach erfolgreicher Absolvierung ihrer Pr\u00fcfung, die f\u00fcr April 2026 vorgesehen ist, unsere Arbeit mit &#8222;tierisch guten Impulsen&#8220; bereichern.<\/p>\n\n\n\n<p>Schon heute stehen beide f\u00fcr mehr Lebensfreude, Gelassenheit und Motivation im Alltag!<\/p>\n\n\n\n<p><\/p>\n\n\n\n<p><\/p>\n<\/div>\n<\/div>\n\n\n\n<p><\/p>\n","protected":false},"excerpt":{"rendered":"<p>Soziale Kompetenzen erlernen, wie die Einhaltung von Gespr\u00e4chsregeln oder Absprachen treffen und einhalten. Im Rahmen einer sozialen Kompetenzgruppe, &#8222;Soko&#8220;, ist genau das alles m\u00f6glich!<\/p>\n","protected":false},"author":1,"featured_media":162,"parent":21,"menu_order":50,"comment_status":"closed","ping_status":"closed","template":"page-templates\/page-fullscreen.php","meta":{"_acf_changed":false,"footnotes":""},"class_list":["post-31","page","type-page","status-publish","has-post-thumbnail","hentry"],"acf":[],"yoast_head":"<!-- This site is optimized with the Yoast SEO plugin v27.3 - https:\/\/yoast.com\/product\/yoast-seo-wordpress\/ -->\n<title>Unsere Projekte - Spektral<\/title>\n<meta name=\"robots\" content=\"index, follow, max-snippet:-1, max-image-preview:large, max-video-preview:-1\" \/>\n<link rel=\"canonical\" href=\"https:\/\/lebenleben.de\/spektral\/gifhorn\/unsere-projekte\/\" \/>\n<meta property=\"og:locale\" content=\"de_DE\" \/>\n<meta property=\"og:type\" content=\"article\" \/>\n<meta property=\"og:title\" content=\"Unsere Projekte - Spektral\" \/>\n<meta property=\"og:description\" content=\"Soziale Kompetenzen erlernen, wie die Einhaltung von Gespr\u00e4chsregeln oder Absprachen treffen und einhalten. Im Rahmen einer sozialen Kompetenzgruppe, &quot;Soko&quot;, ist genau das alles m\u00f6glich!\" \/>\n<meta property=\"og:url\" content=\"https:\/\/lebenleben.de\/spektral\/gifhorn\/unsere-projekte\/\" \/>\n<meta property=\"og:site_name\" content=\"Spektral\" \/>\n<meta property=\"article:modified_time\" content=\"2025-08-08T11:04:09+00:00\" \/>\n<meta property=\"og:image\" content=\"https:\/\/lebenleben.de\/spektral\/wp-content\/uploads\/sites\/17\/2022\/05\/iStock-1331406551_bunte-Kugeln-scaled.jpg\" \/>\n\t<meta property=\"og:image:width\" content=\"2560\" \/>\n\t<meta property=\"og:image:height\" content=\"1920\" \/>\n\t<meta property=\"og:image:type\" content=\"image\/jpeg\" \/>\n<meta name=\"twitter:card\" content=\"summary_large_image\" \/>\n<meta name=\"twitter:label1\" content=\"Gesch\u00e4tzte Lesezeit\" \/>\n\t<meta name=\"twitter:data1\" content=\"2\u00a0Minuten\" \/>\n<script type=\"application\/ld+json\" class=\"yoast-schema-graph\">{\"@context\":\"https:\\\/\\\/schema.org\",\"@graph\":[{\"@type\":\"WebPage\",\"@id\":\"https:\\\/\\\/lebenleben.de\\\/spektral\\\/gifhorn\\\/unsere-projekte\\\/\",\"url\":\"https:\\\/\\\/lebenleben.de\\\/spektral\\\/gifhorn\\\/unsere-projekte\\\/\",\"name\":\"Unsere Projekte - Spektral\",\"isPartOf\":{\"@id\":\"https:\\\/\\\/lebenleben.de\\\/spektral\\\/#website\"},\"primaryImageOfPage\":{\"@id\":\"https:\\\/\\\/lebenleben.de\\\/spektral\\\/gifhorn\\\/unsere-projekte\\\/#primaryimage\"},\"image\":{\"@id\":\"https:\\\/\\\/lebenleben.de\\\/spektral\\\/gifhorn\\\/unsere-projekte\\\/#primaryimage\"},\"thumbnailUrl\":\"https:\\\/\\\/lebenleben.de\\\/spektral\\\/wp-content\\\/uploads\\\/sites\\\/17\\\/2022\\\/05\\\/iStock-1331406551_bunte-Kugeln-scaled.jpg\",\"datePublished\":\"2022-05-04T09:44:22+00:00\",\"dateModified\":\"2025-08-08T11:04:09+00:00\",\"breadcrumb\":{\"@id\":\"https:\\\/\\\/lebenleben.de\\\/spektral\\\/gifhorn\\\/unsere-projekte\\\/#breadcrumb\"},\"inLanguage\":\"de\",\"potentialAction\":[{\"@type\":\"ReadAction\",\"target\":[\"https:\\\/\\\/lebenleben.de\\\/spektral\\\/gifhorn\\\/unsere-projekte\\\/\"]}]},{\"@type\":\"ImageObject\",\"inLanguage\":\"de\",\"@id\":\"https:\\\/\\\/lebenleben.de\\\/spektral\\\/gifhorn\\\/unsere-projekte\\\/#primaryimage\",\"url\":\"https:\\\/\\\/lebenleben.de\\\/spektral\\\/wp-content\\\/uploads\\\/sites\\\/17\\\/2022\\\/05\\\/iStock-1331406551_bunte-Kugeln-scaled.jpg\",\"contentUrl\":\"https:\\\/\\\/lebenleben.de\\\/spektral\\\/wp-content\\\/uploads\\\/sites\\\/17\\\/2022\\\/05\\\/iStock-1331406551_bunte-Kugeln-scaled.jpg\",\"width\":2560,\"height\":1920,\"caption\":\"game for autists pop it\"},{\"@type\":\"BreadcrumbList\",\"@id\":\"https:\\\/\\\/lebenleben.de\\\/spektral\\\/gifhorn\\\/unsere-projekte\\\/#breadcrumb\",\"itemListElement\":[{\"@type\":\"ListItem\",\"position\":1,\"name\":\"Startseite\",\"item\":\"https:\\\/\\\/lebenleben.de\\\/spektral\\\/\"},{\"@type\":\"ListItem\",\"position\":2,\"name\":\"Gifhorn\",\"item\":\"https:\\\/\\\/lebenleben.de\\\/spektral\\\/gifhorn\\\/\"},{\"@type\":\"ListItem\",\"position\":3,\"name\":\"Unsere Projekte\"}]},{\"@type\":\"WebSite\",\"@id\":\"https:\\\/\\\/lebenleben.de\\\/spektral\\\/#website\",\"url\":\"https:\\\/\\\/lebenleben.de\\\/spektral\\\/\",\"name\":\"Spektral\",\"description\":\"Autismusambulanz in Uelzen und Gifhorn von Leben leben\",\"publisher\":{\"@id\":\"https:\\\/\\\/lebenleben.de\\\/spektral\\\/#organization\"},\"potentialAction\":[{\"@type\":\"SearchAction\",\"target\":{\"@type\":\"EntryPoint\",\"urlTemplate\":\"https:\\\/\\\/lebenleben.de\\\/spektral\\\/?s={search_term_string}\"},\"query-input\":{\"@type\":\"PropertyValueSpecification\",\"valueRequired\":true,\"valueName\":\"search_term_string\"}}],\"inLanguage\":\"de\"},{\"@type\":\"Organization\",\"@id\":\"https:\\\/\\\/lebenleben.de\\\/spektral\\\/#organization\",\"name\":\"Leben leben Spektral\",\"url\":\"https:\\\/\\\/lebenleben.de\\\/spektral\\\/\",\"logo\":{\"@type\":\"ImageObject\",\"inLanguage\":\"de\",\"@id\":\"https:\\\/\\\/lebenleben.de\\\/spektral\\\/#\\\/schema\\\/logo\\\/image\\\/\",\"url\":\"https:\\\/\\\/lebenleben.de\\\/spektral\\\/wp-content\\\/uploads\\\/sites\\\/17\\\/2022\\\/05\\\/ll_favicon-green.png\",\"contentUrl\":\"https:\\\/\\\/lebenleben.de\\\/spektral\\\/wp-content\\\/uploads\\\/sites\\\/17\\\/2022\\\/05\\\/ll_favicon-green.png\",\"width\":501,\"height\":501,\"caption\":\"Leben leben Spektral\"},\"image\":{\"@id\":\"https:\\\/\\\/lebenleben.de\\\/spektral\\\/#\\\/schema\\\/logo\\\/image\\\/\"}}]}<\/script>\n<!-- \/ Yoast SEO plugin. -->","yoast_head_json":{"title":"Unsere Projekte - Spektral","robots":{"index":"index","follow":"follow","max-snippet":"max-snippet:-1","max-image-preview":"max-image-preview:large","max-video-preview":"max-video-preview:-1"},"canonical":"https:\/\/lebenleben.de\/spektral\/gifhorn\/unsere-projekte\/","og_locale":"de_DE","og_type":"article","og_title":"Unsere Projekte - Spektral","og_description":"Soziale Kompetenzen erlernen, wie die Einhaltung von Gespr\u00e4chsregeln oder Absprachen treffen und einhalten. Im Rahmen einer sozialen Kompetenzgruppe, \"Soko\", ist genau das alles m\u00f6glich!","og_url":"https:\/\/lebenleben.de\/spektral\/gifhorn\/unsere-projekte\/","og_site_name":"Spektral","article_modified_time":"2025-08-08T11:04:09+00:00","og_image":[{"width":2560,"height":1920,"url":"https:\/\/lebenleben.de\/spektral\/wp-content\/uploads\/sites\/17\/2022\/05\/iStock-1331406551_bunte-Kugeln-scaled.jpg","type":"image\/jpeg"}],"twitter_card":"summary_large_image","twitter_misc":{"Gesch\u00e4tzte Lesezeit":"2\u00a0Minuten"},"schema":{"@context":"https:\/\/schema.org","@graph":[{"@type":"WebPage","@id":"https:\/\/lebenleben.de\/spektral\/gifhorn\/unsere-projekte\/","url":"https:\/\/lebenleben.de\/spektral\/gifhorn\/unsere-projekte\/","name":"Unsere Projekte - Spektral","isPartOf":{"@id":"https:\/\/lebenleben.de\/spektral\/#website"},"primaryImageOfPage":{"@id":"https:\/\/lebenleben.de\/spektral\/gifhorn\/unsere-projekte\/#primaryimage"},"image":{"@id":"https:\/\/lebenleben.de\/spektral\/gifhorn\/unsere-projekte\/#primaryimage"},"thumbnailUrl":"https:\/\/lebenleben.de\/spektral\/wp-content\/uploads\/sites\/17\/2022\/05\/iStock-1331406551_bunte-Kugeln-scaled.jpg","datePublished":"2022-05-04T09:44:22+00:00","dateModified":"2025-08-08T11:04:09+00:00","breadcrumb":{"@id":"https:\/\/lebenleben.de\/spektral\/gifhorn\/unsere-projekte\/#breadcrumb"},"inLanguage":"de","potentialAction":[{"@type":"ReadAction","target":["https:\/\/lebenleben.de\/spektral\/gifhorn\/unsere-projekte\/"]}]},{"@type":"ImageObject","inLanguage":"de","@id":"https:\/\/lebenleben.de\/spektral\/gifhorn\/unsere-projekte\/#primaryimage","url":"https:\/\/lebenleben.de\/spektral\/wp-content\/uploads\/sites\/17\/2022\/05\/iStock-1331406551_bunte-Kugeln-scaled.jpg","contentUrl":"https:\/\/lebenleben.de\/spektral\/wp-content\/uploads\/sites\/17\/2022\/05\/iStock-1331406551_bunte-Kugeln-scaled.jpg","width":2560,"height":1920,"caption":"game for autists pop it"},{"@type":"BreadcrumbList","@id":"https:\/\/lebenleben.de\/spektral\/gifhorn\/unsere-projekte\/#breadcrumb","itemListElement":[{"@type":"ListItem","position":1,"name":"Startseite","item":"https:\/\/lebenleben.de\/spektral\/"},{"@type":"ListItem","position":2,"name":"Gifhorn","item":"https:\/\/lebenleben.de\/spektral\/gifhorn\/"},{"@type":"ListItem","position":3,"name":"Unsere Projekte"}]},{"@type":"WebSite","@id":"https:\/\/lebenleben.de\/spektral\/#website","url":"https:\/\/lebenleben.de\/spektral\/","name":"Spektral","description":"Autismusambulanz in Uelzen und Gifhorn von Leben leben","publisher":{"@id":"https:\/\/lebenleben.de\/spektral\/#organization"},"potentialAction":[{"@type":"SearchAction","target":{"@type":"EntryPoint","urlTemplate":"https:\/\/lebenleben.de\/spektral\/?s={search_term_string}"},"query-input":{"@type":"PropertyValueSpecification","valueRequired":true,"valueName":"search_term_string"}}],"inLanguage":"de"},{"@type":"Organization","@id":"https:\/\/lebenleben.de\/spektral\/#organization","name":"Leben leben Spektral","url":"https:\/\/lebenleben.de\/spektral\/","logo":{"@type":"ImageObject","inLanguage":"de","@id":"https:\/\/lebenleben.de\/spektral\/#\/schema\/logo\/image\/","url":"https:\/\/lebenleben.de\/spektral\/wp-content\/uploads\/sites\/17\/2022\/05\/ll_favicon-green.png","contentUrl":"https:\/\/lebenleben.de\/spektral\/wp-content\/uploads\/sites\/17\/2022\/05\/ll_favicon-green.png","width":501,"height":501,"caption":"Leben leben Spektral"},"image":{"@id":"https:\/\/lebenleben.de\/spektral\/#\/schema\/logo\/image\/"}}]}},"_links":{"self":[{"href":"https:\/\/lebenleben.de\/spektral\/wp-json\/wp\/v2\/pages\/31","targetHints":{"allow":["GET"]}}],"collection":[{"href":"https:\/\/lebenleben.de\/spektral\/wp-json\/wp\/v2\/pages"}],"about":[{"href":"https:\/\/lebenleben.de\/spektral\/wp-json\/wp\/v2\/types\/page"}],"author":[{"embeddable":true,"href":"https:\/\/lebenleben.de\/spektral\/wp-json\/wp\/v2\/users\/1"}],"replies":[{"embeddable":true,"href":"https:\/\/lebenleben.de\/spektral\/wp-json\/wp\/v2\/comments?post=31"}],"version-history":[{"count":19,"href":"https:\/\/lebenleben.de\/spektral\/wp-json\/wp\/v2\/pages\/31\/revisions"}],"predecessor-version":[{"id":914,"href":"https:\/\/lebenleben.de\/spektral\/wp-json\/wp\/v2\/pages\/31\/revisions\/914"}],"up":[{"embeddable":true,"href":"https:\/\/lebenleben.de\/spektral\/wp-json\/wp\/v2\/pages\/21"}],"wp:featuredmedia":[{"embeddable":true,"href":"https:\/\/lebenleben.de\/spektral\/wp-json\/wp\/v2\/media\/162"}],"wp:attachment":[{"href":"https:\/\/lebenleben.de\/spektral\/wp-json\/wp\/v2\/media?parent=31"}],"curies":[{"name":"wp","href":"https:\/\/api.w.org\/{rel}","templated":true}]}}