{"id":39,"date":"2022-05-04T11:46:11","date_gmt":"2022-05-04T09:46:11","guid":{"rendered":"https:\/\/lebenleben.de\/spektral\/?page_id=39"},"modified":"2024-05-30T11:52:46","modified_gmt":"2024-05-30T09:52:46","slug":"von-der-erstberatung-zur-therapie","status":"publish","type":"page","link":"https:\/\/lebenleben.de\/spektral\/wissenswertes-a-z\/von-der-erstberatung-zur-therapie\/","title":{"rendered":"Von der Erstberatung zur Therapie"},"content":{"rendered":"\n<div id=\"llimageslider-block_f77119e5df3187aead3d382ee2316b99\" class=\"block-llimageslider llimageslider alignwide\">\n\n    \n\t\t<div class=\"llimageslider-slider\" data-slick='{\"autoplaySpeed\": 5000}'>\n\t\t\t\t\t\t\t<div class=\"single-slide-wrapper slide-1\">\n\t\t\t\t\t<img loading=\"lazy\" decoding=\"async\" width=\"1400\" height=\"440\" src=\"https:\/\/lebenleben.de\/spektral\/wp-content\/uploads\/sites\/17\/2024\/05\/DSC_2402-1400x440-1.jpg\" class=\"single-slide-image slider-desktop-image\" alt=\"\" srcset=\"https:\/\/lebenleben.de\/spektral\/wp-content\/uploads\/sites\/17\/2024\/05\/DSC_2402-1400x440-1.jpg 1400w, https:\/\/lebenleben.de\/spektral\/wp-content\/uploads\/sites\/17\/2024\/05\/DSC_2402-1400x440-1-300x94.jpg 300w, https:\/\/lebenleben.de\/spektral\/wp-content\/uploads\/sites\/17\/2024\/05\/DSC_2402-1400x440-1-1024x322.jpg 1024w, https:\/\/lebenleben.de\/spektral\/wp-content\/uploads\/sites\/17\/2024\/05\/DSC_2402-1400x440-1-768x241.jpg 768w\" sizes=\"auto, (max-width: 1400px) 100vw, 1400px\" \/>          <img loading=\"lazy\" decoding=\"async\" width=\"1000\" height=\"314\" src=\"https:\/\/lebenleben.de\/spektral\/wp-content\/uploads\/sites\/17\/2024\/05\/DSC_2402-1400x440-1-1024x322.jpg\" class=\"single-slide-image slider-mobile-image\" alt=\"\" srcset=\"https:\/\/lebenleben.de\/spektral\/wp-content\/uploads\/sites\/17\/2024\/05\/DSC_2402-1400x440-1-1024x322.jpg 1024w, https:\/\/lebenleben.de\/spektral\/wp-content\/uploads\/sites\/17\/2024\/05\/DSC_2402-1400x440-1-300x94.jpg 300w, https:\/\/lebenleben.de\/spektral\/wp-content\/uploads\/sites\/17\/2024\/05\/DSC_2402-1400x440-1-768x241.jpg 768w, https:\/\/lebenleben.de\/spektral\/wp-content\/uploads\/sites\/17\/2024\/05\/DSC_2402-1400x440-1.jpg 1400w\" sizes=\"auto, (max-width: 1000px) 100vw, 1000px\" \/>\n                    <div class=\"single-slide-text\">\n          <h2>Von der Erstberatung zur Therapie<\/h2>                  <\/div>\n        \n\t\t\t\t<\/div>\n\t\t\t\t\t<\/div>\n\t  <script>\n    jQuery(document).ready(function() {\n        jQuery('.llimageslider-slider').slick({\n          dots: true,\n          infinite: true,\n          speed: 1000,\n          autoplay: true,\n          adaptiveHeight: true,\n          slidesToShow: 1,\n          fade: true,\n          focusOnSelect: true\n        });\n    });\n    <\/script>\n<\/div>\n\n\n\n<figure class=\"wp-block-image size-full\"><img loading=\"lazy\" decoding=\"async\" width=\"1024\" height=\"774\" src=\"https:\/\/lebenleben.de\/spektral\/wp-content\/uploads\/sites\/17\/2024\/04\/ablauf-1024x774-1.png\" alt=\"\" class=\"wp-image-711\" srcset=\"https:\/\/lebenleben.de\/spektral\/wp-content\/uploads\/sites\/17\/2024\/04\/ablauf-1024x774-1.png 1024w, https:\/\/lebenleben.de\/spektral\/wp-content\/uploads\/sites\/17\/2024\/04\/ablauf-1024x774-1-300x227.png 300w, https:\/\/lebenleben.de\/spektral\/wp-content\/uploads\/sites\/17\/2024\/04\/ablauf-1024x774-1-768x581.png 768w\" sizes=\"auto, (max-width: 1024px) 100vw, 1024px\" \/><\/figure>\n\n\n\n<div style=\"height:25px\" aria-hidden=\"true\" class=\"wp-block-spacer\"><\/div>\n\n\n\n<h3 class=\"wp-block-heading\"><strong>1. Erstkontakt<\/strong><\/h3>\n\n\n\n<p>Der Erstkontakt zu den Fachkr\u00e4ften der Autismusambulanz kann sowohl mit bereits gesicherter Diagnose, aber auch beim Verdacht auf die Diagnose Autismus-Spektrums-St\u00f6rung erfolgen. Hier k\u00f6nnen gemeinsam in einem Beratungsgespr\u00e4ch erste Fragen gekl\u00e4rt, relevante Informationen gesammelt und ein weiteres Vorgehen besprochen werden.<\/p>\n\n\n\n<div style=\"height:25px\" aria-hidden=\"true\" class=\"wp-block-spacer\"><\/div>\n\n\n\n<h3 class=\"wp-block-heading\"><strong>2. Diagnosestellung<\/strong><\/h3>\n\n\n\n<p>Wir bieten keine Diagnostik von Autismus-Spektrums-St\u00f6rungen an. Dazu ist eine Vorstellung in einer kinder- und jugendpsychiatrischen bzw. einer psychiatrischen Praxis n\u00f6tig.<\/p>\n\n\n\n<div style=\"height:25px\" aria-hidden=\"true\" class=\"wp-block-spacer\"><\/div>\n\n\n\n<h3 class=\"wp-block-heading\"><strong>3. Antrag auf \u00dcbernahme der Kosten<\/strong><\/h3>\n\n\n\n<p>Ist eine Autismus-Spektrums-St\u00f6rung diagnostisch gesichert, kann eine \u00dcbernahme der Kosten f\u00fcr das Angebot der Autismusambulanz beim jeweilig zust\u00e4ndigen Amt beantrag werden. Zust\u00e4ndig sind hier die \u00f6rtlichen Sozial- und Jugendhilfetr\u00e4ger.<\/p>\n\n\n\n<div style=\"height:25px\" aria-hidden=\"true\" class=\"wp-block-spacer\"><\/div>\n\n\n\n<h3 class=\"wp-block-heading\"><strong>4. Aufnahme in die Autismusambulanz<\/strong><\/h3>\n\n\n\n<p>Liegt eine Bewilligung des Kostentr\u00e4gers vor, kann die (erneute) Kontaktaufnahme zur Autismusambulanz erfolgen. Der Umfang der Unterst\u00fctzung richtet sich hier nach dem Bedarf und der Bewilligung des Kostentr\u00e4gers.<\/p>\n\n\n\n<p>In einem ersten (Anamnese-)Gespr\u00e4ch mit der zust\u00e4ndigen Fachkraft werden neben einem ausf\u00fchrlichen Kennenlernen, auch erste W\u00fcnsche und Ziele der F\u00f6rderung festgehalten.&nbsp; \u00e0 Idee den Anamnesebogen zum Download anzuh\u00e4ngen?<\/p>\n\n\n\n<div style=\"height:25px\" aria-hidden=\"true\" class=\"wp-block-spacer\"><\/div>\n\n\n\n<h3 class=\"wp-block-heading\"><strong>5. Beziehungsaufbau (Wir lernen uns kennen)<\/strong><\/h3>\n\n\n\n<p>In regelm\u00e4\u00dfig w\u00f6chentlichen Terminen erfolgt ein erstes Kennenlernen und ein Beziehungsaufbau. Diese Phase wird individuell gestaltet. Eine F\u00f6rderdiagnostik findet statt.<\/p>\n\n\n\n<div style=\"height:25px\" aria-hidden=\"true\" class=\"wp-block-spacer\"><\/div>\n\n\n\n<h3 class=\"wp-block-heading\"><strong>6. Zielvereinbarung mit dem Kostentr\u00e4ger<\/strong><\/h3>\n\n\n\n<p>Nach einer ausf\u00fchrlichen Kennlernphase werden gemeinsam mit dem Kostentr\u00e4ger Ziele festgelegt.<\/p>\n\n\n\n<p>Diese Gespr\u00e4che finden in regelm\u00e4\u00dfigen Abst\u00e4nden im Verlauf der gemeinsamen Arbeit statt und werden in der Regel von jeweiligen Kostentr\u00e4ger organisiert und terminiert. Grundlage hierzu ist eine Tischvorlage, die die Fachkr\u00e4fte der Autismusambulanz vorab erstellen. Hier wird zun\u00e4chst die aktuelle Lage des Klienten herausgearbeitet, Erkenntnisse und festgelegte Ziele sowie eine eventuelle Zielerreichung festgehalten.<\/p>\n\n\n\n<p>Besonderheit f\u00fcr unser Angebot in Uelzen: Ziele werden formuliert <\/p>\n\n\n\n<p>In Anlehnung der im BENI-verfahren oder vom Jugendhilfetr\u00e4ger festgelegten Ziele werden mit Hilfe des Anamnesegespr\u00e4ches und der durchgef\u00fchrten F\u00f6rderdiagnostik kleinschrittige, individuelle Ziele festgelegt.<\/p>\n\n\n\n<div style=\"height:25px\" aria-hidden=\"true\" class=\"wp-block-spacer\"><\/div>\n\n\n\n<h3 class=\"wp-block-heading\"><strong>7. F\u00f6rdertermine<\/strong><\/h3>\n\n\n\n<p>In der Regel finden die Termine zu einem festgelegten Zeitpunkt w\u00f6chentlich in den R\u00e4umen der Autismusambulanz statt. Nach Absprache sind auch Hausbesuche, Begleitungen in der Schule etc. m\u00f6glich.<\/p>\n\n\n\n<div style=\"height:25px\" aria-hidden=\"true\" class=\"wp-block-spacer\"><\/div>\n\n\n\n<h3 class=\"wp-block-heading\"><strong>8. Berichterstellung<\/strong><\/h3>\n\n\n\n<p>Regelm\u00e4\u00dfig bzw. sp\u00e4testens, wenn das bewilligte Stundenkontingent aufgebraucht ist, wird ein Ausgangs- bzw. Zwischenbericht verfasst. Dieser gibt den individuellen Hilfeverlauf wieder und beinhaltet sowohl die derzeitige Situation als auch die herausgearbeiteten Ziele sowie die gewonnen Erkenntnisse aus den jeweiligen Auff\u00e4lligkeitsbereichen.<\/p>\n\n\n\n<div style=\"height:25px\" aria-hidden=\"true\" class=\"wp-block-spacer\"><\/div>\n\n\n\n<h3 class=\"wp-block-heading\"><strong>9. Fortf\u00fchrung der p\u00e4dagogisch-therapeutischen F\u00f6rderung<\/strong><\/h3>\n\n\n\n<p>Ein formloser Antrag auf Weitergew\u00e4hrung der Hilfe wird gestellt.<\/p>\n\n\n\n<p>Auf Grundlage des Berichtes erfolgt eine Weitergew\u00e4hrung oder die Hilfe wird beendet.<\/p>\n\n\n\n<div style=\"height:50px\" aria-hidden=\"true\" class=\"wp-block-spacer\"><\/div>\n","protected":false},"excerpt":{"rendered":"<p>1. Erstkontakt Der Erstkontakt zu den Fachkr\u00e4ften der Autismusambulanz kann sowohl mit bereits gesicherter Diagnose, aber auch beim Verdacht auf die Diagnose Autismus-Spektrums-St\u00f6rung erfolgen. Hier k\u00f6nnen gemeinsam in einem Beratungsgespr\u00e4ch erste Fragen gekl\u00e4rt, relevante Informationen gesammelt und ein weiteres Vorgehen besprochen werden. 2. Diagnosestellung Wir bieten keine Diagnostik von Autismus-Spektrums-St\u00f6rungen an. Dazu ist eine Vorstellung [&hellip;]<\/p>\n","protected":false},"author":1,"featured_media":198,"parent":33,"menu_order":10,"comment_status":"closed","ping_status":"closed","template":"page-templates\/page-fullscreen.php","meta":{"_acf_changed":false,"footnotes":""},"class_list":["post-39","page","type-page","status-publish","has-post-thumbnail","hentry"],"acf":[],"yoast_head":"<!-- This site is optimized with the Yoast SEO plugin v27.3 - https:\/\/yoast.com\/product\/yoast-seo-wordpress\/ -->\n<title>Von der Erstberatung zur Therapie - Spektral<\/title>\n<meta name=\"robots\" content=\"index, follow, max-snippet:-1, max-image-preview:large, max-video-preview:-1\" \/>\n<link rel=\"canonical\" href=\"https:\/\/lebenleben.de\/spektral\/wissenswertes-a-z\/von-der-erstberatung-zur-therapie\/\" \/>\n<meta property=\"og:locale\" content=\"de_DE\" \/>\n<meta property=\"og:type\" content=\"article\" \/>\n<meta property=\"og:title\" content=\"Von der Erstberatung zur Therapie - Spektral\" \/>\n<meta property=\"og:description\" content=\"1. Erstkontakt Der Erstkontakt zu den Fachkr\u00e4ften der Autismusambulanz kann sowohl mit bereits gesicherter Diagnose, aber auch beim Verdacht auf die Diagnose Autismus-Spektrums-St\u00f6rung erfolgen. Hier k\u00f6nnen gemeinsam in einem Beratungsgespr\u00e4ch erste Fragen gekl\u00e4rt, relevante Informationen gesammelt und ein weiteres Vorgehen besprochen werden. 2. Diagnosestellung Wir bieten keine Diagnostik von Autismus-Spektrums-St\u00f6rungen an. Dazu ist eine Vorstellung [&hellip;]\" \/>\n<meta property=\"og:url\" content=\"https:\/\/lebenleben.de\/spektral\/wissenswertes-a-z\/von-der-erstberatung-zur-therapie\/\" \/>\n<meta property=\"og:site_name\" content=\"Spektral\" \/>\n<meta property=\"article:modified_time\" content=\"2024-05-30T09:52:46+00:00\" \/>\n<meta property=\"og:image\" content=\"https:\/\/lebenleben.de\/spektral\/wp-content\/uploads\/sites\/17\/2022\/05\/DSC_2481.jpg\" \/>\n\t<meta property=\"og:image:width\" content=\"2048\" \/>\n\t<meta property=\"og:image:height\" content=\"1363\" \/>\n\t<meta property=\"og:image:type\" content=\"image\/jpeg\" \/>\n<meta name=\"twitter:card\" content=\"summary_large_image\" \/>\n<meta name=\"twitter:label1\" content=\"Gesch\u00e4tzte Lesezeit\" \/>\n\t<meta name=\"twitter:data1\" content=\"3\u00a0Minuten\" \/>\n<script type=\"application\/ld+json\" class=\"yoast-schema-graph\">{\"@context\":\"https:\\\/\\\/schema.org\",\"@graph\":[{\"@type\":\"WebPage\",\"@id\":\"https:\\\/\\\/lebenleben.de\\\/spektral\\\/wissenswertes-a-z\\\/von-der-erstberatung-zur-therapie\\\/\",\"url\":\"https:\\\/\\\/lebenleben.de\\\/spektral\\\/wissenswertes-a-z\\\/von-der-erstberatung-zur-therapie\\\/\",\"name\":\"Von der Erstberatung zur Therapie - Spektral\",\"isPartOf\":{\"@id\":\"https:\\\/\\\/lebenleben.de\\\/spektral\\\/#website\"},\"primaryImageOfPage\":{\"@id\":\"https:\\\/\\\/lebenleben.de\\\/spektral\\\/wissenswertes-a-z\\\/von-der-erstberatung-zur-therapie\\\/#primaryimage\"},\"image\":{\"@id\":\"https:\\\/\\\/lebenleben.de\\\/spektral\\\/wissenswertes-a-z\\\/von-der-erstberatung-zur-therapie\\\/#primaryimage\"},\"thumbnailUrl\":\"https:\\\/\\\/lebenleben.de\\\/spektral\\\/wp-content\\\/uploads\\\/sites\\\/17\\\/2022\\\/05\\\/DSC_2481.jpg\",\"datePublished\":\"2022-05-04T09:46:11+00:00\",\"dateModified\":\"2024-05-30T09:52:46+00:00\",\"breadcrumb\":{\"@id\":\"https:\\\/\\\/lebenleben.de\\\/spektral\\\/wissenswertes-a-z\\\/von-der-erstberatung-zur-therapie\\\/#breadcrumb\"},\"inLanguage\":\"de\",\"potentialAction\":[{\"@type\":\"ReadAction\",\"target\":[\"https:\\\/\\\/lebenleben.de\\\/spektral\\\/wissenswertes-a-z\\\/von-der-erstberatung-zur-therapie\\\/\"]}]},{\"@type\":\"ImageObject\",\"inLanguage\":\"de\",\"@id\":\"https:\\\/\\\/lebenleben.de\\\/spektral\\\/wissenswertes-a-z\\\/von-der-erstberatung-zur-therapie\\\/#primaryimage\",\"url\":\"https:\\\/\\\/lebenleben.de\\\/spektral\\\/wp-content\\\/uploads\\\/sites\\\/17\\\/2022\\\/05\\\/DSC_2481.jpg\",\"contentUrl\":\"https:\\\/\\\/lebenleben.de\\\/spektral\\\/wp-content\\\/uploads\\\/sites\\\/17\\\/2022\\\/05\\\/DSC_2481.jpg\",\"width\":2048,\"height\":1363},{\"@type\":\"BreadcrumbList\",\"@id\":\"https:\\\/\\\/lebenleben.de\\\/spektral\\\/wissenswertes-a-z\\\/von-der-erstberatung-zur-therapie\\\/#breadcrumb\",\"itemListElement\":[{\"@type\":\"ListItem\",\"position\":1,\"name\":\"Startseite\",\"item\":\"https:\\\/\\\/lebenleben.de\\\/spektral\\\/\"},{\"@type\":\"ListItem\",\"position\":2,\"name\":\"Wissenswertes A-Z\",\"item\":\"https:\\\/\\\/lebenleben.de\\\/spektral\\\/wissenswertes-a-z\\\/\"},{\"@type\":\"ListItem\",\"position\":3,\"name\":\"Von der Erstberatung zur Therapie\"}]},{\"@type\":\"WebSite\",\"@id\":\"https:\\\/\\\/lebenleben.de\\\/spektral\\\/#website\",\"url\":\"https:\\\/\\\/lebenleben.de\\\/spektral\\\/\",\"name\":\"Spektral\",\"description\":\"Autismusambulanz in Uelzen und Gifhorn von Leben leben\",\"publisher\":{\"@id\":\"https:\\\/\\\/lebenleben.de\\\/spektral\\\/#organization\"},\"potentialAction\":[{\"@type\":\"SearchAction\",\"target\":{\"@type\":\"EntryPoint\",\"urlTemplate\":\"https:\\\/\\\/lebenleben.de\\\/spektral\\\/?s={search_term_string}\"},\"query-input\":{\"@type\":\"PropertyValueSpecification\",\"valueRequired\":true,\"valueName\":\"search_term_string\"}}],\"inLanguage\":\"de\"},{\"@type\":\"Organization\",\"@id\":\"https:\\\/\\\/lebenleben.de\\\/spektral\\\/#organization\",\"name\":\"Leben leben Spektral\",\"url\":\"https:\\\/\\\/lebenleben.de\\\/spektral\\\/\",\"logo\":{\"@type\":\"ImageObject\",\"inLanguage\":\"de\",\"@id\":\"https:\\\/\\\/lebenleben.de\\\/spektral\\\/#\\\/schema\\\/logo\\\/image\\\/\",\"url\":\"https:\\\/\\\/lebenleben.de\\\/spektral\\\/wp-content\\\/uploads\\\/sites\\\/17\\\/2022\\\/05\\\/ll_favicon-green.png\",\"contentUrl\":\"https:\\\/\\\/lebenleben.de\\\/spektral\\\/wp-content\\\/uploads\\\/sites\\\/17\\\/2022\\\/05\\\/ll_favicon-green.png\",\"width\":501,\"height\":501,\"caption\":\"Leben leben Spektral\"},\"image\":{\"@id\":\"https:\\\/\\\/lebenleben.de\\\/spektral\\\/#\\\/schema\\\/logo\\\/image\\\/\"}}]}<\/script>\n<!-- \/ Yoast SEO plugin. -->","yoast_head_json":{"title":"Von der Erstberatung zur Therapie - Spektral","robots":{"index":"index","follow":"follow","max-snippet":"max-snippet:-1","max-image-preview":"max-image-preview:large","max-video-preview":"max-video-preview:-1"},"canonical":"https:\/\/lebenleben.de\/spektral\/wissenswertes-a-z\/von-der-erstberatung-zur-therapie\/","og_locale":"de_DE","og_type":"article","og_title":"Von der Erstberatung zur Therapie - Spektral","og_description":"1. Erstkontakt Der Erstkontakt zu den Fachkr\u00e4ften der Autismusambulanz kann sowohl mit bereits gesicherter Diagnose, aber auch beim Verdacht auf die Diagnose Autismus-Spektrums-St\u00f6rung erfolgen. Hier k\u00f6nnen gemeinsam in einem Beratungsgespr\u00e4ch erste Fragen gekl\u00e4rt, relevante Informationen gesammelt und ein weiteres Vorgehen besprochen werden. 2. Diagnosestellung Wir bieten keine Diagnostik von Autismus-Spektrums-St\u00f6rungen an. Dazu ist eine Vorstellung [&hellip;]","og_url":"https:\/\/lebenleben.de\/spektral\/wissenswertes-a-z\/von-der-erstberatung-zur-therapie\/","og_site_name":"Spektral","article_modified_time":"2024-05-30T09:52:46+00:00","og_image":[{"width":2048,"height":1363,"url":"https:\/\/lebenleben.de\/spektral\/wp-content\/uploads\/sites\/17\/2022\/05\/DSC_2481.jpg","type":"image\/jpeg"}],"twitter_card":"summary_large_image","twitter_misc":{"Gesch\u00e4tzte Lesezeit":"3\u00a0Minuten"},"schema":{"@context":"https:\/\/schema.org","@graph":[{"@type":"WebPage","@id":"https:\/\/lebenleben.de\/spektral\/wissenswertes-a-z\/von-der-erstberatung-zur-therapie\/","url":"https:\/\/lebenleben.de\/spektral\/wissenswertes-a-z\/von-der-erstberatung-zur-therapie\/","name":"Von der Erstberatung zur Therapie - Spektral","isPartOf":{"@id":"https:\/\/lebenleben.de\/spektral\/#website"},"primaryImageOfPage":{"@id":"https:\/\/lebenleben.de\/spektral\/wissenswertes-a-z\/von-der-erstberatung-zur-therapie\/#primaryimage"},"image":{"@id":"https:\/\/lebenleben.de\/spektral\/wissenswertes-a-z\/von-der-erstberatung-zur-therapie\/#primaryimage"},"thumbnailUrl":"https:\/\/lebenleben.de\/spektral\/wp-content\/uploads\/sites\/17\/2022\/05\/DSC_2481.jpg","datePublished":"2022-05-04T09:46:11+00:00","dateModified":"2024-05-30T09:52:46+00:00","breadcrumb":{"@id":"https:\/\/lebenleben.de\/spektral\/wissenswertes-a-z\/von-der-erstberatung-zur-therapie\/#breadcrumb"},"inLanguage":"de","potentialAction":[{"@type":"ReadAction","target":["https:\/\/lebenleben.de\/spektral\/wissenswertes-a-z\/von-der-erstberatung-zur-therapie\/"]}]},{"@type":"ImageObject","inLanguage":"de","@id":"https:\/\/lebenleben.de\/spektral\/wissenswertes-a-z\/von-der-erstberatung-zur-therapie\/#primaryimage","url":"https:\/\/lebenleben.de\/spektral\/wp-content\/uploads\/sites\/17\/2022\/05\/DSC_2481.jpg","contentUrl":"https:\/\/lebenleben.de\/spektral\/wp-content\/uploads\/sites\/17\/2022\/05\/DSC_2481.jpg","width":2048,"height":1363},{"@type":"BreadcrumbList","@id":"https:\/\/lebenleben.de\/spektral\/wissenswertes-a-z\/von-der-erstberatung-zur-therapie\/#breadcrumb","itemListElement":[{"@type":"ListItem","position":1,"name":"Startseite","item":"https:\/\/lebenleben.de\/spektral\/"},{"@type":"ListItem","position":2,"name":"Wissenswertes A-Z","item":"https:\/\/lebenleben.de\/spektral\/wissenswertes-a-z\/"},{"@type":"ListItem","position":3,"name":"Von der Erstberatung zur Therapie"}]},{"@type":"WebSite","@id":"https:\/\/lebenleben.de\/spektral\/#website","url":"https:\/\/lebenleben.de\/spektral\/","name":"Spektral","description":"Autismusambulanz in Uelzen und Gifhorn von Leben leben","publisher":{"@id":"https:\/\/lebenleben.de\/spektral\/#organization"},"potentialAction":[{"@type":"SearchAction","target":{"@type":"EntryPoint","urlTemplate":"https:\/\/lebenleben.de\/spektral\/?s={search_term_string}"},"query-input":{"@type":"PropertyValueSpecification","valueRequired":true,"valueName":"search_term_string"}}],"inLanguage":"de"},{"@type":"Organization","@id":"https:\/\/lebenleben.de\/spektral\/#organization","name":"Leben leben Spektral","url":"https:\/\/lebenleben.de\/spektral\/","logo":{"@type":"ImageObject","inLanguage":"de","@id":"https:\/\/lebenleben.de\/spektral\/#\/schema\/logo\/image\/","url":"https:\/\/lebenleben.de\/spektral\/wp-content\/uploads\/sites\/17\/2022\/05\/ll_favicon-green.png","contentUrl":"https:\/\/lebenleben.de\/spektral\/wp-content\/uploads\/sites\/17\/2022\/05\/ll_favicon-green.png","width":501,"height":501,"caption":"Leben leben Spektral"},"image":{"@id":"https:\/\/lebenleben.de\/spektral\/#\/schema\/logo\/image\/"}}]}},"_links":{"self":[{"href":"https:\/\/lebenleben.de\/spektral\/wp-json\/wp\/v2\/pages\/39","targetHints":{"allow":["GET"]}}],"collection":[{"href":"https:\/\/lebenleben.de\/spektral\/wp-json\/wp\/v2\/pages"}],"about":[{"href":"https:\/\/lebenleben.de\/spektral\/wp-json\/wp\/v2\/types\/page"}],"author":[{"embeddable":true,"href":"https:\/\/lebenleben.de\/spektral\/wp-json\/wp\/v2\/users\/1"}],"replies":[{"embeddable":true,"href":"https:\/\/lebenleben.de\/spektral\/wp-json\/wp\/v2\/comments?post=39"}],"version-history":[{"count":10,"href":"https:\/\/lebenleben.de\/spektral\/wp-json\/wp\/v2\/pages\/39\/revisions"}],"predecessor-version":[{"id":771,"href":"https:\/\/lebenleben.de\/spektral\/wp-json\/wp\/v2\/pages\/39\/revisions\/771"}],"up":[{"embeddable":true,"href":"https:\/\/lebenleben.de\/spektral\/wp-json\/wp\/v2\/pages\/33"}],"wp:featuredmedia":[{"embeddable":true,"href":"https:\/\/lebenleben.de\/spektral\/wp-json\/wp\/v2\/media\/198"}],"wp:attachment":[{"href":"https:\/\/lebenleben.de\/spektral\/wp-json\/wp\/v2\/media?parent=39"}],"curies":[{"name":"wp","href":"https:\/\/api.w.org\/{rel}","templated":true}]}}