{"id":4,"date":"2022-05-04T11:25:04","date_gmt":"2022-05-04T09:25:04","guid":{"rendered":"https:\/\/lebenleben.de\/spektral\/?page_id=4"},"modified":"2025-01-27T11:00:06","modified_gmt":"2025-01-27T10:00:06","slug":"startseite","status":"publish","type":"page","link":"https:\/\/lebenleben.de\/spektral\/","title":{"rendered":"Startseite"},"content":{"rendered":"\n<div id=\"llimageslider-block_fca2ba28a1730891e5b00b3a48e1b166\" class=\"block-llimageslider llimageslider alignwide\">\n\n    \n\t\t<div class=\"llimageslider-slider\" data-slick='{\"autoplaySpeed\": 5000}'>\n\t\t\t\t\t\t\t<div class=\"single-slide-wrapper slide-1\">\n\t\t\t\t\t<img loading=\"lazy\" decoding=\"async\" width=\"1400\" height=\"560\" src=\"https:\/\/lebenleben.de\/spektral\/wp-content\/uploads\/sites\/17\/2022\/05\/DSC_2383-1400x560.jpg\" class=\"single-slide-image slider-desktop-image\" alt=\"\" \/>          <img loading=\"lazy\" decoding=\"async\" width=\"1000\" height=\"666\" src=\"https:\/\/lebenleben.de\/spektral\/wp-content\/uploads\/sites\/17\/2022\/05\/DSC_2383-1024x682.jpg\" class=\"single-slide-image slider-mobile-image\" alt=\"\" srcset=\"https:\/\/lebenleben.de\/spektral\/wp-content\/uploads\/sites\/17\/2022\/05\/DSC_2383-1024x682.jpg 1024w, https:\/\/lebenleben.de\/spektral\/wp-content\/uploads\/sites\/17\/2022\/05\/DSC_2383-300x200.jpg 300w, https:\/\/lebenleben.de\/spektral\/wp-content\/uploads\/sites\/17\/2022\/05\/DSC_2383-768x511.jpg 768w, https:\/\/lebenleben.de\/spektral\/wp-content\/uploads\/sites\/17\/2022\/05\/DSC_2383-1536x1022.jpg 1536w, https:\/\/lebenleben.de\/spektral\/wp-content\/uploads\/sites\/17\/2022\/05\/DSC_2383.jpg 2048w\" sizes=\"auto, (max-width: 1000px) 100vw, 1000px\" \/>\n                    <div class=\"single-slide-text\">\n          <h2>Autismusambulanz in Uelzen und Gifhorn<\/h2>                  <\/div>\n        \n\t\t\t\t<\/div>\n\t\t\t\t\t<\/div>\n\t  <script>\n    jQuery(document).ready(function() {\n        jQuery('.llimageslider-slider').slick({\n          dots: true,\n          infinite: true,\n          speed: 1000,\n          autoplay: true,\n          adaptiveHeight: true,\n          slidesToShow: 1,\n          fade: true,\n          focusOnSelect: true\n        });\n    });\n    <\/script>\n<\/div>\n\n\n\n<div class=\"wp-block-columns is-layout-flex wp-container-core-columns-is-layout-9d6595d7 wp-block-columns-is-layout-flex\">\n<div class=\"wp-block-column is-layout-flow wp-block-column-is-layout-flow\" style=\"flex-basis:75%\">\n<h1 class=\"wp-block-heading\">Spektral &#8211; Unsere Autismusambulanz <\/h1>\n\n\n\n<p>Bei uns finden Kinder, Jugendliche, junge Erwachsene und ihr Umfeld Unterst\u00fctzung, wenn der Verdacht oder die Diagnose einer Autismusspektrum-St\u00f6rung vorliegt. Zu diesem Zweck bieten wir therapeutische <a href=\"https:\/\/lebenleben.de\/spektral\/uelzen\/unsere-methoden\/\">F\u00f6rder- und Beratungsangebote<\/a>.<\/p>\n\n\n\n<p>Das Agieren in einer nicht autistischen Welt erfordert von den Betroffenen einen enormen Kraftaufwand und verl\u00e4uft nicht selten in Extremen. Als Betroffener sowie als Angeh\u00f6riger erhofft man sich Ver\u00e4nderungen, die es Ieichter machen, sich in einer nicht autistischen Welt besser zurecht zu finden.<\/p>\n\n\n\n<p>Unsere Teams in <a href=\"https:\/\/lebenleben.de\/spektral\/uelzen\/unser-team\/\">Uelzen<\/a> und <a href=\"https:\/\/lebenleben.de\/spektral\/gifhorn\/unser-team\/\">Gifhorn<\/a> haben es sich zur Aufgabe gemacht, diese Menschen zu begleiten und zu unterst\u00fctzen, unter Ber\u00fccksichtigung ihrer eigenen St\u00e4rken, Ressourcen und ihrem eigenen Tempo sowie ihrem eigenen Raum, den sie f\u00fcr diese Aufgabe ben\u00f6tigen.<\/p>\n<\/div>\n\n\n\n<div class=\"wp-block-column is-layout-flow wp-block-column-is-layout-flow\" style=\"flex-basis:25%\">\n<div class=\"wp-block-group widget\"><div class=\"wp-block-group__inner-container is-layout-flow wp-block-group-is-layout-flow\">\n<h3 class=\"wp-block-heading\">Kontakt<\/h3>\n\n\n\n<p><strong>Uelzen<\/strong><br>Montag-Freitag 8-13 Uhr<br><svg class=\"ll-icon icon-telephone\"  enable-background=\"new 0 0 64 64\" height=\"64px\" version=\"1.1\" viewBox=\"0 0 64 64\" width=\"64px\" xml:space=\"preserve\" xmlns=\"http:\/\/www.w3.org\/2000\/svg\" xmlns:xlink=\"http:\/\/www.w3.org\/1999\/xlink\"><g id=\"_x31_-Call\"\/><g id=\"_x32_-24_Hours_Call\"\/><g id=\"_x33_-Sending_Call\"\/><g id=\"_x34_-Incoming_Call\"\/><g id=\"_x35_-Talk_On_Phone\"\/><g id=\"_x36_-Block_Call\"\/><g id=\"_x37_-Hold_Call\"\/><g id=\"_x38_-Mute_Call\"\/><g id=\"_x39_-Phone_Book\"\/><g id=\"_x31_0-Add_Contact\"\/><g id=\"_x31_1-Delete_Contact\"\/><g id=\"_x31_2-Mail\"\/><g id=\"_x31_3-Message_Read\"\/><g id=\"_x31_4-Email\"\/><g id=\"_x31_5-Send_Mail\"\/><g id=\"_x31_6-Important_Mail\"\/><g id=\"_x31_7-Mail_Chain\"\/><g id=\"_x31_8-Messaging\"\/><g id=\"_x31_9-Sending\"\/><g id=\"_x32_0-Chat\"\/><g id=\"_x32_1-Mail_Attachment\"\/><g id=\"_x32_2-Mobile_Link\"\/><g id=\"_x32_3-Smartphone\"\/><g id=\"_x32_4-Social_Media\"\/><g id=\"_x32_5-Support\"\/><g id=\"_x32_6-Links\"\/><g id=\"_x32_7-Phone\"><path d=\"M52.1478348,42.6777344l-6.4785156-4.5263672c-0.847168-0.5908203-1.8374023-0.9023438-2.8642578-0.9023438   c-1.6328125,0-3.1655273,0.8007813-4.0991211,2.140625l-1.5039063,2.1552734   c-2.5205078-1.6904297-5.3330097-4.0507813-8.0141621-6.7314453c-2.6806641-2.6806641-5.0405273-5.4931641-6.7304688-8.0136719   l2.1542969-1.5039063c1.0981445-0.7646484,1.831543-1.9101563,2.0644531-3.2246094   c0.2324219-1.3134766-0.0605469-2.640625-0.8261719-3.7392578l-4.5253906-6.4785156   C20.3783016,10.5,18.8514462,9.6914063,17.2396297,9.6914063c-0.5585938,0-1.1064453,0.0986328-1.6279297,0.2910156   c-0.5922852,0.21875-1.144043,0.4873047-1.6850586,0.8271484l-0.8945313,0.6298828   c-0.2236328,0.1738281-0.4316406,0.3642578-0.6308594,0.5634766c-1.0913086,1.0908203-1.8657227,2.4716797-2.3027344,4.1044922   c-1.8647461,6.9902344,2.7548828,17.5605469,11.4951172,26.3007813   c7.3398438,7.3398438,16.1577168,11.8994141,23.0117207,11.9003906h0.0004883c1.1738281,0,2.2802734-0.1367188,3.2890625-0.40625   c1.6328125-0.4365234,3.0136719-1.2109375,4.1054688-2.3027344c0.1982422-0.1982422,0.3876953-0.40625,0.5908203-0.6689453   l0.6303711-0.8994141c0.3081055-0.4921875,0.5761719-1.0439453,0.7978516-1.640625   C54.7816238,46.3300781,54.0120926,43.9804688,52.1478348,42.6777344z\"\/><\/g><g id=\"_x32_8-Phone-2\"\/><g id=\"_x32_9-Map\"\/><g id=\"_x33_0-Location\"\/><g id=\"_x33_1-Write\"\/><g id=\"_x33_2-World\"\/><g id=\"_x33_3-Home\"\/><g id=\"_x33_4-Calendar\"\/><g id=\"_x33_5-Website\"\/><g id=\"_x33_6-Info\"\/><g id=\"_x33_7-Bull_Horn\"\/><g id=\"_x33_8-Profile\"\/><g id=\"_x33_9-Quote__x26__Answer\"\/><g id=\"_x34_0-Notification\"\/><g id=\"_x34_1-Share\"\/><g id=\"_x34_2-Time\"\/><\/svg> <a href=\"tel:058188541700\">0581 8854-1700<\/a><br><svg class=\"ll-icon icon-mail-alt\" enable-background=\"new 0 0 24 24\" height=\"24px\" id=\"Layer_1\" version=\"1.1\" viewBox=\"0 0 24 24\" width=\"24px\" xml:space=\"preserve\" xmlns=\"http:\/\/www.w3.org\/2000\/svg\" xmlns:xlink=\"http:\/\/www.w3.org\/1999\/xlink\"><path clip-rule=\"evenodd\" d=\"M11.984,13C10.031,13-0.031,4.891-0.031,4.891V4c0-1.104,0.896-2,2.002-2h20.026  C23.104,2,24,2.896,24,4l-0.016,1C23.984,5,14.031,13,11.984,13z M11.984,15.75c2.141,0,12-7.75,12-7.75L24,20  c0,1.104-0.896,2-2.003,2H1.971c-1.105,0-2.002-0.896-2.002-2l0.016-12C-0.016,8,10.031,15.75,11.984,15.75z\" fill-rule=\"evenodd\"\/><\/svg> <a href=\"mailto:spektral.uelzen@lebenleben.de\">E-Mail<\/a><\/p>\n\n\n\n<p><strong>Gifhorn<\/strong><br><svg class=\"ll-icon icon-telephone\"  enable-background=\"new 0 0 64 64\" height=\"64px\" version=\"1.1\" viewBox=\"0 0 64 64\" width=\"64px\" xml:space=\"preserve\" xmlns=\"http:\/\/www.w3.org\/2000\/svg\" xmlns:xlink=\"http:\/\/www.w3.org\/1999\/xlink\"><g id=\"_x31_-Call\"\/><g id=\"_x32_-24_Hours_Call\"\/><g id=\"_x33_-Sending_Call\"\/><g id=\"_x34_-Incoming_Call\"\/><g id=\"_x35_-Talk_On_Phone\"\/><g id=\"_x36_-Block_Call\"\/><g id=\"_x37_-Hold_Call\"\/><g id=\"_x38_-Mute_Call\"\/><g id=\"_x39_-Phone_Book\"\/><g id=\"_x31_0-Add_Contact\"\/><g id=\"_x31_1-Delete_Contact\"\/><g id=\"_x31_2-Mail\"\/><g id=\"_x31_3-Message_Read\"\/><g id=\"_x31_4-Email\"\/><g id=\"_x31_5-Send_Mail\"\/><g id=\"_x31_6-Important_Mail\"\/><g id=\"_x31_7-Mail_Chain\"\/><g id=\"_x31_8-Messaging\"\/><g id=\"_x31_9-Sending\"\/><g id=\"_x32_0-Chat\"\/><g id=\"_x32_1-Mail_Attachment\"\/><g id=\"_x32_2-Mobile_Link\"\/><g id=\"_x32_3-Smartphone\"\/><g id=\"_x32_4-Social_Media\"\/><g id=\"_x32_5-Support\"\/><g id=\"_x32_6-Links\"\/><g id=\"_x32_7-Phone\"><path d=\"M52.1478348,42.6777344l-6.4785156-4.5263672c-0.847168-0.5908203-1.8374023-0.9023438-2.8642578-0.9023438   c-1.6328125,0-3.1655273,0.8007813-4.0991211,2.140625l-1.5039063,2.1552734   c-2.5205078-1.6904297-5.3330097-4.0507813-8.0141621-6.7314453c-2.6806641-2.6806641-5.0405273-5.4931641-6.7304688-8.0136719   l2.1542969-1.5039063c1.0981445-0.7646484,1.831543-1.9101563,2.0644531-3.2246094   c0.2324219-1.3134766-0.0605469-2.640625-0.8261719-3.7392578l-4.5253906-6.4785156   C20.3783016,10.5,18.8514462,9.6914063,17.2396297,9.6914063c-0.5585938,0-1.1064453,0.0986328-1.6279297,0.2910156   c-0.5922852,0.21875-1.144043,0.4873047-1.6850586,0.8271484l-0.8945313,0.6298828   c-0.2236328,0.1738281-0.4316406,0.3642578-0.6308594,0.5634766c-1.0913086,1.0908203-1.8657227,2.4716797-2.3027344,4.1044922   c-1.8647461,6.9902344,2.7548828,17.5605469,11.4951172,26.3007813   c7.3398438,7.3398438,16.1577168,11.8994141,23.0117207,11.9003906h0.0004883c1.1738281,0,2.2802734-0.1367188,3.2890625-0.40625   c1.6328125-0.4365234,3.0136719-1.2109375,4.1054688-2.3027344c0.1982422-0.1982422,0.3876953-0.40625,0.5908203-0.6689453   l0.6303711-0.8994141c0.3081055-0.4921875,0.5761719-1.0439453,0.7978516-1.640625   C54.7816238,46.3300781,54.0120926,43.9804688,52.1478348,42.6777344z\"\/><\/g><g id=\"_x32_8-Phone-2\"\/><g id=\"_x32_9-Map\"\/><g id=\"_x33_0-Location\"\/><g id=\"_x33_1-Write\"\/><g id=\"_x33_2-World\"\/><g id=\"_x33_3-Home\"\/><g id=\"_x33_4-Calendar\"\/><g id=\"_x33_5-Website\"\/><g id=\"_x33_6-Info\"\/><g id=\"_x33_7-Bull_Horn\"\/><g id=\"_x33_8-Profile\"\/><g id=\"_x33_9-Quote__x26__Answer\"\/><g id=\"_x34_0-Notification\"\/><g id=\"_x34_1-Share\"\/><g id=\"_x34_2-Time\"\/><\/svg> <a href=\"tel:053719387856\">05371 9387856<\/a><br><svg class=\"ll-icon icon-mail-alt\" enable-background=\"new 0 0 24 24\" height=\"24px\" id=\"Layer_1\" version=\"1.1\" viewBox=\"0 0 24 24\" width=\"24px\" xml:space=\"preserve\" xmlns=\"http:\/\/www.w3.org\/2000\/svg\" xmlns:xlink=\"http:\/\/www.w3.org\/1999\/xlink\"><path clip-rule=\"evenodd\" d=\"M11.984,13C10.031,13-0.031,4.891-0.031,4.891V4c0-1.104,0.896-2,2.002-2h20.026  C23.104,2,24,2.896,24,4l-0.016,1C23.984,5,14.031,13,11.984,13z M11.984,15.75c2.141,0,12-7.75,12-7.75L24,20  c0,1.104-0.896,2-2.003,2H1.971c-1.105,0-2.002-0.896-2.002-2l0.016-12C-0.016,8,10.031,15.75,11.984,15.75z\" fill-rule=\"evenodd\"\/><\/svg> <a href=\"mailto:spektral.gifhorn@lebenleben.de\">E-Mail<\/a><\/p>\n<\/div><\/div>\n<\/div>\n<\/div>\n\n\n\n<blockquote class=\"wp-block-quote is-layout-flow wp-block-quote-is-layout-flow\">\n<p class=\"has-text-align-left has-medium-font-size\">&#8222;Autismus ist eine Art zu sein. Er ist tiefgreifend; er f\u00e4rbt jede Erfahrung, jede Empfindung, jede Wahrnehmung, jeden Gedanken, jedes Gef\u00fchl und jede Begegnung, jeden Aspekt des Daseins&#8220;<\/p>\n<cite>Jim Sinclair<\/cite><\/blockquote>\n\n\n\n<div style=\"height:35px\" aria-hidden=\"true\" class=\"wp-block-spacer\"><\/div>\n\n\n\n<h2 class=\"wp-block-heading\">Was ist Autismustherapie und was macht sie aus?<\/h2>\n\n\n\n<p>Autismustherapie ist immer an den Besonderheiten der betroffenen Klienten ausgerichtet. Die F\u00f6rder- und Unterst\u00fctzungsarbeit bezieht sich aber nicht ausschlie\u00dflich auf den Klienten selber, sondern umfasst immer auch engste Bezugspersonen (Eltern, Geschwister, Gro\u00dfeltern\u2026) und das psycho-soziale Umfeld (wie z.B. Kindergarten, Schule, Elternhaus etc.).<\/p>\n\n\n\n<p>Autismustherapie ist immer als eine Begleitung\/Unterst\u00fctzung in einem (Entwicklungs-)Prozess zu verstehen.<\/p>\n\n\n\n<p>Wichtig in der p\u00e4dagogisch-therapeutischen Arbeit ist eine Ausrichtung an den St\u00e4rken und Ressourcen der Betroffenen. Das bedeutet auch, das bewusst von einem defizit\u00e4r orientierten Ansatz abgesehen wird. Ferner wird die Neurodiversit\u00e4t als \u201eanders oder besonders sein\u201c ber\u00fccksichtigt und nicht als krankhaft (pathologisch).<\/p>\n\n\n\n<div style=\"height:50px\" aria-hidden=\"true\" class=\"wp-block-spacer\"><\/div>\n","protected":false},"excerpt":{"rendered":"<p>Spektral &#8211; Unsere Autismusambulanz Bei uns finden Kinder, Jugendliche, junge Erwachsene und ihr Umfeld Unterst\u00fctzung, wenn der Verdacht oder die Diagnose einer Autismusspektrum-St\u00f6rung vorliegt. Zu diesem Zweck bieten wir therapeutische F\u00f6rder- und Beratungsangebote. Das Agieren in einer nicht autistischen Welt erfordert von den Betroffenen einen enormen Kraftaufwand und verl\u00e4uft nicht selten in Extremen. Als Betroffener [&hellip;]<\/p>\n","protected":false},"author":1,"featured_media":0,"parent":0,"menu_order":0,"comment_status":"closed","ping_status":"closed","template":"page-templates\/page-fullscreen.php","meta":{"_acf_changed":false,"footnotes":""},"class_list":["post-4","page","type-page","status-publish","hentry"],"acf":[],"yoast_head":"<!-- This site is optimized with the Yoast SEO plugin v27.3 - https:\/\/yoast.com\/product\/yoast-seo-wordpress\/ -->\n<title>Spektral - Autismusambulanz in Uelzen und Gifhorn von Leben leben<\/title>\n<meta name=\"description\" content=\"Beratung, Therapie und Begleitung von Kindern, Jugendlichen und jungen Erwachsenen im Fall einer Autismusspektrum-St\u00f6rung\" \/>\n<meta name=\"robots\" content=\"index, follow, max-snippet:-1, max-image-preview:large, max-video-preview:-1\" \/>\n<link rel=\"canonical\" href=\"https:\/\/lebenleben.de\/spektral\/\" \/>\n<meta property=\"og:locale\" content=\"de_DE\" \/>\n<meta property=\"og:type\" content=\"article\" \/>\n<meta property=\"og:title\" content=\"Spektral - Autismusambulanz in Uelzen und Gifhorn von Leben leben\" \/>\n<meta property=\"og:description\" content=\"Beratung, Therapie und Begleitung von Kindern, Jugendlichen und jungen Erwachsenen im Fall einer Autismusspektrum-St\u00f6rung\" \/>\n<meta property=\"og:url\" content=\"https:\/\/lebenleben.de\/spektral\/\" \/>\n<meta property=\"og:site_name\" content=\"Spektral\" \/>\n<meta property=\"article:modified_time\" content=\"2025-01-27T10:00:06+00:00\" \/>\n<meta name=\"twitter:card\" content=\"summary_large_image\" \/>\n<meta name=\"twitter:label1\" content=\"Gesch\u00e4tzte Lesezeit\" \/>\n\t<meta name=\"twitter:data1\" content=\"2\u00a0Minuten\" \/>\n<script type=\"application\/ld+json\" class=\"yoast-schema-graph\">{\"@context\":\"https:\\\/\\\/schema.org\",\"@graph\":[{\"@type\":\"WebPage\",\"@id\":\"https:\\\/\\\/lebenleben.de\\\/spektral\\\/\",\"url\":\"https:\\\/\\\/lebenleben.de\\\/spektral\\\/\",\"name\":\"Spektral - Autismusambulanz in Uelzen und Gifhorn von Leben leben\",\"isPartOf\":{\"@id\":\"https:\\\/\\\/lebenleben.de\\\/spektral\\\/#website\"},\"datePublished\":\"2022-05-04T09:25:04+00:00\",\"dateModified\":\"2025-01-27T10:00:06+00:00\",\"description\":\"Beratung, Therapie und Begleitung von Kindern, Jugendlichen und jungen Erwachsenen im Fall einer Autismusspektrum-St\u00f6rung\",\"breadcrumb\":{\"@id\":\"https:\\\/\\\/lebenleben.de\\\/spektral\\\/#breadcrumb\"},\"inLanguage\":\"de\",\"potentialAction\":[{\"@type\":\"ReadAction\",\"target\":[\"https:\\\/\\\/lebenleben.de\\\/spektral\\\/\"]}]},{\"@type\":\"BreadcrumbList\",\"@id\":\"https:\\\/\\\/lebenleben.de\\\/spektral\\\/#breadcrumb\",\"itemListElement\":[{\"@type\":\"ListItem\",\"position\":1,\"name\":\"Startseite\",\"item\":\"https:\\\/\\\/lebenleben.de\\\/spektral\\\/\"},{\"@type\":\"ListItem\",\"position\":2,\"name\":\"Startseite\"}]},{\"@type\":\"WebSite\",\"@id\":\"https:\\\/\\\/lebenleben.de\\\/spektral\\\/#website\",\"url\":\"https:\\\/\\\/lebenleben.de\\\/spektral\\\/\",\"name\":\"Spektral\",\"description\":\"Autismusambulanz in Uelzen und Gifhorn von Leben leben\",\"publisher\":{\"@id\":\"https:\\\/\\\/lebenleben.de\\\/spektral\\\/#organization\"},\"potentialAction\":[{\"@type\":\"SearchAction\",\"target\":{\"@type\":\"EntryPoint\",\"urlTemplate\":\"https:\\\/\\\/lebenleben.de\\\/spektral\\\/?s={search_term_string}\"},\"query-input\":{\"@type\":\"PropertyValueSpecification\",\"valueRequired\":true,\"valueName\":\"search_term_string\"}}],\"inLanguage\":\"de\"},{\"@type\":\"Organization\",\"@id\":\"https:\\\/\\\/lebenleben.de\\\/spektral\\\/#organization\",\"name\":\"Leben leben Spektral\",\"url\":\"https:\\\/\\\/lebenleben.de\\\/spektral\\\/\",\"logo\":{\"@type\":\"ImageObject\",\"inLanguage\":\"de\",\"@id\":\"https:\\\/\\\/lebenleben.de\\\/spektral\\\/#\\\/schema\\\/logo\\\/image\\\/\",\"url\":\"https:\\\/\\\/lebenleben.de\\\/spektral\\\/wp-content\\\/uploads\\\/sites\\\/17\\\/2022\\\/05\\\/ll_favicon-green.png\",\"contentUrl\":\"https:\\\/\\\/lebenleben.de\\\/spektral\\\/wp-content\\\/uploads\\\/sites\\\/17\\\/2022\\\/05\\\/ll_favicon-green.png\",\"width\":501,\"height\":501,\"caption\":\"Leben leben Spektral\"},\"image\":{\"@id\":\"https:\\\/\\\/lebenleben.de\\\/spektral\\\/#\\\/schema\\\/logo\\\/image\\\/\"}}]}<\/script>\n<!-- \/ Yoast SEO plugin. -->","yoast_head_json":{"title":"Spektral - Autismusambulanz in Uelzen und Gifhorn von Leben leben","description":"Beratung, Therapie und Begleitung von Kindern, Jugendlichen und jungen Erwachsenen im Fall einer Autismusspektrum-St\u00f6rung","robots":{"index":"index","follow":"follow","max-snippet":"max-snippet:-1","max-image-preview":"max-image-preview:large","max-video-preview":"max-video-preview:-1"},"canonical":"https:\/\/lebenleben.de\/spektral\/","og_locale":"de_DE","og_type":"article","og_title":"Spektral - Autismusambulanz in Uelzen und Gifhorn von Leben leben","og_description":"Beratung, Therapie und Begleitung von Kindern, Jugendlichen und jungen Erwachsenen im Fall einer Autismusspektrum-St\u00f6rung","og_url":"https:\/\/lebenleben.de\/spektral\/","og_site_name":"Spektral","article_modified_time":"2025-01-27T10:00:06+00:00","twitter_card":"summary_large_image","twitter_misc":{"Gesch\u00e4tzte Lesezeit":"2\u00a0Minuten"},"schema":{"@context":"https:\/\/schema.org","@graph":[{"@type":"WebPage","@id":"https:\/\/lebenleben.de\/spektral\/","url":"https:\/\/lebenleben.de\/spektral\/","name":"Spektral - Autismusambulanz in Uelzen und Gifhorn von Leben leben","isPartOf":{"@id":"https:\/\/lebenleben.de\/spektral\/#website"},"datePublished":"2022-05-04T09:25:04+00:00","dateModified":"2025-01-27T10:00:06+00:00","description":"Beratung, Therapie und Begleitung von Kindern, Jugendlichen und jungen Erwachsenen im Fall einer Autismusspektrum-St\u00f6rung","breadcrumb":{"@id":"https:\/\/lebenleben.de\/spektral\/#breadcrumb"},"inLanguage":"de","potentialAction":[{"@type":"ReadAction","target":["https:\/\/lebenleben.de\/spektral\/"]}]},{"@type":"BreadcrumbList","@id":"https:\/\/lebenleben.de\/spektral\/#breadcrumb","itemListElement":[{"@type":"ListItem","position":1,"name":"Startseite","item":"https:\/\/lebenleben.de\/spektral\/"},{"@type":"ListItem","position":2,"name":"Startseite"}]},{"@type":"WebSite","@id":"https:\/\/lebenleben.de\/spektral\/#website","url":"https:\/\/lebenleben.de\/spektral\/","name":"Spektral","description":"Autismusambulanz in Uelzen und Gifhorn von Leben leben","publisher":{"@id":"https:\/\/lebenleben.de\/spektral\/#organization"},"potentialAction":[{"@type":"SearchAction","target":{"@type":"EntryPoint","urlTemplate":"https:\/\/lebenleben.de\/spektral\/?s={search_term_string}"},"query-input":{"@type":"PropertyValueSpecification","valueRequired":true,"valueName":"search_term_string"}}],"inLanguage":"de"},{"@type":"Organization","@id":"https:\/\/lebenleben.de\/spektral\/#organization","name":"Leben leben Spektral","url":"https:\/\/lebenleben.de\/spektral\/","logo":{"@type":"ImageObject","inLanguage":"de","@id":"https:\/\/lebenleben.de\/spektral\/#\/schema\/logo\/image\/","url":"https:\/\/lebenleben.de\/spektral\/wp-content\/uploads\/sites\/17\/2022\/05\/ll_favicon-green.png","contentUrl":"https:\/\/lebenleben.de\/spektral\/wp-content\/uploads\/sites\/17\/2022\/05\/ll_favicon-green.png","width":501,"height":501,"caption":"Leben leben Spektral"},"image":{"@id":"https:\/\/lebenleben.de\/spektral\/#\/schema\/logo\/image\/"}}]}},"_links":{"self":[{"href":"https:\/\/lebenleben.de\/spektral\/wp-json\/wp\/v2\/pages\/4","targetHints":{"allow":["GET"]}}],"collection":[{"href":"https:\/\/lebenleben.de\/spektral\/wp-json\/wp\/v2\/pages"}],"about":[{"href":"https:\/\/lebenleben.de\/spektral\/wp-json\/wp\/v2\/types\/page"}],"author":[{"embeddable":true,"href":"https:\/\/lebenleben.de\/spektral\/wp-json\/wp\/v2\/users\/1"}],"replies":[{"embeddable":true,"href":"https:\/\/lebenleben.de\/spektral\/wp-json\/wp\/v2\/comments?post=4"}],"version-history":[{"count":88,"href":"https:\/\/lebenleben.de\/spektral\/wp-json\/wp\/v2\/pages\/4\/revisions"}],"predecessor-version":[{"id":851,"href":"https:\/\/lebenleben.de\/spektral\/wp-json\/wp\/v2\/pages\/4\/revisions\/851"}],"wp:attachment":[{"href":"https:\/\/lebenleben.de\/spektral\/wp-json\/wp\/v2\/media?parent=4"}],"curies":[{"name":"wp","href":"https:\/\/api.w.org\/{rel}","templated":true}]}}