{"id":41,"date":"2022-05-04T11:46:40","date_gmt":"2022-05-04T09:46:40","guid":{"rendered":"https:\/\/lebenleben.de\/spektral\/?page_id=41"},"modified":"2025-08-05T14:32:12","modified_gmt":"2025-08-05T12:32:12","slug":"kostenuebernahme","status":"publish","type":"page","link":"https:\/\/lebenleben.de\/spektral\/wissenswertes-a-z\/kostenuebernahme\/","title":{"rendered":"Kosten\u00fcbernahme"},"content":{"rendered":"\n<div id=\"llimageslider-block_d16fa1feb8df14c01ba224063ac6eac5\" class=\"block-llimageslider llimageslider alignwide\">\n\n    \n\t\t<div class=\"llimageslider-slider\" data-slick='{\"autoplaySpeed\": 5000}'>\n\t\t\t\t\t\t\t<div class=\"single-slide-wrapper slide-1\">\n\t\t\t\t\t<img loading=\"lazy\" decoding=\"async\" width=\"1400\" height=\"440\" src=\"https:\/\/lebenleben.de\/spektral\/wp-content\/uploads\/sites\/17\/2024\/05\/DSC_6085-1400x440-1.jpg\" class=\"single-slide-image slider-desktop-image\" alt=\"\" srcset=\"https:\/\/lebenleben.de\/spektral\/wp-content\/uploads\/sites\/17\/2024\/05\/DSC_6085-1400x440-1.jpg 1400w, https:\/\/lebenleben.de\/spektral\/wp-content\/uploads\/sites\/17\/2024\/05\/DSC_6085-1400x440-1-300x94.jpg 300w, https:\/\/lebenleben.de\/spektral\/wp-content\/uploads\/sites\/17\/2024\/05\/DSC_6085-1400x440-1-1024x322.jpg 1024w, https:\/\/lebenleben.de\/spektral\/wp-content\/uploads\/sites\/17\/2024\/05\/DSC_6085-1400x440-1-768x241.jpg 768w\" sizes=\"auto, (max-width: 1400px) 100vw, 1400px\" \/>          <img loading=\"lazy\" decoding=\"async\" width=\"1000\" height=\"314\" src=\"https:\/\/lebenleben.de\/spektral\/wp-content\/uploads\/sites\/17\/2024\/05\/DSC_6085-1400x440-1-1024x322.jpg\" class=\"single-slide-image slider-mobile-image\" alt=\"\" srcset=\"https:\/\/lebenleben.de\/spektral\/wp-content\/uploads\/sites\/17\/2024\/05\/DSC_6085-1400x440-1-1024x322.jpg 1024w, https:\/\/lebenleben.de\/spektral\/wp-content\/uploads\/sites\/17\/2024\/05\/DSC_6085-1400x440-1-300x94.jpg 300w, https:\/\/lebenleben.de\/spektral\/wp-content\/uploads\/sites\/17\/2024\/05\/DSC_6085-1400x440-1-768x241.jpg 768w, https:\/\/lebenleben.de\/spektral\/wp-content\/uploads\/sites\/17\/2024\/05\/DSC_6085-1400x440-1.jpg 1400w\" sizes=\"auto, (max-width: 1000px) 100vw, 1000px\" \/>\n                    <div class=\"single-slide-text\">\n          <h2>Kosten\u00fcbernahme<\/h2>                  <\/div>\n        \n\t\t\t\t<\/div>\n\t\t\t\t\t<\/div>\n\t  <script>\n    jQuery(document).ready(function() {\n        jQuery('.llimageslider-slider').slick({\n          dots: true,\n          infinite: true,\n          speed: 1000,\n          autoplay: true,\n          adaptiveHeight: true,\n          slidesToShow: 1,\n          fade: true,\n          focusOnSelect: true\n        });\n    });\n    <\/script>\n<\/div>\n\n\n\n<p>Die Kosten f\u00fcr das Angebot der Autismusambulanz \u00fcbernimmt das jeweilig \u00f6rtlich zust\u00e4ndige Sozial- oder Jugendamt. Die Hilfen werden auf Grundlage der Eingliederungshilfe bewilligt.<\/p>\n\n\n\n<p>F\u00fcr die Kosten\u00fcbernahme ist ein formloser Antrag sowie eine vorliegende Diagnose n\u00f6tig.<\/p>\n\n\n\n<p>Unsere Fachkr\u00e4fte unterst\u00fctzen Sie hierbei gerne.<\/p>\n\n\n\n<div style=\"height:25px\" aria-hidden=\"true\" class=\"wp-block-spacer\"><\/div>\n\n\n\n<div id=\"llpersoncard-block_75b1f3b6f8d7a7afd2f0c802d0468d8f\" class=\"block-llpersoncard llpersoncard\">\n\n<div class=\"contactcard-wrapper size-default\">            <div class=\"single-contactcard \">\n\n          \n        <div class=\"contact-text-wrapper\">\n          <h3 class=\"contact-name\">D\u00f6rte Wittke<\/h3>\n                      <div class=\"contact-title\">Leitung Autismusambulanz Uelzen<\/div>\n          \n                                  <div class=\"contact-telephone\"><svg class=\"ll-icon icon-telephone\"  enable-background=\"new 0 0 64 64\" height=\"64px\" version=\"1.1\" viewBox=\"0 0 64 64\" width=\"64px\" xml:space=\"preserve\" xmlns=\"http:\/\/www.w3.org\/2000\/svg\" xmlns:xlink=\"http:\/\/www.w3.org\/1999\/xlink\"><g id=\"_x31_-Call\"\/><g id=\"_x32_-24_Hours_Call\"\/><g id=\"_x33_-Sending_Call\"\/><g id=\"_x34_-Incoming_Call\"\/><g id=\"_x35_-Talk_On_Phone\"\/><g id=\"_x36_-Block_Call\"\/><g id=\"_x37_-Hold_Call\"\/><g id=\"_x38_-Mute_Call\"\/><g id=\"_x39_-Phone_Book\"\/><g id=\"_x31_0-Add_Contact\"\/><g id=\"_x31_1-Delete_Contact\"\/><g id=\"_x31_2-Mail\"\/><g id=\"_x31_3-Message_Read\"\/><g id=\"_x31_4-Email\"\/><g id=\"_x31_5-Send_Mail\"\/><g id=\"_x31_6-Important_Mail\"\/><g id=\"_x31_7-Mail_Chain\"\/><g id=\"_x31_8-Messaging\"\/><g id=\"_x31_9-Sending\"\/><g id=\"_x32_0-Chat\"\/><g id=\"_x32_1-Mail_Attachment\"\/><g id=\"_x32_2-Mobile_Link\"\/><g id=\"_x32_3-Smartphone\"\/><g id=\"_x32_4-Social_Media\"\/><g id=\"_x32_5-Support\"\/><g id=\"_x32_6-Links\"\/><g id=\"_x32_7-Phone\"><path d=\"M52.1478348,42.6777344l-6.4785156-4.5263672c-0.847168-0.5908203-1.8374023-0.9023438-2.8642578-0.9023438   c-1.6328125,0-3.1655273,0.8007813-4.0991211,2.140625l-1.5039063,2.1552734   c-2.5205078-1.6904297-5.3330097-4.0507813-8.0141621-6.7314453c-2.6806641-2.6806641-5.0405273-5.4931641-6.7304688-8.0136719   l2.1542969-1.5039063c1.0981445-0.7646484,1.831543-1.9101563,2.0644531-3.2246094   c0.2324219-1.3134766-0.0605469-2.640625-0.8261719-3.7392578l-4.5253906-6.4785156   C20.3783016,10.5,18.8514462,9.6914063,17.2396297,9.6914063c-0.5585938,0-1.1064453,0.0986328-1.6279297,0.2910156   c-0.5922852,0.21875-1.144043,0.4873047-1.6850586,0.8271484l-0.8945313,0.6298828   c-0.2236328,0.1738281-0.4316406,0.3642578-0.6308594,0.5634766c-1.0913086,1.0908203-1.8657227,2.4716797-2.3027344,4.1044922   c-1.8647461,6.9902344,2.7548828,17.5605469,11.4951172,26.3007813   c7.3398438,7.3398438,16.1577168,11.8994141,23.0117207,11.9003906h0.0004883c1.1738281,0,2.2802734-0.1367188,3.2890625-0.40625   c1.6328125-0.4365234,3.0136719-1.2109375,4.1054688-2.3027344c0.1982422-0.1982422,0.3876953-0.40625,0.5908203-0.6689453   l0.6303711-0.8994141c0.3081055-0.4921875,0.5761719-1.0439453,0.7978516-1.640625   C54.7816238,46.3300781,54.0120926,43.9804688,52.1478348,42.6777344z\"\/><\/g><g id=\"_x32_8-Phone-2\"\/><g id=\"_x32_9-Map\"\/><g id=\"_x33_0-Location\"\/><g id=\"_x33_1-Write\"\/><g id=\"_x33_2-World\"\/><g id=\"_x33_3-Home\"\/><g id=\"_x33_4-Calendar\"\/><g id=\"_x33_5-Website\"\/><g id=\"_x33_6-Info\"\/><g id=\"_x33_7-Bull_Horn\"\/><g id=\"_x33_8-Profile\"\/><g id=\"_x33_9-Quote__x26__Answer\"\/><g id=\"_x34_0-Notification\"\/><g id=\"_x34_1-Share\"\/><g id=\"_x34_2-Time\"\/><\/svg>                            <a href=\"tel:058188541734\">0581 8854 1734<\/a>\n            <\/div>\n          \n          \n        <\/div>\n      <\/div>\n                <div class=\"single-contactcard \">\n\n          \n        <div class=\"contact-text-wrapper\">\n          <h3 class=\"contact-name\">Ina Bernsdorf<\/h3>\n                      <div class=\"contact-title\">Leitung Autismusambulanz Gifhorn<\/div>\n          \n                                  <div class=\"contact-telephone\"><svg class=\"ll-icon icon-telephone\"  enable-background=\"new 0 0 64 64\" height=\"64px\" version=\"1.1\" viewBox=\"0 0 64 64\" width=\"64px\" xml:space=\"preserve\" xmlns=\"http:\/\/www.w3.org\/2000\/svg\" xmlns:xlink=\"http:\/\/www.w3.org\/1999\/xlink\"><g id=\"_x31_-Call\"\/><g id=\"_x32_-24_Hours_Call\"\/><g id=\"_x33_-Sending_Call\"\/><g id=\"_x34_-Incoming_Call\"\/><g id=\"_x35_-Talk_On_Phone\"\/><g id=\"_x36_-Block_Call\"\/><g id=\"_x37_-Hold_Call\"\/><g id=\"_x38_-Mute_Call\"\/><g id=\"_x39_-Phone_Book\"\/><g id=\"_x31_0-Add_Contact\"\/><g id=\"_x31_1-Delete_Contact\"\/><g id=\"_x31_2-Mail\"\/><g id=\"_x31_3-Message_Read\"\/><g id=\"_x31_4-Email\"\/><g id=\"_x31_5-Send_Mail\"\/><g id=\"_x31_6-Important_Mail\"\/><g id=\"_x31_7-Mail_Chain\"\/><g id=\"_x31_8-Messaging\"\/><g id=\"_x31_9-Sending\"\/><g id=\"_x32_0-Chat\"\/><g id=\"_x32_1-Mail_Attachment\"\/><g id=\"_x32_2-Mobile_Link\"\/><g id=\"_x32_3-Smartphone\"\/><g id=\"_x32_4-Social_Media\"\/><g id=\"_x32_5-Support\"\/><g id=\"_x32_6-Links\"\/><g id=\"_x32_7-Phone\"><path d=\"M52.1478348,42.6777344l-6.4785156-4.5263672c-0.847168-0.5908203-1.8374023-0.9023438-2.8642578-0.9023438   c-1.6328125,0-3.1655273,0.8007813-4.0991211,2.140625l-1.5039063,2.1552734   c-2.5205078-1.6904297-5.3330097-4.0507813-8.0141621-6.7314453c-2.6806641-2.6806641-5.0405273-5.4931641-6.7304688-8.0136719   l2.1542969-1.5039063c1.0981445-0.7646484,1.831543-1.9101563,2.0644531-3.2246094   c0.2324219-1.3134766-0.0605469-2.640625-0.8261719-3.7392578l-4.5253906-6.4785156   C20.3783016,10.5,18.8514462,9.6914063,17.2396297,9.6914063c-0.5585938,0-1.1064453,0.0986328-1.6279297,0.2910156   c-0.5922852,0.21875-1.144043,0.4873047-1.6850586,0.8271484l-0.8945313,0.6298828   c-0.2236328,0.1738281-0.4316406,0.3642578-0.6308594,0.5634766c-1.0913086,1.0908203-1.8657227,2.4716797-2.3027344,4.1044922   c-1.8647461,6.9902344,2.7548828,17.5605469,11.4951172,26.3007813   c7.3398438,7.3398438,16.1577168,11.8994141,23.0117207,11.9003906h0.0004883c1.1738281,0,2.2802734-0.1367188,3.2890625-0.40625   c1.6328125-0.4365234,3.0136719-1.2109375,4.1054688-2.3027344c0.1982422-0.1982422,0.3876953-0.40625,0.5908203-0.6689453   l0.6303711-0.8994141c0.3081055-0.4921875,0.5761719-1.0439453,0.7978516-1.640625   C54.7816238,46.3300781,54.0120926,43.9804688,52.1478348,42.6777344z\"\/><\/g><g id=\"_x32_8-Phone-2\"\/><g id=\"_x32_9-Map\"\/><g id=\"_x33_0-Location\"\/><g id=\"_x33_1-Write\"\/><g id=\"_x33_2-World\"\/><g id=\"_x33_3-Home\"\/><g id=\"_x33_4-Calendar\"\/><g id=\"_x33_5-Website\"\/><g id=\"_x33_6-Info\"\/><g id=\"_x33_7-Bull_Horn\"\/><g id=\"_x33_8-Profile\"\/><g id=\"_x33_9-Quote__x26__Answer\"\/><g id=\"_x34_0-Notification\"\/><g id=\"_x34_1-Share\"\/><g id=\"_x34_2-Time\"\/><\/svg>                            <a href=\"tel:053719387698\">05371 9387698<\/a>\n            <\/div>\n          \n          \n        <\/div>\n      <\/div>\n    <\/div>\n<\/div>\n\n\n\n<div style=\"height:50px\" aria-hidden=\"true\" class=\"wp-block-spacer\"><\/div>\n","protected":false},"excerpt":{"rendered":"<p>Die Kosten f\u00fcr das Angebot der Autismusambulanz \u00fcbernimmt das jeweilig \u00f6rtlich zust\u00e4ndige Sozial- oder Jugendamt. Die Hilfen werden auf Grundlage der Eingliederungshilfe bewilligt. F\u00fcr die Kosten\u00fcbernahme ist ein formloser Antrag sowie eine vorliegende Diagnose n\u00f6tig. Unsere Fachkr\u00e4fte unterst\u00fctzen Sie hierbei gerne.<\/p>\n","protected":false},"author":1,"featured_media":443,"parent":33,"menu_order":10,"comment_status":"closed","ping_status":"closed","template":"page-templates\/page-fullscreen.php","meta":{"_acf_changed":false,"footnotes":""},"class_list":["post-41","page","type-page","status-publish","has-post-thumbnail","hentry"],"acf":[],"yoast_head":"<!-- This site is optimized with the Yoast SEO plugin v27.3 - https:\/\/yoast.com\/product\/yoast-seo-wordpress\/ -->\n<title>Kosten\u00fcbernahme - Spektral<\/title>\n<meta name=\"robots\" content=\"index, follow, max-snippet:-1, max-image-preview:large, max-video-preview:-1\" \/>\n<link rel=\"canonical\" href=\"https:\/\/lebenleben.de\/spektral\/wissenswertes-a-z\/kostenuebernahme\/\" \/>\n<meta property=\"og:locale\" content=\"de_DE\" \/>\n<meta property=\"og:type\" content=\"article\" \/>\n<meta property=\"og:title\" content=\"Kosten\u00fcbernahme - Spektral\" \/>\n<meta property=\"og:description\" content=\"Die Kosten f\u00fcr das Angebot der Autismusambulanz \u00fcbernimmt das jeweilig \u00f6rtlich zust\u00e4ndige Sozial- oder Jugendamt. Die Hilfen werden auf Grundlage der Eingliederungshilfe bewilligt. F\u00fcr die Kosten\u00fcbernahme ist ein formloser Antrag sowie eine vorliegende Diagnose n\u00f6tig. Unsere Fachkr\u00e4fte unterst\u00fctzen Sie hierbei gerne.\" \/>\n<meta property=\"og:url\" content=\"https:\/\/lebenleben.de\/spektral\/wissenswertes-a-z\/kostenuebernahme\/\" \/>\n<meta property=\"og:site_name\" content=\"Spektral\" \/>\n<meta property=\"article:modified_time\" content=\"2025-08-05T12:32:12+00:00\" \/>\n<meta property=\"og:image\" content=\"https:\/\/lebenleben.de\/spektral\/wp-content\/uploads\/sites\/17\/2022\/06\/DSC_6085-scaled.jpg\" \/>\n\t<meta property=\"og:image:width\" content=\"2560\" \/>\n\t<meta property=\"og:image:height\" content=\"1703\" \/>\n\t<meta property=\"og:image:type\" content=\"image\/jpeg\" \/>\n<meta name=\"twitter:card\" content=\"summary_large_image\" \/>\n<meta name=\"twitter:label1\" content=\"Gesch\u00e4tzte Lesezeit\" \/>\n\t<meta name=\"twitter:data1\" content=\"1\u00a0Minute\" \/>\n<script type=\"application\/ld+json\" class=\"yoast-schema-graph\">{\"@context\":\"https:\\\/\\\/schema.org\",\"@graph\":[{\"@type\":\"WebPage\",\"@id\":\"https:\\\/\\\/lebenleben.de\\\/spektral\\\/wissenswertes-a-z\\\/kostenuebernahme\\\/\",\"url\":\"https:\\\/\\\/lebenleben.de\\\/spektral\\\/wissenswertes-a-z\\\/kostenuebernahme\\\/\",\"name\":\"Kosten\u00fcbernahme - Spektral\",\"isPartOf\":{\"@id\":\"https:\\\/\\\/lebenleben.de\\\/spektral\\\/#website\"},\"primaryImageOfPage\":{\"@id\":\"https:\\\/\\\/lebenleben.de\\\/spektral\\\/wissenswertes-a-z\\\/kostenuebernahme\\\/#primaryimage\"},\"image\":{\"@id\":\"https:\\\/\\\/lebenleben.de\\\/spektral\\\/wissenswertes-a-z\\\/kostenuebernahme\\\/#primaryimage\"},\"thumbnailUrl\":\"https:\\\/\\\/lebenleben.de\\\/spektral\\\/wp-content\\\/uploads\\\/sites\\\/17\\\/2022\\\/06\\\/DSC_6085-scaled.jpg\",\"datePublished\":\"2022-05-04T09:46:40+00:00\",\"dateModified\":\"2025-08-05T12:32:12+00:00\",\"breadcrumb\":{\"@id\":\"https:\\\/\\\/lebenleben.de\\\/spektral\\\/wissenswertes-a-z\\\/kostenuebernahme\\\/#breadcrumb\"},\"inLanguage\":\"de\",\"potentialAction\":[{\"@type\":\"ReadAction\",\"target\":[\"https:\\\/\\\/lebenleben.de\\\/spektral\\\/wissenswertes-a-z\\\/kostenuebernahme\\\/\"]}]},{\"@type\":\"ImageObject\",\"inLanguage\":\"de\",\"@id\":\"https:\\\/\\\/lebenleben.de\\\/spektral\\\/wissenswertes-a-z\\\/kostenuebernahme\\\/#primaryimage\",\"url\":\"https:\\\/\\\/lebenleben.de\\\/spektral\\\/wp-content\\\/uploads\\\/sites\\\/17\\\/2022\\\/06\\\/DSC_6085-scaled.jpg\",\"contentUrl\":\"https:\\\/\\\/lebenleben.de\\\/spektral\\\/wp-content\\\/uploads\\\/sites\\\/17\\\/2022\\\/06\\\/DSC_6085-scaled.jpg\",\"width\":2560,\"height\":1703},{\"@type\":\"BreadcrumbList\",\"@id\":\"https:\\\/\\\/lebenleben.de\\\/spektral\\\/wissenswertes-a-z\\\/kostenuebernahme\\\/#breadcrumb\",\"itemListElement\":[{\"@type\":\"ListItem\",\"position\":1,\"name\":\"Startseite\",\"item\":\"https:\\\/\\\/lebenleben.de\\\/spektral\\\/\"},{\"@type\":\"ListItem\",\"position\":2,\"name\":\"Wissenswertes A-Z\",\"item\":\"https:\\\/\\\/lebenleben.de\\\/spektral\\\/wissenswertes-a-z\\\/\"},{\"@type\":\"ListItem\",\"position\":3,\"name\":\"Kosten\u00fcbernahme\"}]},{\"@type\":\"WebSite\",\"@id\":\"https:\\\/\\\/lebenleben.de\\\/spektral\\\/#website\",\"url\":\"https:\\\/\\\/lebenleben.de\\\/spektral\\\/\",\"name\":\"Spektral\",\"description\":\"Autismusambulanz in Uelzen und Gifhorn von Leben leben\",\"publisher\":{\"@id\":\"https:\\\/\\\/lebenleben.de\\\/spektral\\\/#organization\"},\"potentialAction\":[{\"@type\":\"SearchAction\",\"target\":{\"@type\":\"EntryPoint\",\"urlTemplate\":\"https:\\\/\\\/lebenleben.de\\\/spektral\\\/?s={search_term_string}\"},\"query-input\":{\"@type\":\"PropertyValueSpecification\",\"valueRequired\":true,\"valueName\":\"search_term_string\"}}],\"inLanguage\":\"de\"},{\"@type\":\"Organization\",\"@id\":\"https:\\\/\\\/lebenleben.de\\\/spektral\\\/#organization\",\"name\":\"Leben leben Spektral\",\"url\":\"https:\\\/\\\/lebenleben.de\\\/spektral\\\/\",\"logo\":{\"@type\":\"ImageObject\",\"inLanguage\":\"de\",\"@id\":\"https:\\\/\\\/lebenleben.de\\\/spektral\\\/#\\\/schema\\\/logo\\\/image\\\/\",\"url\":\"https:\\\/\\\/lebenleben.de\\\/spektral\\\/wp-content\\\/uploads\\\/sites\\\/17\\\/2022\\\/05\\\/ll_favicon-green.png\",\"contentUrl\":\"https:\\\/\\\/lebenleben.de\\\/spektral\\\/wp-content\\\/uploads\\\/sites\\\/17\\\/2022\\\/05\\\/ll_favicon-green.png\",\"width\":501,\"height\":501,\"caption\":\"Leben leben Spektral\"},\"image\":{\"@id\":\"https:\\\/\\\/lebenleben.de\\\/spektral\\\/#\\\/schema\\\/logo\\\/image\\\/\"}}]}<\/script>\n<!-- \/ Yoast SEO plugin. -->","yoast_head_json":{"title":"Kosten\u00fcbernahme - Spektral","robots":{"index":"index","follow":"follow","max-snippet":"max-snippet:-1","max-image-preview":"max-image-preview:large","max-video-preview":"max-video-preview:-1"},"canonical":"https:\/\/lebenleben.de\/spektral\/wissenswertes-a-z\/kostenuebernahme\/","og_locale":"de_DE","og_type":"article","og_title":"Kosten\u00fcbernahme - Spektral","og_description":"Die Kosten f\u00fcr das Angebot der Autismusambulanz \u00fcbernimmt das jeweilig \u00f6rtlich zust\u00e4ndige Sozial- oder Jugendamt. Die Hilfen werden auf Grundlage der Eingliederungshilfe bewilligt. F\u00fcr die Kosten\u00fcbernahme ist ein formloser Antrag sowie eine vorliegende Diagnose n\u00f6tig. Unsere Fachkr\u00e4fte unterst\u00fctzen Sie hierbei gerne.","og_url":"https:\/\/lebenleben.de\/spektral\/wissenswertes-a-z\/kostenuebernahme\/","og_site_name":"Spektral","article_modified_time":"2025-08-05T12:32:12+00:00","og_image":[{"width":2560,"height":1703,"url":"https:\/\/lebenleben.de\/spektral\/wp-content\/uploads\/sites\/17\/2022\/06\/DSC_6085-scaled.jpg","type":"image\/jpeg"}],"twitter_card":"summary_large_image","twitter_misc":{"Gesch\u00e4tzte Lesezeit":"1\u00a0Minute"},"schema":{"@context":"https:\/\/schema.org","@graph":[{"@type":"WebPage","@id":"https:\/\/lebenleben.de\/spektral\/wissenswertes-a-z\/kostenuebernahme\/","url":"https:\/\/lebenleben.de\/spektral\/wissenswertes-a-z\/kostenuebernahme\/","name":"Kosten\u00fcbernahme - Spektral","isPartOf":{"@id":"https:\/\/lebenleben.de\/spektral\/#website"},"primaryImageOfPage":{"@id":"https:\/\/lebenleben.de\/spektral\/wissenswertes-a-z\/kostenuebernahme\/#primaryimage"},"image":{"@id":"https:\/\/lebenleben.de\/spektral\/wissenswertes-a-z\/kostenuebernahme\/#primaryimage"},"thumbnailUrl":"https:\/\/lebenleben.de\/spektral\/wp-content\/uploads\/sites\/17\/2022\/06\/DSC_6085-scaled.jpg","datePublished":"2022-05-04T09:46:40+00:00","dateModified":"2025-08-05T12:32:12+00:00","breadcrumb":{"@id":"https:\/\/lebenleben.de\/spektral\/wissenswertes-a-z\/kostenuebernahme\/#breadcrumb"},"inLanguage":"de","potentialAction":[{"@type":"ReadAction","target":["https:\/\/lebenleben.de\/spektral\/wissenswertes-a-z\/kostenuebernahme\/"]}]},{"@type":"ImageObject","inLanguage":"de","@id":"https:\/\/lebenleben.de\/spektral\/wissenswertes-a-z\/kostenuebernahme\/#primaryimage","url":"https:\/\/lebenleben.de\/spektral\/wp-content\/uploads\/sites\/17\/2022\/06\/DSC_6085-scaled.jpg","contentUrl":"https:\/\/lebenleben.de\/spektral\/wp-content\/uploads\/sites\/17\/2022\/06\/DSC_6085-scaled.jpg","width":2560,"height":1703},{"@type":"BreadcrumbList","@id":"https:\/\/lebenleben.de\/spektral\/wissenswertes-a-z\/kostenuebernahme\/#breadcrumb","itemListElement":[{"@type":"ListItem","position":1,"name":"Startseite","item":"https:\/\/lebenleben.de\/spektral\/"},{"@type":"ListItem","position":2,"name":"Wissenswertes A-Z","item":"https:\/\/lebenleben.de\/spektral\/wissenswertes-a-z\/"},{"@type":"ListItem","position":3,"name":"Kosten\u00fcbernahme"}]},{"@type":"WebSite","@id":"https:\/\/lebenleben.de\/spektral\/#website","url":"https:\/\/lebenleben.de\/spektral\/","name":"Spektral","description":"Autismusambulanz in Uelzen und Gifhorn von Leben leben","publisher":{"@id":"https:\/\/lebenleben.de\/spektral\/#organization"},"potentialAction":[{"@type":"SearchAction","target":{"@type":"EntryPoint","urlTemplate":"https:\/\/lebenleben.de\/spektral\/?s={search_term_string}"},"query-input":{"@type":"PropertyValueSpecification","valueRequired":true,"valueName":"search_term_string"}}],"inLanguage":"de"},{"@type":"Organization","@id":"https:\/\/lebenleben.de\/spektral\/#organization","name":"Leben leben Spektral","url":"https:\/\/lebenleben.de\/spektral\/","logo":{"@type":"ImageObject","inLanguage":"de","@id":"https:\/\/lebenleben.de\/spektral\/#\/schema\/logo\/image\/","url":"https:\/\/lebenleben.de\/spektral\/wp-content\/uploads\/sites\/17\/2022\/05\/ll_favicon-green.png","contentUrl":"https:\/\/lebenleben.de\/spektral\/wp-content\/uploads\/sites\/17\/2022\/05\/ll_favicon-green.png","width":501,"height":501,"caption":"Leben leben Spektral"},"image":{"@id":"https:\/\/lebenleben.de\/spektral\/#\/schema\/logo\/image\/"}}]}},"_links":{"self":[{"href":"https:\/\/lebenleben.de\/spektral\/wp-json\/wp\/v2\/pages\/41","targetHints":{"allow":["GET"]}}],"collection":[{"href":"https:\/\/lebenleben.de\/spektral\/wp-json\/wp\/v2\/pages"}],"about":[{"href":"https:\/\/lebenleben.de\/spektral\/wp-json\/wp\/v2\/types\/page"}],"author":[{"embeddable":true,"href":"https:\/\/lebenleben.de\/spektral\/wp-json\/wp\/v2\/users\/1"}],"replies":[{"embeddable":true,"href":"https:\/\/lebenleben.de\/spektral\/wp-json\/wp\/v2\/comments?post=41"}],"version-history":[{"count":18,"href":"https:\/\/lebenleben.de\/spektral\/wp-json\/wp\/v2\/pages\/41\/revisions"}],"predecessor-version":[{"id":893,"href":"https:\/\/lebenleben.de\/spektral\/wp-json\/wp\/v2\/pages\/41\/revisions\/893"}],"up":[{"embeddable":true,"href":"https:\/\/lebenleben.de\/spektral\/wp-json\/wp\/v2\/pages\/33"}],"wp:featuredmedia":[{"embeddable":true,"href":"https:\/\/lebenleben.de\/spektral\/wp-json\/wp\/v2\/media\/443"}],"wp:attachment":[{"href":"https:\/\/lebenleben.de\/spektral\/wp-json\/wp\/v2\/media?parent=41"}],"curies":[{"name":"wp","href":"https:\/\/api.w.org\/{rel}","templated":true}]}}