{"id":11,"date":"2021-01-22T10:51:50","date_gmt":"2021-01-22T09:51:50","guid":{"rendered":"https:\/\/lebenleben.de\/therapiezentrum\/?page_id=11"},"modified":"2025-10-27T08:13:22","modified_gmt":"2025-10-27T07:13:22","slug":"logopaedie","status":"publish","type":"page","link":"https:\/\/lebenleben.de\/therapiezentrum\/logopaedie\/","title":{"rendered":"Logop\u00e4die"},"content":{"rendered":"\n<div id=\"llimageslider-block_a852c06da6f934f039db4065bdb6165a\" class=\"block-llimageslider llimageslider alignwide\">\n\n    \n\t\t<div class=\"llimageslider-slider\" data-slick='{\"autoplaySpeed\": 5000}'>\n\t\t\t\t\t\t\t<div class=\"single-slide-wrapper slide-1\">\n\t\t\t\t\t<img loading=\"lazy\" decoding=\"async\" width=\"1400\" height=\"440\" src=\"https:\/\/lebenleben.de\/therapiezentrum\/wp-content\/uploads\/sites\/4\/2025\/03\/Header_Logo.png\" class=\"single-slide-image slider-desktop-image\" alt=\"\" srcset=\"https:\/\/lebenleben.de\/therapiezentrum\/wp-content\/uploads\/sites\/4\/2025\/03\/Header_Logo.png 1400w, https:\/\/lebenleben.de\/therapiezentrum\/wp-content\/uploads\/sites\/4\/2025\/03\/Header_Logo-300x94.png 300w, https:\/\/lebenleben.de\/therapiezentrum\/wp-content\/uploads\/sites\/4\/2025\/03\/Header_Logo-1024x322.png 1024w, https:\/\/lebenleben.de\/therapiezentrum\/wp-content\/uploads\/sites\/4\/2025\/03\/Header_Logo-768x241.png 768w\" sizes=\"auto, (max-width: 1400px) 100vw, 1400px\" \/>          <img loading=\"lazy\" decoding=\"async\" width=\"1000\" height=\"314\" src=\"https:\/\/lebenleben.de\/therapiezentrum\/wp-content\/uploads\/sites\/4\/2025\/03\/Header_Logo-1024x322.png\" class=\"single-slide-image slider-mobile-image\" alt=\"\" srcset=\"https:\/\/lebenleben.de\/therapiezentrum\/wp-content\/uploads\/sites\/4\/2025\/03\/Header_Logo-1024x322.png 1024w, https:\/\/lebenleben.de\/therapiezentrum\/wp-content\/uploads\/sites\/4\/2025\/03\/Header_Logo-300x94.png 300w, https:\/\/lebenleben.de\/therapiezentrum\/wp-content\/uploads\/sites\/4\/2025\/03\/Header_Logo-768x241.png 768w, https:\/\/lebenleben.de\/therapiezentrum\/wp-content\/uploads\/sites\/4\/2025\/03\/Header_Logo.png 1400w\" sizes=\"auto, (max-width: 1000px) 100vw, 1000px\" \/>\n                    <div class=\"single-slide-text\">\n          <h2>Logop\u00e4die Uelzen<\/h2><h3>Gezielte Therapie von Sprach-, Sprech-, Stimm- und Schluckst\u00f6rungen<\/h3>                  <\/div>\n        \n\t\t\t\t<\/div>\n\t\t\t\t\t<\/div>\n\t  <script>\n    jQuery(document).ready(function() {\n        jQuery('.llimageslider-slider').slick({\n          dots: true,\n          infinite: true,\n          speed: 1000,\n          autoplay: true,\n          adaptiveHeight: true,\n          slidesToShow: 1,\n          fade: true,\n          focusOnSelect: true\n        });\n    });\n    <\/script>\n<\/div>\n\n\n\n<h2 class=\"wp-block-heading has-text-align-center\">Logop\u00e4dische Therapie f\u00fcr mehr Lebensqualit\u00e4t.<\/h2>\n\n\n\n<p class=\"has-text-align-center\">Im Therapiezentrum Uelzen bieten wir an unseren Standorten in <a href=\"https:\/\/lebenleben.de\/therapiezentrum\/praxen\/#uelzen\">Uelzen<\/a> sowie <a href=\"https:\/\/lebenleben.de\/therapiezentrum\/praxen\/#taetendorf\">T\u00e4tendorf-Eppensen<\/a> Logop\u00e4die f\u00fcr Menschen jeden Alters an. Unser Team behandelt eine Vielzahl von Sprach-, Sprech-, Stimm- und Schluckst\u00f6rungen mit individuell zugeschnittenen Therapieans\u00e4tzen. <br><br>Wir unterst\u00fctzen bei Sigmatismus (Lispeln), Auff\u00e4lligkeiten in der Lautbildung wie Lautvertauschungen oder -ersetzungen sowie phonologischen Schwierigkeiten, die die Lautwahrnehmung betreffen. Auch Stottern, ein nicht altersentsprechender Wortschatz (Sprachentwicklungsst\u00f6rungen) und orofaziale Dysfunktionen bzw. myofunktionelle St\u00f6rungen geh\u00f6ren zu unseren Behandlungsschwerpunkten. Dar\u00fcber hinaus bieten wir Hilfe bei Dysphagie (Schluckst\u00f6rungen) und Dysphonien (Stimmst\u00f6rungen wie Heiserkeit). Bei Aphasie und Dysarthrie, Sprach- und Sprechst\u00f6rungen nach einem Schlaganfall, setzen wir gezielte Therapieans\u00e4tze ein. <br><br>Unser Ziel ist es, die Kommunikationsf\u00e4higkeit und Lebensqualit\u00e4t unserer Patienten nachhaltig zu verbessern.<\/p>\n\n\n\n<div style=\"height:65px\" aria-hidden=\"true\" class=\"wp-block-spacer\"><\/div>\n\n\n\n<h2 class=\"wp-block-heading has-text-align-center\">Terminvereinbarung und Kontakt<\/h2>\n\n\n\n<div style=\"height:25px\" aria-hidden=\"true\" class=\"wp-block-spacer\"><\/div>\n\n\n\n<div class=\"wp-block-columns is-layout-flex wp-container-core-columns-is-layout-9d6595d7 wp-block-columns-is-layout-flex\">\n<div class=\"wp-block-column is-layout-flow wp-block-column-is-layout-flow\" style=\"flex-basis:35%\">\n<h3 class=\"wp-block-heading\">Therapiezentrum Uelzen<\/h3>\n\n\n\n<p>Von-Estorff-Stra\u00dfe 3<br>29525 Uelzen<\/p>\n\n\n\n<p><strong>Saskia Kr\u00fcger<br><\/strong>Praxisassistentin<\/p>\n\n\n\n<p><strong>Telefon<\/strong>: <a href=\"tel:+495819716650\">0581 97166-50<\/a><br><strong>E-Mail<\/strong>: <a href=\"javascript:;\">therapiezentrum@lebenleben.de<\/a><\/p>\n\n\n<div id=\"llreadmore-block_552f6648bc0857e191cb27de2ad43dbc\" class=\"block-llreadmore llreadmore\">\n\t<a class=\"button\" href=\"https:\/\/lebenleben.de\/therapiezentrum\/terminanfrage\/\" target=\"_self\">Online-Terminanfrage&nbsp;&raquo;<\/a>\n<\/div>\n<\/div>\n\n\n\n<div class=\"wp-block-column is-layout-flow wp-block-column-is-layout-flow\" style=\"flex-basis:65%\">\n <div class=\"brlbs-cmpnt-container brlbs-cmpnt-content-blocker brlbs-cmpnt-with-individual-styles\" data-borlabs-cookie-content-blocker-id=\"google-maps\" data-borlabs-cookie-content=\"PGlmcmFtZSBzdHlsZT0iYm9yZGVyOiAwIiBzcmM9Imh0dHBzOi8vd3d3Lmdvb2dsZS5jb20vbWFwcy9lbWJlZD9wYj0hMW0xOCExbTEyITFtMyExZDI0MDMuMzExMDc0NDEzNDY5NyEyZDEwLjU0MzEwMzg3Njk0ODcwNCEzZDUyLjk2MDgxODIwMzQ5OTI4ITJtMyExZjAhMmYwITNmMCEzbTIhMWkxMDI0ITJpNzY4ITRmMTMuMSEzbTMhMW0yITFzMHg0N2FlMmI3OTg4ZWM1OTMzJTNBMHgzODJhY2M3MTllZmE3NTJhITJzVGhlcmFwaWV6ZW50cnVtJTIwVWVsemVuJTIwZ0dtYkghNWUwITNtMiExc2RlITJzZGUhNHYxNzM3MDIxMzQ5MTg3ITVtMiExc2RlITJzZGUmbm9wcm9mPTEiIHdpZHRoPSIxMDAlIiBoZWlnaHQ9IjMwMCI+PC9pZnJhbWU+\"><div class=\"brlbs-cmpnt-cb-preset-b brlbs-cmpnt-cb-google-maps\"> <div class=\"brlbs-cmpnt-cb-thumbnail\" style=\"background-image: url('https:\/\/lebenleben.de\/therapiezentrum\/wp-content\/uploads\/borlabs-cookie\/4\/brlbs-cb-google-maps-main.png')\"><\/div> <div class=\"brlbs-cmpnt-cb-main\"> <div class=\"brlbs-cmpnt-cb-content\"> <p class=\"brlbs-cmpnt-cb-description\">Sie sehen gerade einen Platzhalterinhalt von <strong>Google Maps<\/strong>. Um auf den eigentlichen Inhalt zuzugreifen, klicken Sie auf die Schaltfl\u00e4che unten. Bitte beachten Sie, dass dabei Daten an Drittanbieter weitergegeben werden.<\/p> <a class=\"brlbs-cmpnt-cb-provider-toggle\" href=\"#\" data-borlabs-cookie-show-provider-information role=\"button\">Mehr Informationen<\/a> <\/div> <div class=\"brlbs-cmpnt-cb-buttons\"> <a class=\"brlbs-cmpnt-cb-btn\" href=\"#\" data-borlabs-cookie-unblock role=\"button\">Inhalt entsperren<\/a> <a class=\"brlbs-cmpnt-cb-btn\" href=\"#\" data-borlabs-cookie-accept-service role=\"button\" style=\"display: inherit\">Erforderlichen Service akzeptieren und Inhalte entsperren<\/a> <\/div> <\/div> <\/div><\/div>\n<\/div>\n<\/div>\n\n\n\n<div style=\"height:50px\" aria-hidden=\"true\" class=\"wp-block-spacer\"><\/div>\n","protected":false},"excerpt":{"rendered":"<p>Logop\u00e4dische Therapie f\u00fcr mehr Lebensqualit\u00e4t. Im Therapiezentrum Uelzen bieten wir an unseren Standorten in Uelzen sowie T\u00e4tendorf-Eppensen Logop\u00e4die f\u00fcr Menschen jeden Alters an. Unser Team behandelt eine Vielzahl von Sprach-, Sprech-, Stimm- und Schluckst\u00f6rungen mit individuell zugeschnittenen Therapieans\u00e4tzen. Wir unterst\u00fctzen bei Sigmatismus (Lispeln), Auff\u00e4lligkeiten in der Lautbildung wie Lautvertauschungen oder -ersetzungen sowie phonologischen Schwierigkeiten, die [&hellip;]<\/p>\n","protected":false},"author":1,"featured_media":777,"parent":0,"menu_order":20,"comment_status":"closed","ping_status":"closed","template":"page-templates\/page-fullscreen.php","meta":{"_acf_changed":false,"footnotes":""},"class_list":["post-11","page","type-page","status-publish","has-post-thumbnail","hentry"],"acf":[],"yoast_head":"<!-- This site is optimized with the Yoast SEO plugin v27.3 - https:\/\/yoast.com\/product\/yoast-seo-wordpress\/ -->\n<title>Logop\u00e4die Uelzen | Sprach- und Sprechtherapie f\u00fcr alle Altersgruppen<\/title>\n<meta name=\"description\" content=\"Die Logop\u00e4die im Therapiezentrum Uelzen f\u00f6rdert das Sprach- und Sprechverm\u00f6gen bei Kindern und Erwachsenen.\" \/>\n<meta name=\"robots\" content=\"index, follow, max-snippet:-1, max-image-preview:large, max-video-preview:-1\" \/>\n<link rel=\"canonical\" href=\"https:\/\/lebenleben.de\/therapiezentrum\/logopaedie\/\" \/>\n<meta property=\"og:locale\" content=\"de_DE\" \/>\n<meta property=\"og:type\" content=\"article\" \/>\n<meta property=\"og:title\" content=\"Logop\u00e4die Uelzen | Sprach- und Sprechtherapie f\u00fcr alle Altersgruppen\" \/>\n<meta property=\"og:description\" content=\"Die Logop\u00e4die im Therapiezentrum Uelzen f\u00f6rdert das Sprach- und Sprechverm\u00f6gen bei Kindern und Erwachsenen.\" \/>\n<meta property=\"og:url\" content=\"https:\/\/lebenleben.de\/therapiezentrum\/logopaedie\/\" \/>\n<meta property=\"og:site_name\" content=\"Leben leben Therapiezentrum\" \/>\n<meta property=\"article:modified_time\" content=\"2025-10-27T07:13:22+00:00\" \/>\n<meta property=\"og:image\" content=\"https:\/\/lebenleben.de\/therapiezentrum\/wp-content\/uploads\/sites\/4\/2025\/03\/Teaser_Logo.png\" \/>\n\t<meta property=\"og:image:width\" content=\"600\" \/>\n\t<meta property=\"og:image:height\" content=\"375\" \/>\n\t<meta property=\"og:image:type\" content=\"image\/png\" \/>\n<meta name=\"twitter:card\" content=\"summary_large_image\" \/>\n<meta name=\"twitter:label1\" content=\"Gesch\u00e4tzte Lesezeit\" \/>\n\t<meta name=\"twitter:data1\" content=\"2\u00a0Minuten\" \/>\n<script type=\"application\/ld+json\" class=\"yoast-schema-graph\">{\"@context\":\"https:\\\/\\\/schema.org\",\"@graph\":[{\"@type\":\"WebPage\",\"@id\":\"https:\\\/\\\/lebenleben.de\\\/therapiezentrum\\\/logopaedie\\\/\",\"url\":\"https:\\\/\\\/lebenleben.de\\\/therapiezentrum\\\/logopaedie\\\/\",\"name\":\"Logop\u00e4die Uelzen | Sprach- und Sprechtherapie f\u00fcr alle Altersgruppen\",\"isPartOf\":{\"@id\":\"https:\\\/\\\/lebenleben.de\\\/therapiezentrum\\\/#website\"},\"primaryImageOfPage\":{\"@id\":\"https:\\\/\\\/lebenleben.de\\\/therapiezentrum\\\/logopaedie\\\/#primaryimage\"},\"image\":{\"@id\":\"https:\\\/\\\/lebenleben.de\\\/therapiezentrum\\\/logopaedie\\\/#primaryimage\"},\"thumbnailUrl\":\"https:\\\/\\\/lebenleben.de\\\/therapiezentrum\\\/wp-content\\\/uploads\\\/sites\\\/4\\\/2025\\\/03\\\/Teaser_Logo.png\",\"datePublished\":\"2021-01-22T09:51:50+00:00\",\"dateModified\":\"2025-10-27T07:13:22+00:00\",\"description\":\"Die Logop\u00e4die im Therapiezentrum Uelzen f\u00f6rdert das Sprach- und Sprechverm\u00f6gen bei Kindern und Erwachsenen.\",\"breadcrumb\":{\"@id\":\"https:\\\/\\\/lebenleben.de\\\/therapiezentrum\\\/logopaedie\\\/#breadcrumb\"},\"inLanguage\":\"de\",\"potentialAction\":[{\"@type\":\"ReadAction\",\"target\":[\"https:\\\/\\\/lebenleben.de\\\/therapiezentrum\\\/logopaedie\\\/\"]}]},{\"@type\":\"ImageObject\",\"inLanguage\":\"de\",\"@id\":\"https:\\\/\\\/lebenleben.de\\\/therapiezentrum\\\/logopaedie\\\/#primaryimage\",\"url\":\"https:\\\/\\\/lebenleben.de\\\/therapiezentrum\\\/wp-content\\\/uploads\\\/sites\\\/4\\\/2025\\\/03\\\/Teaser_Logo.png\",\"contentUrl\":\"https:\\\/\\\/lebenleben.de\\\/therapiezentrum\\\/wp-content\\\/uploads\\\/sites\\\/4\\\/2025\\\/03\\\/Teaser_Logo.png\",\"width\":600,\"height\":375},{\"@type\":\"BreadcrumbList\",\"@id\":\"https:\\\/\\\/lebenleben.de\\\/therapiezentrum\\\/logopaedie\\\/#breadcrumb\",\"itemListElement\":[{\"@type\":\"ListItem\",\"position\":1,\"name\":\"Startseite\",\"item\":\"https:\\\/\\\/lebenleben.de\\\/therapiezentrum\\\/\"},{\"@type\":\"ListItem\",\"position\":2,\"name\":\"Logop\u00e4die\"}]},{\"@type\":\"WebSite\",\"@id\":\"https:\\\/\\\/lebenleben.de\\\/therapiezentrum\\\/#website\",\"url\":\"https:\\\/\\\/lebenleben.de\\\/therapiezentrum\\\/\",\"name\":\"Leben leben Therapiezentrum\",\"description\":\"Eine weitere Leben Leben Netzwerk Website\",\"publisher\":{\"@id\":\"https:\\\/\\\/lebenleben.de\\\/therapiezentrum\\\/#organization\"},\"potentialAction\":[{\"@type\":\"SearchAction\",\"target\":{\"@type\":\"EntryPoint\",\"urlTemplate\":\"https:\\\/\\\/lebenleben.de\\\/therapiezentrum\\\/?s={search_term_string}\"},\"query-input\":{\"@type\":\"PropertyValueSpecification\",\"valueRequired\":true,\"valueName\":\"search_term_string\"}}],\"inLanguage\":\"de\"},{\"@type\":\"Organization\",\"@id\":\"https:\\\/\\\/lebenleben.de\\\/therapiezentrum\\\/#organization\",\"name\":\"Leben leben Therapiezentrum\",\"url\":\"https:\\\/\\\/lebenleben.de\\\/therapiezentrum\\\/\",\"logo\":{\"@type\":\"ImageObject\",\"inLanguage\":\"de\",\"@id\":\"https:\\\/\\\/lebenleben.de\\\/therapiezentrum\\\/#\\\/schema\\\/logo\\\/image\\\/\",\"url\":\"https:\\\/\\\/lebenleben.de\\\/therapiezentrum\\\/wp-content\\\/uploads\\\/sites\\\/4\\\/2021\\\/01\\\/ll_favicon-cyan.png\",\"contentUrl\":\"https:\\\/\\\/lebenleben.de\\\/therapiezentrum\\\/wp-content\\\/uploads\\\/sites\\\/4\\\/2021\\\/01\\\/ll_favicon-cyan.png\",\"width\":501,\"height\":501,\"caption\":\"Leben leben Therapiezentrum\"},\"image\":{\"@id\":\"https:\\\/\\\/lebenleben.de\\\/therapiezentrum\\\/#\\\/schema\\\/logo\\\/image\\\/\"}}]}<\/script>\n<!-- \/ Yoast SEO plugin. -->","yoast_head_json":{"title":"Logop\u00e4die Uelzen | Sprach- und Sprechtherapie f\u00fcr alle Altersgruppen","description":"Die Logop\u00e4die im Therapiezentrum Uelzen f\u00f6rdert das Sprach- und Sprechverm\u00f6gen bei Kindern und Erwachsenen.","robots":{"index":"index","follow":"follow","max-snippet":"max-snippet:-1","max-image-preview":"max-image-preview:large","max-video-preview":"max-video-preview:-1"},"canonical":"https:\/\/lebenleben.de\/therapiezentrum\/logopaedie\/","og_locale":"de_DE","og_type":"article","og_title":"Logop\u00e4die Uelzen | Sprach- und Sprechtherapie f\u00fcr alle Altersgruppen","og_description":"Die Logop\u00e4die im Therapiezentrum Uelzen f\u00f6rdert das Sprach- und Sprechverm\u00f6gen bei Kindern und Erwachsenen.","og_url":"https:\/\/lebenleben.de\/therapiezentrum\/logopaedie\/","og_site_name":"Leben leben Therapiezentrum","article_modified_time":"2025-10-27T07:13:22+00:00","og_image":[{"width":600,"height":375,"url":"https:\/\/lebenleben.de\/therapiezentrum\/wp-content\/uploads\/sites\/4\/2025\/03\/Teaser_Logo.png","type":"image\/png"}],"twitter_card":"summary_large_image","twitter_misc":{"Gesch\u00e4tzte Lesezeit":"2\u00a0Minuten"},"schema":{"@context":"https:\/\/schema.org","@graph":[{"@type":"WebPage","@id":"https:\/\/lebenleben.de\/therapiezentrum\/logopaedie\/","url":"https:\/\/lebenleben.de\/therapiezentrum\/logopaedie\/","name":"Logop\u00e4die Uelzen | Sprach- und Sprechtherapie f\u00fcr alle Altersgruppen","isPartOf":{"@id":"https:\/\/lebenleben.de\/therapiezentrum\/#website"},"primaryImageOfPage":{"@id":"https:\/\/lebenleben.de\/therapiezentrum\/logopaedie\/#primaryimage"},"image":{"@id":"https:\/\/lebenleben.de\/therapiezentrum\/logopaedie\/#primaryimage"},"thumbnailUrl":"https:\/\/lebenleben.de\/therapiezentrum\/wp-content\/uploads\/sites\/4\/2025\/03\/Teaser_Logo.png","datePublished":"2021-01-22T09:51:50+00:00","dateModified":"2025-10-27T07:13:22+00:00","description":"Die Logop\u00e4die im Therapiezentrum Uelzen f\u00f6rdert das Sprach- und Sprechverm\u00f6gen bei Kindern und Erwachsenen.","breadcrumb":{"@id":"https:\/\/lebenleben.de\/therapiezentrum\/logopaedie\/#breadcrumb"},"inLanguage":"de","potentialAction":[{"@type":"ReadAction","target":["https:\/\/lebenleben.de\/therapiezentrum\/logopaedie\/"]}]},{"@type":"ImageObject","inLanguage":"de","@id":"https:\/\/lebenleben.de\/therapiezentrum\/logopaedie\/#primaryimage","url":"https:\/\/lebenleben.de\/therapiezentrum\/wp-content\/uploads\/sites\/4\/2025\/03\/Teaser_Logo.png","contentUrl":"https:\/\/lebenleben.de\/therapiezentrum\/wp-content\/uploads\/sites\/4\/2025\/03\/Teaser_Logo.png","width":600,"height":375},{"@type":"BreadcrumbList","@id":"https:\/\/lebenleben.de\/therapiezentrum\/logopaedie\/#breadcrumb","itemListElement":[{"@type":"ListItem","position":1,"name":"Startseite","item":"https:\/\/lebenleben.de\/therapiezentrum\/"},{"@type":"ListItem","position":2,"name":"Logop\u00e4die"}]},{"@type":"WebSite","@id":"https:\/\/lebenleben.de\/therapiezentrum\/#website","url":"https:\/\/lebenleben.de\/therapiezentrum\/","name":"Leben leben Therapiezentrum","description":"Eine weitere Leben Leben Netzwerk Website","publisher":{"@id":"https:\/\/lebenleben.de\/therapiezentrum\/#organization"},"potentialAction":[{"@type":"SearchAction","target":{"@type":"EntryPoint","urlTemplate":"https:\/\/lebenleben.de\/therapiezentrum\/?s={search_term_string}"},"query-input":{"@type":"PropertyValueSpecification","valueRequired":true,"valueName":"search_term_string"}}],"inLanguage":"de"},{"@type":"Organization","@id":"https:\/\/lebenleben.de\/therapiezentrum\/#organization","name":"Leben leben Therapiezentrum","url":"https:\/\/lebenleben.de\/therapiezentrum\/","logo":{"@type":"ImageObject","inLanguage":"de","@id":"https:\/\/lebenleben.de\/therapiezentrum\/#\/schema\/logo\/image\/","url":"https:\/\/lebenleben.de\/therapiezentrum\/wp-content\/uploads\/sites\/4\/2021\/01\/ll_favicon-cyan.png","contentUrl":"https:\/\/lebenleben.de\/therapiezentrum\/wp-content\/uploads\/sites\/4\/2021\/01\/ll_favicon-cyan.png","width":501,"height":501,"caption":"Leben leben Therapiezentrum"},"image":{"@id":"https:\/\/lebenleben.de\/therapiezentrum\/#\/schema\/logo\/image\/"}}]}},"_links":{"self":[{"href":"https:\/\/lebenleben.de\/therapiezentrum\/wp-json\/wp\/v2\/pages\/11","targetHints":{"allow":["GET"]}}],"collection":[{"href":"https:\/\/lebenleben.de\/therapiezentrum\/wp-json\/wp\/v2\/pages"}],"about":[{"href":"https:\/\/lebenleben.de\/therapiezentrum\/wp-json\/wp\/v2\/types\/page"}],"author":[{"embeddable":true,"href":"https:\/\/lebenleben.de\/therapiezentrum\/wp-json\/wp\/v2\/users\/1"}],"replies":[{"embeddable":true,"href":"https:\/\/lebenleben.de\/therapiezentrum\/wp-json\/wp\/v2\/comments?post=11"}],"version-history":[{"count":35,"href":"https:\/\/lebenleben.de\/therapiezentrum\/wp-json\/wp\/v2\/pages\/11\/revisions"}],"predecessor-version":[{"id":922,"href":"https:\/\/lebenleben.de\/therapiezentrum\/wp-json\/wp\/v2\/pages\/11\/revisions\/922"}],"wp:featuredmedia":[{"embeddable":true,"href":"https:\/\/lebenleben.de\/therapiezentrum\/wp-json\/wp\/v2\/media\/777"}],"wp:attachment":[{"href":"https:\/\/lebenleben.de\/therapiezentrum\/wp-json\/wp\/v2\/media?parent=11"}],"curies":[{"name":"wp","href":"https:\/\/api.w.org\/{rel}","templated":true}]}}