{"id":9,"date":"2021-01-22T10:51:37","date_gmt":"2021-01-22T09:51:37","guid":{"rendered":"https:\/\/lebenleben.de\/therapiezentrum\/?page_id=9"},"modified":"2025-10-27T08:13:16","modified_gmt":"2025-10-27T07:13:16","slug":"ergotherapie","status":"publish","type":"page","link":"https:\/\/lebenleben.de\/therapiezentrum\/ergotherapie\/","title":{"rendered":"Ergotherapie"},"content":{"rendered":"\n<div id=\"llimageslider-block_5418b0b40ad787a0916a742677b09296\" class=\"block-llimageslider llimageslider alignwide\">\n\n    \n\t\t<div class=\"llimageslider-slider\" data-slick='{\"autoplaySpeed\": 5000}'>\n\t\t\t\t\t\t\t<div class=\"single-slide-wrapper slide-1\">\n\t\t\t\t\t<img loading=\"lazy\" decoding=\"async\" width=\"1400\" height=\"439\" src=\"https:\/\/lebenleben.de\/therapiezentrum\/wp-content\/uploads\/sites\/4\/2025\/01\/DSC05737.jpg\" class=\"single-slide-image slider-desktop-image\" alt=\"\" srcset=\"https:\/\/lebenleben.de\/therapiezentrum\/wp-content\/uploads\/sites\/4\/2025\/01\/DSC05737.jpg 1400w, https:\/\/lebenleben.de\/therapiezentrum\/wp-content\/uploads\/sites\/4\/2025\/01\/DSC05737-300x94.jpg 300w, https:\/\/lebenleben.de\/therapiezentrum\/wp-content\/uploads\/sites\/4\/2025\/01\/DSC05737-1024x321.jpg 1024w, https:\/\/lebenleben.de\/therapiezentrum\/wp-content\/uploads\/sites\/4\/2025\/01\/DSC05737-768x241.jpg 768w\" sizes=\"auto, (max-width: 1400px) 100vw, 1400px\" \/>          <img loading=\"lazy\" decoding=\"async\" width=\"1000\" height=\"313\" src=\"https:\/\/lebenleben.de\/therapiezentrum\/wp-content\/uploads\/sites\/4\/2025\/01\/DSC05737-1024x321.jpg\" class=\"single-slide-image slider-mobile-image\" alt=\"\" srcset=\"https:\/\/lebenleben.de\/therapiezentrum\/wp-content\/uploads\/sites\/4\/2025\/01\/DSC05737-1024x321.jpg 1024w, https:\/\/lebenleben.de\/therapiezentrum\/wp-content\/uploads\/sites\/4\/2025\/01\/DSC05737-300x94.jpg 300w, https:\/\/lebenleben.de\/therapiezentrum\/wp-content\/uploads\/sites\/4\/2025\/01\/DSC05737-768x241.jpg 768w, https:\/\/lebenleben.de\/therapiezentrum\/wp-content\/uploads\/sites\/4\/2025\/01\/DSC05737.jpg 1400w\" sizes=\"auto, (max-width: 1000px) 100vw, 1000px\" \/>\n                    <div class=\"single-slide-text\">\n          <h2>Ergotherapie <\/h2><h3>Individuell abgestimmte F\u00f6rderung f\u00fcr mehr Selbstst\u00e4ndigkeit und Handlungsf\u00e4higkeit im Alltag<\/h3>                  <\/div>\n        \n\t\t\t\t<\/div>\n\t\t\t\t\t<\/div>\n\t  <script>\n    jQuery(document).ready(function() {\n        jQuery('.llimageslider-slider').slick({\n          dots: true,\n          infinite: true,\n          speed: 1000,\n          autoplay: true,\n          adaptiveHeight: true,\n          slidesToShow: 1,\n          fade: true,\n          focusOnSelect: true\n        });\n    });\n    <\/script>\n<\/div>\n\n\n\n<h2 class=\"wp-block-heading has-text-align-center\">Ganzheitlicher Ansatz f\u00fcr Ihre Gesundheit!<\/h2>\n\n\n\n<div style=\"height:15px\" aria-hidden=\"true\" class=\"wp-block-spacer\"><\/div>\n\n\n\n<p class=\"has-text-align-center\">Unser Team besteht aus erfahrenen, qualifizierten Ergotherapeut:innen, die in enger Zusammenarbeit mit anderen Fachbereichen eine ganzheitliche Therapie bieten. Wir erstellen individuelle Therapiepl\u00e4ne basierend auf einer gr\u00fcndlichen Befunderhebung, um die Handlungsf\u00e4higkeit im Alltag, in der Schule und im Beruf zu f\u00f6rdern und alle k\u00f6rperlichen, seelischen und sozialen Aspekte zu ber\u00fccksichtigen.<\/p>\n\n\n\n<div style=\"height:50px\" aria-hidden=\"true\" class=\"wp-block-spacer\"><\/div>\n\n\n\n<div class=\"wp-block-group alignfull bg-grey\"><div class=\"wp-block-group__inner-container is-layout-constrained wp-block-group-is-layout-constrained\">\n<div class=\"wp-block-columns is-layout-flex wp-container-core-columns-is-layout-9d6595d7 wp-block-columns-is-layout-flex\">\n<div class=\"wp-block-column is-layout-flow wp-block-column-is-layout-flow\">\n<h2 class=\"wp-block-heading has-text-align-center\">Unsere Therapieangebote<\/h2>\n\n\n\n<p class=\"has-text-align-center\">Zur F\u00f6rderung des Therapieerfolgs ber\u00fccksichtigen wir psychologische und didaktische Aspekte, beraten und schulen Bezugspersonen. Wir setzen k\u00f6rper- und bewegungsorientierte Therapien, kognitionsst\u00fctzende Ma\u00dfnahmen, ADL-Training sowie handwerkliche und gestalterische Techniken ein.<\/p>\n<\/div>\n<\/div>\n\n\n\n<div style=\"height:20px\" aria-hidden=\"true\" class=\"wp-block-spacer\"><\/div>\n\n\n    <script>\n    jQuery(document).ready(function() {\n        jQuery('.uid-1').slick({\n            dots: true,\n            infinite: true,\n            arrows: true,\n            speed: 1000,\n            autoplay: false,\n            slidesToShow: 3,\n            slidesToScroll: 1,\n            fade: false,\n            responsive: [\n                {\n                    breakpoint: 1024,\n                    settings: {\n                        slidesToShow: 2,\n                        slidesToScroll: 1\n                    }\n                },\n                {\n                    breakpoint: 800,\n                    settings: {\n                        slidesToShow: 1,\n                        slidesToScroll: 1\n                    }\n                }\n            ]\n        });\n    });\n    <\/script>\n\n<div id=\"listteaser-block_fd3004aeb8d28d72922f44c52ab3845c\" class=\"block-listteaser-wrapper columns-3 uid-1 testimonial block-listteaser--style-default\">\n                        <div class=\"listteaser-single single-teaser block-subpage-wrapper__single\">\n                <img loading=\"lazy\" decoding=\"async\" width=\"800\" height=\"480\" src=\"https:\/\/lebenleben.de\/therapiezentrum\/wp-content\/uploads\/sites\/4\/2025\/01\/Motorisch-funktionelle-Behandlung-800x480.jpg\" class=\"\" alt=\"\" srcset=\"https:\/\/lebenleben.de\/therapiezentrum\/wp-content\/uploads\/sites\/4\/2025\/01\/Motorisch-funktionelle-Behandlung-800x480.jpg 800w, https:\/\/lebenleben.de\/therapiezentrum\/wp-content\/uploads\/sites\/4\/2025\/01\/Motorisch-funktionelle-Behandlung-400x240.jpg 400w\" sizes=\"auto, (max-width: 800px) 100vw, 800px\" \/>                <div class=\"textwrapper\">\n                    <h3 class='block-listteaser__headline text-align-center'>Motorisch-funktionell<\/h3>                    \n                    <p><p style=\"text-align: center\"><span data-teams=\"true\">Die Ergotherapie unterst\u00fctzt Menschen mit motorischen Einschr\u00e4nkungen dabei, ihre Beweglichkeit, Kraft und Koordination zu erlangen oder wiederzuerlangen. Ziel ist es, die Selbstst\u00e4ndigkeit im Alltag zu f\u00f6rdern und eine bestm\u00f6gliche Teilhabe am gesellschaftlichen Leben zu erm\u00f6glichen.<\/span><\/p>\n<h4 style=\"text-align: center\">Behandlungsdauer: 30 Minuten<\/h4>\n<\/p>\n                                    <\/div>\n            <\/div>\n                    <div class=\"listteaser-single single-teaser block-subpage-wrapper__single\">\n                <img loading=\"lazy\" decoding=\"async\" width=\"800\" height=\"480\" src=\"https:\/\/lebenleben.de\/therapiezentrum\/wp-content\/uploads\/sites\/4\/2025\/01\/Sensomotorisch-perzeptiv-800x480.jpg\" class=\"\" alt=\"\" srcset=\"https:\/\/lebenleben.de\/therapiezentrum\/wp-content\/uploads\/sites\/4\/2025\/01\/Sensomotorisch-perzeptiv-800x480.jpg 800w, https:\/\/lebenleben.de\/therapiezentrum\/wp-content\/uploads\/sites\/4\/2025\/01\/Sensomotorisch-perzeptiv-300x180.jpg 300w, https:\/\/lebenleben.de\/therapiezentrum\/wp-content\/uploads\/sites\/4\/2025\/01\/Sensomotorisch-perzeptiv-768x461.jpg 768w, https:\/\/lebenleben.de\/therapiezentrum\/wp-content\/uploads\/sites\/4\/2025\/01\/Sensomotorisch-perzeptiv-400x240.jpg 400w, https:\/\/lebenleben.de\/therapiezentrum\/wp-content\/uploads\/sites\/4\/2025\/01\/Sensomotorisch-perzeptiv.jpg 1000w\" sizes=\"auto, (max-width: 800px) 100vw, 800px\" \/>                <div class=\"textwrapper\">\n                    <h3 class='block-listteaser__headline text-align-center'>Sensomotorisch-perzeptiv<\/h3>                    \n                    <p><p style=\"text-align: center\"><span data-teams=\"true\">Die Ergotherapie hilft Kindern, ihre motorischen, kognitiven und sozialen F\u00e4higkeiten zu entwickeln und zu verbessern. Sie unterst\u00fctzt sie dabei, allt\u00e4gliche Herausforderungen besser zu bew\u00e4ltigen- sei es beim Schreiben, Anziehen, Spielen oder in der Schule.<\/span><\/p>\n<h4 style=\"text-align: center\">Behandlungsdauer: 45 Minuten<\/h4>\n<\/p>\n                                    <\/div>\n            <\/div>\n                    <div class=\"listteaser-single single-teaser block-subpage-wrapper__single\">\n                <img loading=\"lazy\" decoding=\"async\" width=\"800\" height=\"480\" src=\"https:\/\/lebenleben.de\/therapiezentrum\/wp-content\/uploads\/sites\/4\/2025\/01\/Psychisch-Funktionelle-Behandlung-800x480.jpg\" class=\"\" alt=\"\" srcset=\"https:\/\/lebenleben.de\/therapiezentrum\/wp-content\/uploads\/sites\/4\/2025\/01\/Psychisch-Funktionelle-Behandlung-800x480.jpg 800w, https:\/\/lebenleben.de\/therapiezentrum\/wp-content\/uploads\/sites\/4\/2025\/01\/Psychisch-Funktionelle-Behandlung-400x240.jpg 400w\" sizes=\"auto, (max-width: 800px) 100vw, 800px\" \/>                <div class=\"textwrapper\">\n                    <h3 class='block-listteaser__headline text-align-center'>Psychisch-funktionell<\/h3>                    \n                    <p><p style=\"text-align: center\"><span data-teams=\"true\">Die Ergotherapie unterst\u00fctzt Menschen mit psychischen Erkrankungen dabei, ihre Lebensqualit\u00e4t zu verbessern, ihr Wohlbefinden zu steigern und eine aktive Teilhabe am gesellschaftlichen Leben zu erm\u00f6glichen. Durch gezielte therapeutische Ma\u00dfnahmen hilft sie, alltagsrelevante F\u00e4higkeiten zu st\u00e4rken, pers\u00f6nliche Ressourcen zu aktivieren und individuelle Ziele zu erreichen.<\/span><\/p>\n<h4 style=\"text-align: center\">Behandlungsdauer: 60 Minuten<\/h4>\n<\/p>\n                                    <\/div>\n            <\/div>\n                    <div class=\"listteaser-single single-teaser block-subpage-wrapper__single\">\n                <img loading=\"lazy\" decoding=\"async\" width=\"800\" height=\"480\" src=\"https:\/\/lebenleben.de\/therapiezentrum\/wp-content\/uploads\/sites\/4\/2025\/01\/Hirnleistungstraining-800x480.jpg\" class=\"\" alt=\"\" srcset=\"https:\/\/lebenleben.de\/therapiezentrum\/wp-content\/uploads\/sites\/4\/2025\/01\/Hirnleistungstraining-800x480.jpg 800w, https:\/\/lebenleben.de\/therapiezentrum\/wp-content\/uploads\/sites\/4\/2025\/01\/Hirnleistungstraining-400x240.jpg 400w\" sizes=\"auto, (max-width: 800px) 100vw, 800px\" \/>                <div class=\"textwrapper\">\n                    <h3 class='block-listteaser__headline text-align-center'>Hirnleistungstraining<\/h3>                    \n                    <p><p style=\"text-align: center\">D<span data-teams=\"true\">as Hirnleistungstraining \/ neuropsychologisch-orientierte Behandlung in der Ergotherapie hilft Menschen, ihre kognitiven F\u00e4higkeiten wie Konzentration, Ged\u00e4chtnis, Aufmerksamkeit und Probleml\u00f6sestrategien zu verbessern oder zu erhalten. Es wird h\u00e4ufig bei neurologischen Erkrankungen, Demenz oder nach Sch\u00e4del-Hirn- Verletzungen eingesetzt.<\/span><\/p>\n<h4 style=\"text-align: center\">Behandlungsdauer: 30 Minuten<\/h4>\n<\/p>\n                                    <\/div>\n            <\/div>\n            <\/div>\n\n\n\n<div style=\"height:25px\" aria-hidden=\"true\" class=\"wp-block-spacer\"><\/div>\n\n\n\n<h2 class=\"wp-block-heading has-text-align-center\">Unsere speziellen Leistungen<\/h2>\n\n\n\n<div style=\"height:20px\" aria-hidden=\"true\" class=\"wp-block-spacer\"><\/div>\n\n\n    <script>\n    jQuery(document).ready(function() {\n        jQuery('.uid-2').slick({\n            dots: true,\n            infinite: true,\n            arrows: true,\n            speed: 1000,\n            autoplay: false,\n            slidesToShow: 3,\n            slidesToScroll: 1,\n            fade: false,\n            responsive: [\n                {\n                    breakpoint: 1024,\n                    settings: {\n                        slidesToShow: 2,\n                        slidesToScroll: 1\n                    }\n                },\n                {\n                    breakpoint: 800,\n                    settings: {\n                        slidesToShow: 1,\n                        slidesToScroll: 1\n                    }\n                }\n            ]\n        });\n    });\n    <\/script>\n\n<div id=\"listteaser-block_c5bd66ae0ddf0e45429d1eae2cc465fc\" class=\"block-listteaser-wrapper columns-3 uid-2 testimonial block-listteaser--style-default\">\n                        <div class=\"listteaser-single single-teaser block-subpage-wrapper__single\">\n                <img loading=\"lazy\" decoding=\"async\" width=\"800\" height=\"480\" src=\"https:\/\/lebenleben.de\/therapiezentrum\/wp-content\/uploads\/sites\/4\/2025\/01\/Neurofeedback-800x480.jpeg\" class=\"\" alt=\"\" srcset=\"https:\/\/lebenleben.de\/therapiezentrum\/wp-content\/uploads\/sites\/4\/2025\/01\/Neurofeedback-800x480.jpeg 800w, https:\/\/lebenleben.de\/therapiezentrum\/wp-content\/uploads\/sites\/4\/2025\/01\/Neurofeedback-400x240.jpeg 400w\" sizes=\"auto, (max-width: 800px) 100vw, 800px\" \/>                <div class=\"textwrapper\">\n                    <h3 class='block-listteaser__headline text-align-center'>Neurofeedback<\/h3>                    \n                    <p style=\"text-align: center\" data-start=\"54\" data-end=\"394\">Neurofeedback ist ein innovatives, computergest\u00fctztes Therapieverfahren, mit dem wir unbewusst ablaufende neurophysiologische Prozesse gezielt beeinflussen k\u00f6nnen. Dadurch unterst\u00fctzen wir Menschen effektiv dabei, verschiedenste Herausforderungen im Alltag zu meistern \u2013 zum Beispiel bei ADHS oder anderen neurologischen Beeintr\u00e4chtigungen.<\/p>\n<p style=\"text-align: center\" data-start=\"396\" data-end=\"525\">So f\u00f6rdert Neurofeedback auf sanfte Weise die Selbstregulation des Gehirns und tr\u00e4gt zu mehr Wohlbefinden und Lebensqualit\u00e4t bei.<\/p>\n\n                                    <\/div>\n            <\/div>\n                    <div class=\"listteaser-single single-teaser block-subpage-wrapper__single\">\n                <img loading=\"lazy\" decoding=\"async\" width=\"800\" height=\"480\" src=\"https:\/\/lebenleben.de\/therapiezentrum\/wp-content\/uploads\/sites\/4\/2025\/01\/Tiergestuetzte-Intervention-800x480.jpg\" class=\"\" alt=\"\" srcset=\"https:\/\/lebenleben.de\/therapiezentrum\/wp-content\/uploads\/sites\/4\/2025\/01\/Tiergestuetzte-Intervention-800x480.jpg 800w, https:\/\/lebenleben.de\/therapiezentrum\/wp-content\/uploads\/sites\/4\/2025\/01\/Tiergestuetzte-Intervention-400x240.jpg 400w\" sizes=\"auto, (max-width: 800px) 100vw, 800px\" \/>                <div class=\"textwrapper\">\n                    <h3 class='block-listteaser__headline text-align-center'>Tiergest\u00fctzte Interventionen<\/h3>                    \n                    <p style=\"text-align: center\">Der Oberbegriff &#8222;Tiergest\u00fctzte Interventionen&#8220;, kurz TGI, umfasst unsere Angebote, in denen wir Tiere (aktuell einen Hund) einsetzen, um mit ihrer positiven Wirkung physische, soziale, emotionale und kognitive F\u00e4higkeiten zu f\u00f6rdern.<\/p>\n<p style=\"text-align: center\">Die Tiergest\u00fctzte Interventionen bieten wir in Einzel- und Gruppentherapie. Bei Bedarf kommen wir mit unserem tierischen Team auch zu Ihnen in die Einrichtung.<\/p>\n\n                                    <\/div>\n            <\/div>\n                    <div class=\"listteaser-single single-teaser block-subpage-wrapper__single\">\n                <a class='imagelink' href='https:\/\/lebenleben.de\/therapiezentrum\/ergotherapie\/sexuelle-gesundheit\/' rel='bookmark'  title='Ergotherapie f\u00fcr sexuelle Gesundheit'><img loading=\"lazy\" decoding=\"async\" width=\"800\" height=\"480\" src=\"https:\/\/lebenleben.de\/therapiezentrum\/wp-content\/uploads\/sites\/4\/2025\/06\/Teaser_sex_Gesundheit-800x480.png\" class=\"\" alt=\"\" srcset=\"https:\/\/lebenleben.de\/therapiezentrum\/wp-content\/uploads\/sites\/4\/2025\/06\/Teaser_sex_Gesundheit-800x480.png 800w, https:\/\/lebenleben.de\/therapiezentrum\/wp-content\/uploads\/sites\/4\/2025\/06\/Teaser_sex_Gesundheit-300x180.png 300w, https:\/\/lebenleben.de\/therapiezentrum\/wp-content\/uploads\/sites\/4\/2025\/06\/Teaser_sex_Gesundheit-1024x614.png 1024w, https:\/\/lebenleben.de\/therapiezentrum\/wp-content\/uploads\/sites\/4\/2025\/06\/Teaser_sex_Gesundheit-768x460.png 768w, https:\/\/lebenleben.de\/therapiezentrum\/wp-content\/uploads\/sites\/4\/2025\/06\/Teaser_sex_Gesundheit-1536x921.png 1536w, https:\/\/lebenleben.de\/therapiezentrum\/wp-content\/uploads\/sites\/4\/2025\/06\/Teaser_sex_Gesundheit-400x240.png 400w, https:\/\/lebenleben.de\/therapiezentrum\/wp-content\/uploads\/sites\/4\/2025\/06\/Teaser_sex_Gesundheit.png 1563w\" sizes=\"auto, (max-width: 800px) 100vw, 800px\" \/><\/a>                <div class=\"textwrapper\">\n                    <h3 class='block-listteaser__headline text-align-center'><a href='https:\/\/lebenleben.de\/therapiezentrum\/ergotherapie\/sexuelle-gesundheit\/' rel='bookmark'  title='Ergotherapie f\u00fcr sexuelle Gesundheit'>Ergotherapie f\u00fcr sexuelle Gesundheit<\/a><\/h3>                    \n                    <p style=\"text-align: center\" data-start=\"144\" data-end=\"320\">In unserer ergotherapeutischen Arbeit zur sexuellen Gesundheit schaffen wir einen sicheren Raum, in dem Menschen offen und wertfrei \u00fcber Sexualit\u00e4t sprechen k\u00f6nnen.<\/p>\n<p style=\"text-align: center\">Wir unterst\u00fctzen Erwachsene, die durch Krankheit, Behinderung, Trauma oder Lebensumst\u00e4nde Einschr\u00e4nkungen in ihrer sexuellen Gesundheit erleben.<\/p>\n\n                                            <p class=\"text-align-center\">\n                            <a href=\"https:\/\/lebenleben.de\/therapiezentrum\/ergotherapie\/sexuelle-gesundheit\/\" rel=\"bookmark\" title=\"Ergotherapie f\u00fcr sexuelle Gesundheit\" class=\"button\">\n                                Mehr erfahren&nbsp;&raquo;\n                            <\/a>\n                        <\/p>\n                                    <\/div>\n            <\/div>\n            <\/div>\n<\/div><\/div>\n\n\n\n<div style=\"height:35px\" aria-hidden=\"true\" class=\"wp-block-spacer\"><\/div>\n\n\n\n<h2 class=\"wp-block-heading has-text-align-center\">Terminvereinbarung und Kontakt<\/h2>\n\n\n\n<div style=\"height:35px\" aria-hidden=\"true\" class=\"wp-block-spacer\"><\/div>\n\n\n\n<div class=\"wp-block-columns is-layout-flex wp-container-core-columns-is-layout-9d6595d7 wp-block-columns-is-layout-flex\">\n<div class=\"wp-block-column is-layout-flow wp-block-column-is-layout-flow\" style=\"flex-basis:35%\">\n<h3 class=\"wp-block-heading\">Therapiezentrum Uelzen<\/h3>\n\n\n\n<p>Von-Estorff-Stra\u00dfe 3<br>29525 Uelzen<\/p>\n\n\n\n<p><strong>Saskia Kr\u00fcger<br><\/strong>Praxisassistentin<\/p>\n\n\n\n<p><strong>Telefon<\/strong>: <a href=\"tel:+495819716650\">0581 97166-50<\/a><br><strong>E-Mail<\/strong>: <a href=\"javascript:;\">therapiezentrum@lebenleben.de<\/a><\/p>\n\n\n<div id=\"llreadmore-block_e2ae75abcee5862c38a927d0d7560b88\" class=\"block-llreadmore llreadmore\">\n\t<a class=\"button\" href=\"https:\/\/lebenleben.de\/therapiezentrum\/terminanfrage\/\" target=\"_self\">Online-Terminanfrage&nbsp;&raquo;<\/a>\n<\/div>\n<\/div>\n\n\n\n<div class=\"wp-block-column is-layout-flow wp-block-column-is-layout-flow\" style=\"flex-basis:65%\">\n <div class=\"brlbs-cmpnt-container brlbs-cmpnt-content-blocker brlbs-cmpnt-with-individual-styles\" data-borlabs-cookie-content-blocker-id=\"google-maps\" data-borlabs-cookie-content=\"PGlmcmFtZSBzdHlsZT0iYm9yZGVyOiAwIiBzcmM9Imh0dHBzOi8vd3d3Lmdvb2dsZS5jb20vbWFwcy9lbWJlZD9wYj0hMW0xOCExbTEyITFtMyExZDI0MDMuMzExMDc0NDEzNDY5NyEyZDEwLjU0MzEwMzg3Njk0ODcwNCEzZDUyLjk2MDgxODIwMzQ5OTI4ITJtMyExZjAhMmYwITNmMCEzbTIhMWkxMDI0ITJpNzY4ITRmMTMuMSEzbTMhMW0yITFzMHg0N2FlMmI3OTg4ZWM1OTMzJTNBMHgzODJhY2M3MTllZmE3NTJhITJzVGhlcmFwaWV6ZW50cnVtJTIwVWVsemVuJTIwZ0dtYkghNWUwITNtMiExc2RlITJzZGUhNHYxNzM3MDIxMzQ5MTg3ITVtMiExc2RlITJzZGUmbm9wcm9mPTEiIHdpZHRoPSIxMDAlIiBoZWlnaHQ9IjMwMCI+PC9pZnJhbWU+\"><div class=\"brlbs-cmpnt-cb-preset-b brlbs-cmpnt-cb-google-maps\"> <div class=\"brlbs-cmpnt-cb-thumbnail\" style=\"background-image: url('https:\/\/lebenleben.de\/therapiezentrum\/wp-content\/uploads\/borlabs-cookie\/4\/brlbs-cb-google-maps-main.png')\"><\/div> <div class=\"brlbs-cmpnt-cb-main\"> <div class=\"brlbs-cmpnt-cb-content\"> <p class=\"brlbs-cmpnt-cb-description\">Sie sehen gerade einen Platzhalterinhalt von <strong>Google Maps<\/strong>. Um auf den eigentlichen Inhalt zuzugreifen, klicken Sie auf die Schaltfl\u00e4che unten. Bitte beachten Sie, dass dabei Daten an Drittanbieter weitergegeben werden.<\/p> <a class=\"brlbs-cmpnt-cb-provider-toggle\" href=\"#\" data-borlabs-cookie-show-provider-information role=\"button\">Mehr Informationen<\/a> <\/div> <div class=\"brlbs-cmpnt-cb-buttons\"> <a class=\"brlbs-cmpnt-cb-btn\" href=\"#\" data-borlabs-cookie-unblock role=\"button\">Inhalt entsperren<\/a> <a class=\"brlbs-cmpnt-cb-btn\" href=\"#\" data-borlabs-cookie-accept-service role=\"button\" style=\"display: inherit\">Erforderlichen Service akzeptieren und Inhalte entsperren<\/a> <\/div> <\/div> <\/div><\/div>\n<\/div>\n<\/div>\n\n\n\n<div style=\"height:50px\" aria-hidden=\"true\" class=\"wp-block-spacer\"><\/div>\n","protected":false},"excerpt":{"rendered":"<p>Ganzheitlicher Ansatz f\u00fcr Ihre Gesundheit! Unser Team besteht aus erfahrenen, qualifizierten Ergotherapeut:innen, die in enger Zusammenarbeit mit anderen Fachbereichen eine ganzheitliche Therapie bieten. Wir erstellen individuelle Therapiepl\u00e4ne basierend auf einer gr\u00fcndlichen Befunderhebung, um die Handlungsf\u00e4higkeit im Alltag, in der Schule und im Beruf zu f\u00f6rdern und alle k\u00f6rperlichen, seelischen und sozialen Aspekte zu ber\u00fccksichtigen. Unsere [&hellip;]<\/p>\n","protected":false},"author":1,"featured_media":755,"parent":0,"menu_order":10,"comment_status":"closed","ping_status":"closed","template":"page-templates\/page-fullscreen.php","meta":{"_acf_changed":false,"footnotes":""},"class_list":["post-9","page","type-page","status-publish","has-post-thumbnail","hentry"],"acf":[],"yoast_head":"<!-- This site is optimized with the Yoast SEO plugin v27.3 - https:\/\/yoast.com\/product\/yoast-seo-wordpress\/ -->\n<title>Ergotherapie in Uelzen | Mehr Selbstst\u00e4ndigkeit und Handlungsf\u00e4higkeit<\/title>\n<meta name=\"description\" content=\"Die Ergotherapie im Therapiezentrum Uelzen f\u00f6rdert gezielt die Selbstst\u00e4ndigkeit und Handlungsf\u00e4higkeit im Alltag sowie das Erreichen individueller Ziele.\" \/>\n<meta name=\"robots\" content=\"index, follow, max-snippet:-1, max-image-preview:large, max-video-preview:-1\" \/>\n<link rel=\"canonical\" href=\"https:\/\/lebenleben.de\/therapiezentrum\/ergotherapie\/\" \/>\n<meta property=\"og:locale\" content=\"de_DE\" \/>\n<meta property=\"og:type\" content=\"article\" \/>\n<meta property=\"og:title\" content=\"Ergotherapie in Uelzen | Mehr Selbstst\u00e4ndigkeit und Handlungsf\u00e4higkeit\" \/>\n<meta property=\"og:description\" content=\"Die Ergotherapie im Therapiezentrum Uelzen f\u00f6rdert gezielt die Selbstst\u00e4ndigkeit und Handlungsf\u00e4higkeit im Alltag sowie das Erreichen individueller Ziele.\" \/>\n<meta property=\"og:url\" content=\"https:\/\/lebenleben.de\/therapiezentrum\/ergotherapie\/\" \/>\n<meta property=\"og:site_name\" content=\"Leben leben Therapiezentrum\" \/>\n<meta property=\"article:modified_time\" content=\"2025-10-27T07:13:16+00:00\" \/>\n<meta property=\"og:image\" content=\"https:\/\/lebenleben.de\/therapiezentrum\/wp-content\/uploads\/sites\/4\/2025\/01\/Ergo.jpg\" \/>\n\t<meta property=\"og:image:width\" content=\"1000\" \/>\n\t<meta property=\"og:image:height\" content=\"600\" \/>\n\t<meta property=\"og:image:type\" content=\"image\/jpeg\" \/>\n<meta name=\"twitter:card\" content=\"summary_large_image\" \/>\n<meta name=\"twitter:label1\" content=\"Gesch\u00e4tzte Lesezeit\" \/>\n\t<meta name=\"twitter:data1\" content=\"5\u00a0Minuten\" \/>\n<script type=\"application\/ld+json\" class=\"yoast-schema-graph\">{\"@context\":\"https:\\\/\\\/schema.org\",\"@graph\":[{\"@type\":\"WebPage\",\"@id\":\"https:\\\/\\\/lebenleben.de\\\/therapiezentrum\\\/ergotherapie\\\/\",\"url\":\"https:\\\/\\\/lebenleben.de\\\/therapiezentrum\\\/ergotherapie\\\/\",\"name\":\"Ergotherapie in Uelzen | Mehr Selbstst\u00e4ndigkeit und Handlungsf\u00e4higkeit\",\"isPartOf\":{\"@id\":\"https:\\\/\\\/lebenleben.de\\\/therapiezentrum\\\/#website\"},\"primaryImageOfPage\":{\"@id\":\"https:\\\/\\\/lebenleben.de\\\/therapiezentrum\\\/ergotherapie\\\/#primaryimage\"},\"image\":{\"@id\":\"https:\\\/\\\/lebenleben.de\\\/therapiezentrum\\\/ergotherapie\\\/#primaryimage\"},\"thumbnailUrl\":\"https:\\\/\\\/lebenleben.de\\\/therapiezentrum\\\/wp-content\\\/uploads\\\/sites\\\/4\\\/2025\\\/01\\\/Ergo.jpg\",\"datePublished\":\"2021-01-22T09:51:37+00:00\",\"dateModified\":\"2025-10-27T07:13:16+00:00\",\"description\":\"Die Ergotherapie im Therapiezentrum Uelzen f\u00f6rdert gezielt die Selbstst\u00e4ndigkeit und Handlungsf\u00e4higkeit im Alltag sowie das Erreichen individueller Ziele.\",\"breadcrumb\":{\"@id\":\"https:\\\/\\\/lebenleben.de\\\/therapiezentrum\\\/ergotherapie\\\/#breadcrumb\"},\"inLanguage\":\"de\",\"potentialAction\":[{\"@type\":\"ReadAction\",\"target\":[\"https:\\\/\\\/lebenleben.de\\\/therapiezentrum\\\/ergotherapie\\\/\"]}]},{\"@type\":\"ImageObject\",\"inLanguage\":\"de\",\"@id\":\"https:\\\/\\\/lebenleben.de\\\/therapiezentrum\\\/ergotherapie\\\/#primaryimage\",\"url\":\"https:\\\/\\\/lebenleben.de\\\/therapiezentrum\\\/wp-content\\\/uploads\\\/sites\\\/4\\\/2025\\\/01\\\/Ergo.jpg\",\"contentUrl\":\"https:\\\/\\\/lebenleben.de\\\/therapiezentrum\\\/wp-content\\\/uploads\\\/sites\\\/4\\\/2025\\\/01\\\/Ergo.jpg\",\"width\":1000,\"height\":600},{\"@type\":\"BreadcrumbList\",\"@id\":\"https:\\\/\\\/lebenleben.de\\\/therapiezentrum\\\/ergotherapie\\\/#breadcrumb\",\"itemListElement\":[{\"@type\":\"ListItem\",\"position\":1,\"name\":\"Startseite\",\"item\":\"https:\\\/\\\/lebenleben.de\\\/therapiezentrum\\\/\"},{\"@type\":\"ListItem\",\"position\":2,\"name\":\"Ergotherapie\"}]},{\"@type\":\"WebSite\",\"@id\":\"https:\\\/\\\/lebenleben.de\\\/therapiezentrum\\\/#website\",\"url\":\"https:\\\/\\\/lebenleben.de\\\/therapiezentrum\\\/\",\"name\":\"Leben leben Therapiezentrum\",\"description\":\"Eine weitere Leben Leben Netzwerk Website\",\"publisher\":{\"@id\":\"https:\\\/\\\/lebenleben.de\\\/therapiezentrum\\\/#organization\"},\"potentialAction\":[{\"@type\":\"SearchAction\",\"target\":{\"@type\":\"EntryPoint\",\"urlTemplate\":\"https:\\\/\\\/lebenleben.de\\\/therapiezentrum\\\/?s={search_term_string}\"},\"query-input\":{\"@type\":\"PropertyValueSpecification\",\"valueRequired\":true,\"valueName\":\"search_term_string\"}}],\"inLanguage\":\"de\"},{\"@type\":\"Organization\",\"@id\":\"https:\\\/\\\/lebenleben.de\\\/therapiezentrum\\\/#organization\",\"name\":\"Leben leben Therapiezentrum\",\"url\":\"https:\\\/\\\/lebenleben.de\\\/therapiezentrum\\\/\",\"logo\":{\"@type\":\"ImageObject\",\"inLanguage\":\"de\",\"@id\":\"https:\\\/\\\/lebenleben.de\\\/therapiezentrum\\\/#\\\/schema\\\/logo\\\/image\\\/\",\"url\":\"https:\\\/\\\/lebenleben.de\\\/therapiezentrum\\\/wp-content\\\/uploads\\\/sites\\\/4\\\/2021\\\/01\\\/ll_favicon-cyan.png\",\"contentUrl\":\"https:\\\/\\\/lebenleben.de\\\/therapiezentrum\\\/wp-content\\\/uploads\\\/sites\\\/4\\\/2021\\\/01\\\/ll_favicon-cyan.png\",\"width\":501,\"height\":501,\"caption\":\"Leben leben Therapiezentrum\"},\"image\":{\"@id\":\"https:\\\/\\\/lebenleben.de\\\/therapiezentrum\\\/#\\\/schema\\\/logo\\\/image\\\/\"}}]}<\/script>\n<!-- \/ Yoast SEO plugin. -->","yoast_head_json":{"title":"Ergotherapie in Uelzen | Mehr Selbstst\u00e4ndigkeit und Handlungsf\u00e4higkeit","description":"Die Ergotherapie im Therapiezentrum Uelzen f\u00f6rdert gezielt die Selbstst\u00e4ndigkeit und Handlungsf\u00e4higkeit im Alltag sowie das Erreichen individueller Ziele.","robots":{"index":"index","follow":"follow","max-snippet":"max-snippet:-1","max-image-preview":"max-image-preview:large","max-video-preview":"max-video-preview:-1"},"canonical":"https:\/\/lebenleben.de\/therapiezentrum\/ergotherapie\/","og_locale":"de_DE","og_type":"article","og_title":"Ergotherapie in Uelzen | Mehr Selbstst\u00e4ndigkeit und Handlungsf\u00e4higkeit","og_description":"Die Ergotherapie im Therapiezentrum Uelzen f\u00f6rdert gezielt die Selbstst\u00e4ndigkeit und Handlungsf\u00e4higkeit im Alltag sowie das Erreichen individueller Ziele.","og_url":"https:\/\/lebenleben.de\/therapiezentrum\/ergotherapie\/","og_site_name":"Leben leben Therapiezentrum","article_modified_time":"2025-10-27T07:13:16+00:00","og_image":[{"width":1000,"height":600,"url":"https:\/\/lebenleben.de\/therapiezentrum\/wp-content\/uploads\/sites\/4\/2025\/01\/Ergo.jpg","type":"image\/jpeg"}],"twitter_card":"summary_large_image","twitter_misc":{"Gesch\u00e4tzte Lesezeit":"5\u00a0Minuten"},"schema":{"@context":"https:\/\/schema.org","@graph":[{"@type":"WebPage","@id":"https:\/\/lebenleben.de\/therapiezentrum\/ergotherapie\/","url":"https:\/\/lebenleben.de\/therapiezentrum\/ergotherapie\/","name":"Ergotherapie in Uelzen | Mehr Selbstst\u00e4ndigkeit und Handlungsf\u00e4higkeit","isPartOf":{"@id":"https:\/\/lebenleben.de\/therapiezentrum\/#website"},"primaryImageOfPage":{"@id":"https:\/\/lebenleben.de\/therapiezentrum\/ergotherapie\/#primaryimage"},"image":{"@id":"https:\/\/lebenleben.de\/therapiezentrum\/ergotherapie\/#primaryimage"},"thumbnailUrl":"https:\/\/lebenleben.de\/therapiezentrum\/wp-content\/uploads\/sites\/4\/2025\/01\/Ergo.jpg","datePublished":"2021-01-22T09:51:37+00:00","dateModified":"2025-10-27T07:13:16+00:00","description":"Die Ergotherapie im Therapiezentrum Uelzen f\u00f6rdert gezielt die Selbstst\u00e4ndigkeit und Handlungsf\u00e4higkeit im Alltag sowie das Erreichen individueller Ziele.","breadcrumb":{"@id":"https:\/\/lebenleben.de\/therapiezentrum\/ergotherapie\/#breadcrumb"},"inLanguage":"de","potentialAction":[{"@type":"ReadAction","target":["https:\/\/lebenleben.de\/therapiezentrum\/ergotherapie\/"]}]},{"@type":"ImageObject","inLanguage":"de","@id":"https:\/\/lebenleben.de\/therapiezentrum\/ergotherapie\/#primaryimage","url":"https:\/\/lebenleben.de\/therapiezentrum\/wp-content\/uploads\/sites\/4\/2025\/01\/Ergo.jpg","contentUrl":"https:\/\/lebenleben.de\/therapiezentrum\/wp-content\/uploads\/sites\/4\/2025\/01\/Ergo.jpg","width":1000,"height":600},{"@type":"BreadcrumbList","@id":"https:\/\/lebenleben.de\/therapiezentrum\/ergotherapie\/#breadcrumb","itemListElement":[{"@type":"ListItem","position":1,"name":"Startseite","item":"https:\/\/lebenleben.de\/therapiezentrum\/"},{"@type":"ListItem","position":2,"name":"Ergotherapie"}]},{"@type":"WebSite","@id":"https:\/\/lebenleben.de\/therapiezentrum\/#website","url":"https:\/\/lebenleben.de\/therapiezentrum\/","name":"Leben leben Therapiezentrum","description":"Eine weitere Leben Leben Netzwerk Website","publisher":{"@id":"https:\/\/lebenleben.de\/therapiezentrum\/#organization"},"potentialAction":[{"@type":"SearchAction","target":{"@type":"EntryPoint","urlTemplate":"https:\/\/lebenleben.de\/therapiezentrum\/?s={search_term_string}"},"query-input":{"@type":"PropertyValueSpecification","valueRequired":true,"valueName":"search_term_string"}}],"inLanguage":"de"},{"@type":"Organization","@id":"https:\/\/lebenleben.de\/therapiezentrum\/#organization","name":"Leben leben Therapiezentrum","url":"https:\/\/lebenleben.de\/therapiezentrum\/","logo":{"@type":"ImageObject","inLanguage":"de","@id":"https:\/\/lebenleben.de\/therapiezentrum\/#\/schema\/logo\/image\/","url":"https:\/\/lebenleben.de\/therapiezentrum\/wp-content\/uploads\/sites\/4\/2021\/01\/ll_favicon-cyan.png","contentUrl":"https:\/\/lebenleben.de\/therapiezentrum\/wp-content\/uploads\/sites\/4\/2021\/01\/ll_favicon-cyan.png","width":501,"height":501,"caption":"Leben leben Therapiezentrum"},"image":{"@id":"https:\/\/lebenleben.de\/therapiezentrum\/#\/schema\/logo\/image\/"}}]}},"_links":{"self":[{"href":"https:\/\/lebenleben.de\/therapiezentrum\/wp-json\/wp\/v2\/pages\/9","targetHints":{"allow":["GET"]}}],"collection":[{"href":"https:\/\/lebenleben.de\/therapiezentrum\/wp-json\/wp\/v2\/pages"}],"about":[{"href":"https:\/\/lebenleben.de\/therapiezentrum\/wp-json\/wp\/v2\/types\/page"}],"author":[{"embeddable":true,"href":"https:\/\/lebenleben.de\/therapiezentrum\/wp-json\/wp\/v2\/users\/1"}],"replies":[{"embeddable":true,"href":"https:\/\/lebenleben.de\/therapiezentrum\/wp-json\/wp\/v2\/comments?post=9"}],"version-history":[{"count":55,"href":"https:\/\/lebenleben.de\/therapiezentrum\/wp-json\/wp\/v2\/pages\/9\/revisions"}],"predecessor-version":[{"id":921,"href":"https:\/\/lebenleben.de\/therapiezentrum\/wp-json\/wp\/v2\/pages\/9\/revisions\/921"}],"wp:featuredmedia":[{"embeddable":true,"href":"https:\/\/lebenleben.de\/therapiezentrum\/wp-json\/wp\/v2\/media\/755"}],"wp:attachment":[{"href":"https:\/\/lebenleben.de\/therapiezentrum\/wp-json\/wp\/v2\/media?parent=9"}],"curies":[{"name":"wp","href":"https:\/\/api.w.org\/{rel}","templated":true}]}}