{"id":11,"date":"2021-01-22T11:55:20","date_gmt":"2021-01-22T10:55:20","guid":{"rendered":"https:\/\/lebenleben.de\/wohnen\/?page_id=11"},"modified":"2024-05-27T12:20:07","modified_gmt":"2024-05-27T10:20:07","slug":"eigene-wohnung","status":"publish","type":"page","link":"https:\/\/lebenleben.de\/wohnen\/eigene-wohnung\/","title":{"rendered":"Eigene Wohnung"},"content":{"rendered":"\n<div id=\"llimageslider-block_aaa328b65361fe8cdb7d411ef240fc35\" class=\"block-llimageslider llimageslider alignwide\">\n\n    \n\t\t<div class=\"llimageslider-slider\" data-slick='{\"autoplaySpeed\": 5000}'>\n\t\t\t\t\t\t\t<div class=\"single-slide-wrapper slide-1\">\n\t\t\t\t\t<img loading=\"lazy\" decoding=\"async\" width=\"1400\" height=\"440\" src=\"https:\/\/lebenleben.de\/wohnen\/wp-content\/uploads\/sites\/7\/2024\/05\/ll_header_slider_image_1400x560_0001_iStock-1035803962-1400x440-1.jpg\" class=\"single-slide-image slider-desktop-image\" alt=\"\" srcset=\"https:\/\/lebenleben.de\/wohnen\/wp-content\/uploads\/sites\/7\/2024\/05\/ll_header_slider_image_1400x560_0001_iStock-1035803962-1400x440-1.jpg 1400w, https:\/\/lebenleben.de\/wohnen\/wp-content\/uploads\/sites\/7\/2024\/05\/ll_header_slider_image_1400x560_0001_iStock-1035803962-1400x440-1-300x94.jpg 300w, https:\/\/lebenleben.de\/wohnen\/wp-content\/uploads\/sites\/7\/2024\/05\/ll_header_slider_image_1400x560_0001_iStock-1035803962-1400x440-1-1024x322.jpg 1024w, https:\/\/lebenleben.de\/wohnen\/wp-content\/uploads\/sites\/7\/2024\/05\/ll_header_slider_image_1400x560_0001_iStock-1035803962-1400x440-1-768x241.jpg 768w\" sizes=\"auto, (max-width: 1400px) 100vw, 1400px\" \/>          <img loading=\"lazy\" decoding=\"async\" width=\"1000\" height=\"314\" src=\"https:\/\/lebenleben.de\/wohnen\/wp-content\/uploads\/sites\/7\/2024\/05\/ll_header_slider_image_1400x560_0001_iStock-1035803962-1400x440-1-1024x322.jpg\" class=\"single-slide-image slider-mobile-image\" alt=\"\" srcset=\"https:\/\/lebenleben.de\/wohnen\/wp-content\/uploads\/sites\/7\/2024\/05\/ll_header_slider_image_1400x560_0001_iStock-1035803962-1400x440-1-1024x322.jpg 1024w, https:\/\/lebenleben.de\/wohnen\/wp-content\/uploads\/sites\/7\/2024\/05\/ll_header_slider_image_1400x560_0001_iStock-1035803962-1400x440-1-300x94.jpg 300w, https:\/\/lebenleben.de\/wohnen\/wp-content\/uploads\/sites\/7\/2024\/05\/ll_header_slider_image_1400x560_0001_iStock-1035803962-1400x440-1-768x241.jpg 768w, https:\/\/lebenleben.de\/wohnen\/wp-content\/uploads\/sites\/7\/2024\/05\/ll_header_slider_image_1400x560_0001_iStock-1035803962-1400x440-1.jpg 1400w\" sizes=\"auto, (max-width: 1000px) 100vw, 1000px\" \/>\n                    <div class=\"single-slide-text\">\n          <h2>Leben in der eigenen Wohnung in Uelzen und Umgebung<\/h2><h3>So selbstst\u00e4ndig wie m\u00f6glich<\/h3>                  <\/div>\n        \n\t\t\t\t<\/div>\n\t\t\t\t\t<\/div>\n\t  <script>\n    jQuery(document).ready(function() {\n        jQuery('.llimageslider-slider').slick({\n          dots: true,\n          infinite: true,\n          speed: 1000,\n          autoplay: true,\n          adaptiveHeight: true,\n          slidesToShow: 1,\n          fade: true,\n          focusOnSelect: true\n        });\n    });\n    <\/script>\n<\/div>\n\n\n\n<p>Leben in der eigenen Wohnung \u2013 das ist vielleicht auch f\u00fcr Sie die Erf\u00fcllung Ihres Traums von Freiheit sowie Selbstst\u00e4ndigkeit. Trauen Sie sich! Wenn Sie sich noch unsicher f\u00fchlen und nicht wissen, ob Sie mit den Herausforderungen des eigenst\u00e4ndigen Wohnens und Lebens zurechtkommen, k\u00f6nnen Sie unsere Assistenz im eigenen Wohnraum nutzen. \u201eAssistenz\u201c hei\u00dft, dass wir zu Ihnen nach Hause kommen und Sie bei der zunehmend selbstst\u00e4ndigeren Gestaltung unterst\u00fctzen. Dieses Angebot k\u00f6nnen Sie auch in Anspruch nehmen, wenn Sie bereits in einer eigenen Wohnung leben.<\/p>\n\n\n\n<p>Dabei stehen Sie mit Ihren individuellen Bed\u00fcrfnissen und W\u00fcnschen im Vordergrund \u2013 Wir stellen uns gern auf Sie ein und vermitteln Ihnen eine:n Bezugsassistent:in, mit dem\/der Sie die Begegnungszeiten nach Ihren Vorstellungen einen Monat im Voraus absprechen. Bei Urlaub oder Krankheit Ihrer Bezugsperson stellen wir Ihnen eine Vertretung zur Verf\u00fcgung. Dies ist in der Regel immer die gleiche Person.<\/p>\n\n\n\n<div style=\"height:50px\" aria-hidden=\"true\" class=\"wp-block-spacer\"><\/div>\n","protected":false},"excerpt":{"rendered":"<p>Leben in der eigenen Wohnung \u2013 das ist vielleicht auch f\u00fcr Sie die Erf\u00fcllung Ihres Traums von Freiheit sowie Selbstst\u00e4ndigkeit. Trauen Sie sich! Wenn Sie sich noch unsicher f\u00fchlen und nicht wissen, ob Sie mit den Herausforderungen des eigenst\u00e4ndigen Wohnens und Lebens zurechtkommen, k\u00f6nnen Sie unsere Assistenz im eigenen Wohnraum nutzen. \u201eAssistenz\u201c hei\u00dft, dass wir [&hellip;]<\/p>\n","protected":false},"author":1,"featured_media":97,"parent":0,"menu_order":40,"comment_status":"closed","ping_status":"closed","template":"page-templates\/page-fullscreen.php","meta":{"_acf_changed":false,"footnotes":""},"class_list":["post-11","page","type-page","status-publish","has-post-thumbnail","hentry"],"acf":[],"yoast_head":"<!-- This site is optimized with the Yoast SEO plugin v27.3 - https:\/\/yoast.com\/product\/yoast-seo-wordpress\/ -->\n<title>Leben in der eigenen Wohnung f\u00fcr Menschen mit Behinderung | Uelzen<\/title>\n<meta name=\"description\" content=\"Wir unterst\u00fctzen Menschen mit geistiger Behinderung bei der Bew\u00e4ltigung ihres Alltags in der eigenen Wohnung in Uelzen und Umgebung.\" \/>\n<meta name=\"robots\" content=\"index, follow, max-snippet:-1, max-image-preview:large, max-video-preview:-1\" \/>\n<link rel=\"canonical\" href=\"https:\/\/lebenleben.de\/wohnen\/eigene-wohnung\/\" \/>\n<meta property=\"og:locale\" content=\"de_DE\" \/>\n<meta property=\"og:type\" content=\"article\" \/>\n<meta property=\"og:title\" content=\"Leben in der eigenen Wohnung f\u00fcr Menschen mit Behinderung | Uelzen\" \/>\n<meta property=\"og:description\" content=\"Wir unterst\u00fctzen Menschen mit geistiger Behinderung bei der Bew\u00e4ltigung ihres Alltags in der eigenen Wohnung in Uelzen und Umgebung.\" \/>\n<meta property=\"og:url\" content=\"https:\/\/lebenleben.de\/wohnen\/eigene-wohnung\/\" \/>\n<meta property=\"og:site_name\" content=\"Leben leben Wohnen\" \/>\n<meta property=\"article:modified_time\" content=\"2024-05-27T10:20:07+00:00\" \/>\n<meta property=\"og:image\" content=\"https:\/\/lebenleben.de\/wohnen\/wp-content\/uploads\/sites\/7\/2021\/04\/ll_header_slider_image_1400x560_0001_iStock-1035803962.jpg\" \/>\n\t<meta property=\"og:image:width\" content=\"1400\" \/>\n\t<meta property=\"og:image:height\" content=\"560\" \/>\n\t<meta property=\"og:image:type\" content=\"image\/jpeg\" \/>\n<meta name=\"twitter:card\" content=\"summary_large_image\" \/>\n<meta name=\"twitter:label1\" content=\"Gesch\u00e4tzte Lesezeit\" \/>\n\t<meta name=\"twitter:data1\" content=\"2\u00a0Minuten\" \/>\n<script type=\"application\/ld+json\" class=\"yoast-schema-graph\">{\"@context\":\"https:\\\/\\\/schema.org\",\"@graph\":[{\"@type\":\"WebPage\",\"@id\":\"https:\\\/\\\/lebenleben.de\\\/wohnen\\\/eigene-wohnung\\\/\",\"url\":\"https:\\\/\\\/lebenleben.de\\\/wohnen\\\/eigene-wohnung\\\/\",\"name\":\"Leben in der eigenen Wohnung f\u00fcr Menschen mit Behinderung | Uelzen\",\"isPartOf\":{\"@id\":\"https:\\\/\\\/lebenleben.de\\\/wohnen\\\/#website\"},\"primaryImageOfPage\":{\"@id\":\"https:\\\/\\\/lebenleben.de\\\/wohnen\\\/eigene-wohnung\\\/#primaryimage\"},\"image\":{\"@id\":\"https:\\\/\\\/lebenleben.de\\\/wohnen\\\/eigene-wohnung\\\/#primaryimage\"},\"thumbnailUrl\":\"https:\\\/\\\/lebenleben.de\\\/wohnen\\\/wp-content\\\/uploads\\\/sites\\\/7\\\/2021\\\/04\\\/ll_header_slider_image_1400x560_0001_iStock-1035803962.jpg\",\"datePublished\":\"2021-01-22T10:55:20+00:00\",\"dateModified\":\"2024-05-27T10:20:07+00:00\",\"description\":\"Wir unterst\u00fctzen Menschen mit geistiger Behinderung bei der Bew\u00e4ltigung ihres Alltags in der eigenen Wohnung in Uelzen und Umgebung.\",\"breadcrumb\":{\"@id\":\"https:\\\/\\\/lebenleben.de\\\/wohnen\\\/eigene-wohnung\\\/#breadcrumb\"},\"inLanguage\":\"de\",\"potentialAction\":[{\"@type\":\"ReadAction\",\"target\":[\"https:\\\/\\\/lebenleben.de\\\/wohnen\\\/eigene-wohnung\\\/\"]}]},{\"@type\":\"ImageObject\",\"inLanguage\":\"de\",\"@id\":\"https:\\\/\\\/lebenleben.de\\\/wohnen\\\/eigene-wohnung\\\/#primaryimage\",\"url\":\"https:\\\/\\\/lebenleben.de\\\/wohnen\\\/wp-content\\\/uploads\\\/sites\\\/7\\\/2021\\\/04\\\/ll_header_slider_image_1400x560_0001_iStock-1035803962.jpg\",\"contentUrl\":\"https:\\\/\\\/lebenleben.de\\\/wohnen\\\/wp-content\\\/uploads\\\/sites\\\/7\\\/2021\\\/04\\\/ll_header_slider_image_1400x560_0001_iStock-1035803962.jpg\",\"width\":1400,\"height\":560},{\"@type\":\"BreadcrumbList\",\"@id\":\"https:\\\/\\\/lebenleben.de\\\/wohnen\\\/eigene-wohnung\\\/#breadcrumb\",\"itemListElement\":[{\"@type\":\"ListItem\",\"position\":1,\"name\":\"Startseite\",\"item\":\"https:\\\/\\\/lebenleben.de\\\/wohnen\\\/\"},{\"@type\":\"ListItem\",\"position\":2,\"name\":\"Eigene Wohnung\"}]},{\"@type\":\"WebSite\",\"@id\":\"https:\\\/\\\/lebenleben.de\\\/wohnen\\\/#website\",\"url\":\"https:\\\/\\\/lebenleben.de\\\/wohnen\\\/\",\"name\":\"Leben leben Wohnen\",\"description\":\"Eine weitere Leben Leben Netzwerk Website\",\"publisher\":{\"@id\":\"https:\\\/\\\/lebenleben.de\\\/wohnen\\\/#organization\"},\"potentialAction\":[{\"@type\":\"SearchAction\",\"target\":{\"@type\":\"EntryPoint\",\"urlTemplate\":\"https:\\\/\\\/lebenleben.de\\\/wohnen\\\/?s={search_term_string}\"},\"query-input\":{\"@type\":\"PropertyValueSpecification\",\"valueRequired\":true,\"valueName\":\"search_term_string\"}}],\"inLanguage\":\"de\"},{\"@type\":\"Organization\",\"@id\":\"https:\\\/\\\/lebenleben.de\\\/wohnen\\\/#organization\",\"name\":\"Leben leben Wohnen\",\"url\":\"https:\\\/\\\/lebenleben.de\\\/wohnen\\\/\",\"logo\":{\"@type\":\"ImageObject\",\"inLanguage\":\"de\",\"@id\":\"https:\\\/\\\/lebenleben.de\\\/wohnen\\\/#\\\/schema\\\/logo\\\/image\\\/\",\"url\":\"https:\\\/\\\/lebenleben.de\\\/wohnen\\\/wp-content\\\/uploads\\\/sites\\\/7\\\/2021\\\/01\\\/ll_favicon-yellow.png\",\"contentUrl\":\"https:\\\/\\\/lebenleben.de\\\/wohnen\\\/wp-content\\\/uploads\\\/sites\\\/7\\\/2021\\\/01\\\/ll_favicon-yellow.png\",\"width\":501,\"height\":501,\"caption\":\"Leben leben Wohnen\"},\"image\":{\"@id\":\"https:\\\/\\\/lebenleben.de\\\/wohnen\\\/#\\\/schema\\\/logo\\\/image\\\/\"}}]}<\/script>\n<!-- \/ Yoast SEO plugin. -->","yoast_head_json":{"title":"Leben in der eigenen Wohnung f\u00fcr Menschen mit Behinderung | Uelzen","description":"Wir unterst\u00fctzen Menschen mit geistiger Behinderung bei der Bew\u00e4ltigung ihres Alltags in der eigenen Wohnung in Uelzen und Umgebung.","robots":{"index":"index","follow":"follow","max-snippet":"max-snippet:-1","max-image-preview":"max-image-preview:large","max-video-preview":"max-video-preview:-1"},"canonical":"https:\/\/lebenleben.de\/wohnen\/eigene-wohnung\/","og_locale":"de_DE","og_type":"article","og_title":"Leben in der eigenen Wohnung f\u00fcr Menschen mit Behinderung | Uelzen","og_description":"Wir unterst\u00fctzen Menschen mit geistiger Behinderung bei der Bew\u00e4ltigung ihres Alltags in der eigenen Wohnung in Uelzen und Umgebung.","og_url":"https:\/\/lebenleben.de\/wohnen\/eigene-wohnung\/","og_site_name":"Leben leben Wohnen","article_modified_time":"2024-05-27T10:20:07+00:00","og_image":[{"width":1400,"height":560,"url":"https:\/\/lebenleben.de\/wohnen\/wp-content\/uploads\/sites\/7\/2021\/04\/ll_header_slider_image_1400x560_0001_iStock-1035803962.jpg","type":"image\/jpeg"}],"twitter_card":"summary_large_image","twitter_misc":{"Gesch\u00e4tzte Lesezeit":"2\u00a0Minuten"},"schema":{"@context":"https:\/\/schema.org","@graph":[{"@type":"WebPage","@id":"https:\/\/lebenleben.de\/wohnen\/eigene-wohnung\/","url":"https:\/\/lebenleben.de\/wohnen\/eigene-wohnung\/","name":"Leben in der eigenen Wohnung f\u00fcr Menschen mit Behinderung | Uelzen","isPartOf":{"@id":"https:\/\/lebenleben.de\/wohnen\/#website"},"primaryImageOfPage":{"@id":"https:\/\/lebenleben.de\/wohnen\/eigene-wohnung\/#primaryimage"},"image":{"@id":"https:\/\/lebenleben.de\/wohnen\/eigene-wohnung\/#primaryimage"},"thumbnailUrl":"https:\/\/lebenleben.de\/wohnen\/wp-content\/uploads\/sites\/7\/2021\/04\/ll_header_slider_image_1400x560_0001_iStock-1035803962.jpg","datePublished":"2021-01-22T10:55:20+00:00","dateModified":"2024-05-27T10:20:07+00:00","description":"Wir unterst\u00fctzen Menschen mit geistiger Behinderung bei der Bew\u00e4ltigung ihres Alltags in der eigenen Wohnung in Uelzen und Umgebung.","breadcrumb":{"@id":"https:\/\/lebenleben.de\/wohnen\/eigene-wohnung\/#breadcrumb"},"inLanguage":"de","potentialAction":[{"@type":"ReadAction","target":["https:\/\/lebenleben.de\/wohnen\/eigene-wohnung\/"]}]},{"@type":"ImageObject","inLanguage":"de","@id":"https:\/\/lebenleben.de\/wohnen\/eigene-wohnung\/#primaryimage","url":"https:\/\/lebenleben.de\/wohnen\/wp-content\/uploads\/sites\/7\/2021\/04\/ll_header_slider_image_1400x560_0001_iStock-1035803962.jpg","contentUrl":"https:\/\/lebenleben.de\/wohnen\/wp-content\/uploads\/sites\/7\/2021\/04\/ll_header_slider_image_1400x560_0001_iStock-1035803962.jpg","width":1400,"height":560},{"@type":"BreadcrumbList","@id":"https:\/\/lebenleben.de\/wohnen\/eigene-wohnung\/#breadcrumb","itemListElement":[{"@type":"ListItem","position":1,"name":"Startseite","item":"https:\/\/lebenleben.de\/wohnen\/"},{"@type":"ListItem","position":2,"name":"Eigene Wohnung"}]},{"@type":"WebSite","@id":"https:\/\/lebenleben.de\/wohnen\/#website","url":"https:\/\/lebenleben.de\/wohnen\/","name":"Leben leben Wohnen","description":"Eine weitere Leben Leben Netzwerk Website","publisher":{"@id":"https:\/\/lebenleben.de\/wohnen\/#organization"},"potentialAction":[{"@type":"SearchAction","target":{"@type":"EntryPoint","urlTemplate":"https:\/\/lebenleben.de\/wohnen\/?s={search_term_string}"},"query-input":{"@type":"PropertyValueSpecification","valueRequired":true,"valueName":"search_term_string"}}],"inLanguage":"de"},{"@type":"Organization","@id":"https:\/\/lebenleben.de\/wohnen\/#organization","name":"Leben leben Wohnen","url":"https:\/\/lebenleben.de\/wohnen\/","logo":{"@type":"ImageObject","inLanguage":"de","@id":"https:\/\/lebenleben.de\/wohnen\/#\/schema\/logo\/image\/","url":"https:\/\/lebenleben.de\/wohnen\/wp-content\/uploads\/sites\/7\/2021\/01\/ll_favicon-yellow.png","contentUrl":"https:\/\/lebenleben.de\/wohnen\/wp-content\/uploads\/sites\/7\/2021\/01\/ll_favicon-yellow.png","width":501,"height":501,"caption":"Leben leben Wohnen"},"image":{"@id":"https:\/\/lebenleben.de\/wohnen\/#\/schema\/logo\/image\/"}}]}},"_links":{"self":[{"href":"https:\/\/lebenleben.de\/wohnen\/wp-json\/wp\/v2\/pages\/11","targetHints":{"allow":["GET"]}}],"collection":[{"href":"https:\/\/lebenleben.de\/wohnen\/wp-json\/wp\/v2\/pages"}],"about":[{"href":"https:\/\/lebenleben.de\/wohnen\/wp-json\/wp\/v2\/types\/page"}],"author":[{"embeddable":true,"href":"https:\/\/lebenleben.de\/wohnen\/wp-json\/wp\/v2\/users\/1"}],"replies":[{"embeddable":true,"href":"https:\/\/lebenleben.de\/wohnen\/wp-json\/wp\/v2\/comments?post=11"}],"version-history":[{"count":7,"href":"https:\/\/lebenleben.de\/wohnen\/wp-json\/wp\/v2\/pages\/11\/revisions"}],"predecessor-version":[{"id":302,"href":"https:\/\/lebenleben.de\/wohnen\/wp-json\/wp\/v2\/pages\/11\/revisions\/302"}],"wp:featuredmedia":[{"embeddable":true,"href":"https:\/\/lebenleben.de\/wohnen\/wp-json\/wp\/v2\/media\/97"}],"wp:attachment":[{"href":"https:\/\/lebenleben.de\/wohnen\/wp-json\/wp\/v2\/media?parent=11"}],"curies":[{"name":"wp","href":"https:\/\/api.w.org\/{rel}","templated":true}]}}