{"id":8,"date":"2021-01-22T11:54:56","date_gmt":"2021-01-22T10:54:56","guid":{"rendered":"https:\/\/lebenleben.de\/wohnen\/?page_id=8"},"modified":"2024-05-27T12:00:25","modified_gmt":"2024-05-27T10:00:25","slug":"wohnstaetten","status":"publish","type":"page","link":"https:\/\/lebenleben.de\/wohnen\/wohnstaetten\/","title":{"rendered":"Besondere Wohnform"},"content":{"rendered":"\n<div id=\"llimageslider-block_7c803fad30ebc4b88a7b004e2923a5bb\" class=\"block-llimageslider llimageslider alignwide\">\n\n    \n\t\t<div class=\"llimageslider-slider\" data-slick='{\"autoplaySpeed\": 5000}'>\n\t\t\t\t\t\t\t<div class=\"single-slide-wrapper slide-1\">\n\t\t\t\t\t<img loading=\"lazy\" decoding=\"async\" width=\"1400\" height=\"440\" src=\"https:\/\/lebenleben.de\/wohnen\/wp-content\/uploads\/sites\/7\/2024\/05\/ll_header_slider_image_1400x560_0004_LebenLeben_100214_3156-1400x440-1.jpg\" class=\"single-slide-image slider-desktop-image\" alt=\"\" srcset=\"https:\/\/lebenleben.de\/wohnen\/wp-content\/uploads\/sites\/7\/2024\/05\/ll_header_slider_image_1400x560_0004_LebenLeben_100214_3156-1400x440-1.jpg 1400w, https:\/\/lebenleben.de\/wohnen\/wp-content\/uploads\/sites\/7\/2024\/05\/ll_header_slider_image_1400x560_0004_LebenLeben_100214_3156-1400x440-1-300x94.jpg 300w, https:\/\/lebenleben.de\/wohnen\/wp-content\/uploads\/sites\/7\/2024\/05\/ll_header_slider_image_1400x560_0004_LebenLeben_100214_3156-1400x440-1-1024x322.jpg 1024w, https:\/\/lebenleben.de\/wohnen\/wp-content\/uploads\/sites\/7\/2024\/05\/ll_header_slider_image_1400x560_0004_LebenLeben_100214_3156-1400x440-1-768x241.jpg 768w\" sizes=\"auto, (max-width: 1400px) 100vw, 1400px\" \/>          <img loading=\"lazy\" decoding=\"async\" width=\"1000\" height=\"314\" src=\"https:\/\/lebenleben.de\/wohnen\/wp-content\/uploads\/sites\/7\/2024\/05\/ll_header_slider_image_1400x560_0004_LebenLeben_100214_3156-1400x440-1-1024x322.jpg\" class=\"single-slide-image slider-mobile-image\" alt=\"\" srcset=\"https:\/\/lebenleben.de\/wohnen\/wp-content\/uploads\/sites\/7\/2024\/05\/ll_header_slider_image_1400x560_0004_LebenLeben_100214_3156-1400x440-1-1024x322.jpg 1024w, https:\/\/lebenleben.de\/wohnen\/wp-content\/uploads\/sites\/7\/2024\/05\/ll_header_slider_image_1400x560_0004_LebenLeben_100214_3156-1400x440-1-300x94.jpg 300w, https:\/\/lebenleben.de\/wohnen\/wp-content\/uploads\/sites\/7\/2024\/05\/ll_header_slider_image_1400x560_0004_LebenLeben_100214_3156-1400x440-1-768x241.jpg 768w, https:\/\/lebenleben.de\/wohnen\/wp-content\/uploads\/sites\/7\/2024\/05\/ll_header_slider_image_1400x560_0004_LebenLeben_100214_3156-1400x440-1.jpg 1400w\" sizes=\"auto, (max-width: 1000px) 100vw, 1000px\" \/>\n                    <div class=\"single-slide-text\">\n          <h2>Besondere Wohnformen im Landkreis Uelzen und im Wendland<\/h2><h3>Selbstbestimmt leben in einem sicheren Umfeld<\/h3>                  <\/div>\n        \n\t\t\t\t<\/div>\n\t\t\t\t\t<\/div>\n\t  <script>\n    jQuery(document).ready(function() {\n        jQuery('.llimageslider-slider').slick({\n          dots: true,\n          infinite: true,\n          speed: 1000,\n          autoplay: true,\n          adaptiveHeight: true,\n          slidesToShow: 1,\n          fade: true,\n          focusOnSelect: true\n        });\n    });\n    <\/script>\n<\/div>\n\n\n\n<p>Das Leben in unseren station\u00e4ren Wohneinrichtungen bietet Ihnen als Person mit einem h\u00f6heren Hilfebedarf die Unterst\u00fctzung, die Sie ben\u00f6tigen, und die Sicherheit, die Sie sich w\u00fcnschen. Unser Team steht Ihnen zur Seite, damit Sie Ihr Leben so angenehm und erf\u00fcllt wie m\u00f6glich leben k\u00f6nnen.<\/p>\n\n\n\n<p>Tags\u00fcber gehen Sie einer T\u00e4tigkeit in der Werkstatt f\u00fcr behinderte Menschen nach oder besuchen die Tagesf\u00f6rderst\u00e4tte, am Abend kehren Sie in die sicheren W\u00e4nde Ihrer Wohneinrichtung zur\u00fcck.<\/p>\n\n\n\n<div style=\"height:35px\" aria-hidden=\"true\" class=\"wp-block-spacer\"><\/div>\n\n\n\n<h2 class=\"wp-block-heading\">&#8222;Wohnen am M\u00fchlenteich&#8220;<\/h2>\n\n\n\n<p><strong>Leben in einer starken Gemeinschaft<\/strong><\/p>\n\n\n\n<p>Das erwartet Sie:<\/p>\n\n\n\n<div style=\"height:10px\" aria-hidden=\"true\" class=\"wp-block-spacer\"><\/div>\n\n\n\n<ul class=\"wp-block-list\">\n<li>Ein sch\u00f6nes, altes Geb\u00e4ude mit Flair<\/li>\n\n\n\n<li>Ein romantischer Gartenpark mit Grillecke<\/li>\n\n\n\n<li>Viel Ruhe dank der Lage am Ende einer Sackgasse mit Zugang zu einem&nbsp;\u00f6ffentlichen Park<\/li>\n\n\n\n<li>Einzelzimmer sowie sehr gro\u00dfz\u00fcgige Doppelzimmer<\/li>\n\n\n\n<li>Ein komplett barrierefreies Nebengeb\u00e4ude mit ger\u00e4umigen&nbsp;Einzelzimmern<\/li>\n\n\n\n<li>G\u00e4stezimmer f\u00fcr Besucher:innen<\/li>\n\n\n\n<li>Eine Musikgruppe<\/li>\n\n\n\n<li>Ein Ort mit allen wichtigen Einkaufs- und Freizeitm\u00f6glichkeiten sowie einem Bahnanschluss im Landkreis Uelzen<\/li>\n\n\n\n<li>Viele Kontakte zu Vereinen, Kirche und netter Bev\u00f6lkerung<\/li>\n<\/ul>\n\n\n\n<div style=\"height:20px\" aria-hidden=\"true\" class=\"wp-block-spacer\"><\/div>\n\n\n\n<figure class=\"wp-block-video\"><video controls src=\"https:\/\/lebenleben.de\/wohnen\/wp-content\/uploads\/sites\/7\/2022\/10\/Imagefilm_V3_Final_1080.mp4\"><\/video><figcaption class=\"wp-element-caption\">Leben leben: Wohnen am M\u00fchlenteich Ebstorf<\/figcaption><\/figure>\n\n\n\n<div style=\"height:35px\" aria-hidden=\"true\" class=\"wp-block-spacer\"><\/div>\n\n\n\n<h2 class=\"wp-block-heading\">&#8222;Wohnen am Jeetzeldeich&#8220;<\/h2>\n\n\n\n<p><strong>Zu Hause im sch\u00f6nen Wendland<\/strong><\/p>\n\n\n\n<p>Das erwartet Sie:<\/p>\n\n\n\n<div style=\"height:10px\" aria-hidden=\"true\" class=\"wp-block-spacer\"><\/div>\n\n\n\n<ul class=\"wp-block-list\">\n<li>Ein gro\u00dfz\u00fcgiges Geb\u00e4ude mit famili\u00e4ren Wohngruppen, mit jeweils einer eigenen K\u00fcche samt Essbereich sowie einem Gemeinschaftswohnzimmer<\/li>\n\n\n\n<li>Ein gro\u00dfes Grundst\u00fcck mit viel Platz, sch\u00f6ner, gro\u00dfer&nbsp;Sonnenterrasse und Schaukel<\/li>\n\n\n\n<li>Einzelzimmer sowie Doppelzimmer (auch f\u00fcr P\u00e4rchen geeignet)<\/li>\n\n\n\n<li>Ruhige Lage am Ortsrand, nur 10 Minuten mit dem Rad von der Innenstadt entfernt<\/li>\n\n\n\n<li>Unmittelbarer N\u00e4he zur Werkstatt f\u00fcr behinderte Menschen<\/li>\n\n\n\n<li>Vielf\u00e4ltige eigene Freizeitangebote wie Reiten, Ausfl\u00fcge sowie Radtouren im sch\u00f6nen Wendland sowie eine Musikgruppe<\/li>\n\n\n\n<li>Eine Kleinstadt mit allen wichtigen Einkaufs- und Freizeitm\u00f6glichkeiten an der Elbe und einem Bahnanschluss nach L\u00fcneburg<\/li>\n\n\n\n<li>Viele Kontakte zu Vereinen, Gruppen und netter Bev\u00f6lkerung<\/li>\n<\/ul>\n\n\n\n<div style=\"height:50px\" aria-hidden=\"true\" class=\"wp-block-spacer\"><\/div>\n","protected":false},"excerpt":{"rendered":"<p>Das Leben in unseren station\u00e4ren Wohneinrichtungen bietet Ihnen als Person mit einem h\u00f6heren Hilfebedarf die Unterst\u00fctzung, die Sie ben\u00f6tigen, und die Sicherheit, die Sie sich w\u00fcnschen. Unser Team steht Ihnen zur Seite, damit Sie Ihr Leben so angenehm und erf\u00fcllt wie m\u00f6glich leben k\u00f6nnen. Tags\u00fcber gehen Sie einer T\u00e4tigkeit in der Werkstatt f\u00fcr behinderte Menschen [&hellip;]<\/p>\n","protected":false},"author":1,"featured_media":100,"parent":0,"menu_order":10,"comment_status":"closed","ping_status":"closed","template":"page-templates\/page-fullscreen.php","meta":{"_acf_changed":false,"footnotes":""},"class_list":["post-8","page","type-page","status-publish","has-post-thumbnail","hentry"],"acf":[],"yoast_head":"<!-- This site is optimized with the Yoast SEO plugin v27.3 - https:\/\/yoast.com\/product\/yoast-seo-wordpress\/ -->\n<title>Wohnst\u00e4tten f\u00fcr Menschen mit Behinderung | Kreis Uelzen | Wendland<\/title>\n<meta name=\"description\" content=\"Wir bieten Menschen mit geistiger Behinderung und erh\u00f6htem Hilfebedarf ein Zuhause in unseren Wohnst\u00e4tten im Landkreis Uelzen und im Wendland.\" \/>\n<meta name=\"robots\" content=\"index, follow, max-snippet:-1, max-image-preview:large, max-video-preview:-1\" \/>\n<link rel=\"canonical\" href=\"https:\/\/lebenleben.de\/wohnen\/wohnstaetten\/\" \/>\n<meta property=\"og:locale\" content=\"de_DE\" \/>\n<meta property=\"og:type\" content=\"article\" \/>\n<meta property=\"og:title\" content=\"Wohnst\u00e4tten f\u00fcr Menschen mit Behinderung | Kreis Uelzen | Wendland\" \/>\n<meta property=\"og:description\" content=\"Wir bieten Menschen mit geistiger Behinderung und erh\u00f6htem Hilfebedarf ein Zuhause in unseren Wohnst\u00e4tten im Landkreis Uelzen und im Wendland.\" \/>\n<meta property=\"og:url\" content=\"https:\/\/lebenleben.de\/wohnen\/wohnstaetten\/\" \/>\n<meta property=\"og:site_name\" content=\"Leben leben Wohnen\" \/>\n<meta property=\"article:modified_time\" content=\"2024-05-27T10:00:25+00:00\" \/>\n<meta property=\"og:image\" content=\"https:\/\/lebenleben.de\/wohnen\/wp-content\/uploads\/sites\/7\/2021\/04\/ll_header_slider_image_1400x560_0004_LebenLeben_100214_3156.jpg\" \/>\n\t<meta property=\"og:image:width\" content=\"1400\" \/>\n\t<meta property=\"og:image:height\" content=\"560\" \/>\n\t<meta property=\"og:image:type\" content=\"image\/jpeg\" \/>\n<meta name=\"twitter:card\" content=\"summary_large_image\" \/>\n<meta name=\"twitter:label1\" content=\"Gesch\u00e4tzte Lesezeit\" \/>\n\t<meta name=\"twitter:data1\" content=\"2\u00a0Minuten\" \/>\n<script type=\"application\/ld+json\" class=\"yoast-schema-graph\">{\"@context\":\"https:\\\/\\\/schema.org\",\"@graph\":[{\"@type\":\"WebPage\",\"@id\":\"https:\\\/\\\/lebenleben.de\\\/wohnen\\\/wohnstaetten\\\/\",\"url\":\"https:\\\/\\\/lebenleben.de\\\/wohnen\\\/wohnstaetten\\\/\",\"name\":\"Wohnst\u00e4tten f\u00fcr Menschen mit Behinderung | Kreis Uelzen | Wendland\",\"isPartOf\":{\"@id\":\"https:\\\/\\\/lebenleben.de\\\/wohnen\\\/#website\"},\"primaryImageOfPage\":{\"@id\":\"https:\\\/\\\/lebenleben.de\\\/wohnen\\\/wohnstaetten\\\/#primaryimage\"},\"image\":{\"@id\":\"https:\\\/\\\/lebenleben.de\\\/wohnen\\\/wohnstaetten\\\/#primaryimage\"},\"thumbnailUrl\":\"https:\\\/\\\/lebenleben.de\\\/wohnen\\\/wp-content\\\/uploads\\\/sites\\\/7\\\/2021\\\/04\\\/ll_header_slider_image_1400x560_0004_LebenLeben_100214_3156.jpg\",\"datePublished\":\"2021-01-22T10:54:56+00:00\",\"dateModified\":\"2024-05-27T10:00:25+00:00\",\"description\":\"Wir bieten Menschen mit geistiger Behinderung und erh\u00f6htem Hilfebedarf ein Zuhause in unseren Wohnst\u00e4tten im Landkreis Uelzen und im Wendland.\",\"breadcrumb\":{\"@id\":\"https:\\\/\\\/lebenleben.de\\\/wohnen\\\/wohnstaetten\\\/#breadcrumb\"},\"inLanguage\":\"de\",\"potentialAction\":[{\"@type\":\"ReadAction\",\"target\":[\"https:\\\/\\\/lebenleben.de\\\/wohnen\\\/wohnstaetten\\\/\"]}]},{\"@type\":\"ImageObject\",\"inLanguage\":\"de\",\"@id\":\"https:\\\/\\\/lebenleben.de\\\/wohnen\\\/wohnstaetten\\\/#primaryimage\",\"url\":\"https:\\\/\\\/lebenleben.de\\\/wohnen\\\/wp-content\\\/uploads\\\/sites\\\/7\\\/2021\\\/04\\\/ll_header_slider_image_1400x560_0004_LebenLeben_100214_3156.jpg\",\"contentUrl\":\"https:\\\/\\\/lebenleben.de\\\/wohnen\\\/wp-content\\\/uploads\\\/sites\\\/7\\\/2021\\\/04\\\/ll_header_slider_image_1400x560_0004_LebenLeben_100214_3156.jpg\",\"width\":1400,\"height\":560},{\"@type\":\"BreadcrumbList\",\"@id\":\"https:\\\/\\\/lebenleben.de\\\/wohnen\\\/wohnstaetten\\\/#breadcrumb\",\"itemListElement\":[{\"@type\":\"ListItem\",\"position\":1,\"name\":\"Startseite\",\"item\":\"https:\\\/\\\/lebenleben.de\\\/wohnen\\\/\"},{\"@type\":\"ListItem\",\"position\":2,\"name\":\"Besondere Wohnform\"}]},{\"@type\":\"WebSite\",\"@id\":\"https:\\\/\\\/lebenleben.de\\\/wohnen\\\/#website\",\"url\":\"https:\\\/\\\/lebenleben.de\\\/wohnen\\\/\",\"name\":\"Leben leben Wohnen\",\"description\":\"Eine weitere Leben Leben Netzwerk Website\",\"publisher\":{\"@id\":\"https:\\\/\\\/lebenleben.de\\\/wohnen\\\/#organization\"},\"potentialAction\":[{\"@type\":\"SearchAction\",\"target\":{\"@type\":\"EntryPoint\",\"urlTemplate\":\"https:\\\/\\\/lebenleben.de\\\/wohnen\\\/?s={search_term_string}\"},\"query-input\":{\"@type\":\"PropertyValueSpecification\",\"valueRequired\":true,\"valueName\":\"search_term_string\"}}],\"inLanguage\":\"de\"},{\"@type\":\"Organization\",\"@id\":\"https:\\\/\\\/lebenleben.de\\\/wohnen\\\/#organization\",\"name\":\"Leben leben Wohnen\",\"url\":\"https:\\\/\\\/lebenleben.de\\\/wohnen\\\/\",\"logo\":{\"@type\":\"ImageObject\",\"inLanguage\":\"de\",\"@id\":\"https:\\\/\\\/lebenleben.de\\\/wohnen\\\/#\\\/schema\\\/logo\\\/image\\\/\",\"url\":\"https:\\\/\\\/lebenleben.de\\\/wohnen\\\/wp-content\\\/uploads\\\/sites\\\/7\\\/2021\\\/01\\\/ll_favicon-yellow.png\",\"contentUrl\":\"https:\\\/\\\/lebenleben.de\\\/wohnen\\\/wp-content\\\/uploads\\\/sites\\\/7\\\/2021\\\/01\\\/ll_favicon-yellow.png\",\"width\":501,\"height\":501,\"caption\":\"Leben leben Wohnen\"},\"image\":{\"@id\":\"https:\\\/\\\/lebenleben.de\\\/wohnen\\\/#\\\/schema\\\/logo\\\/image\\\/\"}}]}<\/script>\n<!-- \/ Yoast SEO plugin. -->","yoast_head_json":{"title":"Wohnst\u00e4tten f\u00fcr Menschen mit Behinderung | Kreis Uelzen | Wendland","description":"Wir bieten Menschen mit geistiger Behinderung und erh\u00f6htem Hilfebedarf ein Zuhause in unseren Wohnst\u00e4tten im Landkreis Uelzen und im Wendland.","robots":{"index":"index","follow":"follow","max-snippet":"max-snippet:-1","max-image-preview":"max-image-preview:large","max-video-preview":"max-video-preview:-1"},"canonical":"https:\/\/lebenleben.de\/wohnen\/wohnstaetten\/","og_locale":"de_DE","og_type":"article","og_title":"Wohnst\u00e4tten f\u00fcr Menschen mit Behinderung | Kreis Uelzen | Wendland","og_description":"Wir bieten Menschen mit geistiger Behinderung und erh\u00f6htem Hilfebedarf ein Zuhause in unseren Wohnst\u00e4tten im Landkreis Uelzen und im Wendland.","og_url":"https:\/\/lebenleben.de\/wohnen\/wohnstaetten\/","og_site_name":"Leben leben Wohnen","article_modified_time":"2024-05-27T10:00:25+00:00","og_image":[{"width":1400,"height":560,"url":"https:\/\/lebenleben.de\/wohnen\/wp-content\/uploads\/sites\/7\/2021\/04\/ll_header_slider_image_1400x560_0004_LebenLeben_100214_3156.jpg","type":"image\/jpeg"}],"twitter_card":"summary_large_image","twitter_misc":{"Gesch\u00e4tzte Lesezeit":"2\u00a0Minuten"},"schema":{"@context":"https:\/\/schema.org","@graph":[{"@type":"WebPage","@id":"https:\/\/lebenleben.de\/wohnen\/wohnstaetten\/","url":"https:\/\/lebenleben.de\/wohnen\/wohnstaetten\/","name":"Wohnst\u00e4tten f\u00fcr Menschen mit Behinderung | Kreis Uelzen | Wendland","isPartOf":{"@id":"https:\/\/lebenleben.de\/wohnen\/#website"},"primaryImageOfPage":{"@id":"https:\/\/lebenleben.de\/wohnen\/wohnstaetten\/#primaryimage"},"image":{"@id":"https:\/\/lebenleben.de\/wohnen\/wohnstaetten\/#primaryimage"},"thumbnailUrl":"https:\/\/lebenleben.de\/wohnen\/wp-content\/uploads\/sites\/7\/2021\/04\/ll_header_slider_image_1400x560_0004_LebenLeben_100214_3156.jpg","datePublished":"2021-01-22T10:54:56+00:00","dateModified":"2024-05-27T10:00:25+00:00","description":"Wir bieten Menschen mit geistiger Behinderung und erh\u00f6htem Hilfebedarf ein Zuhause in unseren Wohnst\u00e4tten im Landkreis Uelzen und im Wendland.","breadcrumb":{"@id":"https:\/\/lebenleben.de\/wohnen\/wohnstaetten\/#breadcrumb"},"inLanguage":"de","potentialAction":[{"@type":"ReadAction","target":["https:\/\/lebenleben.de\/wohnen\/wohnstaetten\/"]}]},{"@type":"ImageObject","inLanguage":"de","@id":"https:\/\/lebenleben.de\/wohnen\/wohnstaetten\/#primaryimage","url":"https:\/\/lebenleben.de\/wohnen\/wp-content\/uploads\/sites\/7\/2021\/04\/ll_header_slider_image_1400x560_0004_LebenLeben_100214_3156.jpg","contentUrl":"https:\/\/lebenleben.de\/wohnen\/wp-content\/uploads\/sites\/7\/2021\/04\/ll_header_slider_image_1400x560_0004_LebenLeben_100214_3156.jpg","width":1400,"height":560},{"@type":"BreadcrumbList","@id":"https:\/\/lebenleben.de\/wohnen\/wohnstaetten\/#breadcrumb","itemListElement":[{"@type":"ListItem","position":1,"name":"Startseite","item":"https:\/\/lebenleben.de\/wohnen\/"},{"@type":"ListItem","position":2,"name":"Besondere Wohnform"}]},{"@type":"WebSite","@id":"https:\/\/lebenleben.de\/wohnen\/#website","url":"https:\/\/lebenleben.de\/wohnen\/","name":"Leben leben Wohnen","description":"Eine weitere Leben Leben Netzwerk Website","publisher":{"@id":"https:\/\/lebenleben.de\/wohnen\/#organization"},"potentialAction":[{"@type":"SearchAction","target":{"@type":"EntryPoint","urlTemplate":"https:\/\/lebenleben.de\/wohnen\/?s={search_term_string}"},"query-input":{"@type":"PropertyValueSpecification","valueRequired":true,"valueName":"search_term_string"}}],"inLanguage":"de"},{"@type":"Organization","@id":"https:\/\/lebenleben.de\/wohnen\/#organization","name":"Leben leben Wohnen","url":"https:\/\/lebenleben.de\/wohnen\/","logo":{"@type":"ImageObject","inLanguage":"de","@id":"https:\/\/lebenleben.de\/wohnen\/#\/schema\/logo\/image\/","url":"https:\/\/lebenleben.de\/wohnen\/wp-content\/uploads\/sites\/7\/2021\/01\/ll_favicon-yellow.png","contentUrl":"https:\/\/lebenleben.de\/wohnen\/wp-content\/uploads\/sites\/7\/2021\/01\/ll_favicon-yellow.png","width":501,"height":501,"caption":"Leben leben Wohnen"},"image":{"@id":"https:\/\/lebenleben.de\/wohnen\/#\/schema\/logo\/image\/"}}]}},"_links":{"self":[{"href":"https:\/\/lebenleben.de\/wohnen\/wp-json\/wp\/v2\/pages\/8","targetHints":{"allow":["GET"]}}],"collection":[{"href":"https:\/\/lebenleben.de\/wohnen\/wp-json\/wp\/v2\/pages"}],"about":[{"href":"https:\/\/lebenleben.de\/wohnen\/wp-json\/wp\/v2\/types\/page"}],"author":[{"embeddable":true,"href":"https:\/\/lebenleben.de\/wohnen\/wp-json\/wp\/v2\/users\/1"}],"replies":[{"embeddable":true,"href":"https:\/\/lebenleben.de\/wohnen\/wp-json\/wp\/v2\/comments?post=8"}],"version-history":[{"count":16,"href":"https:\/\/lebenleben.de\/wohnen\/wp-json\/wp\/v2\/pages\/8\/revisions"}],"predecessor-version":[{"id":299,"href":"https:\/\/lebenleben.de\/wohnen\/wp-json\/wp\/v2\/pages\/8\/revisions\/299"}],"wp:featuredmedia":[{"embeddable":true,"href":"https:\/\/lebenleben.de\/wohnen\/wp-json\/wp\/v2\/media\/100"}],"wp:attachment":[{"href":"https:\/\/lebenleben.de\/wohnen\/wp-json\/wp\/v2\/media?parent=8"}],"curies":[{"name":"wp","href":"https:\/\/api.w.org\/{rel}","templated":true}]}}