{"id":9,"date":"2021-01-22T11:55:06","date_gmt":"2021-01-22T10:55:06","guid":{"rendered":"https:\/\/lebenleben.de\/wohnen\/?page_id=9"},"modified":"2024-05-27T11:46:55","modified_gmt":"2024-05-27T09:46:55","slug":"wohngruppen","status":"publish","type":"page","link":"https:\/\/lebenleben.de\/wohnen\/wohngruppen\/","title":{"rendered":"Wohngruppen"},"content":{"rendered":"\n<div id=\"llimageslider-block_6bac56c467164905598a4be76ddf0cac\" class=\"block-llimageslider llimageslider alignwide\">\n\n    \n\t\t<div class=\"llimageslider-slider\" data-slick='{\"autoplaySpeed\": 5000}'>\n\t\t\t\t\t\t\t<div class=\"single-slide-wrapper slide-1\">\n\t\t\t\t\t<img loading=\"lazy\" decoding=\"async\" width=\"1400\" height=\"440\" src=\"https:\/\/lebenleben.de\/wohnen\/wp-content\/uploads\/sites\/7\/2024\/05\/ll_header_slider_image_1400x560_0000_iStock-923190756-1400x440-1.jpg\" class=\"single-slide-image slider-desktop-image\" alt=\"\" srcset=\"https:\/\/lebenleben.de\/wohnen\/wp-content\/uploads\/sites\/7\/2024\/05\/ll_header_slider_image_1400x560_0000_iStock-923190756-1400x440-1.jpg 1400w, https:\/\/lebenleben.de\/wohnen\/wp-content\/uploads\/sites\/7\/2024\/05\/ll_header_slider_image_1400x560_0000_iStock-923190756-1400x440-1-300x94.jpg 300w, https:\/\/lebenleben.de\/wohnen\/wp-content\/uploads\/sites\/7\/2024\/05\/ll_header_slider_image_1400x560_0000_iStock-923190756-1400x440-1-1024x322.jpg 1024w, https:\/\/lebenleben.de\/wohnen\/wp-content\/uploads\/sites\/7\/2024\/05\/ll_header_slider_image_1400x560_0000_iStock-923190756-1400x440-1-768x241.jpg 768w\" sizes=\"auto, (max-width: 1400px) 100vw, 1400px\" \/>          <img loading=\"lazy\" decoding=\"async\" width=\"1000\" height=\"314\" src=\"https:\/\/lebenleben.de\/wohnen\/wp-content\/uploads\/sites\/7\/2024\/05\/ll_header_slider_image_1400x560_0000_iStock-923190756-1400x440-1-1024x322.jpg\" class=\"single-slide-image slider-mobile-image\" alt=\"\" srcset=\"https:\/\/lebenleben.de\/wohnen\/wp-content\/uploads\/sites\/7\/2024\/05\/ll_header_slider_image_1400x560_0000_iStock-923190756-1400x440-1-1024x322.jpg 1024w, https:\/\/lebenleben.de\/wohnen\/wp-content\/uploads\/sites\/7\/2024\/05\/ll_header_slider_image_1400x560_0000_iStock-923190756-1400x440-1-300x94.jpg 300w, https:\/\/lebenleben.de\/wohnen\/wp-content\/uploads\/sites\/7\/2024\/05\/ll_header_slider_image_1400x560_0000_iStock-923190756-1400x440-1-768x241.jpg 768w, https:\/\/lebenleben.de\/wohnen\/wp-content\/uploads\/sites\/7\/2024\/05\/ll_header_slider_image_1400x560_0000_iStock-923190756-1400x440-1.jpg 1400w\" sizes=\"auto, (max-width: 1000px) 100vw, 1000px\" \/>\n                    <div class=\"single-slide-text\">\n          <h2>Wohngruppen in Uelzen und Umgebung<\/h2><h3>Mit Unterst\u00fctzung selbstst\u00e4ndig wohnen<\/h3>                  <\/div>\n        \n\t\t\t\t<\/div>\n\t\t\t\t\t<\/div>\n\t  <script>\n    jQuery(document).ready(function() {\n        jQuery('.llimageslider-slider').slick({\n          dots: true,\n          infinite: true,\n          speed: 1000,\n          autoplay: true,\n          adaptiveHeight: true,\n          slidesToShow: 1,\n          fade: true,\n          focusOnSelect: true\n        });\n    });\n    <\/script>\n<\/div>\n\n\n\n<p>Wenn Sie zu den Menschen geh\u00f6ren, die in einigen Abl\u00e4ufen des t\u00e4glichen Lebens schon ge\u00fcbt und selbstst\u00e4ndig sind und zudem bereit sind, sich an der Erledigung von Aufgaben, die im Alltag einer Gemeinschaft anfallen, zu beteiligen, dann ist das Leben in einer unserer Wohngruppen das Richtige f\u00fcr Sie.<\/p>\n\n\n\n<p>Tags\u00fcber gehen Sie einer Besch\u00e4ftigung in der Werkstatt f\u00fcr behinderte Menschen oder einer anderen tagesstrukturierenden Ma\u00dfnahme nach. Zu Hause k\u00f6nnen Sie f\u00fcr mehrere Stunden am Tag die Beratung und Assistenz unseres Fachpersonals in Anspruch nehmen.<\/p>\n\n\n\n<div style=\"height:35px\" aria-hidden=\"true\" class=\"wp-block-spacer\"><\/div>\n\n\n\n<h2 class=\"wp-block-heading\">Wohngruppe Dieterichsstra\u00dfe<\/h2>\n\n\n\n<p><strong>Buntes Haus, bunte Gruppe, buntes Leben<\/strong><\/p>\n\n\n\n<p>Das erwartet Sie:<\/p>\n\n\n\n<div style=\"height:10px\" aria-hidden=\"true\" class=\"wp-block-spacer\"><\/div>\n\n\n\n<ul class=\"wp-block-list\">\n<li>Ein sch\u00f6nes, buntes, ger\u00e4umiges, au\u00dfergew\u00f6hnliches Haus<\/li>\n\n\n\n<li>Zusammenleben in verschiedenen in sich abgeschlossenen&nbsp;Wohneinheiten mit sehr gro\u00dfz\u00fcgigem, sonnigem Gemeinschaftswohnzimmer, angeschlossener K\u00fcche und Essbereich<\/li>\n\n\n\n<li>Ausschlie\u00dflich Einzelzimmer, teilweise mit Balkon<\/li>\n\n\n\n<li>In allen Zimmern W-LAN- und TV-Anschluss<\/li>\n\n\n\n<li>G\u00e4stezimmer f\u00fcr Besucher:innen<\/li>\n\n\n\n<li>Gro\u00dfer Garten<\/li>\n\n\n\n<li>Zentrumsnahe Lage in einer Seitenstra\u00dfe, ca. 5 Gehminuten zur Innenstadt<\/li>\n\n\n\n<li>Die Stadt Uelzen mit vielf\u00e4ltigen Einkaufs- und&nbsp;Freizeitm\u00f6glichkeiten<\/li>\n\n\n\n<li>Der bekannte Hundertwasser-Bahnhof in fu\u00dfl\u00e4ufiger Entfernung<\/li>\n\n\n\n<li>Sehr vielf\u00e4ltige Kontakte zu Vereinen und Organisationen wie Sportvereinen, Feuerwehr, Judo-Club und zur netten Bev\u00f6lkerung<\/li>\n\n\n\n<li>Gemeinsame Urlaubsreisen<\/li>\n<\/ul>\n\n\n\n<div style=\"height:35px\" aria-hidden=\"true\" class=\"wp-block-spacer\"><\/div>\n\n\n\n<h2 class=\"wp-block-heading\">Wohngruppe Turmstra\u00dfe<\/h2>\n\n\n\n<p><strong>Mitten im Leben, mitten in der Stadt!<\/strong><\/p>\n\n\n\n<p>Das erwartet Sie:<\/p>\n\n\n\n<div style=\"height:10px\" aria-hidden=\"true\" class=\"wp-block-spacer\"><\/div>\n\n\n\n<ul class=\"wp-block-list\">\n<li>Ein stilvolles, gem\u00fctliches Haus mitten im Zentrum<\/li>\n\n\n\n<li>Ausschlie\u00dflich Einzelzimmer<\/li>\n\n\n\n<li>Gemeinschaftlich nutzbare R\u00e4ume, wie Wohndiele, K\u00fcche sowie ein Esszimmer mit Gartenblick<\/li>\n\n\n\n<li>Ein romantischer Garten mit Sonnenterrasse<\/li>\n\n\n\n<li>Unmittelbare N\u00e4he zur Fu\u00dfg\u00e4ngerzone mit zahlreichen Gesch\u00e4ften, B\u00fccherei sowie Caf\u00e9s und Restaurants<\/li>\n\n\n\n<li>Die Stadt Uelzen mit vielf\u00e4ltigen Freizeitm\u00f6glichkeiten<\/li>\n\n\n\n<li>Der bekannte Hundertwasser-Bahnhof in fu\u00dfl\u00e4ufiger Entfernung<\/li>\n\n\n\n<li>Sehr vielf\u00e4ltige Kontakte zu Vereinen und Organisationen wie Sportvereinen, Feuerwehr, Judo-Club und zur netten Bev\u00f6lkerung<\/li>\n\n\n\n<li>Gemeinsame Urlaubsreisen<\/li>\n<\/ul>\n\n\n\n<div style=\"height:35px\" aria-hidden=\"true\" class=\"wp-block-spacer\"><\/div>\n\n\n\n<h2 class=\"wp-block-heading\">Wohngruppe Birkenweg<\/h2>\n\n\n\n<p><strong>Leben \u2013 so, wie Sie es m\u00f6chten<\/strong><\/p>\n\n\n\n<p>Das erwartet Sie:<\/p>\n\n\n\n<div style=\"height:10px\" aria-hidden=\"true\" class=\"wp-block-spacer\"><\/div>\n\n\n\n<ul class=\"wp-block-list\">\n<li>Ein gem\u00fctliches Einfamilienhaus in einem sehr attraktiven Wohngebiet am Rand von Dannenberg<\/li>\n\n\n\n<li>Ausschlie\u00dflich Einzelzimmer<\/li>\n\n\n\n<li>Gemeinschaftlich nutzbare R\u00e4ume wie K\u00fcche mit Esszimmer sowie ein gro\u00dfes Wohnzimmer mit Blick in den Garten<\/li>\n\n\n\n<li>Einen liebevoll angelegten Garten mit Sonnenterrasse<\/li>\n\n\n\n<li>Das Wohnen in einer Kleinstadt mit allen wichtigen Einkaufs- und Freizeitm\u00f6glichkeiten an der Elbe und mit Bahnanschluss nach L\u00fcneburg<\/li>\n\n\n\n<li>Viele Kontakte zu Vereinen, Gruppen, den netten Nachbarn und der \u00fcbrigen Bev\u00f6lkerung<\/li>\n<\/ul>\n\n\n\n<div style=\"height:35px\" aria-hidden=\"true\" class=\"wp-block-spacer\"><\/div>\n\n\n\n<h2 class=\"wp-block-heading\">Wohngruppe Forstland<\/h2>\n\n\n\n<p><strong>Klein, aber fein \u2013 unsere Au\u00dfenwohngruppe unseres Wohnhauses<\/strong> <strong>am M\u00fchlenteich<\/strong><\/p>\n\n\n\n<p>Das erwartet Sie:<\/p>\n\n\n\n<div style=\"height:10px\" aria-hidden=\"true\" class=\"wp-block-spacer\"><\/div>\n\n\n\n<ul class=\"wp-block-list\">\n<li>Ein gem\u00fctliches Einfamilienhaus mitten in einem attraktiven, ruhig gelegenen Wohngebiet und idyllischer Umgebung<\/li>\n\n\n\n<li>Ausschlie\u00dflich Einzelzimmer<\/li>\n\n\n\n<li>Gemeinschaftsr\u00e4ume wie Wohnzimmer sowie K\u00fcche mit Essbereich und Gartenblick<\/li>\n\n\n\n<li>Ein abwechslungsreich gestalteter, gro\u00dfer Garten mit Sonnenterrasse<\/li>\n\n\n\n<li>Verschiedene&nbsp;Einkaufsm\u00f6glichkeiten, nur 5 Minuten Fu\u00dfweg entfernt<\/li>\n\n\n\n<li>Das Ortszentrum Ebstorf (Landkreis Uelzen), ca. 15 Minuten Fu\u00dfweg entfernt<\/li>\n\n\n\n<li>Bahnhofsn\u00e4he (ca. 10 Gehminuten)<\/li>\n\n\n\n<li>Sehr vielf\u00e4ltige Kontakte zu ans\u00e4ssigen Vereinen und Organisationen sowie zur netten Bev\u00f6lkerung<\/li>\n\n\n\n<li>Gemeinsame Urlaubsreisen<\/li>\n<\/ul>\n\n\n\n<div style=\"height:50px\" aria-hidden=\"true\" class=\"wp-block-spacer\"><\/div>\n","protected":false},"excerpt":{"rendered":"<p>Wenn Sie zu den Menschen geh\u00f6ren, die in einigen Abl\u00e4ufen des t\u00e4glichen Lebens schon ge\u00fcbt und selbstst\u00e4ndig sind und zudem bereit sind, sich an der Erledigung von Aufgaben, die im Alltag einer Gemeinschaft anfallen, zu beteiligen, dann ist das Leben in einer unserer Wohngruppen das Richtige f\u00fcr Sie. Tags\u00fcber gehen Sie einer Besch\u00e4ftigung in der [&hellip;]<\/p>\n","protected":false},"author":1,"featured_media":96,"parent":0,"menu_order":20,"comment_status":"closed","ping_status":"closed","template":"page-templates\/page-fullscreen.php","meta":{"_acf_changed":false,"footnotes":""},"class_list":["post-9","page","type-page","status-publish","has-post-thumbnail","hentry"],"acf":[],"yoast_head":"<!-- This site is optimized with the Yoast SEO plugin v27.3 - https:\/\/yoast.com\/product\/yoast-seo-wordpress\/ -->\n<title>Wohngruppen f\u00fcr Menschen mit Behinderung in Uelzen und Umgebung<\/title>\n<meta name=\"description\" content=\"Wir bieten Menschen mit geistiger Behinderung ein Zuhause in unseren Wohngruppen in Uelzen und Umgebung.\" \/>\n<meta name=\"robots\" content=\"index, follow, max-snippet:-1, max-image-preview:large, max-video-preview:-1\" \/>\n<link rel=\"canonical\" href=\"https:\/\/lebenleben.de\/wohnen\/wohngruppen\/\" \/>\n<meta property=\"og:locale\" content=\"de_DE\" \/>\n<meta property=\"og:type\" content=\"article\" \/>\n<meta property=\"og:title\" content=\"Wohngruppen f\u00fcr Menschen mit Behinderung in Uelzen und Umgebung\" \/>\n<meta property=\"og:description\" content=\"Wir bieten Menschen mit geistiger Behinderung ein Zuhause in unseren Wohngruppen in Uelzen und Umgebung.\" \/>\n<meta property=\"og:url\" content=\"https:\/\/lebenleben.de\/wohnen\/wohngruppen\/\" \/>\n<meta property=\"og:site_name\" content=\"Leben leben Wohnen\" \/>\n<meta property=\"article:modified_time\" content=\"2024-05-27T09:46:55+00:00\" \/>\n<meta property=\"og:image\" content=\"https:\/\/lebenleben.de\/wohnen\/wp-content\/uploads\/sites\/7\/2021\/04\/ll_header_slider_image_1400x560_0000_iStock-923190756.jpg\" \/>\n\t<meta property=\"og:image:width\" content=\"1400\" \/>\n\t<meta property=\"og:image:height\" content=\"560\" \/>\n\t<meta property=\"og:image:type\" content=\"image\/jpeg\" \/>\n<meta name=\"twitter:card\" content=\"summary_large_image\" \/>\n<meta name=\"twitter:label1\" content=\"Gesch\u00e4tzte Lesezeit\" \/>\n\t<meta name=\"twitter:data1\" content=\"3\u00a0Minuten\" \/>\n<script type=\"application\/ld+json\" class=\"yoast-schema-graph\">{\"@context\":\"https:\\\/\\\/schema.org\",\"@graph\":[{\"@type\":\"WebPage\",\"@id\":\"https:\\\/\\\/lebenleben.de\\\/wohnen\\\/wohngruppen\\\/\",\"url\":\"https:\\\/\\\/lebenleben.de\\\/wohnen\\\/wohngruppen\\\/\",\"name\":\"Wohngruppen f\u00fcr Menschen mit Behinderung in Uelzen und Umgebung\",\"isPartOf\":{\"@id\":\"https:\\\/\\\/lebenleben.de\\\/wohnen\\\/#website\"},\"primaryImageOfPage\":{\"@id\":\"https:\\\/\\\/lebenleben.de\\\/wohnen\\\/wohngruppen\\\/#primaryimage\"},\"image\":{\"@id\":\"https:\\\/\\\/lebenleben.de\\\/wohnen\\\/wohngruppen\\\/#primaryimage\"},\"thumbnailUrl\":\"https:\\\/\\\/lebenleben.de\\\/wohnen\\\/wp-content\\\/uploads\\\/sites\\\/7\\\/2021\\\/04\\\/ll_header_slider_image_1400x560_0000_iStock-923190756.jpg\",\"datePublished\":\"2021-01-22T10:55:06+00:00\",\"dateModified\":\"2024-05-27T09:46:55+00:00\",\"description\":\"Wir bieten Menschen mit geistiger Behinderung ein Zuhause in unseren Wohngruppen in Uelzen und Umgebung.\",\"breadcrumb\":{\"@id\":\"https:\\\/\\\/lebenleben.de\\\/wohnen\\\/wohngruppen\\\/#breadcrumb\"},\"inLanguage\":\"de\",\"potentialAction\":[{\"@type\":\"ReadAction\",\"target\":[\"https:\\\/\\\/lebenleben.de\\\/wohnen\\\/wohngruppen\\\/\"]}]},{\"@type\":\"ImageObject\",\"inLanguage\":\"de\",\"@id\":\"https:\\\/\\\/lebenleben.de\\\/wohnen\\\/wohngruppen\\\/#primaryimage\",\"url\":\"https:\\\/\\\/lebenleben.de\\\/wohnen\\\/wp-content\\\/uploads\\\/sites\\\/7\\\/2021\\\/04\\\/ll_header_slider_image_1400x560_0000_iStock-923190756.jpg\",\"contentUrl\":\"https:\\\/\\\/lebenleben.de\\\/wohnen\\\/wp-content\\\/uploads\\\/sites\\\/7\\\/2021\\\/04\\\/ll_header_slider_image_1400x560_0000_iStock-923190756.jpg\",\"width\":1400,\"height\":560},{\"@type\":\"BreadcrumbList\",\"@id\":\"https:\\\/\\\/lebenleben.de\\\/wohnen\\\/wohngruppen\\\/#breadcrumb\",\"itemListElement\":[{\"@type\":\"ListItem\",\"position\":1,\"name\":\"Startseite\",\"item\":\"https:\\\/\\\/lebenleben.de\\\/wohnen\\\/\"},{\"@type\":\"ListItem\",\"position\":2,\"name\":\"Wohngruppen\"}]},{\"@type\":\"WebSite\",\"@id\":\"https:\\\/\\\/lebenleben.de\\\/wohnen\\\/#website\",\"url\":\"https:\\\/\\\/lebenleben.de\\\/wohnen\\\/\",\"name\":\"Leben leben Wohnen\",\"description\":\"Eine weitere Leben Leben Netzwerk Website\",\"publisher\":{\"@id\":\"https:\\\/\\\/lebenleben.de\\\/wohnen\\\/#organization\"},\"potentialAction\":[{\"@type\":\"SearchAction\",\"target\":{\"@type\":\"EntryPoint\",\"urlTemplate\":\"https:\\\/\\\/lebenleben.de\\\/wohnen\\\/?s={search_term_string}\"},\"query-input\":{\"@type\":\"PropertyValueSpecification\",\"valueRequired\":true,\"valueName\":\"search_term_string\"}}],\"inLanguage\":\"de\"},{\"@type\":\"Organization\",\"@id\":\"https:\\\/\\\/lebenleben.de\\\/wohnen\\\/#organization\",\"name\":\"Leben leben Wohnen\",\"url\":\"https:\\\/\\\/lebenleben.de\\\/wohnen\\\/\",\"logo\":{\"@type\":\"ImageObject\",\"inLanguage\":\"de\",\"@id\":\"https:\\\/\\\/lebenleben.de\\\/wohnen\\\/#\\\/schema\\\/logo\\\/image\\\/\",\"url\":\"https:\\\/\\\/lebenleben.de\\\/wohnen\\\/wp-content\\\/uploads\\\/sites\\\/7\\\/2021\\\/01\\\/ll_favicon-yellow.png\",\"contentUrl\":\"https:\\\/\\\/lebenleben.de\\\/wohnen\\\/wp-content\\\/uploads\\\/sites\\\/7\\\/2021\\\/01\\\/ll_favicon-yellow.png\",\"width\":501,\"height\":501,\"caption\":\"Leben leben Wohnen\"},\"image\":{\"@id\":\"https:\\\/\\\/lebenleben.de\\\/wohnen\\\/#\\\/schema\\\/logo\\\/image\\\/\"}}]}<\/script>\n<!-- \/ Yoast SEO plugin. -->","yoast_head_json":{"title":"Wohngruppen f\u00fcr Menschen mit Behinderung in Uelzen und Umgebung","description":"Wir bieten Menschen mit geistiger Behinderung ein Zuhause in unseren Wohngruppen in Uelzen und Umgebung.","robots":{"index":"index","follow":"follow","max-snippet":"max-snippet:-1","max-image-preview":"max-image-preview:large","max-video-preview":"max-video-preview:-1"},"canonical":"https:\/\/lebenleben.de\/wohnen\/wohngruppen\/","og_locale":"de_DE","og_type":"article","og_title":"Wohngruppen f\u00fcr Menschen mit Behinderung in Uelzen und Umgebung","og_description":"Wir bieten Menschen mit geistiger Behinderung ein Zuhause in unseren Wohngruppen in Uelzen und Umgebung.","og_url":"https:\/\/lebenleben.de\/wohnen\/wohngruppen\/","og_site_name":"Leben leben Wohnen","article_modified_time":"2024-05-27T09:46:55+00:00","og_image":[{"width":1400,"height":560,"url":"https:\/\/lebenleben.de\/wohnen\/wp-content\/uploads\/sites\/7\/2021\/04\/ll_header_slider_image_1400x560_0000_iStock-923190756.jpg","type":"image\/jpeg"}],"twitter_card":"summary_large_image","twitter_misc":{"Gesch\u00e4tzte Lesezeit":"3\u00a0Minuten"},"schema":{"@context":"https:\/\/schema.org","@graph":[{"@type":"WebPage","@id":"https:\/\/lebenleben.de\/wohnen\/wohngruppen\/","url":"https:\/\/lebenleben.de\/wohnen\/wohngruppen\/","name":"Wohngruppen f\u00fcr Menschen mit Behinderung in Uelzen und Umgebung","isPartOf":{"@id":"https:\/\/lebenleben.de\/wohnen\/#website"},"primaryImageOfPage":{"@id":"https:\/\/lebenleben.de\/wohnen\/wohngruppen\/#primaryimage"},"image":{"@id":"https:\/\/lebenleben.de\/wohnen\/wohngruppen\/#primaryimage"},"thumbnailUrl":"https:\/\/lebenleben.de\/wohnen\/wp-content\/uploads\/sites\/7\/2021\/04\/ll_header_slider_image_1400x560_0000_iStock-923190756.jpg","datePublished":"2021-01-22T10:55:06+00:00","dateModified":"2024-05-27T09:46:55+00:00","description":"Wir bieten Menschen mit geistiger Behinderung ein Zuhause in unseren Wohngruppen in Uelzen und Umgebung.","breadcrumb":{"@id":"https:\/\/lebenleben.de\/wohnen\/wohngruppen\/#breadcrumb"},"inLanguage":"de","potentialAction":[{"@type":"ReadAction","target":["https:\/\/lebenleben.de\/wohnen\/wohngruppen\/"]}]},{"@type":"ImageObject","inLanguage":"de","@id":"https:\/\/lebenleben.de\/wohnen\/wohngruppen\/#primaryimage","url":"https:\/\/lebenleben.de\/wohnen\/wp-content\/uploads\/sites\/7\/2021\/04\/ll_header_slider_image_1400x560_0000_iStock-923190756.jpg","contentUrl":"https:\/\/lebenleben.de\/wohnen\/wp-content\/uploads\/sites\/7\/2021\/04\/ll_header_slider_image_1400x560_0000_iStock-923190756.jpg","width":1400,"height":560},{"@type":"BreadcrumbList","@id":"https:\/\/lebenleben.de\/wohnen\/wohngruppen\/#breadcrumb","itemListElement":[{"@type":"ListItem","position":1,"name":"Startseite","item":"https:\/\/lebenleben.de\/wohnen\/"},{"@type":"ListItem","position":2,"name":"Wohngruppen"}]},{"@type":"WebSite","@id":"https:\/\/lebenleben.de\/wohnen\/#website","url":"https:\/\/lebenleben.de\/wohnen\/","name":"Leben leben Wohnen","description":"Eine weitere Leben Leben Netzwerk Website","publisher":{"@id":"https:\/\/lebenleben.de\/wohnen\/#organization"},"potentialAction":[{"@type":"SearchAction","target":{"@type":"EntryPoint","urlTemplate":"https:\/\/lebenleben.de\/wohnen\/?s={search_term_string}"},"query-input":{"@type":"PropertyValueSpecification","valueRequired":true,"valueName":"search_term_string"}}],"inLanguage":"de"},{"@type":"Organization","@id":"https:\/\/lebenleben.de\/wohnen\/#organization","name":"Leben leben Wohnen","url":"https:\/\/lebenleben.de\/wohnen\/","logo":{"@type":"ImageObject","inLanguage":"de","@id":"https:\/\/lebenleben.de\/wohnen\/#\/schema\/logo\/image\/","url":"https:\/\/lebenleben.de\/wohnen\/wp-content\/uploads\/sites\/7\/2021\/01\/ll_favicon-yellow.png","contentUrl":"https:\/\/lebenleben.de\/wohnen\/wp-content\/uploads\/sites\/7\/2021\/01\/ll_favicon-yellow.png","width":501,"height":501,"caption":"Leben leben Wohnen"},"image":{"@id":"https:\/\/lebenleben.de\/wohnen\/#\/schema\/logo\/image\/"}}]}},"_links":{"self":[{"href":"https:\/\/lebenleben.de\/wohnen\/wp-json\/wp\/v2\/pages\/9","targetHints":{"allow":["GET"]}}],"collection":[{"href":"https:\/\/lebenleben.de\/wohnen\/wp-json\/wp\/v2\/pages"}],"about":[{"href":"https:\/\/lebenleben.de\/wohnen\/wp-json\/wp\/v2\/types\/page"}],"author":[{"embeddable":true,"href":"https:\/\/lebenleben.de\/wohnen\/wp-json\/wp\/v2\/users\/1"}],"replies":[{"embeddable":true,"href":"https:\/\/lebenleben.de\/wohnen\/wp-json\/wp\/v2\/comments?post=9"}],"version-history":[{"count":10,"href":"https:\/\/lebenleben.de\/wohnen\/wp-json\/wp\/v2\/pages\/9\/revisions"}],"predecessor-version":[{"id":293,"href":"https:\/\/lebenleben.de\/wohnen\/wp-json\/wp\/v2\/pages\/9\/revisions\/293"}],"wp:featuredmedia":[{"embeddable":true,"href":"https:\/\/lebenleben.de\/wohnen\/wp-json\/wp\/v2\/media\/96"}],"wp:attachment":[{"href":"https:\/\/lebenleben.de\/wohnen\/wp-json\/wp\/v2\/media?parent=9"}],"curies":[{"name":"wp","href":"https:\/\/api.w.org\/{rel}","templated":true}]}}