{"id":23,"date":"2021-01-22T15:38:33","date_gmt":"2021-01-22T14:38:33","guid":{"rendered":"https:\/\/lebenleben.de\/wunderland\/?page_id=23"},"modified":"2026-01-07T10:32:04","modified_gmt":"2026-01-07T09:32:04","slug":"kita-uelzen","status":"publish","type":"page","link":"https:\/\/lebenleben.de\/wunderland\/wunderland-uelzen\/kita-uelzen\/","title":{"rendered":"KiTa Uelzen"},"content":{"rendered":"\n<div id=\"llimageslider-block_ee13dcaf0343fd1d89702e33f40da696\" class=\"block-llimageslider llimageslider alignwide\">\n\n    \n\t\t<div class=\"llimageslider-slider\" data-slick='{\"autoplaySpeed\": 3000}'>\n\t\t\t\t\t\t\t<div class=\"single-slide-wrapper slide-1\">\n\t\t\t\t\t<img loading=\"lazy\" decoding=\"async\" width=\"1400\" height=\"440\" src=\"https:\/\/lebenleben.de\/wunderland\/wp-content\/uploads\/sites\/9\/2024\/05\/ll_header_slider_image_1400x560_0005_Krippe_Wunderland-1400x440-1.jpg\" class=\"single-slide-image slider-desktop-image\" alt=\"\" srcset=\"https:\/\/lebenleben.de\/wunderland\/wp-content\/uploads\/sites\/9\/2024\/05\/ll_header_slider_image_1400x560_0005_Krippe_Wunderland-1400x440-1.jpg 1400w, https:\/\/lebenleben.de\/wunderland\/wp-content\/uploads\/sites\/9\/2024\/05\/ll_header_slider_image_1400x560_0005_Krippe_Wunderland-1400x440-1-300x94.jpg 300w, https:\/\/lebenleben.de\/wunderland\/wp-content\/uploads\/sites\/9\/2024\/05\/ll_header_slider_image_1400x560_0005_Krippe_Wunderland-1400x440-1-1024x322.jpg 1024w, https:\/\/lebenleben.de\/wunderland\/wp-content\/uploads\/sites\/9\/2024\/05\/ll_header_slider_image_1400x560_0005_Krippe_Wunderland-1400x440-1-768x241.jpg 768w\" sizes=\"auto, (max-width: 1400px) 100vw, 1400px\" \/>          <img loading=\"lazy\" decoding=\"async\" width=\"1000\" height=\"314\" src=\"https:\/\/lebenleben.de\/wunderland\/wp-content\/uploads\/sites\/9\/2024\/05\/ll_header_slider_image_1400x560_0005_Krippe_Wunderland-1400x440-1-1024x322.jpg\" class=\"single-slide-image slider-mobile-image\" alt=\"\" srcset=\"https:\/\/lebenleben.de\/wunderland\/wp-content\/uploads\/sites\/9\/2024\/05\/ll_header_slider_image_1400x560_0005_Krippe_Wunderland-1400x440-1-1024x322.jpg 1024w, https:\/\/lebenleben.de\/wunderland\/wp-content\/uploads\/sites\/9\/2024\/05\/ll_header_slider_image_1400x560_0005_Krippe_Wunderland-1400x440-1-300x94.jpg 300w, https:\/\/lebenleben.de\/wunderland\/wp-content\/uploads\/sites\/9\/2024\/05\/ll_header_slider_image_1400x560_0005_Krippe_Wunderland-1400x440-1-768x241.jpg 768w, https:\/\/lebenleben.de\/wunderland\/wp-content\/uploads\/sites\/9\/2024\/05\/ll_header_slider_image_1400x560_0005_Krippe_Wunderland-1400x440-1.jpg 1400w\" sizes=\"auto, (max-width: 1000px) 100vw, 1000px\" \/>\n                    <div class=\"single-slide-text\">\n          <h2>Integrative KiTa Wunderland<\/h2><h3>Krippe und Kindergarten<\/h3>          <a class=\"button button-hollow button-hollow-secondary\" href=\"#alltag\">Aktuelle Einblicke entdecken&nbsp;&raquo;<\/a>        <\/div>\n        \n\t\t\t\t<\/div>\n\t\t\t\t\t\t\t<div class=\"single-slide-wrapper slide-2\">\n\t\t\t\t\t<img loading=\"lazy\" decoding=\"async\" width=\"1400\" height=\"440\" src=\"https:\/\/lebenleben.de\/wunderland\/wp-content\/uploads\/sites\/9\/2025\/06\/Hero-KiTa.jpg\" class=\"single-slide-image slider-desktop-image\" alt=\"\" srcset=\"https:\/\/lebenleben.de\/wunderland\/wp-content\/uploads\/sites\/9\/2025\/06\/Hero-KiTa.jpg 1400w, https:\/\/lebenleben.de\/wunderland\/wp-content\/uploads\/sites\/9\/2025\/06\/Hero-KiTa-300x94.jpg 300w, https:\/\/lebenleben.de\/wunderland\/wp-content\/uploads\/sites\/9\/2025\/06\/Hero-KiTa-1024x322.jpg 1024w, https:\/\/lebenleben.de\/wunderland\/wp-content\/uploads\/sites\/9\/2025\/06\/Hero-KiTa-768x241.jpg 768w\" sizes=\"auto, (max-width: 1400px) 100vw, 1400px\" \/>          <img loading=\"lazy\" decoding=\"async\" width=\"1000\" height=\"314\" src=\"https:\/\/lebenleben.de\/wunderland\/wp-content\/uploads\/sites\/9\/2025\/06\/Hero-KiTa-1024x322.jpg\" class=\"single-slide-image slider-mobile-image\" alt=\"\" srcset=\"https:\/\/lebenleben.de\/wunderland\/wp-content\/uploads\/sites\/9\/2025\/06\/Hero-KiTa-1024x322.jpg 1024w, https:\/\/lebenleben.de\/wunderland\/wp-content\/uploads\/sites\/9\/2025\/06\/Hero-KiTa-300x94.jpg 300w, https:\/\/lebenleben.de\/wunderland\/wp-content\/uploads\/sites\/9\/2025\/06\/Hero-KiTa-768x241.jpg 768w, https:\/\/lebenleben.de\/wunderland\/wp-content\/uploads\/sites\/9\/2025\/06\/Hero-KiTa.jpg 1400w\" sizes=\"auto, (max-width: 1000px) 100vw, 1000px\" \/>\n                    <div class=\"single-slide-text\">\n          <h2>Integrative KiTa Wunderland<\/h2><h3>Krippe und Kindergarten<\/h3>          <a class=\"button button-hollow button-hollow-secondary\" href=\"#alltag\">Aktuelle Einblicke entdecken&nbsp;&raquo;<\/a>        <\/div>\n        \n\t\t\t\t<\/div>\n\t\t\t\t\t\t\t<div class=\"single-slide-wrapper slide-3\">\n\t\t\t\t\t<img loading=\"lazy\" decoding=\"async\" width=\"1400\" height=\"440\" src=\"https:\/\/lebenleben.de\/wunderland\/wp-content\/uploads\/sites\/9\/2025\/05\/Bild-1.jpg\" class=\"single-slide-image slider-desktop-image\" alt=\"\" srcset=\"https:\/\/lebenleben.de\/wunderland\/wp-content\/uploads\/sites\/9\/2025\/05\/Bild-1.jpg 1400w, https:\/\/lebenleben.de\/wunderland\/wp-content\/uploads\/sites\/9\/2025\/05\/Bild-1-300x94.jpg 300w, https:\/\/lebenleben.de\/wunderland\/wp-content\/uploads\/sites\/9\/2025\/05\/Bild-1-1024x322.jpg 1024w, https:\/\/lebenleben.de\/wunderland\/wp-content\/uploads\/sites\/9\/2025\/05\/Bild-1-768x241.jpg 768w\" sizes=\"auto, (max-width: 1400px) 100vw, 1400px\" \/>          <img loading=\"lazy\" decoding=\"async\" width=\"1000\" height=\"314\" src=\"https:\/\/lebenleben.de\/wunderland\/wp-content\/uploads\/sites\/9\/2025\/05\/Bild-1-1024x322.jpg\" class=\"single-slide-image slider-mobile-image\" alt=\"\" srcset=\"https:\/\/lebenleben.de\/wunderland\/wp-content\/uploads\/sites\/9\/2025\/05\/Bild-1-1024x322.jpg 1024w, https:\/\/lebenleben.de\/wunderland\/wp-content\/uploads\/sites\/9\/2025\/05\/Bild-1-300x94.jpg 300w, https:\/\/lebenleben.de\/wunderland\/wp-content\/uploads\/sites\/9\/2025\/05\/Bild-1-768x241.jpg 768w, https:\/\/lebenleben.de\/wunderland\/wp-content\/uploads\/sites\/9\/2025\/05\/Bild-1.jpg 1400w\" sizes=\"auto, (max-width: 1000px) 100vw, 1000px\" \/>\n                    <div class=\"single-slide-text\">\n          <h2>Integrative KiTa Wunderland<\/h2><h3>Krippe und Kindergarten<\/h3>          <a class=\"button button-hollow button-hollow-secondary\" href=\"#alltag\">Aktuelle Einblicke entdecken&nbsp;&raquo;<\/a>        <\/div>\n        \n\t\t\t\t<\/div>\n\t\t\t\t\t<\/div>\n\t  <script>\n    jQuery(document).ready(function() {\n        jQuery('.llimageslider-slider').slick({\n          dots: true,\n          infinite: true,\n          speed: 1000,\n          autoplay: true,\n          adaptiveHeight: true,\n          slidesToShow: 1,\n          fade: true,\n          focusOnSelect: true\n        });\n    });\n    <\/script>\n<\/div>\n\n\n\n<h2 class=\"wp-block-heading has-text-align-center\">Spielend lernen, gemeinsam wachsen<\/h2>\n\n\n\n<p class=\"has-text-align-center\">Unsere integrative KiTa &#8222;Wunderland&#8220; mit zwei Krippen- und zwei Kindergartengruppen in Uelzen ist ein liebevoll gestalteter Ort, an dem Kinder mit und ohne F\u00f6rderbedarf gemeinsam spielen, lernen und wachsen. Mit einem inklusiven Betreuungskonzept f\u00f6rdern wir die individuelle Entwicklung jedes Kindes und schaffen eine Umgebung, in der sich alle wohlf\u00fchlen.<\/p>\n\n\n\n<div style=\"height:50px\" aria-hidden=\"true\" class=\"wp-block-spacer\"><\/div>\n\n\n\n<div id=\"listteaser-block_9a343fb1fd954d968befd96a48ca31f0\" class=\"block-listteaser-wrapper columns-4 uid-1 testimonial block-listteaser--style-default\">\n                        <div class=\"listteaser-single single-teaser block-subpage-wrapper__single\">\n                <img loading=\"lazy\" decoding=\"async\" width=\"75\" height=\"75\" src=\"https:\/\/lebenleben.de\/wunderland\/wp-content\/uploads\/sites\/9\/2025\/03\/einheit-1.png\" class=\"keep-size\" alt=\"\" \/>                <div class=\"textwrapper\">\n                    <h3 class='block-listteaser__headline text-align-center'>Inklusive Betreuung<\/h3>                    \n                    <p style=\"text-align: center\">Jedes Kind ist einzigartig, und wir f\u00f6rdern Vielfalt in unserer Gemeinschaft.<\/p>\n\n                                    <\/div>\n            <\/div>\n                    <div class=\"listteaser-single single-teaser block-subpage-wrapper__single\">\n                <img loading=\"lazy\" decoding=\"async\" width=\"75\" height=\"75\" src=\"https:\/\/lebenleben.de\/wunderland\/wp-content\/uploads\/sites\/9\/2025\/03\/kind-1.png\" class=\"keep-size\" alt=\"\" \/>                <div class=\"textwrapper\">\n                    <h3 class='block-listteaser__headline text-align-center'>Individuelle F\u00f6rderung <\/h3>                    \n                    <p style=\"text-align: center\">Orientierung an den St\u00e4rken und Bed\u00fcrfnissen jedes Kindes.<\/p>\n\n                                    <\/div>\n            <\/div>\n                    <div class=\"listteaser-single single-teaser block-subpage-wrapper__single\">\n                <img loading=\"lazy\" decoding=\"async\" width=\"75\" height=\"75\" src=\"https:\/\/lebenleben.de\/wunderland\/wp-content\/uploads\/sites\/9\/2025\/03\/kommunikation-1.png\" class=\"keep-size\" alt=\"\" \/>                <div class=\"textwrapper\">\n                    <h3 class='block-listteaser__headline text-align-center'>Sprachf\u00f6rderung<\/h3>                    \n                    <p style=\"text-align: center\">Spielerisches Lernen durch Musik, Bewegung und Dialoge.<\/p>\n\n                                    <\/div>\n            <\/div>\n                    <div class=\"listteaser-single single-teaser block-subpage-wrapper__single\">\n                <img loading=\"lazy\" decoding=\"async\" width=\"75\" height=\"75\" src=\"https:\/\/lebenleben.de\/wunderland\/wp-content\/uploads\/sites\/9\/2025\/06\/familie.png\" class=\"keep-size\" alt=\"\" \/>                <div class=\"textwrapper\">\n                    <h3 class='block-listteaser__headline text-align-center'>Familiennah<\/h3>                    \n                    <p style=\"text-align: center\">F\u00fcr uns steht eine partnerschaftliche Zusammenarbeit im Mittelpunkt.<\/p>\n\n                                    <\/div>\n            <\/div>\n            <\/div>\n\n\n\n<div style=\"height:50px\" aria-hidden=\"true\" class=\"wp-block-spacer\"><\/div>\n\n\n\n<div class=\"wp-block-group alignfull bg-grey\"><div class=\"wp-block-group__inner-container is-layout-constrained wp-block-group-is-layout-constrained\">\n<h2 class=\"wp-block-heading has-text-align-center\" id=\"leistungen\">Wunderland Uelzen<\/h2>\n\n\n\n<div id=\"listteaser-block_e6fd2e5ab6515a7478c133cdd04f647c\" class=\"block-listteaser-wrapper columns-3 uid-2 testimonial block-listteaser--style-default\">\n                        <div class=\"listteaser-single single-teaser block-subpage-wrapper__single\">\n                <img loading=\"lazy\" decoding=\"async\" width=\"800\" height=\"480\" src=\"https:\/\/lebenleben.de\/wunderland\/wp-content\/uploads\/sites\/9\/2025\/06\/KiTa-800x480.png\" class=\"\" alt=\"\" srcset=\"https:\/\/lebenleben.de\/wunderland\/wp-content\/uploads\/sites\/9\/2025\/06\/KiTa-800x480.png 800w, https:\/\/lebenleben.de\/wunderland\/wp-content\/uploads\/sites\/9\/2025\/06\/KiTa-300x180.png 300w, https:\/\/lebenleben.de\/wunderland\/wp-content\/uploads\/sites\/9\/2025\/06\/KiTa-1024x614.png 1024w, https:\/\/lebenleben.de\/wunderland\/wp-content\/uploads\/sites\/9\/2025\/06\/KiTa-768x461.png 768w, https:\/\/lebenleben.de\/wunderland\/wp-content\/uploads\/sites\/9\/2025\/06\/KiTa-1536x922.png 1536w, https:\/\/lebenleben.de\/wunderland\/wp-content\/uploads\/sites\/9\/2025\/06\/KiTa-400x240.png 400w, https:\/\/lebenleben.de\/wunderland\/wp-content\/uploads\/sites\/9\/2025\/06\/KiTa.png 1600w\" sizes=\"auto, (max-width: 800px) 100vw, 800px\" \/>                <div class=\"textwrapper\">\n                    <h3 class='block-listteaser__headline text-align-center'>\u00dcber uns<\/h3>                    \n                    <p style=\"text-align: center\">Unsere KiTa ist ein Ort, an dem jedes Kind willkommen ist \u2013 unabh\u00e4ngig von Herkunft, F\u00e4higkeiten oder besonderen Bed\u00fcrfnissen.<\/p>\n<p style=\"text-align: center\">Wir arbeiten nach einem ganzheitlichen situationsorientierten Konzept, das jedes Kind in seiner Einzigartigkeit wertsch\u00e4tzt. Durch gezielte F\u00f6rderung und ein harmonisches Miteinander schaffen wir eine Atmosph\u00e4re, in der Kinder spielend lernen und wachsen.<\/p>\n<h4 style=\"text-align: center\"><strong>Regul\u00e4re Schlie\u00dfzeiten<br \/>\n(ohne Notgruppenbetreuung)<\/strong><\/h4>\n<p style=\"text-align: center\">3 Wochen in den Sommerferien<br \/>\nZwischen Weihnachten und Neujahr<br \/>\nBr\u00fcckentage, z.\u00a0B. nach Himmelfahrt<\/p>\n\n                                    <\/div>\n            <\/div>\n                    <div class=\"listteaser-single single-teaser block-subpage-wrapper__single\">\n                <a class='imagelink' href='https:\/\/lebenleben.de\/wunderland\/wp-content\/uploads\/sites\/9\/2025\/06\/Anmeldebogen_KiTa-Wunderland-Uelzen.pdf' rel='bookmark' target=\"_blank\" title='Krippe (1\u20133 Jahre)'><img loading=\"lazy\" decoding=\"async\" width=\"800\" height=\"480\" src=\"https:\/\/lebenleben.de\/wunderland\/wp-content\/uploads\/sites\/9\/2025\/05\/Krippe-800x480.jpg\" class=\"\" alt=\"\" srcset=\"https:\/\/lebenleben.de\/wunderland\/wp-content\/uploads\/sites\/9\/2025\/05\/Krippe-800x480.jpg 800w, https:\/\/lebenleben.de\/wunderland\/wp-content\/uploads\/sites\/9\/2025\/05\/Krippe-300x180.jpg 300w, https:\/\/lebenleben.de\/wunderland\/wp-content\/uploads\/sites\/9\/2025\/05\/Krippe-768x461.jpg 768w, https:\/\/lebenleben.de\/wunderland\/wp-content\/uploads\/sites\/9\/2025\/05\/Krippe-400x240.jpg 400w, https:\/\/lebenleben.de\/wunderland\/wp-content\/uploads\/sites\/9\/2025\/05\/Krippe.jpg 1000w\" sizes=\"auto, (max-width: 800px) 100vw, 800px\" \/><\/a>                <div class=\"textwrapper\">\n                    <h3 class='block-listteaser__headline text-align-center'><a href='https:\/\/lebenleben.de\/wunderland\/wp-content\/uploads\/sites\/9\/2025\/06\/Anmeldebogen_KiTa-Wunderland-Uelzen.pdf' rel='bookmark' target=\"_blank\" title='Krippe (1\u20133 Jahre)'>Krippe (1\u20133 Jahre)<\/a><\/h3>                    \n                    <p style=\"text-align: center\"><strong>Kernbetreuungszeit<br \/>\n<\/strong>Montag &#8211; Freitag, 08:00 \u2013 15:00 Uhr<\/p>\n<p style=\"text-align: center\"><strong>Fr\u00fchdienst<br \/>\n<\/strong>07:00 &#8211; 08:00 Uhr (Randzeit)<\/p>\n<h4 style=\"text-align: center\">oder Ganztagsplatz<\/h4>\n<p style=\"text-align: center\"><strong>Kernbetreuungszeit<br \/>\n<\/strong>Montag &#8211; Freitag, 07:00 \u2013 17:00 Uhr<\/p>\n<h4 style=\"text-align: center\">Gruppengr\u00f6\u00dfe<\/h4>\n<p style=\"text-align: center\">5 Fachkr\u00e4fte f\u00fcr 12 Kinder<br \/>\n(10 Regelpl\u00e4tze + 2 Integrationspl\u00e4tze)<\/p>\n\n                                            <p class=\"text-align-center\">\n                            <a href=\"https:\/\/lebenleben.de\/wunderland\/wp-content\/uploads\/sites\/9\/2025\/06\/Anmeldebogen_KiTa-Wunderland-Uelzen.pdf\" rel=\"bookmark\" title=\"Krippe (1\u20133 Jahre)\" class=\"button\">\n                                Zum Anmeldeformular&nbsp;&raquo;\n                            <\/a>\n                        <\/p>\n                                    <\/div>\n            <\/div>\n                    <div class=\"listteaser-single single-teaser block-subpage-wrapper__single\">\n                <a class='imagelink' href='https:\/\/lebenleben.de\/wunderland\/wp-content\/uploads\/sites\/9\/2025\/06\/Anmeldebogen_KiTa-Wunderland-Uelzen.pdf' rel='bookmark' target=\"_blank\" title='Kindergarten (3\u20136 Jahre)'><img loading=\"lazy\" decoding=\"async\" width=\"800\" height=\"480\" src=\"https:\/\/lebenleben.de\/wunderland\/wp-content\/uploads\/sites\/9\/2025\/05\/KiTa-800x480.jpg\" class=\"\" alt=\"\" srcset=\"https:\/\/lebenleben.de\/wunderland\/wp-content\/uploads\/sites\/9\/2025\/05\/KiTa-800x480.jpg 800w, https:\/\/lebenleben.de\/wunderland\/wp-content\/uploads\/sites\/9\/2025\/05\/KiTa-300x180.jpg 300w, https:\/\/lebenleben.de\/wunderland\/wp-content\/uploads\/sites\/9\/2025\/05\/KiTa-768x461.jpg 768w, https:\/\/lebenleben.de\/wunderland\/wp-content\/uploads\/sites\/9\/2025\/05\/KiTa-400x240.jpg 400w, https:\/\/lebenleben.de\/wunderland\/wp-content\/uploads\/sites\/9\/2025\/05\/KiTa.jpg 1000w\" sizes=\"auto, (max-width: 800px) 100vw, 800px\" \/><\/a>                <div class=\"textwrapper\">\n                    <h3 class='block-listteaser__headline text-align-center'><a href='https:\/\/lebenleben.de\/wunderland\/wp-content\/uploads\/sites\/9\/2025\/06\/Anmeldebogen_KiTa-Wunderland-Uelzen.pdf' rel='bookmark' target=\"_blank\" title='Kindergarten (3\u20136 Jahre)'>Kindergarten (3\u20136 Jahre)<\/a><\/h3>                    \n                    <p style=\"text-align: center\" data-start=\"1760\" data-end=\"1819\"><strong>Kernbetreuungszeit<br \/>\n<\/strong>Montag &#8211; Freitag, 08:00 \u2013 16:00 Uhr<\/p>\n<p style=\"text-align: center\" data-start=\"1822\" data-end=\"1906\"><strong>Fr\u00fchdienst<br \/>\n<\/strong>07:00 &#8211; 08:00 Uhr (Randzeit)<\/p>\n<p style=\"text-align: center\" data-start=\"1950\" data-end=\"2034\"><strong data-start=\"1950\" data-end=\"1965\">Sp\u00e4tdienst<br \/>\n<\/strong>16:00 &#8211; 17:00 Uhr (Randzeit)<\/p>\n<p style=\"text-align: center\">Die Randzeiten k\u00f6nnen gegen zus\u00e4tzliche Geb\u00fchren in Anspruch genommen werden.<\/p>\n<h4 style=\"text-align: center\">Gruppengr\u00f6\u00dfe<\/h4>\n<p style=\"text-align: center\">5 Fachkr\u00e4fte f\u00fcr 18 Kinder<br \/>\n(14 Regelpl\u00e4tze + 4 Integrationspl\u00e4tze)<\/p>\n\n                                            <p class=\"text-align-center\">\n                            <a href=\"https:\/\/lebenleben.de\/wunderland\/wp-content\/uploads\/sites\/9\/2025\/06\/Anmeldebogen_KiTa-Wunderland-Uelzen.pdf\" rel=\"bookmark\" title=\"Kindergarten (3\u20136 Jahre)\" class=\"button\">\n                                Zum Anmeldeformular&nbsp;&raquo;\n                            <\/a>\n                        <\/p>\n                                    <\/div>\n            <\/div>\n            <\/div>\n\n\n\n<div class=\"wp-block-columns is-layout-flex wp-container-core-columns-is-layout-9d6595d7 wp-block-columns-is-layout-flex\">\n<div class=\"wp-block-column is-layout-flow wp-block-column-is-layout-flow\">\n<figure id=\"video\" class=\"wp-block-video\"><video controls poster=\"https:\/\/lebenleben.de\/wunderland\/wp-content\/uploads\/sites\/9\/2025\/06\/Standbild.png\" src=\"https:\/\/lebenleben.de\/wunderland\/wp-content\/uploads\/sites\/9\/video\/ll_Elternfilm_update_230921.mp4\"><\/video><\/figure>\n<\/div>\n<\/div>\n\n\n\n<div style=\"height:35px\" aria-hidden=\"true\" class=\"wp-block-spacer\"><\/div>\n<\/div><\/div>\n\n\n\n<div style=\"height:50px\" aria-hidden=\"true\" class=\"wp-block-spacer\"><\/div>\n\n\n\n<h2 class=\"wp-block-heading has-text-align-center\">Unsere Teams<\/h2>\n\n\n\n<p class=\"has-text-align-center\">Unsere engagierten Fachkr\u00e4fte begleiten die Kinder mit Herz und Fachwissen durch den KiTa-Alltag.<br>Regelm\u00e4\u00dfige Fortbildungen und der enge Austausch mit Eltern sorgen f\u00fcr eine optimale Betreuung.<\/p>\n\n\n\n<div style=\"height:35px\" aria-hidden=\"true\" class=\"wp-block-spacer\"><\/div>\n\n\n\n<div id=\"listteaser-block_90cd4ec630067ebb9a560395428b4ec1\" class=\"block-listteaser-wrapper columns-2 uid-3 testimonial block-listteaser--style-default\">\n                        <div class=\"listteaser-single single-teaser block-subpage-wrapper__single\">\n                <img loading=\"lazy\" decoding=\"async\" width=\"1000\" height=\"563\" src=\"https:\/\/lebenleben.de\/wunderland\/wp-content\/uploads\/sites\/9\/2025\/06\/Krippenteam-1024x576.jpg\" class=\"keep-size\" alt=\"\" srcset=\"https:\/\/lebenleben.de\/wunderland\/wp-content\/uploads\/sites\/9\/2025\/06\/Krippenteam-1024x576.jpg 1024w, https:\/\/lebenleben.de\/wunderland\/wp-content\/uploads\/sites\/9\/2025\/06\/Krippenteam-300x169.jpg 300w, https:\/\/lebenleben.de\/wunderland\/wp-content\/uploads\/sites\/9\/2025\/06\/Krippenteam-768x432.jpg 768w, https:\/\/lebenleben.de\/wunderland\/wp-content\/uploads\/sites\/9\/2025\/06\/Krippenteam-1536x864.jpg 1536w, https:\/\/lebenleben.de\/wunderland\/wp-content\/uploads\/sites\/9\/2025\/06\/Krippenteam.jpg 2000w\" sizes=\"auto, (max-width: 1000px) 100vw, 1000px\" \/>                <div class=\"textwrapper\">\n                    <h3 class='block-listteaser__headline text-align-center'>Team der Krippe<\/h3>                    \n                    <p><\/p>\n                                    <\/div>\n            <\/div>\n                    <div class=\"listteaser-single single-teaser block-subpage-wrapper__single\">\n                <img loading=\"lazy\" decoding=\"async\" width=\"1000\" height=\"563\" src=\"https:\/\/lebenleben.de\/wunderland\/wp-content\/uploads\/sites\/9\/2025\/06\/Kindergarten-1024x576.jpg\" class=\"keep-size\" alt=\"\" srcset=\"https:\/\/lebenleben.de\/wunderland\/wp-content\/uploads\/sites\/9\/2025\/06\/Kindergarten-1024x576.jpg 1024w, https:\/\/lebenleben.de\/wunderland\/wp-content\/uploads\/sites\/9\/2025\/06\/Kindergarten-300x169.jpg 300w, https:\/\/lebenleben.de\/wunderland\/wp-content\/uploads\/sites\/9\/2025\/06\/Kindergarten-768x432.jpg 768w, https:\/\/lebenleben.de\/wunderland\/wp-content\/uploads\/sites\/9\/2025\/06\/Kindergarten-1536x864.jpg 1536w, https:\/\/lebenleben.de\/wunderland\/wp-content\/uploads\/sites\/9\/2025\/06\/Kindergarten.jpg 2000w\" sizes=\"auto, (max-width: 1000px) 100vw, 1000px\" \/>                <div class=\"textwrapper\">\n                    <h3 class='block-listteaser__headline text-align-center'>Team des Kindergartens<\/h3>                    \n                    <p><\/p>\n                                    <\/div>\n            <\/div>\n            <\/div>\n\n\n\n<div id=\"listteaser-block_f4f68bfa623206239fb010b7fac3b59e\" class=\"block-listteaser-wrapper columns-3 uid-4 testimonial block-listteaser--style-default\">\n    <\/div>\n\n\n\n<div style=\"height:50px\" aria-hidden=\"true\" class=\"wp-block-spacer\"><\/div>\n\n\n\n<div class=\"wp-block-group alignfull bg-grey\" id=\"alltag\"><div class=\"wp-block-group__inner-container is-layout-constrained wp-block-group-is-layout-constrained\">\n<h2 class=\"wp-block-heading has-text-align-center\" id=\"leistungen\">Aktuelles<\/h2>\n\n\n\n<p class=\"has-text-align-center\">Entdecken Sie einige Einblicke aus unserem KiTa-Alltag.<\/p>\n\n\n    <script>\n    jQuery(document).ready(function() {\n        jQuery('.uid-5').slick({\n            dots: true,\n            infinite: true,\n            arrows: true,\n            speed: 1000,\n            autoplay: false,\n            draggable: false,\n            swipe: false,\n            touchMove: false,\n            slidesToShow: 3,\n            slidesToScroll: 1,\n            fade: false,\n            responsive: [\n                {\n                    breakpoint: 1024,\n                    settings: {\n                        slidesToShow: 2,\n                        slidesToScroll: 1\n                    }\n                },\n                {\n                    breakpoint: 800,\n                    settings: {\n                        slidesToShow: 1,\n                        slidesToScroll: 1\n                    }\n                }\n            ]\n        });\n    });\n    <\/script>\n\n\n\n<div id=\"listnotes-block_afa8f26880e7fd58682eef56003d4935\" class=\"block-listnotes-wrapper columns-3 uid-5 \">\n\n\t\t\n            \n\n<div class=\"listnotes-single single-note single-note--image block-subpage-wrapper__single post-15618 notes type-notes status-publish hentry category-wunderland\">\n\n<div class=\"listnotes__images-wrapper\" id=\"slider-69ee0f8d28f02\"><div class=\"listnotes__single-image-wrapper listnotes__single-image-wrapper--image\">\n            <a class=\"imagelink glightbox\" href=\"https:\/\/lebenleben.de\/wunderland\/wp-content\/uploads\/sites\/9\/2026\/04\/20260424_104739-scaled.jpg\" rel=\"bookmark\" title=\"Ausflug zum Eiscaf\u00e9\ud83c\udf68\" data-title=\"Ausflug zum Eiscaf\u00e9\ud83c\udf68\" data-type=\"image\" data-description=\"Am Freitag ist bei uns der beliebte Ausflugstag\ud83e\udd17! Da das Wetter die Woche \u00fcber so sch\u00f6n war, haben wir heute einen Ausflug zur Eisdiele gemacht\ud83d\ude04. Die Sonne kam leider nicht raus, aber eine Kugel Eis kann ja bekanntlich nie schaden\ud83c\udf68!\">\n            <img loading=\"lazy\" decoding=\"async\" width=\"500\" height=\"500\" src=\"https:\/\/lebenleben.de\/wunderland\/wp-content\/uploads\/sites\/9\/2026\/04\/20260424_104739-500x500.jpg\" class=\"attachment-ll-person size-ll-person\" alt=\"\" \/>        <\/a>\n        <\/div>    <div class=\"listnotes__single-image-wrapper listnotes__single-image-wrapper--image\">\n            <a class=\"imagelink glightbox\" href=\"https:\/\/lebenleben.de\/wunderland\/wp-content\/uploads\/sites\/9\/2026\/04\/20260424_104817-scaled.jpg\" rel=\"bookmark\" title=\"Ausflug zum Eiscaf\u00e9\ud83c\udf68\" data-title=\"Ausflug zum Eiscaf\u00e9\ud83c\udf68\" data-type=\"image\" data-description=\"Am Freitag ist bei uns der beliebte Ausflugstag\ud83e\udd17! Da das Wetter die Woche \u00fcber so sch\u00f6n war, haben wir heute einen Ausflug zur Eisdiele gemacht\ud83d\ude04. Die Sonne kam leider nicht raus, aber eine Kugel Eis kann ja bekanntlich nie schaden\ud83c\udf68!\">\n            <img loading=\"lazy\" decoding=\"async\" width=\"500\" height=\"500\" src=\"https:\/\/lebenleben.de\/wunderland\/wp-content\/uploads\/sites\/9\/2026\/04\/20260424_104817-500x500.jpg\" class=\"attachment-ll-person size-ll-person\" alt=\"\" \/>        <\/a>\n        <\/div>    <\/div>\n        <div class=\"textwrapper\">\n        <h3 class=\"h4\">Ausflug zum Eiscaf\u00e9\ud83c\udf68<\/h3>\n        <p><span class=\"entry-date listnotes__entry-date\">24. April 2026<\/span><\/p>\n        Am Freitag ist bei uns der beliebte Ausflugstag\ud83e\udd17! Da das&#8230;                    \n        <\/div>\n\n            <script>\n    jQuery(document).ready(function() {\n        jQuery('#slider-69ee0f8d28f02').slick({\n            dots: true,\n            infinite: true,\n            arrows: true,\n            speed: 1000,\n            autoplay: false,\n            slidesToShow: 1,\n            slidesToScroll: 1,\n            fade: false,\n        });\n    });\n    <\/script>\n\n<\/div>\n\n\n\n\n\t\n            \n\n<div class=\"listnotes-single single-note single-note--image block-subpage-wrapper__single post-15610 notes type-notes status-publish hentry category-wunderland\">\n\n<div class=\"listnotes__images-wrapper\" id=\"slider-69ee0f8d29bb5\"><div class=\"listnotes__single-image-wrapper listnotes__single-image-wrapper--image\">\n            <a class=\"imagelink glightbox\" href=\"https:\/\/lebenleben.de\/wunderland\/wp-content\/uploads\/sites\/9\/2026\/04\/20260417_102659-scaled.jpg\" rel=\"bookmark\" title=\"Erkundungstour mit Sonnenschein \ud83c\udf3c\" data-title=\"Erkundungstour mit Sonnenschein \ud83c\udf3c\" data-type=\"image\" data-description=\"Heute gab es in der Nachbarschaft viel zu sehen. Also machten wir uns bei bestem Sonnenwetter auf zu einem Spaziergang. Als erstes haben wir einen Bagger beim Abriss eines Geb\u00e4udes beobachtet. Anschlie\u00dfend haben wir noch viele bunte Blumen gefunden und kleine Str\u00e4u\u00dfe gefl\u00fcckt. Was ein Spa\u1e9e!\">\n            <img loading=\"lazy\" decoding=\"async\" width=\"500\" height=\"500\" src=\"https:\/\/lebenleben.de\/wunderland\/wp-content\/uploads\/sites\/9\/2026\/04\/20260417_102659-500x500.jpg\" class=\"attachment-ll-person size-ll-person\" alt=\"\" \/>        <\/a>\n        <\/div>    <div class=\"listnotes__single-image-wrapper listnotes__single-image-wrapper--image\">\n            <a class=\"imagelink glightbox\" href=\"https:\/\/lebenleben.de\/wunderland\/wp-content\/uploads\/sites\/9\/2026\/04\/20260417_102550-scaled.jpg\" rel=\"bookmark\" title=\"Erkundungstour mit Sonnenschein \ud83c\udf3c\" data-title=\"Erkundungstour mit Sonnenschein \ud83c\udf3c\" data-type=\"image\" data-description=\"Heute gab es in der Nachbarschaft viel zu sehen. Also machten wir uns bei bestem Sonnenwetter auf zu einem Spaziergang. Als erstes haben wir einen Bagger beim Abriss eines Geb\u00e4udes beobachtet. Anschlie\u00dfend haben wir noch viele bunte Blumen gefunden und kleine Str\u00e4u\u00dfe gefl\u00fcckt. Was ein Spa\u1e9e!\">\n            <img loading=\"lazy\" decoding=\"async\" width=\"500\" height=\"500\" src=\"https:\/\/lebenleben.de\/wunderland\/wp-content\/uploads\/sites\/9\/2026\/04\/20260417_102550-500x500.jpg\" class=\"attachment-ll-person size-ll-person\" alt=\"\" \/>        <\/a>\n        <\/div>    <div class=\"listnotes__single-image-wrapper listnotes__single-image-wrapper--image\">\n            <a class=\"imagelink glightbox\" href=\"https:\/\/lebenleben.de\/wunderland\/wp-content\/uploads\/sites\/9\/2026\/04\/20260417_102714-scaled.jpg\" rel=\"bookmark\" title=\"Erkundungstour mit Sonnenschein \ud83c\udf3c\" data-title=\"Erkundungstour mit Sonnenschein \ud83c\udf3c\" data-type=\"image\" data-description=\"Heute gab es in der Nachbarschaft viel zu sehen. Also machten wir uns bei bestem Sonnenwetter auf zu einem Spaziergang. Als erstes haben wir einen Bagger beim Abriss eines Geb\u00e4udes beobachtet. Anschlie\u00dfend haben wir noch viele bunte Blumen gefunden und kleine Str\u00e4u\u00dfe gefl\u00fcckt. Was ein Spa\u1e9e!\">\n            <img loading=\"lazy\" decoding=\"async\" width=\"500\" height=\"500\" src=\"https:\/\/lebenleben.de\/wunderland\/wp-content\/uploads\/sites\/9\/2026\/04\/20260417_102714-500x500.jpg\" class=\"attachment-ll-person size-ll-person\" alt=\"\" \/>        <\/a>\n        <\/div>    <div class=\"listnotes__single-image-wrapper listnotes__single-image-wrapper--image\">\n            <a class=\"imagelink glightbox\" href=\"https:\/\/lebenleben.de\/wunderland\/wp-content\/uploads\/sites\/9\/2026\/04\/20260417_102901-scaled.jpg\" rel=\"bookmark\" title=\"Erkundungstour mit Sonnenschein \ud83c\udf3c\" data-title=\"Erkundungstour mit Sonnenschein \ud83c\udf3c\" data-type=\"image\" data-description=\"Heute gab es in der Nachbarschaft viel zu sehen. Also machten wir uns bei bestem Sonnenwetter auf zu einem Spaziergang. Als erstes haben wir einen Bagger beim Abriss eines Geb\u00e4udes beobachtet. Anschlie\u00dfend haben wir noch viele bunte Blumen gefunden und kleine Str\u00e4u\u00dfe gefl\u00fcckt. Was ein Spa\u1e9e!\">\n            <img loading=\"lazy\" decoding=\"async\" width=\"500\" height=\"500\" src=\"https:\/\/lebenleben.de\/wunderland\/wp-content\/uploads\/sites\/9\/2026\/04\/20260417_102901-500x500.jpg\" class=\"attachment-ll-person size-ll-person\" alt=\"\" \/>        <\/a>\n        <\/div>    <div class=\"listnotes__single-image-wrapper listnotes__single-image-wrapper--image\">\n            <a class=\"imagelink glightbox\" href=\"https:\/\/lebenleben.de\/wunderland\/wp-content\/uploads\/sites\/9\/2026\/04\/20260417_103037-scaled.jpg\" rel=\"bookmark\" title=\"Erkundungstour mit Sonnenschein \ud83c\udf3c\" data-title=\"Erkundungstour mit Sonnenschein \ud83c\udf3c\" data-type=\"image\" data-description=\"Heute gab es in der Nachbarschaft viel zu sehen. Also machten wir uns bei bestem Sonnenwetter auf zu einem Spaziergang. Als erstes haben wir einen Bagger beim Abriss eines Geb\u00e4udes beobachtet. Anschlie\u00dfend haben wir noch viele bunte Blumen gefunden und kleine Str\u00e4u\u00dfe gefl\u00fcckt. Was ein Spa\u1e9e!\">\n            <img loading=\"lazy\" decoding=\"async\" width=\"500\" height=\"500\" src=\"https:\/\/lebenleben.de\/wunderland\/wp-content\/uploads\/sites\/9\/2026\/04\/20260417_103037-500x500.jpg\" class=\"attachment-ll-person size-ll-person\" alt=\"\" \/>        <\/a>\n        <\/div>    <\/div>\n        <div class=\"textwrapper\">\n        <h3 class=\"h4\">Erkundungstour mit Sonnenschein \ud83c\udf3c<\/h3>\n        <p><span class=\"entry-date listnotes__entry-date\">22. April 2026<\/span><\/p>\n        Heute gab es in der Nachbarschaft viel zu sehen. Also&#8230;                    \n        <\/div>\n\n            <script>\n    jQuery(document).ready(function() {\n        jQuery('#slider-69ee0f8d29bb5').slick({\n            dots: true,\n            infinite: true,\n            arrows: true,\n            speed: 1000,\n            autoplay: false,\n            slidesToShow: 1,\n            slidesToScroll: 1,\n            fade: false,\n        });\n    });\n    <\/script>\n\n<\/div>\n\n\n\n\n\t\n            \n\n<div class=\"listnotes-single single-note single-note--image block-subpage-wrapper__single post-15596 notes type-notes status-publish hentry category-wunderland\">\n\n<div class=\"listnotes__images-wrapper\" id=\"slider-69ee0f8d2ad2c\"><div class=\"listnotes__single-image-wrapper listnotes__single-image-wrapper--image\">\n            <a class=\"imagelink glightbox\" href=\"https:\/\/lebenleben.de\/wunderland\/wp-content\/uploads\/sites\/9\/2026\/04\/20260420_110101-scaled.jpg\" rel=\"bookmark\" title=\"Tempo kleine Schnecke \ud83d\udc0c\ud83d\udc0c\" data-title=\"Tempo kleine Schnecke \ud83d\udc0c\ud83d\udc0c\" data-type=\"image\" data-description=\"Passend zu unserem Thema Insekten sind bei uns die Schnecken eingezogen. Die Kinder haben t\u00e4glich die Aufgabe die Schnecken zu versorgen. Dabei lernen die Kinder nicht nur etwas \u00fcber Schnecken selbst, sondern auch \u00fcber Werte und Ethik.\ud83d\udc1a Nat\u00fcrluch werden die zwei wieder zur\u00fcck in die Natur gebracht.\">\n            <img loading=\"lazy\" decoding=\"async\" width=\"500\" height=\"500\" src=\"https:\/\/lebenleben.de\/wunderland\/wp-content\/uploads\/sites\/9\/2026\/04\/20260420_110101-500x500.jpg\" class=\"attachment-ll-person size-ll-person\" alt=\"\" \/>        <\/a>\n        <\/div>    <div class=\"listnotes__single-image-wrapper listnotes__single-image-wrapper--image\">\n            <a class=\"imagelink glightbox\" href=\"https:\/\/lebenleben.de\/wunderland\/wp-content\/uploads\/sites\/9\/2026\/04\/20260420_105608-scaled.jpg\" rel=\"bookmark\" title=\"Tempo kleine Schnecke \ud83d\udc0c\ud83d\udc0c\" data-title=\"Tempo kleine Schnecke \ud83d\udc0c\ud83d\udc0c\" data-type=\"image\" data-description=\"Passend zu unserem Thema Insekten sind bei uns die Schnecken eingezogen. Die Kinder haben t\u00e4glich die Aufgabe die Schnecken zu versorgen. Dabei lernen die Kinder nicht nur etwas \u00fcber Schnecken selbst, sondern auch \u00fcber Werte und Ethik.\ud83d\udc1a Nat\u00fcrluch werden die zwei wieder zur\u00fcck in die Natur gebracht.\">\n            <img loading=\"lazy\" decoding=\"async\" width=\"500\" height=\"500\" src=\"https:\/\/lebenleben.de\/wunderland\/wp-content\/uploads\/sites\/9\/2026\/04\/20260420_105608-500x500.jpg\" class=\"attachment-ll-person size-ll-person\" alt=\"\" \/>        <\/a>\n        <\/div>    <div class=\"listnotes__single-image-wrapper listnotes__single-image-wrapper--image\">\n            <a class=\"imagelink glightbox\" href=\"https:\/\/lebenleben.de\/wunderland\/wp-content\/uploads\/sites\/9\/2026\/04\/20260420_105110-scaled.jpg\" rel=\"bookmark\" title=\"Tempo kleine Schnecke \ud83d\udc0c\ud83d\udc0c\" data-title=\"Tempo kleine Schnecke \ud83d\udc0c\ud83d\udc0c\" data-type=\"image\" data-description=\"Passend zu unserem Thema Insekten sind bei uns die Schnecken eingezogen. Die Kinder haben t\u00e4glich die Aufgabe die Schnecken zu versorgen. Dabei lernen die Kinder nicht nur etwas \u00fcber Schnecken selbst, sondern auch \u00fcber Werte und Ethik.\ud83d\udc1a Nat\u00fcrluch werden die zwei wieder zur\u00fcck in die Natur gebracht.\">\n            <img loading=\"lazy\" decoding=\"async\" width=\"500\" height=\"500\" src=\"https:\/\/lebenleben.de\/wunderland\/wp-content\/uploads\/sites\/9\/2026\/04\/20260420_105110-500x500.jpg\" class=\"attachment-ll-person size-ll-person\" alt=\"\" \/>        <\/a>\n        <\/div>    <div class=\"listnotes__single-image-wrapper listnotes__single-image-wrapper--image\">\n            <a class=\"imagelink glightbox\" href=\"https:\/\/lebenleben.de\/wunderland\/wp-content\/uploads\/sites\/9\/2026\/04\/20260420_104737-scaled.jpg\" rel=\"bookmark\" title=\"Tempo kleine Schnecke \ud83d\udc0c\ud83d\udc0c\" data-title=\"Tempo kleine Schnecke \ud83d\udc0c\ud83d\udc0c\" data-type=\"image\" data-description=\"Passend zu unserem Thema Insekten sind bei uns die Schnecken eingezogen. Die Kinder haben t\u00e4glich die Aufgabe die Schnecken zu versorgen. Dabei lernen die Kinder nicht nur etwas \u00fcber Schnecken selbst, sondern auch \u00fcber Werte und Ethik.\ud83d\udc1a Nat\u00fcrluch werden die zwei wieder zur\u00fcck in die Natur gebracht.\">\n            <img loading=\"lazy\" decoding=\"async\" width=\"500\" height=\"500\" src=\"https:\/\/lebenleben.de\/wunderland\/wp-content\/uploads\/sites\/9\/2026\/04\/20260420_104737-500x500.jpg\" class=\"attachment-ll-person size-ll-person\" alt=\"\" \/>        <\/a>\n        <\/div>    <\/div>\n        <div class=\"textwrapper\">\n        <h3 class=\"h4\">Tempo kleine Schnecke \ud83d\udc0c\ud83d\udc0c<\/h3>\n        <p><span class=\"entry-date listnotes__entry-date\">20. April 2026<\/span><\/p>\n        Passend zu unserem Thema Insekten sind bei uns die Schnecken&#8230;                    \n        <\/div>\n\n            <script>\n    jQuery(document).ready(function() {\n        jQuery('#slider-69ee0f8d2ad2c').slick({\n            dots: true,\n            infinite: true,\n            arrows: true,\n            speed: 1000,\n            autoplay: false,\n            slidesToShow: 1,\n            slidesToScroll: 1,\n            fade: false,\n        });\n    });\n    <\/script>\n\n<\/div>\n\n\n\n\n\t\n            \n\n<div class=\"listnotes-single single-note single-note--image block-subpage-wrapper__single post-15590 notes type-notes status-publish hentry category-wunderland\">\n\n<div class=\"listnotes__images-wrapper\" id=\"slider-69ee0f8d2bc85\"><div class=\"listnotes__single-image-wrapper listnotes__single-image-wrapper--image\">\n            <a class=\"imagelink glightbox\" href=\"https:\/\/lebenleben.de\/wunderland\/wp-content\/uploads\/sites\/9\/2026\/04\/20260417_095832-scaled.jpg\" rel=\"bookmark\" title=\"Wie funktioniert eigentlich ein K\u00fchlschrank\ud83e\uddca?\" data-title=\"Wie funktioniert eigentlich ein K\u00fchlschrank\ud83e\uddca?\" data-type=\"image\" data-description=\"Passend zum Monatsprojekt &quot;Berufe&quot; haben die Kinder den Beruf des K\u00e4ltemechatroniker kennengelernt\ud83d\ude04. Hierbei wurde mit Eiswasser experimentiert und herausgefunden, dass ein K\u00fchlschrank von der R\u00fcckseite warm ist...., verr\u00fcckt\u2668\ufe0f! Zum Schluss wurden die Kinder noch mit einem Eis \u00fcberrascht\ud83c\udf68!\">\n            <img loading=\"lazy\" decoding=\"async\" width=\"500\" height=\"500\" src=\"https:\/\/lebenleben.de\/wunderland\/wp-content\/uploads\/sites\/9\/2026\/04\/20260417_095832-500x500.jpg\" class=\"attachment-ll-person size-ll-person\" alt=\"\" \/>        <\/a>\n        <\/div>    <div class=\"listnotes__single-image-wrapper listnotes__single-image-wrapper--image\">\n            <a class=\"imagelink glightbox\" href=\"https:\/\/lebenleben.de\/wunderland\/wp-content\/uploads\/sites\/9\/2026\/04\/20260417_101312-scaled.jpg\" rel=\"bookmark\" title=\"Wie funktioniert eigentlich ein K\u00fchlschrank\ud83e\uddca?\" data-title=\"Wie funktioniert eigentlich ein K\u00fchlschrank\ud83e\uddca?\" data-type=\"image\" data-description=\"Passend zum Monatsprojekt &quot;Berufe&quot; haben die Kinder den Beruf des K\u00e4ltemechatroniker kennengelernt\ud83d\ude04. Hierbei wurde mit Eiswasser experimentiert und herausgefunden, dass ein K\u00fchlschrank von der R\u00fcckseite warm ist...., verr\u00fcckt\u2668\ufe0f! Zum Schluss wurden die Kinder noch mit einem Eis \u00fcberrascht\ud83c\udf68!\">\n            <img loading=\"lazy\" decoding=\"async\" width=\"500\" height=\"500\" src=\"https:\/\/lebenleben.de\/wunderland\/wp-content\/uploads\/sites\/9\/2026\/04\/20260417_101312-500x500.jpg\" class=\"attachment-ll-person size-ll-person\" alt=\"\" \/>        <\/a>\n        <\/div>    <div class=\"listnotes__single-image-wrapper listnotes__single-image-wrapper--image\">\n            <a class=\"imagelink glightbox\" href=\"https:\/\/lebenleben.de\/wunderland\/wp-content\/uploads\/sites\/9\/2026\/04\/20260417_101538-scaled.jpg\" rel=\"bookmark\" title=\"Wie funktioniert eigentlich ein K\u00fchlschrank\ud83e\uddca?\" data-title=\"Wie funktioniert eigentlich ein K\u00fchlschrank\ud83e\uddca?\" data-type=\"image\" data-description=\"Passend zum Monatsprojekt &quot;Berufe&quot; haben die Kinder den Beruf des K\u00e4ltemechatroniker kennengelernt\ud83d\ude04. Hierbei wurde mit Eiswasser experimentiert und herausgefunden, dass ein K\u00fchlschrank von der R\u00fcckseite warm ist...., verr\u00fcckt\u2668\ufe0f! Zum Schluss wurden die Kinder noch mit einem Eis \u00fcberrascht\ud83c\udf68!\">\n            <img loading=\"lazy\" decoding=\"async\" width=\"500\" height=\"500\" src=\"https:\/\/lebenleben.de\/wunderland\/wp-content\/uploads\/sites\/9\/2026\/04\/20260417_101538-500x500.jpg\" class=\"attachment-ll-person size-ll-person\" alt=\"\" \/>        <\/a>\n        <\/div>    <div class=\"listnotes__single-image-wrapper listnotes__single-image-wrapper--image\">\n            <a class=\"imagelink glightbox\" href=\"https:\/\/lebenleben.de\/wunderland\/wp-content\/uploads\/sites\/9\/2026\/04\/20260417_102823-scaled.jpg\" rel=\"bookmark\" title=\"Wie funktioniert eigentlich ein K\u00fchlschrank\ud83e\uddca?\" data-title=\"Wie funktioniert eigentlich ein K\u00fchlschrank\ud83e\uddca?\" data-type=\"image\" data-description=\"Passend zum Monatsprojekt &quot;Berufe&quot; haben die Kinder den Beruf des K\u00e4ltemechatroniker kennengelernt\ud83d\ude04. Hierbei wurde mit Eiswasser experimentiert und herausgefunden, dass ein K\u00fchlschrank von der R\u00fcckseite warm ist...., verr\u00fcckt\u2668\ufe0f! Zum Schluss wurden die Kinder noch mit einem Eis \u00fcberrascht\ud83c\udf68!\">\n            <img loading=\"lazy\" decoding=\"async\" width=\"500\" height=\"500\" src=\"https:\/\/lebenleben.de\/wunderland\/wp-content\/uploads\/sites\/9\/2026\/04\/20260417_102823-500x500.jpg\" class=\"attachment-ll-person size-ll-person\" alt=\"\" \/>        <\/a>\n        <\/div>    <\/div>\n        <div class=\"textwrapper\">\n        <h3 class=\"h4\">Wie funktioniert eigentlich ein K\u00fchlschrank\ud83e\uddca?<\/h3>\n        <p><span class=\"entry-date listnotes__entry-date\">17. April 2026<\/span><\/p>\n        Passend zum Monatsprojekt &quot;Berufe&quot; haben die Kinder den Beruf des&#8230;                    \n        <\/div>\n\n            <script>\n    jQuery(document).ready(function() {\n        jQuery('#slider-69ee0f8d2bc85').slick({\n            dots: true,\n            infinite: true,\n            arrows: true,\n            speed: 1000,\n            autoplay: false,\n            slidesToShow: 1,\n            slidesToScroll: 1,\n            fade: false,\n        });\n    });\n    <\/script>\n\n<\/div>\n\n\n\n\n\t\n            \n\n<div class=\"listnotes-single single-note single-note--image block-subpage-wrapper__single post-15584 notes type-notes status-publish hentry category-wunderland\">\n\n<div class=\"listnotes__images-wrapper\" id=\"slider-69ee0f8d2cb61\"><div class=\"listnotes__single-image-wrapper listnotes__single-image-wrapper--video\">\n            <a class=\"imagelink glightbox\" href=\"https:\/\/lebenleben.de\/wunderland\/wp-content\/uploads\/sites\/9\/2026\/04\/download_20260414_102731_0000-1.mp4\" rel=\"bookmark\" title=\"Kunterbunte B\u00e4lle \ud83d\udd34\ud83d\udd35\" data-title=\"Kunterbunte B\u00e4lle \ud83d\udd34\ud83d\udd35\" data-type=\"video\" data-description=\"Auch bei schlechtem Wetter gibt es keine schlechte Laune im Wunderland. Durch bunte B\u00e4lle und toben im B\u00e4llebad machen wir uns auch graue Tage bunt.\">\n            <img loading=\"lazy\" decoding=\"async\" width=\"480\" height=\"500\" src=\"https:\/\/lebenleben.de\/wunderland\/wp-content\/uploads\/sites\/9\/2026\/04\/20260414_101557-480x500.gif\" class=\"attachment-ll-person size-ll-person\" alt=\"\" \/>        <\/a>\n        \n        <\/div>    <div class=\"listnotes__single-image-wrapper listnotes__single-image-wrapper--image\">\n        <\/div>    <\/div>\n        <div class=\"textwrapper\">\n        <h3 class=\"h4\">Kunterbunte B\u00e4lle \ud83d\udd34\ud83d\udd35<\/h3>\n        <p><span class=\"entry-date listnotes__entry-date\">15. April 2026<\/span><\/p>\n        Auch bei schlechtem Wetter gibt es keine schlechte Laune im&#8230;                    \n        <\/div>\n\n            <script>\n    jQuery(document).ready(function() {\n        jQuery('#slider-69ee0f8d2cb61').slick({\n            dots: true,\n            infinite: true,\n            arrows: true,\n            speed: 1000,\n            autoplay: false,\n            slidesToShow: 1,\n            slidesToScroll: 1,\n            fade: false,\n        });\n    });\n    <\/script>\n\n<\/div>\n\n\n\n\n\t\n            \n\n<div class=\"listnotes-single single-note single-note--image block-subpage-wrapper__single post-15578 notes type-notes status-publish hentry category-wunderland\">\n\n<div class=\"listnotes__images-wrapper\" id=\"slider-69ee0f8d2d2fe\"><div class=\"listnotes__single-image-wrapper listnotes__single-image-wrapper--video\">\n            <a class=\"imagelink glightbox\" href=\"https:\/\/lebenleben.de\/wunderland\/wp-content\/uploads\/sites\/9\/2026\/04\/20260413_080937.mp4\" rel=\"bookmark\" title=\"Plopp plopp \ud83d\udca5\" data-title=\"Plopp plopp \ud83d\udca5\" data-type=\"video\" data-description=\"Heute war es ganz sch\u00f6n laut in der Krippe. Die Kinder sind \u00fcber eine ganz lange Noppenfolie gelaufen und erzeugten dabei die lauten Plopp-Ger\u00e4usche. Hier erfuhren die Kinder ihre Selbstwirksamkeit und \u00fcbten ihre Wahrnemung. Aber am wichtigsten war hier ganz klar der Spa\u00df! Wer kann sich denn bei Noppenfolie noch zur\u00fcckhalten? \ud83d\ude05\">\n            <img loading=\"lazy\" decoding=\"async\" width=\"500\" height=\"500\" src=\"https:\/\/lebenleben.de\/wunderland\/wp-content\/uploads\/sites\/9\/2026\/04\/20260413_081014-500x500.jpg\" class=\"attachment-ll-person size-ll-person\" alt=\"\" \/>        <\/a>\n        \n        <\/div>    <\/div>\n        <div class=\"textwrapper\">\n        <h3 class=\"h4\">Plopp plopp \ud83d\udca5<\/h3>\n        <p><span class=\"entry-date listnotes__entry-date\">13. April 2026<\/span><\/p>\n        Heute war es ganz sch\u00f6n laut in der Krippe. Die&#8230;                    \n        <\/div>\n\n            <script>\n    jQuery(document).ready(function() {\n        jQuery('#slider-69ee0f8d2d2fe').slick({\n            dots: true,\n            infinite: true,\n            arrows: true,\n            speed: 1000,\n            autoplay: false,\n            slidesToShow: 1,\n            slidesToScroll: 1,\n            fade: false,\n        });\n    });\n    <\/script>\n\n<\/div>\n\n\n\n\n\t\n    \n\n<\/div>\n\n\n\n<div id=\"llreadmore-block_56e383787e3243e78eefa96ba06659a5\" class=\"block-llreadmore llreadmore aligncenter\">\n\t<a class=\"button\" href=\"https:\/\/lebenleben.de\/wunderland\/aktuelles\/aktuelle-beitraege\/notizen\/\" target=\"_self\">Alle Beitr\u00e4ge anzeigen&nbsp;&raquo;<\/a>\n<\/div>\n\n\n\n<div style=\"height:25px\" aria-hidden=\"true\" class=\"wp-block-spacer\"><\/div>\n<\/div><\/div>\n\n\n\n<div class=\"wp-block-cover alignfull\" style=\"min-height:270px;aspect-ratio:unset;\"><img loading=\"lazy\" decoding=\"async\" width=\"2030\" height=\"376\" class=\"wp-block-cover__image-background wp-image-14829 size-full\" alt=\"\" src=\"https:\/\/lebenleben.de\/wunderland\/wp-content\/uploads\/sites\/9\/2025\/06\/Header-Zitat.png\" data-object-fit=\"cover\" srcset=\"https:\/\/lebenleben.de\/wunderland\/wp-content\/uploads\/sites\/9\/2025\/06\/Header-Zitat.png 2030w, https:\/\/lebenleben.de\/wunderland\/wp-content\/uploads\/sites\/9\/2025\/06\/Header-Zitat-300x56.png 300w, https:\/\/lebenleben.de\/wunderland\/wp-content\/uploads\/sites\/9\/2025\/06\/Header-Zitat-1024x190.png 1024w, https:\/\/lebenleben.de\/wunderland\/wp-content\/uploads\/sites\/9\/2025\/06\/Header-Zitat-768x142.png 768w, https:\/\/lebenleben.de\/wunderland\/wp-content\/uploads\/sites\/9\/2025\/06\/Header-Zitat-1536x285.png 1536w\" sizes=\"auto, (max-width: 2030px) 100vw, 2030px\" \/><span aria-hidden=\"true\" class=\"wp-block-cover__background has-black-background-color has-background-dim\"><\/span><div class=\"wp-block-cover__inner-container is-layout-constrained wp-block-cover-is-layout-constrained\">\n<h1 class=\"wp-block-heading has-text-align-center has-white-color has-text-color has-link-color wp-elements-b7a7173612d9b476c6a227e9c3a1eef9\">Wir freuen uns auf alle, die mit uns die Welt ver\u00e4ndern wollen.<\/h1>\n<\/div><\/div>\n\n\n\n<div class=\"wp-block-group alignfull bg-grey\"><div class=\"wp-block-group__inner-container is-layout-constrained wp-block-group-is-layout-constrained\">\n<h2 class=\"wp-block-heading has-text-align-center\">Kontakt &amp; Anfahrt<\/h2>\n\n\n\n<p class=\"has-text-align-center has-medium-font-size\">Telefon: 0581 97166-60<\/p>\n\n\n\n<div style=\"height:15px\" aria-hidden=\"true\" class=\"wp-block-spacer\"><\/div>\n\n\n\n<div class=\"wp-block-columns is-layout-flex wp-container-core-columns-is-layout-9d6595d7 wp-block-columns-is-layout-flex\">\n<div class=\"wp-block-column is-layout-flow wp-block-column-is-layout-flow\">\n<h3 class=\"wp-block-heading has-text-align-center\" id=\"anfahrt\">Krippe<\/h3>\n\n\n\n<p class=\"has-text-align-center\">Bohldamm 61, 29525 Uelzen<\/p>\n\n\n\n <div class=\"brlbs-cmpnt-container brlbs-cmpnt-content-blocker brlbs-cmpnt-with-individual-styles\" data-borlabs-cookie-content-blocker-id=\"google-maps\" data-borlabs-cookie-content=\"PGlmcmFtZSBzcmM9Imh0dHBzOi8vd3d3Lmdvb2dsZS5jb20vbWFwcy9lbWJlZD9wYj0hMW0xOCExbTEyITFtMyExZDI0MDMuMzMxMzQ3NTM4MzUxITJkMTAuNTQ1MDAyMTIyMTg5NDMhM2Q1Mi45NjA0NTM0Nzc2MDgyNyEybTMhMWYwITJmMCEzZjAhM20yITFpMTAyNCEyaTc2OCE0ZjEzLjEhM20zITFtMiExczB4NDdhZTJiNzk5Yjg2MGM0ZiUzQTB4Y2FiNjI0Y2JiZjE5MmQyMSEyc0tyaXBwZSUyMFd1bmRlcmxhbmQhNWUwITNtMiExc2RlITJzZGUhNHYxNzQyOTc4NTk1MTc5ITVtMiExc2RlITJzZGUiIHdpZHRoPSIxMDAlIiBoZWlnaHQ9IjI3NSIgc3R5bGU9ImJvcmRlcjowOyIgYWxsb3dmdWxsc2NyZWVuPSIiIGxvYWRpbmc9ImxhenkiIHJlZmVycmVycG9saWN5PSJuby1yZWZlcnJlci13aGVuLWRvd25ncmFkZSI+PC9pZnJhbWU+\"><div class=\"brlbs-cmpnt-cb-preset-b brlbs-cmpnt-cb-google-maps\"> <div class=\"brlbs-cmpnt-cb-thumbnail\" style=\"background-image: url('https:\/\/lebenleben.de\/wunderland\/wp-content\/uploads\/borlabs-cookie\/9\/brlbs-cb-google-maps-main.png')\"><\/div> <div class=\"brlbs-cmpnt-cb-main\"> <div class=\"brlbs-cmpnt-cb-content\"> <p class=\"brlbs-cmpnt-cb-description\">Sie sehen gerade einen Platzhalterinhalt von <strong>Google Maps<\/strong>. Um auf den eigentlichen Inhalt zuzugreifen, klicken Sie auf die Schaltfl\u00e4che unten. Bitte beachten Sie, dass dabei Daten an Drittanbieter weitergegeben werden.<\/p> <a class=\"brlbs-cmpnt-cb-provider-toggle\" href=\"#\" data-borlabs-cookie-show-provider-information role=\"button\">Mehr Informationen<\/a> <\/div> <div class=\"brlbs-cmpnt-cb-buttons\"> <a class=\"brlbs-cmpnt-cb-btn\" href=\"#\" data-borlabs-cookie-unblock role=\"button\">Inhalt entsperren<\/a> <a class=\"brlbs-cmpnt-cb-btn\" href=\"#\" data-borlabs-cookie-accept-service role=\"button\" style=\"display: inherit\">Erforderlichen Service akzeptieren und Inhalte entsperren<\/a> <\/div> <\/div> <\/div><\/div>\n<\/div>\n\n\n\n<div class=\"wp-block-column is-layout-flow wp-block-column-is-layout-flow\">\n<h3 class=\"wp-block-heading has-text-align-center\" id=\"anfahrt\">Kindergarten<\/h3>\n\n\n\n<p class=\"has-text-align-center\">Von-Estorff-Stra\u00dfe 4, 29525 Uelzen<\/p>\n\n\n\n <div class=\"brlbs-cmpnt-container brlbs-cmpnt-content-blocker brlbs-cmpnt-with-individual-styles\" data-borlabs-cookie-content-blocker-id=\"google-maps\" data-borlabs-cookie-content=\"PGlmcmFtZSBzcmM9Imh0dHBzOi8vd3d3Lmdvb2dsZS5jb20vbWFwcy9lbWJlZD9wYj0hMW0xOCExbTEyITFtMyExZDEyMDEuNjU0OTEzMTIzOTMwNiEyZDEwLjU0NDEwMzgzOTAzNTY4OSEzZDUyLjk2MDg0MDY1ODcwMzE4ITJtMyExZjAhMmYwITNmMCEzbTIhMWkxMDI0ITJpNzY4ITRmMTMuMSEzbTMhMW0yITFzMHg0N2FlMmI5ZTE1OWYyZDc3JTNBMHhlOThkMGQzMGNiNmM2NjA4ITJzS2lUYSUyMFd1bmRlcmxhbmQlMjAtJTIwS2luZGVyZ2FydGVuITVlMCEzbTIhMXNkZSEyc2RlITR2MTc0NTM5NjEzODc0OCE1bTIhMXNkZSEyc2RlIiB3aWR0aD0iMTAwJSIgaGVpZ2h0PSIyNzUiIHN0eWxlPSJib3JkZXI6MDsiIGFsbG93ZnVsbHNjcmVlbj0iIiBsb2FkaW5nPSJsYXp5IiByZWZlcnJlcnBvbGljeT0ibm8tcmVmZXJyZXItd2hlbi1kb3duZ3JhZGUiPjwvaWZyYW1lPg==\"><div class=\"brlbs-cmpnt-cb-preset-b brlbs-cmpnt-cb-google-maps\"> <div class=\"brlbs-cmpnt-cb-thumbnail\" style=\"background-image: url('https:\/\/lebenleben.de\/wunderland\/wp-content\/uploads\/borlabs-cookie\/9\/brlbs-cb-google-maps-main.png')\"><\/div> <div class=\"brlbs-cmpnt-cb-main\"> <div class=\"brlbs-cmpnt-cb-content\"> <p class=\"brlbs-cmpnt-cb-description\">Sie sehen gerade einen Platzhalterinhalt von <strong>Google Maps<\/strong>. Um auf den eigentlichen Inhalt zuzugreifen, klicken Sie auf die Schaltfl\u00e4che unten. Bitte beachten Sie, dass dabei Daten an Drittanbieter weitergegeben werden.<\/p> <a class=\"brlbs-cmpnt-cb-provider-toggle\" href=\"#\" data-borlabs-cookie-show-provider-information role=\"button\">Mehr Informationen<\/a> <\/div> <div class=\"brlbs-cmpnt-cb-buttons\"> <a class=\"brlbs-cmpnt-cb-btn\" href=\"#\" data-borlabs-cookie-unblock role=\"button\">Inhalt entsperren<\/a> <a class=\"brlbs-cmpnt-cb-btn\" href=\"#\" data-borlabs-cookie-accept-service role=\"button\" style=\"display: inherit\">Erforderlichen Service akzeptieren und Inhalte entsperren<\/a> <\/div> <\/div> <\/div><\/div>\n<\/div>\n<\/div>\n<\/div><\/div>\n\n\n\n<div style=\"height:70px\" aria-hidden=\"true\" class=\"wp-block-spacer\"><\/div>\n\n\n\n<h2 class=\"wp-block-heading has-text-align-center\" id=\"kontakt\">Kontaktformular<\/h2>\n\n\n<script>\nvar gform;gform||(document.addEventListener(\"gform_main_scripts_loaded\",function(){gform.scriptsLoaded=!0}),document.addEventListener(\"gform\/theme\/scripts_loaded\",function(){gform.themeScriptsLoaded=!0}),window.addEventListener(\"DOMContentLoaded\",function(){gform.domLoaded=!0}),gform={domLoaded:!1,scriptsLoaded:!1,themeScriptsLoaded:!1,isFormEditor:()=>\"function\"==typeof InitializeEditor,callIfLoaded:function(o){return!(!gform.domLoaded||!gform.scriptsLoaded||!gform.themeScriptsLoaded&&!gform.isFormEditor()||(gform.isFormEditor()&&console.warn(\"The use of gform.initializeOnLoaded() is deprecated in the form editor context and will be removed in Gravity Forms 3.1.\"),o(),0))},initializeOnLoaded:function(o){gform.callIfLoaded(o)||(document.addEventListener(\"gform_main_scripts_loaded\",()=>{gform.scriptsLoaded=!0,gform.callIfLoaded(o)}),document.addEventListener(\"gform\/theme\/scripts_loaded\",()=>{gform.themeScriptsLoaded=!0,gform.callIfLoaded(o)}),window.addEventListener(\"DOMContentLoaded\",()=>{gform.domLoaded=!0,gform.callIfLoaded(o)}))},hooks:{action:{},filter:{}},addAction:function(o,r,e,t){gform.addHook(\"action\",o,r,e,t)},addFilter:function(o,r,e,t){gform.addHook(\"filter\",o,r,e,t)},doAction:function(o){gform.doHook(\"action\",o,arguments)},applyFilters:function(o){return gform.doHook(\"filter\",o,arguments)},removeAction:function(o,r){gform.removeHook(\"action\",o,r)},removeFilter:function(o,r,e){gform.removeHook(\"filter\",o,r,e)},addHook:function(o,r,e,t,n){null==gform.hooks[o][r]&&(gform.hooks[o][r]=[]);var d=gform.hooks[o][r];null==n&&(n=r+\"_\"+d.length),gform.hooks[o][r].push({tag:n,callable:e,priority:t=null==t?10:t})},doHook:function(r,o,e){var t;if(e=Array.prototype.slice.call(e,1),null!=gform.hooks[r][o]&&((o=gform.hooks[r][o]).sort(function(o,r){return o.priority-r.priority}),o.forEach(function(o){\"function\"!=typeof(t=o.callable)&&(t=window[t]),\"action\"==r?t.apply(null,e):e[0]=t.apply(null,e)})),\"filter\"==r)return e[0]},removeHook:function(o,r,t,n){var e;null!=gform.hooks[o][r]&&(e=(e=gform.hooks[o][r]).filter(function(o,r,e){return!!(null!=n&&n!=o.tag||null!=t&&t!=o.priority)}),gform.hooks[o][r]=e)}});\n<\/script>\n\n                <div class='gf_browser_gecko gform_wrapper gform_legacy_markup_wrapper gform-theme--no-framework' data-form-theme='legacy' data-form-index='0' id='gform_wrapper_3' ><form method='post' enctype='multipart\/form-data'  id='gform_3'  action='\/wunderland\/wp-json\/wp\/v2\/pages\/23' data-formid='3' novalidate>\n                        <div class='gform-body gform_body'><ul id='gform_fields_3' class='gform_fields top_label form_sublabel_below description_below validation_below'><li id=\"field_3_12\" class=\"gfield gfield--type-honeypot gform_validation_container field_sublabel_below gfield--has-description field_description_below field_validation_below gfield_visibility_visible\"  ><label class='gfield_label gform-field-label' for='input_3_12'>LinkedIn<\/label><div class='ginput_container'><input name='input_12' id='input_3_12' type='text' value='' autocomplete='new-password'\/><\/div><div class='gfield_description' id='gfield_description_3_12'>Dieses Feld dient zur Validierung und sollte nicht ver\u00e4ndert werden.<\/div><\/li><li id=\"field_3_1\" class=\"gfield gfield--type-text gfield--input-type-text gf_left_third gfield_contains_required field_sublabel_below gfield--no-description field_description_below field_validation_below gfield_visibility_visible\"  ><label class='gfield_label gform-field-label' for='input_3_1'>Vorname<span class=\"gfield_required\"><span class=\"gfield_required gfield_required_asterisk\">*<\/span><\/span><\/label><div class='ginput_container ginput_container_text'><input name='input_1' id='input_3_1' type='text' value='' class='medium'     aria-required=\"true\" aria-invalid=\"false\"   \/><\/div><\/li><li id=\"field_3_2\" class=\"gfield gfield--type-text gfield--input-type-text gf_middle_third gfield_contains_required field_sublabel_below gfield--no-description field_description_below field_validation_below gfield_visibility_visible\"  ><label class='gfield_label gform-field-label' for='input_3_2'>Nachname<span class=\"gfield_required\"><span class=\"gfield_required gfield_required_asterisk\">*<\/span><\/span><\/label><div class='ginput_container ginput_container_text'><input name='input_2' id='input_3_2' type='text' value='' class='medium'     aria-required=\"true\" aria-invalid=\"false\"   \/><\/div><\/li><li id=\"field_3_11\" class=\"gfield gfield--type-text gfield--input-type-text gfield--width-full gf_right_third field_sublabel_below gfield--no-description field_description_below field_validation_below gfield_visibility_visible\"  ><label class='gfield_label gform-field-label' for='input_3_11'>Name des Kindes<\/label><div class='ginput_container ginput_container_text'><input name='input_11' id='input_3_11' type='text' value='' class='large'      aria-invalid=\"false\"   \/><\/div><\/li><li id=\"field_3_3\" class=\"gfield gfield--type-email gfield--input-type-email gf_left_half gfield_contains_required field_sublabel_below gfield--no-description field_description_below field_validation_below gfield_visibility_visible\"  ><label class='gfield_label gform-field-label' for='input_3_3'>E-Mail<span class=\"gfield_required\"><span class=\"gfield_required gfield_required_asterisk\">*<\/span><\/span><\/label><div class='ginput_container ginput_container_email'>\n                            <input name='input_3' id='input_3_3' type='email' value='' class='medium'    aria-required=\"true\" aria-invalid=\"false\"  \/>\n                        <\/div><\/li><li id=\"field_3_4\" class=\"gfield gfield--type-phone gfield--input-type-phone gf_right_half field_sublabel_below gfield--no-description field_description_below field_validation_below gfield_visibility_visible\"  ><label class='gfield_label gform-field-label' for='input_3_4'>Telefon<\/label><div class='ginput_container ginput_container_phone'><input name='input_4' id='input_3_4' type='tel' value='' class='medium'    aria-invalid=\"false\"   \/><\/div><\/li><li id=\"field_3_6\" class=\"gfield gfield--type-textarea gfield--input-type-textarea gfield_contains_required field_sublabel_below gfield--no-description field_description_below field_validation_below gfield_visibility_visible\"  ><label class='gfield_label gform-field-label' for='input_3_6'>Ihre Nachricht<span class=\"gfield_required\"><span class=\"gfield_required gfield_required_asterisk\">*<\/span><\/span><\/label><div class='ginput_container ginput_container_textarea'><textarea name='input_6' id='input_3_6' class='textarea small'     aria-required=\"true\" aria-invalid=\"false\"   rows='10' cols='50'><\/textarea><\/div><\/li><li id=\"field_3_7\" class=\"gfield gfield--type-consent gfield--type-choice gfield--input-type-consent gfield_contains_required field_sublabel_below gfield--no-description field_description_below field_validation_below gfield_visibility_visible\"  ><label class='gfield_label gform-field-label gfield_label_before_complex' >Einwilligung<span class=\"gfield_required\"><span class=\"gfield_required gfield_required_asterisk\">*<\/span><\/span><\/label><div class='ginput_container ginput_container_consent'><input name='input_7.1' id='input_3_7_1' type='checkbox' value='1'   aria-required=\"true\" aria-invalid=\"false\"   \/> <label class=\"gform-field-label gform-field-label--type-inline gfield_consent_label\" for='input_3_7_1' >Ich erkl\u00e4re mich mit der Speicherung und Verarbeitung meiner Daten gem\u00e4\u00df der <a href=\"https:\/\/lebenleben.de\/wunderland\/datenschutzerklaerung\/\" target=\"_blank\">Datenschutzerkl\u00e4rung<\/a> einverstanden.<\/label><input type='hidden' name='input_7.2' value='Ich erkl\u00e4re mich mit der Speicherung und Verarbeitung meiner Daten gem\u00e4\u00df der &lt;a href=&quot;https:\/\/lebenleben.de\/wunderland\/datenschutzerklaerung\/&quot; target=&quot;_blank&quot;&gt;Datenschutzerkl\u00e4rung&lt;\/a&gt; einverstanden.' class='gform_hidden' \/><input type='hidden' name='input_7.3' value='3' class='gform_hidden' \/><\/div><\/li><\/ul><\/div>\n        <div class='gform-footer gform_footer top_label'> <input type='submit' id='gform_submit_button_3' class='gform_button button' onclick='gform.submission.handleButtonClick(this);' data-submission-type='submit' value='Absenden'  \/> \n            <input type='hidden' class='gform_hidden' name='gform_submission_method' data-js='gform_submission_method_3' value='postback' \/>\n            <input type='hidden' class='gform_hidden' name='gform_theme' data-js='gform_theme_3' id='gform_theme_3' value='legacy' \/>\n            <input type='hidden' class='gform_hidden' name='gform_style_settings' data-js='gform_style_settings_3' id='gform_style_settings_3' value='{&quot;inputPrimaryColor&quot;:&quot;#204ce5&quot;}' \/>\n            <input type='hidden' class='gform_hidden' name='is_submit_3' value='1' \/>\n            <input type='hidden' class='gform_hidden' name='gform_submit' value='3' \/>\n            \n            <input type='hidden' class='gform_hidden' name='gform_currency' data-currency='EUR' value='9F0aB6nG0knUWEjxO8uI3qEQfAt\/DC\/9AjQcoBsYuAVGXKVOIO2DUP2xjE9vjMHdf6usPecmXd\/SxeeiTcfzQFGTGMy\/j6hlp0Edos1OjYfPYRQ=' \/>\n            <input type='hidden' class='gform_hidden' name='gform_unique_id' value='' \/>\n            <input type='hidden' class='gform_hidden' name='state_3' value='WyJ7XCI3LjFcIjpcIjdlNjQ2YjZkYzFjM2FkYjBjN2YzNmQ4OTU4NjVkOTI4XCIsXCI3LjJcIjpcIjllODdmZTFiNjM3YjdlYTQzMTI1YzY5ZWM5NjA4MThmXCIsXCI3LjNcIjpcIjgwNjY1MjYzMTI1NmEzZmFjYWZkNzA3N2ZjZTdkN2MyXCJ9IiwiMDVhMmE1Nzg0MTAzOGI4NGIzYzdmMTE1NWE2YWQyZWMiXQ==' \/>\n            <input type='hidden' autocomplete='off' class='gform_hidden' name='gform_target_page_number_3' id='gform_target_page_number_3' value='0' \/>\n            <input type='hidden' autocomplete='off' class='gform_hidden' name='gform_source_page_number_3' id='gform_source_page_number_3' value='1' \/>\n            <input type='hidden' name='gform_field_values' value='' \/>\n            \n        <\/div>\n                        <\/form>\n                        <\/div><script>\ngform.initializeOnLoaded( function() {gformInitSpinner( 3, 'https:\/\/lebenleben.de\/wunderland\/wp-content\/plugins\/gravityforms\/images\/spinner.svg', true );jQuery('#gform_ajax_frame_3').on('load',function(){var contents = jQuery(this).contents().find('*').html();var is_postback = contents.indexOf('GF_AJAX_POSTBACK') >= 0;if(!is_postback){return;}var form_content = jQuery(this).contents().find('#gform_wrapper_3');var is_confirmation = jQuery(this).contents().find('#gform_confirmation_wrapper_3').length > 0;var is_redirect = contents.indexOf('gformRedirect(){') >= 0;var is_form = form_content.length > 0 && ! is_redirect && ! is_confirmation;var mt = parseInt(jQuery('html').css('margin-top'), 10) + parseInt(jQuery('body').css('margin-top'), 10) + 100;if(is_form){jQuery('#gform_wrapper_3').html(form_content.html());if(form_content.hasClass('gform_validation_error')){jQuery('#gform_wrapper_3').addClass('gform_validation_error');} else {jQuery('#gform_wrapper_3').removeClass('gform_validation_error');}setTimeout( function() { \/* delay the scroll by 50 milliseconds to fix a bug in chrome *\/  }, 50 );if(window['gformInitDatepicker']) {gformInitDatepicker();}if(window['gformInitPriceFields']) {gformInitPriceFields();}var current_page = jQuery('#gform_source_page_number_3').val();gformInitSpinner( 3, 'https:\/\/lebenleben.de\/wunderland\/wp-content\/plugins\/gravityforms\/images\/spinner.svg', true );jQuery(document).trigger('gform_page_loaded', [3, current_page]);window['gf_submitting_3'] = false;}else if(!is_redirect){var confirmation_content = jQuery(this).contents().find('.GF_AJAX_POSTBACK').html();if(!confirmation_content){confirmation_content = contents;}jQuery('#gform_wrapper_3').replaceWith(confirmation_content);jQuery(document).trigger('gform_confirmation_loaded', [3]);window['gf_submitting_3'] = false;wp.a11y.speak(jQuery('#gform_confirmation_message_3').text());}else{jQuery('#gform_3').append(contents);if(window['gformRedirect']) {gformRedirect();}}jQuery(document).trigger(\"gform_pre_post_render\", [{ formId: \"3\", currentPage: \"current_page\", abort: function() { this.preventDefault(); } }]);        if (event && event.defaultPrevented) {                return;        }        const gformWrapperDiv = document.getElementById( \"gform_wrapper_3\" );        if ( gformWrapperDiv ) {            const visibilitySpan = document.createElement( \"span\" );            visibilitySpan.id = \"gform_visibility_test_3\";            gformWrapperDiv.insertAdjacentElement( \"afterend\", visibilitySpan );        }        const visibilityTestDiv = document.getElementById( \"gform_visibility_test_3\" );        let postRenderFired = false;        function triggerPostRender() {            if ( postRenderFired ) {                return;            }            postRenderFired = true;            gform.core.triggerPostRenderEvents( 3, current_page );            if ( visibilityTestDiv ) {                visibilityTestDiv.parentNode.removeChild( visibilityTestDiv );            }        }        function debounce( func, wait, immediate ) {            var timeout;            return function() {                var context = this, args = arguments;                var later = function() {                    timeout = null;                    if ( !immediate ) func.apply( context, args );                };                var callNow = immediate && !timeout;                clearTimeout( timeout );                timeout = setTimeout( later, wait );                if ( callNow ) func.apply( context, args );            };        }        const debouncedTriggerPostRender = debounce( function() {            triggerPostRender();        }, 200 );        if ( visibilityTestDiv && visibilityTestDiv.offsetParent === null ) {            const observer = new MutationObserver( ( mutations ) => {                mutations.forEach( ( mutation ) => {                    if ( mutation.type === 'attributes' && visibilityTestDiv.offsetParent !== null ) {                        debouncedTriggerPostRender();                        observer.disconnect();                    }                });            });            observer.observe( document.body, {                attributes: true,                childList: false,                subtree: true,                attributeFilter: [ 'style', 'class' ],            });        } else {            triggerPostRender();        }    } );} );\n<\/script>\n\n\n\n<div style=\"height:50px\" aria-hidden=\"true\" class=\"wp-block-spacer\"><\/div>\n\n\n<div class=\"flBtn  flBtn-position-br flBtn-shape-circle flBtn-size-medium -shadow\" id=\"floatBtn-1\"><input type=\"checkbox\" id=\"flBtn-1\"class=\"checkbox\"><label for=\"flBtn-1\" class=\" flBtn-label\" data-tooltip=\"Ihr Weg ins Wunderland\" data-role=\"main\" aria-label=\"Ihr Weg ins Wunderland\"><i class=\"notranslate fas fa-face-smile-beam\" data-action=\"open\"><\/i><i class=\"notranslate fas fa-xmark\" data-action=\"close\"><\/i><\/label><ul class=\"flBtn-first\"><li><a href=\"https:\/\/lebenleben.de\/wunderland\/wunderland-uelzen\/kita-uelzen\/#kontakt\" target=\"_self\" data-tooltip=\"Nachricht\"><i class=\"notranslate fas fa-envelope\"><\/i><\/a><\/li><li><a href=\"https:\/\/lebenleben.de\/wunderland\/wp-content\/uploads\/sites\/9\/2025\/06\/Anmeldebogen_KiTa-Wunderland-Uelzen.pdf\" target=\"_self\" data-tooltip=\"Anmeldung\"><i class=\"notranslate fas fa-file-lines\"><\/i><\/a><\/li><li><a href=\"tel:+495819716660\" target=\"_self\" data-tooltip=\"Anruf\"><i class=\"notranslate fas fa-phone\"><\/i><\/a><\/li><\/ul><\/div>\n","protected":false},"excerpt":{"rendered":"<p>In der KiTa Wunderland in Uelzen lernen Kinder mit und ohne F\u00f6rderbedarf gemeinsam \u2013 inklusiv, individuell gef\u00f6rdert und familiennah betreut.<\/p>\n","protected":false},"author":15,"featured_media":164,"parent":16,"menu_order":0,"comment_status":"closed","ping_status":"closed","template":"page-templates\/page-fullscreen.php","meta":{"_acf_changed":false,"footnotes":""},"class_list":["post-23","page","type-page","status-publish","has-post-thumbnail","hentry"],"acf":[],"yoast_head":"<!-- This site is optimized with the Yoast SEO plugin v27.3 - https:\/\/yoast.com\/product\/yoast-seo-wordpress\/ -->\n<title>KiTa Wunderland Uelzen<\/title>\n<meta name=\"description\" content=\"In der KiTa Wunderland in Uelzen lernen Kinder mit und ohne F\u00f6rderbedarf gemeinsam \u2013 inklusiv, individuell gef\u00f6rdert und familiennah betreut.\" \/>\n<meta name=\"robots\" content=\"index, follow, max-snippet:-1, max-image-preview:large, max-video-preview:-1\" \/>\n<link rel=\"canonical\" href=\"https:\/\/lebenleben.de\/wunderland\/wunderland-uelzen\/kita-uelzen\/\" \/>\n<meta property=\"og:locale\" content=\"de_DE\" \/>\n<meta property=\"og:type\" content=\"article\" \/>\n<meta property=\"og:title\" content=\"KiTa Wunderland Uelzen\" \/>\n<meta property=\"og:description\" content=\"In der KiTa Wunderland in Uelzen lernen Kinder mit und ohne F\u00f6rderbedarf gemeinsam \u2013 inklusiv, individuell gef\u00f6rdert und familiennah betreut.\" \/>\n<meta property=\"og:url\" content=\"https:\/\/lebenleben.de\/wunderland\/wunderland-uelzen\/kita-uelzen\/\" \/>\n<meta property=\"og:site_name\" content=\"Leben leben Wunderland\" \/>\n<meta property=\"article:modified_time\" content=\"2026-01-07T09:32:04+00:00\" \/>\n<meta property=\"og:image\" content=\"https:\/\/lebenleben.de\/wunderland\/wp-content\/uploads\/sites\/9\/2021\/04\/ll_header_slider_image_1400x560_0005_Krippe_Wunderland.jpg\" \/>\n\t<meta property=\"og:image:width\" content=\"1400\" \/>\n\t<meta property=\"og:image:height\" content=\"560\" \/>\n\t<meta property=\"og:image:type\" content=\"image\/jpeg\" \/>\n<meta name=\"twitter:card\" content=\"summary_large_image\" \/>\n<meta name=\"twitter:label1\" content=\"Gesch\u00e4tzte Lesezeit\" \/>\n\t<meta name=\"twitter:data1\" content=\"5\u00a0Minuten\" \/>\n<script type=\"application\/ld+json\" class=\"yoast-schema-graph\">{\"@context\":\"https:\\\/\\\/schema.org\",\"@graph\":[{\"@type\":\"WebPage\",\"@id\":\"https:\\\/\\\/lebenleben.de\\\/wunderland\\\/wunderland-uelzen\\\/kita-uelzen\\\/\",\"url\":\"https:\\\/\\\/lebenleben.de\\\/wunderland\\\/wunderland-uelzen\\\/kita-uelzen\\\/\",\"name\":\"KiTa Wunderland Uelzen\",\"isPartOf\":{\"@id\":\"https:\\\/\\\/lebenleben.de\\\/wunderland\\\/#website\"},\"primaryImageOfPage\":{\"@id\":\"https:\\\/\\\/lebenleben.de\\\/wunderland\\\/wunderland-uelzen\\\/kita-uelzen\\\/#primaryimage\"},\"image\":{\"@id\":\"https:\\\/\\\/lebenleben.de\\\/wunderland\\\/wunderland-uelzen\\\/kita-uelzen\\\/#primaryimage\"},\"thumbnailUrl\":\"https:\\\/\\\/lebenleben.de\\\/wunderland\\\/wp-content\\\/uploads\\\/sites\\\/9\\\/2021\\\/04\\\/ll_header_slider_image_1400x560_0005_Krippe_Wunderland.jpg\",\"datePublished\":\"2021-01-22T14:38:33+00:00\",\"dateModified\":\"2026-01-07T09:32:04+00:00\",\"description\":\"In der KiTa Wunderland in Uelzen lernen Kinder mit und ohne F\u00f6rderbedarf gemeinsam \u2013 inklusiv, individuell gef\u00f6rdert und familiennah betreut.\",\"breadcrumb\":{\"@id\":\"https:\\\/\\\/lebenleben.de\\\/wunderland\\\/wunderland-uelzen\\\/kita-uelzen\\\/#breadcrumb\"},\"inLanguage\":\"de\",\"potentialAction\":[{\"@type\":\"ReadAction\",\"target\":[\"https:\\\/\\\/lebenleben.de\\\/wunderland\\\/wunderland-uelzen\\\/kita-uelzen\\\/\"]}]},{\"@type\":\"ImageObject\",\"inLanguage\":\"de\",\"@id\":\"https:\\\/\\\/lebenleben.de\\\/wunderland\\\/wunderland-uelzen\\\/kita-uelzen\\\/#primaryimage\",\"url\":\"https:\\\/\\\/lebenleben.de\\\/wunderland\\\/wp-content\\\/uploads\\\/sites\\\/9\\\/2021\\\/04\\\/ll_header_slider_image_1400x560_0005_Krippe_Wunderland.jpg\",\"contentUrl\":\"https:\\\/\\\/lebenleben.de\\\/wunderland\\\/wp-content\\\/uploads\\\/sites\\\/9\\\/2021\\\/04\\\/ll_header_slider_image_1400x560_0005_Krippe_Wunderland.jpg\",\"width\":1400,\"height\":560},{\"@type\":\"BreadcrumbList\",\"@id\":\"https:\\\/\\\/lebenleben.de\\\/wunderland\\\/wunderland-uelzen\\\/kita-uelzen\\\/#breadcrumb\",\"itemListElement\":[{\"@type\":\"ListItem\",\"position\":1,\"name\":\"Startseite\",\"item\":\"https:\\\/\\\/lebenleben.de\\\/wunderland\\\/\"},{\"@type\":\"ListItem\",\"position\":2,\"name\":\"Wunderland Uelzen\",\"item\":\"https:\\\/\\\/lebenleben.de\\\/wunderland\\\/wunderland-uelzen\\\/\"},{\"@type\":\"ListItem\",\"position\":3,\"name\":\"KiTa Uelzen\"}]},{\"@type\":\"WebSite\",\"@id\":\"https:\\\/\\\/lebenleben.de\\\/wunderland\\\/#website\",\"url\":\"https:\\\/\\\/lebenleben.de\\\/wunderland\\\/\",\"name\":\"Leben leben Wunderland\",\"description\":\"Eine weitere Leben Leben Netzwerk Website\",\"publisher\":{\"@id\":\"https:\\\/\\\/lebenleben.de\\\/wunderland\\\/#organization\"},\"potentialAction\":[{\"@type\":\"SearchAction\",\"target\":{\"@type\":\"EntryPoint\",\"urlTemplate\":\"https:\\\/\\\/lebenleben.de\\\/wunderland\\\/?s={search_term_string}\"},\"query-input\":{\"@type\":\"PropertyValueSpecification\",\"valueRequired\":true,\"valueName\":\"search_term_string\"}}],\"inLanguage\":\"de\"},{\"@type\":\"Organization\",\"@id\":\"https:\\\/\\\/lebenleben.de\\\/wunderland\\\/#organization\",\"name\":\"Leben leben Wunderland\",\"url\":\"https:\\\/\\\/lebenleben.de\\\/wunderland\\\/\",\"logo\":{\"@type\":\"ImageObject\",\"inLanguage\":\"de\",\"@id\":\"https:\\\/\\\/lebenleben.de\\\/wunderland\\\/#\\\/schema\\\/logo\\\/image\\\/\",\"url\":\"https:\\\/\\\/lebenleben.de\\\/wunderland\\\/wp-content\\\/uploads\\\/sites\\\/9\\\/2021\\\/01\\\/ll_favicon-green.png\",\"contentUrl\":\"https:\\\/\\\/lebenleben.de\\\/wunderland\\\/wp-content\\\/uploads\\\/sites\\\/9\\\/2021\\\/01\\\/ll_favicon-green.png\",\"width\":501,\"height\":501,\"caption\":\"Leben leben Wunderland\"},\"image\":{\"@id\":\"https:\\\/\\\/lebenleben.de\\\/wunderland\\\/#\\\/schema\\\/logo\\\/image\\\/\"}}]}<\/script>\n<!-- \/ Yoast SEO plugin. -->","yoast_head_json":{"title":"KiTa Wunderland Uelzen","description":"In der KiTa Wunderland in Uelzen lernen Kinder mit und ohne F\u00f6rderbedarf gemeinsam \u2013 inklusiv, individuell gef\u00f6rdert und familiennah betreut.","robots":{"index":"index","follow":"follow","max-snippet":"max-snippet:-1","max-image-preview":"max-image-preview:large","max-video-preview":"max-video-preview:-1"},"canonical":"https:\/\/lebenleben.de\/wunderland\/wunderland-uelzen\/kita-uelzen\/","og_locale":"de_DE","og_type":"article","og_title":"KiTa Wunderland Uelzen","og_description":"In der KiTa Wunderland in Uelzen lernen Kinder mit und ohne F\u00f6rderbedarf gemeinsam \u2013 inklusiv, individuell gef\u00f6rdert und familiennah betreut.","og_url":"https:\/\/lebenleben.de\/wunderland\/wunderland-uelzen\/kita-uelzen\/","og_site_name":"Leben leben Wunderland","article_modified_time":"2026-01-07T09:32:04+00:00","og_image":[{"width":1400,"height":560,"url":"https:\/\/lebenleben.de\/wunderland\/wp-content\/uploads\/sites\/9\/2021\/04\/ll_header_slider_image_1400x560_0005_Krippe_Wunderland.jpg","type":"image\/jpeg"}],"twitter_card":"summary_large_image","twitter_misc":{"Gesch\u00e4tzte Lesezeit":"5\u00a0Minuten"},"schema":{"@context":"https:\/\/schema.org","@graph":[{"@type":"WebPage","@id":"https:\/\/lebenleben.de\/wunderland\/wunderland-uelzen\/kita-uelzen\/","url":"https:\/\/lebenleben.de\/wunderland\/wunderland-uelzen\/kita-uelzen\/","name":"KiTa Wunderland Uelzen","isPartOf":{"@id":"https:\/\/lebenleben.de\/wunderland\/#website"},"primaryImageOfPage":{"@id":"https:\/\/lebenleben.de\/wunderland\/wunderland-uelzen\/kita-uelzen\/#primaryimage"},"image":{"@id":"https:\/\/lebenleben.de\/wunderland\/wunderland-uelzen\/kita-uelzen\/#primaryimage"},"thumbnailUrl":"https:\/\/lebenleben.de\/wunderland\/wp-content\/uploads\/sites\/9\/2021\/04\/ll_header_slider_image_1400x560_0005_Krippe_Wunderland.jpg","datePublished":"2021-01-22T14:38:33+00:00","dateModified":"2026-01-07T09:32:04+00:00","description":"In der KiTa Wunderland in Uelzen lernen Kinder mit und ohne F\u00f6rderbedarf gemeinsam \u2013 inklusiv, individuell gef\u00f6rdert und familiennah betreut.","breadcrumb":{"@id":"https:\/\/lebenleben.de\/wunderland\/wunderland-uelzen\/kita-uelzen\/#breadcrumb"},"inLanguage":"de","potentialAction":[{"@type":"ReadAction","target":["https:\/\/lebenleben.de\/wunderland\/wunderland-uelzen\/kita-uelzen\/"]}]},{"@type":"ImageObject","inLanguage":"de","@id":"https:\/\/lebenleben.de\/wunderland\/wunderland-uelzen\/kita-uelzen\/#primaryimage","url":"https:\/\/lebenleben.de\/wunderland\/wp-content\/uploads\/sites\/9\/2021\/04\/ll_header_slider_image_1400x560_0005_Krippe_Wunderland.jpg","contentUrl":"https:\/\/lebenleben.de\/wunderland\/wp-content\/uploads\/sites\/9\/2021\/04\/ll_header_slider_image_1400x560_0005_Krippe_Wunderland.jpg","width":1400,"height":560},{"@type":"BreadcrumbList","@id":"https:\/\/lebenleben.de\/wunderland\/wunderland-uelzen\/kita-uelzen\/#breadcrumb","itemListElement":[{"@type":"ListItem","position":1,"name":"Startseite","item":"https:\/\/lebenleben.de\/wunderland\/"},{"@type":"ListItem","position":2,"name":"Wunderland Uelzen","item":"https:\/\/lebenleben.de\/wunderland\/wunderland-uelzen\/"},{"@type":"ListItem","position":3,"name":"KiTa Uelzen"}]},{"@type":"WebSite","@id":"https:\/\/lebenleben.de\/wunderland\/#website","url":"https:\/\/lebenleben.de\/wunderland\/","name":"Leben leben Wunderland","description":"Eine weitere Leben Leben Netzwerk Website","publisher":{"@id":"https:\/\/lebenleben.de\/wunderland\/#organization"},"potentialAction":[{"@type":"SearchAction","target":{"@type":"EntryPoint","urlTemplate":"https:\/\/lebenleben.de\/wunderland\/?s={search_term_string}"},"query-input":{"@type":"PropertyValueSpecification","valueRequired":true,"valueName":"search_term_string"}}],"inLanguage":"de"},{"@type":"Organization","@id":"https:\/\/lebenleben.de\/wunderland\/#organization","name":"Leben leben Wunderland","url":"https:\/\/lebenleben.de\/wunderland\/","logo":{"@type":"ImageObject","inLanguage":"de","@id":"https:\/\/lebenleben.de\/wunderland\/#\/schema\/logo\/image\/","url":"https:\/\/lebenleben.de\/wunderland\/wp-content\/uploads\/sites\/9\/2021\/01\/ll_favicon-green.png","contentUrl":"https:\/\/lebenleben.de\/wunderland\/wp-content\/uploads\/sites\/9\/2021\/01\/ll_favicon-green.png","width":501,"height":501,"caption":"Leben leben Wunderland"},"image":{"@id":"https:\/\/lebenleben.de\/wunderland\/#\/schema\/logo\/image\/"}}]}},"_links":{"self":[{"href":"https:\/\/lebenleben.de\/wunderland\/wp-json\/wp\/v2\/pages\/23","targetHints":{"allow":["GET"]}}],"collection":[{"href":"https:\/\/lebenleben.de\/wunderland\/wp-json\/wp\/v2\/pages"}],"about":[{"href":"https:\/\/lebenleben.de\/wunderland\/wp-json\/wp\/v2\/types\/page"}],"author":[{"embeddable":true,"href":"https:\/\/lebenleben.de\/wunderland\/wp-json\/wp\/v2\/users\/15"}],"replies":[{"embeddable":true,"href":"https:\/\/lebenleben.de\/wunderland\/wp-json\/wp\/v2\/comments?post=23"}],"version-history":[{"count":30,"href":"https:\/\/lebenleben.de\/wunderland\/wp-json\/wp\/v2\/pages\/23\/revisions"}],"predecessor-version":[{"id":15313,"href":"https:\/\/lebenleben.de\/wunderland\/wp-json\/wp\/v2\/pages\/23\/revisions\/15313"}],"up":[{"embeddable":true,"href":"https:\/\/lebenleben.de\/wunderland\/wp-json\/wp\/v2\/pages\/16"}],"wp:featuredmedia":[{"embeddable":true,"href":"https:\/\/lebenleben.de\/wunderland\/wp-json\/wp\/v2\/media\/164"}],"wp:attachment":[{"href":"https:\/\/lebenleben.de\/wunderland\/wp-json\/wp\/v2\/media?parent=23"}],"curies":[{"name":"wp","href":"https:\/\/api.w.org\/{rel}","templated":true}]}}