{"id":25,"date":"2021-01-22T15:38:48","date_gmt":"2021-01-22T14:38:48","guid":{"rendered":"https:\/\/lebenleben.de\/wunderland\/?page_id=25"},"modified":"2026-02-09T13:59:35","modified_gmt":"2026-02-09T12:59:35","slug":"sprachheilkindergarten","status":"publish","type":"page","link":"https:\/\/lebenleben.de\/wunderland\/wunderland-uelzen\/sprachheilkindergarten\/","title":{"rendered":"Sprachheilkindergarten"},"content":{"rendered":"\n<div id=\"llimageslider-block_114fa50f7f8a78aa4297798a633a7f2e\" class=\"block-llimageslider llimageslider alignwide\">\n\n    \n\t\t<div class=\"llimageslider-slider\" data-slick='{\"autoplaySpeed\": 5000}'>\n\t\t\t\t\t\t\t<div class=\"single-slide-wrapper slide-1\">\n\t\t\t\t\t<img loading=\"lazy\" decoding=\"async\" width=\"1400\" height=\"440\" src=\"https:\/\/lebenleben.de\/wunderland\/wp-content\/uploads\/sites\/9\/2024\/05\/ll_header_slider_image_1400x560_0002_IMG_1446-1400x440-1.jpg\" class=\"single-slide-image slider-desktop-image\" alt=\"\" srcset=\"https:\/\/lebenleben.de\/wunderland\/wp-content\/uploads\/sites\/9\/2024\/05\/ll_header_slider_image_1400x560_0002_IMG_1446-1400x440-1.jpg 1400w, https:\/\/lebenleben.de\/wunderland\/wp-content\/uploads\/sites\/9\/2024\/05\/ll_header_slider_image_1400x560_0002_IMG_1446-1400x440-1-300x94.jpg 300w, https:\/\/lebenleben.de\/wunderland\/wp-content\/uploads\/sites\/9\/2024\/05\/ll_header_slider_image_1400x560_0002_IMG_1446-1400x440-1-1024x322.jpg 1024w, https:\/\/lebenleben.de\/wunderland\/wp-content\/uploads\/sites\/9\/2024\/05\/ll_header_slider_image_1400x560_0002_IMG_1446-1400x440-1-768x241.jpg 768w\" sizes=\"auto, (max-width: 1400px) 100vw, 1400px\" \/>          <img loading=\"lazy\" decoding=\"async\" width=\"1000\" height=\"314\" src=\"https:\/\/lebenleben.de\/wunderland\/wp-content\/uploads\/sites\/9\/2024\/05\/ll_header_slider_image_1400x560_0002_IMG_1446-1400x440-1-1024x322.jpg\" class=\"single-slide-image slider-mobile-image\" alt=\"\" srcset=\"https:\/\/lebenleben.de\/wunderland\/wp-content\/uploads\/sites\/9\/2024\/05\/ll_header_slider_image_1400x560_0002_IMG_1446-1400x440-1-1024x322.jpg 1024w, https:\/\/lebenleben.de\/wunderland\/wp-content\/uploads\/sites\/9\/2024\/05\/ll_header_slider_image_1400x560_0002_IMG_1446-1400x440-1-300x94.jpg 300w, https:\/\/lebenleben.de\/wunderland\/wp-content\/uploads\/sites\/9\/2024\/05\/ll_header_slider_image_1400x560_0002_IMG_1446-1400x440-1-768x241.jpg 768w, https:\/\/lebenleben.de\/wunderland\/wp-content\/uploads\/sites\/9\/2024\/05\/ll_header_slider_image_1400x560_0002_IMG_1446-1400x440-1.jpg 1400w\" sizes=\"auto, (max-width: 1000px) 100vw, 1000px\" \/>\n                    <div class=\"single-slide-text\">\n          <h2>Wunderland Uelzen<\/h2><h3>Sprachheilkindergarten<\/h3>                  <\/div>\n        \n\t\t\t\t<\/div>\n\t\t\t\t\t<\/div>\n\t  <script>\n    jQuery(document).ready(function() {\n        jQuery('.llimageslider-slider').slick({\n          dots: true,\n          infinite: true,\n          speed: 1000,\n          autoplay: true,\n          adaptiveHeight: true,\n          slidesToShow: 1,\n          fade: true,\n          focusOnSelect: true\n        });\n    });\n    <\/script>\n<\/div>\n\n\n\n<p>Kinder ab dem 4. Lebensjahr mit einer nicht altersgem\u00e4\u00dfen Sprachentwicklung oder Sprachauff\u00e4lligkeiten werden im Sprachheilkindergarten des Wunderlands Uelzen besonders unterst\u00fctzt. Bei einer Gruppengr\u00f6\u00dfe von acht Kindern widmen wir uns hier ganz gezielt Sprachentwicklungsst\u00f6rungen bzw. -verz\u00f6gerungen und tragen so wesentlich zu einer altersgerechten Weiterentwicklung des Kindes bei. Zus\u00e4tzlich kooperieren wir eng mit Therapeut:innen und Psycholog:innen &#8211; innerhalb und au\u00dferhalb der Unternehmensgruppe.<\/p>\n\n\n\n<p>Der Sprachheilkindergarten befindet sich in der Von-Estorff-Stra\u00dfe 5\u20139. Weitere Informationen zum Angebot finden Sie in unserem aktuellen <a href=\"https:\/\/lebenleben.de\/wunderland\/wp-content\/uploads\/sites\/9\/2022\/07\/Flyer_Sprachheilkindergarten.pdf\" target=\"_blank\" rel=\"noreferrer noopener\">Flyer<\/a>.<\/p>\n\n\n\n<div style=\"height:25px\" aria-hidden=\"true\" class=\"wp-block-spacer\"><\/div>\n\n\n\n<figure id=\"video\" class=\"wp-block-video\"><video controls poster=\"https:\/\/lebenleben.de\/wunderland\/wp-content\/uploads\/sites\/9\/2023\/08\/ll_spraki_elternfilm_thumb.jpg\" src=\"https:\/\/lebenleben.de\/wunderland\/wp-content\/uploads\/sites\/9\/video\/ll_Elternfilm_SpraKi_web-2.mp4\"><\/video><figcaption class=\"wp-element-caption\">Sprachheilkindergarten Wunderland Uelzen<\/figcaption><\/figure>\n\n\n\n<div style=\"height:50px\" aria-hidden=\"true\" class=\"wp-block-spacer\"><\/div>\n\n\n\n<div class=\"wp-block-columns is-layout-flex wp-container-core-columns-is-layout-9d6595d7 wp-block-columns-is-layout-flex\">\n<div class=\"wp-block-column is-layout-flow wp-block-column-is-layout-flow\" style=\"flex-basis:45%\">\n<h3 class=\"wp-block-heading\">Sprachheilkindergarten Uelzen<\/h3>\n\n\n\n<p>Von-Estorff-Stra\u00dfe 5\u20139<br>29525 Uelzen<br><br><strong>Antje Fischer<br><\/strong>Telefon: <a href=\"tel:+4958188542290\"><a href=\"tel:05819716670\">0581 97166<\/a><\/a><a href=\"tel:+495819716670\">&#8211;<\/a><a href=\"tel:+4958188542290\"><a href=\"tel:05819716670\">70<\/a><\/a><br>E-Mail: <a href=\"mailto:antje.fischer@lebenleben.de\"><a href=\"javascript:;\">antje.fischer@lebenleben.de<\/a><\/a><br><br><\/p>\n<\/div>\n\n\n\n<div class=\"wp-block-column is-layout-flow wp-block-column-is-layout-flow\" style=\"flex-basis:55%\">\n <div class=\"brlbs-cmpnt-container brlbs-cmpnt-content-blocker brlbs-cmpnt-with-individual-styles\" data-borlabs-cookie-content-blocker-id=\"google-maps\" data-borlabs-cookie-content=\"PGlmcmFtZSBzcmM9Imh0dHBzOi8vd3d3Lmdvb2dsZS5jb20vbWFwcy9lbWJlZD9wYj0hMW0xOCExbTEyITFtMyExZDE2OTkuNDIyMzc0MTAwNzI0ITJkMTAuNTQzNDIzNjQ4ODEwNjMzITNkNTIuOTYwMTg2ODE3NjAwMjk1ITJtMyExZjAhMmYwITNmMCEzbTIhMWkxMDI0ITJpNzY4ITRmMTMuMSEzbTMhMW0yITFzMHg0N2FlMmI3YTE4ZGEyYjFiJTNBMHgxYzljMWE4NDQ4ZDQ3ZmQ5ITJzSGVpbHAlQzMlQTRkYWdvZ2lzY2hlciUyMHVuZCUyMFNwcmFjaGhlaWxraW5kZXJnYXJ0ZW4lMjBXdW5kZXJsYW5kITVlMCEzbTIhMXNkZSEyc2RlITR2MTc3MDI3ODUyNjM2OSE1bTIhMXNkZSEyc2RlIiB3aWR0aD0iMTAwJSIgaGVpZ2h0PSIyMDAiIHN0eWxlPSJib3JkZXI6MDsiIGFsbG93ZnVsbHNjcmVlbj0iIiBsb2FkaW5nPSJsYXp5IiByZWZlcnJlcnBvbGljeT0ibm8tcmVmZXJyZXItd2hlbi1kb3duZ3JhZGUiPjwvaWZyYW1lPg==\"><div class=\"brlbs-cmpnt-cb-preset-b brlbs-cmpnt-cb-google-maps\"> <div class=\"brlbs-cmpnt-cb-thumbnail\" style=\"background-image: url('https:\/\/lebenleben.de\/wunderland\/wp-content\/uploads\/borlabs-cookie\/9\/brlbs-cb-google-maps-main.png')\"><\/div> <div class=\"brlbs-cmpnt-cb-main\"> <div class=\"brlbs-cmpnt-cb-content\"> <p class=\"brlbs-cmpnt-cb-description\">Sie sehen gerade einen Platzhalterinhalt von <strong>Google Maps<\/strong>. Um auf den eigentlichen Inhalt zuzugreifen, klicken Sie auf die Schaltfl\u00e4che unten. Bitte beachten Sie, dass dabei Daten an Drittanbieter weitergegeben werden.<\/p> <a class=\"brlbs-cmpnt-cb-provider-toggle\" href=\"#\" data-borlabs-cookie-show-provider-information role=\"button\">Mehr Informationen<\/a> <\/div> <div class=\"brlbs-cmpnt-cb-buttons\"> <a class=\"brlbs-cmpnt-cb-btn\" href=\"#\" data-borlabs-cookie-unblock role=\"button\">Inhalt entsperren<\/a> <a class=\"brlbs-cmpnt-cb-btn\" href=\"#\" data-borlabs-cookie-accept-service role=\"button\" style=\"display: inherit\">Erforderlichen Service akzeptieren und Inhalte entsperren<\/a> <\/div> <\/div> <\/div><\/div>\n<\/div>\n<\/div>\n\n\n\n<div style=\"height:25px\" aria-hidden=\"true\" class=\"wp-block-spacer\"><\/div>\n","protected":false},"excerpt":{"rendered":"<p>Kinder ab dem 4. Lebensjahr mit einer nicht altersgem\u00e4\u00dfen Sprachentwicklung oder Sprachauff\u00e4lligkeiten werden im Sprachheilkindergarten des Wunderlands Uelzen besonders unterst\u00fctzt.<\/p>\n","protected":false},"author":1,"featured_media":161,"parent":16,"menu_order":30,"comment_status":"closed","ping_status":"closed","template":"page-templates\/page-fullscreen.php","meta":{"_acf_changed":false,"footnotes":""},"class_list":["post-25","page","type-page","status-publish","has-post-thumbnail","hentry"],"acf":[],"yoast_head":"<!-- This site is optimized with the Yoast SEO plugin v27.3 - https:\/\/yoast.com\/product\/yoast-seo-wordpress\/ -->\n<title>Sprachheilkindergarten in Uelzen<\/title>\n<meta name=\"description\" content=\"Im Sprachheilkindergarten Uelzen werden Kinder ab 4 Jahren mit einer nicht altersgem\u00e4\u00dfen Sprachentwicklung und Sprachauff\u00e4lligkeiten individuell gef\u00f6rdert.\" \/>\n<meta name=\"robots\" content=\"index, follow, max-snippet:-1, max-image-preview:large, max-video-preview:-1\" \/>\n<link rel=\"canonical\" href=\"https:\/\/lebenleben.de\/wunderland\/wunderland-uelzen\/sprachheilkindergarten\/\" \/>\n<meta property=\"og:locale\" content=\"de_DE\" \/>\n<meta property=\"og:type\" content=\"article\" \/>\n<meta property=\"og:title\" content=\"Sprachheilkindergarten in Uelzen\" \/>\n<meta property=\"og:description\" content=\"Im Sprachheilkindergarten Uelzen werden Kinder ab 4 Jahren mit einer nicht altersgem\u00e4\u00dfen Sprachentwicklung und Sprachauff\u00e4lligkeiten individuell gef\u00f6rdert.\" \/>\n<meta property=\"og:url\" content=\"https:\/\/lebenleben.de\/wunderland\/wunderland-uelzen\/sprachheilkindergarten\/\" \/>\n<meta property=\"og:site_name\" content=\"Leben leben Wunderland\" \/>\n<meta property=\"article:modified_time\" content=\"2026-02-09T12:59:35+00:00\" \/>\n<meta property=\"og:image\" content=\"https:\/\/lebenleben.de\/wunderland\/wp-content\/uploads\/sites\/9\/2021\/04\/ll_header_slider_image_1400x560_0002_IMG_1446.jpg\" \/>\n\t<meta property=\"og:image:width\" content=\"1400\" \/>\n\t<meta property=\"og:image:height\" content=\"560\" \/>\n\t<meta property=\"og:image:type\" content=\"image\/jpeg\" \/>\n<meta name=\"twitter:card\" content=\"summary_large_image\" \/>\n<meta name=\"twitter:label1\" content=\"Gesch\u00e4tzte Lesezeit\" \/>\n\t<meta name=\"twitter:data1\" content=\"1\u00a0Minute\" \/>\n<script type=\"application\/ld+json\" class=\"yoast-schema-graph\">{\"@context\":\"https:\\\/\\\/schema.org\",\"@graph\":[{\"@type\":\"WebPage\",\"@id\":\"https:\\\/\\\/lebenleben.de\\\/wunderland\\\/wunderland-uelzen\\\/sprachheilkindergarten\\\/\",\"url\":\"https:\\\/\\\/lebenleben.de\\\/wunderland\\\/wunderland-uelzen\\\/sprachheilkindergarten\\\/\",\"name\":\"Sprachheilkindergarten in Uelzen\",\"isPartOf\":{\"@id\":\"https:\\\/\\\/lebenleben.de\\\/wunderland\\\/#website\"},\"primaryImageOfPage\":{\"@id\":\"https:\\\/\\\/lebenleben.de\\\/wunderland\\\/wunderland-uelzen\\\/sprachheilkindergarten\\\/#primaryimage\"},\"image\":{\"@id\":\"https:\\\/\\\/lebenleben.de\\\/wunderland\\\/wunderland-uelzen\\\/sprachheilkindergarten\\\/#primaryimage\"},\"thumbnailUrl\":\"https:\\\/\\\/lebenleben.de\\\/wunderland\\\/wp-content\\\/uploads\\\/sites\\\/9\\\/2021\\\/04\\\/ll_header_slider_image_1400x560_0002_IMG_1446.jpg\",\"datePublished\":\"2021-01-22T14:38:48+00:00\",\"dateModified\":\"2026-02-09T12:59:35+00:00\",\"description\":\"Im Sprachheilkindergarten Uelzen werden Kinder ab 4 Jahren mit einer nicht altersgem\u00e4\u00dfen Sprachentwicklung und Sprachauff\u00e4lligkeiten individuell gef\u00f6rdert.\",\"breadcrumb\":{\"@id\":\"https:\\\/\\\/lebenleben.de\\\/wunderland\\\/wunderland-uelzen\\\/sprachheilkindergarten\\\/#breadcrumb\"},\"inLanguage\":\"de\",\"potentialAction\":[{\"@type\":\"ReadAction\",\"target\":[\"https:\\\/\\\/lebenleben.de\\\/wunderland\\\/wunderland-uelzen\\\/sprachheilkindergarten\\\/\"]}]},{\"@type\":\"ImageObject\",\"inLanguage\":\"de\",\"@id\":\"https:\\\/\\\/lebenleben.de\\\/wunderland\\\/wunderland-uelzen\\\/sprachheilkindergarten\\\/#primaryimage\",\"url\":\"https:\\\/\\\/lebenleben.de\\\/wunderland\\\/wp-content\\\/uploads\\\/sites\\\/9\\\/2021\\\/04\\\/ll_header_slider_image_1400x560_0002_IMG_1446.jpg\",\"contentUrl\":\"https:\\\/\\\/lebenleben.de\\\/wunderland\\\/wp-content\\\/uploads\\\/sites\\\/9\\\/2021\\\/04\\\/ll_header_slider_image_1400x560_0002_IMG_1446.jpg\",\"width\":1400,\"height\":560},{\"@type\":\"BreadcrumbList\",\"@id\":\"https:\\\/\\\/lebenleben.de\\\/wunderland\\\/wunderland-uelzen\\\/sprachheilkindergarten\\\/#breadcrumb\",\"itemListElement\":[{\"@type\":\"ListItem\",\"position\":1,\"name\":\"Startseite\",\"item\":\"https:\\\/\\\/lebenleben.de\\\/wunderland\\\/\"},{\"@type\":\"ListItem\",\"position\":2,\"name\":\"Wunderland Uelzen\",\"item\":\"https:\\\/\\\/lebenleben.de\\\/wunderland\\\/wunderland-uelzen\\\/\"},{\"@type\":\"ListItem\",\"position\":3,\"name\":\"Sprachheilkindergarten\"}]},{\"@type\":\"WebSite\",\"@id\":\"https:\\\/\\\/lebenleben.de\\\/wunderland\\\/#website\",\"url\":\"https:\\\/\\\/lebenleben.de\\\/wunderland\\\/\",\"name\":\"Leben leben Wunderland\",\"description\":\"Eine weitere Leben Leben Netzwerk Website\",\"publisher\":{\"@id\":\"https:\\\/\\\/lebenleben.de\\\/wunderland\\\/#organization\"},\"potentialAction\":[{\"@type\":\"SearchAction\",\"target\":{\"@type\":\"EntryPoint\",\"urlTemplate\":\"https:\\\/\\\/lebenleben.de\\\/wunderland\\\/?s={search_term_string}\"},\"query-input\":{\"@type\":\"PropertyValueSpecification\",\"valueRequired\":true,\"valueName\":\"search_term_string\"}}],\"inLanguage\":\"de\"},{\"@type\":\"Organization\",\"@id\":\"https:\\\/\\\/lebenleben.de\\\/wunderland\\\/#organization\",\"name\":\"Leben leben Wunderland\",\"url\":\"https:\\\/\\\/lebenleben.de\\\/wunderland\\\/\",\"logo\":{\"@type\":\"ImageObject\",\"inLanguage\":\"de\",\"@id\":\"https:\\\/\\\/lebenleben.de\\\/wunderland\\\/#\\\/schema\\\/logo\\\/image\\\/\",\"url\":\"https:\\\/\\\/lebenleben.de\\\/wunderland\\\/wp-content\\\/uploads\\\/sites\\\/9\\\/2021\\\/01\\\/ll_favicon-green.png\",\"contentUrl\":\"https:\\\/\\\/lebenleben.de\\\/wunderland\\\/wp-content\\\/uploads\\\/sites\\\/9\\\/2021\\\/01\\\/ll_favicon-green.png\",\"width\":501,\"height\":501,\"caption\":\"Leben leben Wunderland\"},\"image\":{\"@id\":\"https:\\\/\\\/lebenleben.de\\\/wunderland\\\/#\\\/schema\\\/logo\\\/image\\\/\"}}]}<\/script>\n<!-- \/ Yoast SEO plugin. -->","yoast_head_json":{"title":"Sprachheilkindergarten in Uelzen","description":"Im Sprachheilkindergarten Uelzen werden Kinder ab 4 Jahren mit einer nicht altersgem\u00e4\u00dfen Sprachentwicklung und Sprachauff\u00e4lligkeiten individuell gef\u00f6rdert.","robots":{"index":"index","follow":"follow","max-snippet":"max-snippet:-1","max-image-preview":"max-image-preview:large","max-video-preview":"max-video-preview:-1"},"canonical":"https:\/\/lebenleben.de\/wunderland\/wunderland-uelzen\/sprachheilkindergarten\/","og_locale":"de_DE","og_type":"article","og_title":"Sprachheilkindergarten in Uelzen","og_description":"Im Sprachheilkindergarten Uelzen werden Kinder ab 4 Jahren mit einer nicht altersgem\u00e4\u00dfen Sprachentwicklung und Sprachauff\u00e4lligkeiten individuell gef\u00f6rdert.","og_url":"https:\/\/lebenleben.de\/wunderland\/wunderland-uelzen\/sprachheilkindergarten\/","og_site_name":"Leben leben Wunderland","article_modified_time":"2026-02-09T12:59:35+00:00","og_image":[{"width":1400,"height":560,"url":"https:\/\/lebenleben.de\/wunderland\/wp-content\/uploads\/sites\/9\/2021\/04\/ll_header_slider_image_1400x560_0002_IMG_1446.jpg","type":"image\/jpeg"}],"twitter_card":"summary_large_image","twitter_misc":{"Gesch\u00e4tzte Lesezeit":"1\u00a0Minute"},"schema":{"@context":"https:\/\/schema.org","@graph":[{"@type":"WebPage","@id":"https:\/\/lebenleben.de\/wunderland\/wunderland-uelzen\/sprachheilkindergarten\/","url":"https:\/\/lebenleben.de\/wunderland\/wunderland-uelzen\/sprachheilkindergarten\/","name":"Sprachheilkindergarten in Uelzen","isPartOf":{"@id":"https:\/\/lebenleben.de\/wunderland\/#website"},"primaryImageOfPage":{"@id":"https:\/\/lebenleben.de\/wunderland\/wunderland-uelzen\/sprachheilkindergarten\/#primaryimage"},"image":{"@id":"https:\/\/lebenleben.de\/wunderland\/wunderland-uelzen\/sprachheilkindergarten\/#primaryimage"},"thumbnailUrl":"https:\/\/lebenleben.de\/wunderland\/wp-content\/uploads\/sites\/9\/2021\/04\/ll_header_slider_image_1400x560_0002_IMG_1446.jpg","datePublished":"2021-01-22T14:38:48+00:00","dateModified":"2026-02-09T12:59:35+00:00","description":"Im Sprachheilkindergarten Uelzen werden Kinder ab 4 Jahren mit einer nicht altersgem\u00e4\u00dfen Sprachentwicklung und Sprachauff\u00e4lligkeiten individuell gef\u00f6rdert.","breadcrumb":{"@id":"https:\/\/lebenleben.de\/wunderland\/wunderland-uelzen\/sprachheilkindergarten\/#breadcrumb"},"inLanguage":"de","potentialAction":[{"@type":"ReadAction","target":["https:\/\/lebenleben.de\/wunderland\/wunderland-uelzen\/sprachheilkindergarten\/"]}]},{"@type":"ImageObject","inLanguage":"de","@id":"https:\/\/lebenleben.de\/wunderland\/wunderland-uelzen\/sprachheilkindergarten\/#primaryimage","url":"https:\/\/lebenleben.de\/wunderland\/wp-content\/uploads\/sites\/9\/2021\/04\/ll_header_slider_image_1400x560_0002_IMG_1446.jpg","contentUrl":"https:\/\/lebenleben.de\/wunderland\/wp-content\/uploads\/sites\/9\/2021\/04\/ll_header_slider_image_1400x560_0002_IMG_1446.jpg","width":1400,"height":560},{"@type":"BreadcrumbList","@id":"https:\/\/lebenleben.de\/wunderland\/wunderland-uelzen\/sprachheilkindergarten\/#breadcrumb","itemListElement":[{"@type":"ListItem","position":1,"name":"Startseite","item":"https:\/\/lebenleben.de\/wunderland\/"},{"@type":"ListItem","position":2,"name":"Wunderland Uelzen","item":"https:\/\/lebenleben.de\/wunderland\/wunderland-uelzen\/"},{"@type":"ListItem","position":3,"name":"Sprachheilkindergarten"}]},{"@type":"WebSite","@id":"https:\/\/lebenleben.de\/wunderland\/#website","url":"https:\/\/lebenleben.de\/wunderland\/","name":"Leben leben Wunderland","description":"Eine weitere Leben Leben Netzwerk Website","publisher":{"@id":"https:\/\/lebenleben.de\/wunderland\/#organization"},"potentialAction":[{"@type":"SearchAction","target":{"@type":"EntryPoint","urlTemplate":"https:\/\/lebenleben.de\/wunderland\/?s={search_term_string}"},"query-input":{"@type":"PropertyValueSpecification","valueRequired":true,"valueName":"search_term_string"}}],"inLanguage":"de"},{"@type":"Organization","@id":"https:\/\/lebenleben.de\/wunderland\/#organization","name":"Leben leben Wunderland","url":"https:\/\/lebenleben.de\/wunderland\/","logo":{"@type":"ImageObject","inLanguage":"de","@id":"https:\/\/lebenleben.de\/wunderland\/#\/schema\/logo\/image\/","url":"https:\/\/lebenleben.de\/wunderland\/wp-content\/uploads\/sites\/9\/2021\/01\/ll_favicon-green.png","contentUrl":"https:\/\/lebenleben.de\/wunderland\/wp-content\/uploads\/sites\/9\/2021\/01\/ll_favicon-green.png","width":501,"height":501,"caption":"Leben leben Wunderland"},"image":{"@id":"https:\/\/lebenleben.de\/wunderland\/#\/schema\/logo\/image\/"}}]}},"_links":{"self":[{"href":"https:\/\/lebenleben.de\/wunderland\/wp-json\/wp\/v2\/pages\/25","targetHints":{"allow":["GET"]}}],"collection":[{"href":"https:\/\/lebenleben.de\/wunderland\/wp-json\/wp\/v2\/pages"}],"about":[{"href":"https:\/\/lebenleben.de\/wunderland\/wp-json\/wp\/v2\/types\/page"}],"author":[{"embeddable":true,"href":"https:\/\/lebenleben.de\/wunderland\/wp-json\/wp\/v2\/users\/1"}],"replies":[{"embeddable":true,"href":"https:\/\/lebenleben.de\/wunderland\/wp-json\/wp\/v2\/comments?post=25"}],"version-history":[{"count":22,"href":"https:\/\/lebenleben.de\/wunderland\/wp-json\/wp\/v2\/pages\/25\/revisions"}],"predecessor-version":[{"id":15408,"href":"https:\/\/lebenleben.de\/wunderland\/wp-json\/wp\/v2\/pages\/25\/revisions\/15408"}],"up":[{"embeddable":true,"href":"https:\/\/lebenleben.de\/wunderland\/wp-json\/wp\/v2\/pages\/16"}],"wp:featuredmedia":[{"embeddable":true,"href":"https:\/\/lebenleben.de\/wunderland\/wp-json\/wp\/v2\/media\/161"}],"wp:attachment":[{"href":"https:\/\/lebenleben.de\/wunderland\/wp-json\/wp\/v2\/media?parent=25"}],"curies":[{"name":"wp","href":"https:\/\/api.w.org\/{rel}","templated":true}]}}