{"id":29,"date":"2021-01-22T15:39:30","date_gmt":"2021-01-22T14:39:30","guid":{"rendered":"https:\/\/lebenleben.de\/wunderland\/?page_id=29"},"modified":"2026-02-09T13:40:43","modified_gmt":"2026-02-09T12:40:43","slug":"kita-dannenberg","status":"publish","type":"page","link":"https:\/\/lebenleben.de\/wunderland\/wunderland-dannenberg\/kita-dannenberg\/","title":{"rendered":"Kita Dannenberg"},"content":{"rendered":"\n<div id=\"llimageslider-block_5378365e0016b5d2c4d7897334345957\" class=\"block-llimageslider llimageslider alignwide\">\n\n    \n\t\t<div class=\"llimageslider-slider\" data-slick='{\"autoplaySpeed\": 5000}'>\n\t\t\t\t\t\t\t<div class=\"single-slide-wrapper slide-1\">\n\t\t\t\t\t<img loading=\"lazy\" decoding=\"async\" width=\"1400\" height=\"440\" src=\"https:\/\/lebenleben.de\/wunderland\/wp-content\/uploads\/sites\/9\/2024\/05\/ll_header_slider_image_1400x560_0001_IMG_5382-1400x440-1.jpg\" class=\"single-slide-image slider-desktop-image\" alt=\"\" srcset=\"https:\/\/lebenleben.de\/wunderland\/wp-content\/uploads\/sites\/9\/2024\/05\/ll_header_slider_image_1400x560_0001_IMG_5382-1400x440-1.jpg 1400w, https:\/\/lebenleben.de\/wunderland\/wp-content\/uploads\/sites\/9\/2024\/05\/ll_header_slider_image_1400x560_0001_IMG_5382-1400x440-1-300x94.jpg 300w, https:\/\/lebenleben.de\/wunderland\/wp-content\/uploads\/sites\/9\/2024\/05\/ll_header_slider_image_1400x560_0001_IMG_5382-1400x440-1-1024x322.jpg 1024w, https:\/\/lebenleben.de\/wunderland\/wp-content\/uploads\/sites\/9\/2024\/05\/ll_header_slider_image_1400x560_0001_IMG_5382-1400x440-1-768x241.jpg 768w\" sizes=\"auto, (max-width: 1400px) 100vw, 1400px\" \/>          <img loading=\"lazy\" decoding=\"async\" width=\"1000\" height=\"314\" src=\"https:\/\/lebenleben.de\/wunderland\/wp-content\/uploads\/sites\/9\/2024\/05\/ll_header_slider_image_1400x560_0001_IMG_5382-1400x440-1-1024x322.jpg\" class=\"single-slide-image slider-mobile-image\" alt=\"\" srcset=\"https:\/\/lebenleben.de\/wunderland\/wp-content\/uploads\/sites\/9\/2024\/05\/ll_header_slider_image_1400x560_0001_IMG_5382-1400x440-1-1024x322.jpg 1024w, https:\/\/lebenleben.de\/wunderland\/wp-content\/uploads\/sites\/9\/2024\/05\/ll_header_slider_image_1400x560_0001_IMG_5382-1400x440-1-300x94.jpg 300w, https:\/\/lebenleben.de\/wunderland\/wp-content\/uploads\/sites\/9\/2024\/05\/ll_header_slider_image_1400x560_0001_IMG_5382-1400x440-1-768x241.jpg 768w, https:\/\/lebenleben.de\/wunderland\/wp-content\/uploads\/sites\/9\/2024\/05\/ll_header_slider_image_1400x560_0001_IMG_5382-1400x440-1.jpg 1400w\" sizes=\"auto, (max-width: 1000px) 100vw, 1000px\" \/>\n                    <div class=\"single-slide-text\">\n          <h2>Kita Wunderland Dannenberg<\/h2><h3>Krippe und Kindergarten<\/h3>                  <\/div>\n        \n\t\t\t\t<\/div>\n\t\t\t\t\t<\/div>\n\t  <script>\n    jQuery(document).ready(function() {\n        jQuery('.llimageslider-slider').slick({\n          dots: true,\n          infinite: true,\n          speed: 1000,\n          autoplay: true,\n          adaptiveHeight: true,\n          slidesToShow: 1,\n          fade: true,\n          focusOnSelect: true\n        });\n    });\n    <\/script>\n<\/div>\n\n\n\n<p>In unserer integrativen Kindertagesst\u00e4tte in Dannenberg, kurz Kita Dannenberg genannt, sind Kinder von 0 bis 6 Jahren willkommen! Wir bieten ihnen die M\u00f6glichkeit, sich in ihren ersten Lebensjahren in einem sicheren Umfeld mit festen Bezugspersonen zu einer ganz eigenen Pers\u00f6nlichkeit zu entwickeln.<\/p>\n\n\n\n<p>In einer Krippen- und zwei Kindergartengruppen bieten wir Raum f\u00fcr die individuelle und altersgerechte Entwicklung und k\u00f6nnen so eine dauerhafte Betreuung vom S\u00e4uglingsalter bis zur Einschulung gew\u00e4hrleisten. Wir sind eine integrative Kindertagesst\u00e4tte, sodass Kinder mit und ohne Beeintr\u00e4chtigung bzw. besonderem Unterst\u00fctzungsbedarf zusammen aufwachsen. Durch die kleineren Gruppengr\u00f6\u00dfen k\u00f6nnen wir dem individuellen F\u00f6rderbedarf gerecht werden, ein Vorteil auch f\u00fcr Kinder ohne Beeintr\u00e4chtigung, die zudem die Chance haben, sich dank der allt\u00e4glichen Auseinandersetzung mit dem \u201eAnderssein\u201c zu verantwortungsvollen und wertfreien Pers\u00f6nlichkeiten entwickeln.<\/p>\n\n\n\n<p>Schauen Sie gern mal bei uns vorbei, und \u00fcberzeugen Sie sich vor Ort von den M\u00f6glichkeiten in unserer \u201ebunten Villa\u201c!<\/p>\n\n\n\n<div style=\"height:50px\" aria-hidden=\"true\" class=\"wp-block-spacer\"><\/div>\n\n\n\n<div class=\"wp-block-columns is-layout-flex wp-container-core-columns-is-layout-9d6595d7 wp-block-columns-is-layout-flex\">\n<div class=\"wp-block-column is-layout-flow wp-block-column-is-layout-flow\" style=\"flex-basis:45%\">\n<h3 class=\"wp-block-heading\">KiTa Wunderland Dannenberg<\/h3>\n\n\n\n<p>Querdeich 1<br>29451 Dannenberg (Elbe)<br><br><strong>Juliane Tobias<\/strong><br>Telefon: <a href=\"tel:+4958188542290\">0581 8854-2290<\/a><br>E-Mail: <a href=\"mailto:juliane.tobias@lebenleben.de\">juliane.tobias@lebenleben.de<\/a><br><br><\/p>\n<\/div>\n\n\n\n<div class=\"wp-block-column is-layout-flow wp-block-column-is-layout-flow\" style=\"flex-basis:55%\">\n <div class=\"brlbs-cmpnt-container brlbs-cmpnt-content-blocker brlbs-cmpnt-with-individual-styles\" data-borlabs-cookie-content-blocker-id=\"google-maps\" data-borlabs-cookie-content=\"PGlmcmFtZSBzcmM9Imh0dHBzOi8vd3d3Lmdvb2dsZS5jb20vbWFwcy9lbWJlZD9wYj0hMW0xOCExbTEyITFtMyExZDQ3OTEuNjMwMTg5NjY1NDA3ITJkMTEuMDk1ODcyNCEzZDUzLjA5NTU1NTchMm0zITFmMCEyZjAhM2YwITNtMiExaTEwMjQhMmk3NjghNGYxMy4xITNtMyExbTIhMXMweDQ3YWU0NDI5OTlhZWY5MjclM0EweGU1MDIzNWJjZmZmMDcxNDEhMnNLaXRhJTIwV3VuZGVybGFuZCE1ZTAhM20yITFzZGUhMnNkZSE0djE3NzAyNzgxMzYyNjghNW0yITFzZGUhMnNkZSIgd2lkdGg9IjEwMCUiIGhlaWdodD0iMjAwIiBzdHlsZT0iYm9yZGVyOjA7IiBhbGxvd2Z1bGxzY3JlZW49IiIgbG9hZGluZz0ibGF6eSIgcmVmZXJyZXJwb2xpY3k9Im5vLXJlZmVycmVyLXdoZW4tZG93bmdyYWRlIj48L2lmcmFtZT4=\"><div class=\"brlbs-cmpnt-cb-preset-b brlbs-cmpnt-cb-google-maps\"> <div class=\"brlbs-cmpnt-cb-thumbnail\" style=\"background-image: url('https:\/\/lebenleben.de\/wunderland\/wp-content\/uploads\/borlabs-cookie\/9\/brlbs-cb-google-maps-main.png')\"><\/div> <div class=\"brlbs-cmpnt-cb-main\"> <div class=\"brlbs-cmpnt-cb-content\"> <p class=\"brlbs-cmpnt-cb-description\">Sie sehen gerade einen Platzhalterinhalt von <strong>Google Maps<\/strong>. Um auf den eigentlichen Inhalt zuzugreifen, klicken Sie auf die Schaltfl\u00e4che unten. Bitte beachten Sie, dass dabei Daten an Drittanbieter weitergegeben werden.<\/p> <a class=\"brlbs-cmpnt-cb-provider-toggle\" href=\"#\" data-borlabs-cookie-show-provider-information role=\"button\">Mehr Informationen<\/a> <\/div> <div class=\"brlbs-cmpnt-cb-buttons\"> <a class=\"brlbs-cmpnt-cb-btn\" href=\"#\" data-borlabs-cookie-unblock role=\"button\">Inhalt entsperren<\/a> <a class=\"brlbs-cmpnt-cb-btn\" href=\"#\" data-borlabs-cookie-accept-service role=\"button\" style=\"display: inherit\">Erforderlichen Service akzeptieren und Inhalte entsperren<\/a> <\/div> <\/div> <\/div><\/div>\n<\/div>\n<\/div>\n\n\n\n<div style=\"height:25px\" aria-hidden=\"true\" class=\"wp-block-spacer\"><\/div>\n","protected":false},"excerpt":{"rendered":"<p>In unserer integrativen Kindertagesst\u00e4tte in Dannenberg, kurz Kita Dannenberg genannt, sind Kinder von 0 bis 6 Jahren willkommen! Wir bieten ihnen die M\u00f6glichkeit, sich in ihren ersten Lebensjahren in einem sicheren Umfeld mit festen Bezugspersonen zu einer ganz eigenen Pers\u00f6nlichkeit zu entwickeln.<\/p>\n","protected":false},"author":1,"featured_media":160,"parent":17,"menu_order":0,"comment_status":"closed","ping_status":"closed","template":"page-templates\/page-fullscreen.php","meta":{"_acf_changed":false,"footnotes":""},"class_list":["post-29","page","type-page","status-publish","has-post-thumbnail","hentry"],"acf":[],"yoast_head":"<!-- This site is optimized with the Yoast SEO plugin v27.3 - https:\/\/yoast.com\/product\/yoast-seo-wordpress\/ -->\n<title>Kita Wunderland in Dannenberg mit Krippe und Kindergarten<\/title>\n<meta name=\"description\" content=\"Die Kita im Wunderland Dannenberg bietet Pl\u00e4tze f\u00fcr Kinder mit und ohne erh\u00f6hten F\u00f6rderbedarf\" \/>\n<meta name=\"robots\" content=\"index, follow, max-snippet:-1, max-image-preview:large, max-video-preview:-1\" \/>\n<link rel=\"canonical\" href=\"https:\/\/lebenleben.de\/wunderland\/wunderland-dannenberg\/kita-dannenberg\/\" \/>\n<meta property=\"og:locale\" content=\"de_DE\" \/>\n<meta property=\"og:type\" content=\"article\" \/>\n<meta property=\"og:title\" content=\"Kita Wunderland in Dannenberg mit Krippe und Kindergarten\" \/>\n<meta property=\"og:description\" content=\"Die Kita im Wunderland Dannenberg bietet Pl\u00e4tze f\u00fcr Kinder mit und ohne erh\u00f6hten F\u00f6rderbedarf\" \/>\n<meta property=\"og:url\" content=\"https:\/\/lebenleben.de\/wunderland\/wunderland-dannenberg\/kita-dannenberg\/\" \/>\n<meta property=\"og:site_name\" content=\"Leben leben Wunderland\" \/>\n<meta property=\"article:modified_time\" content=\"2026-02-09T12:40:43+00:00\" \/>\n<meta property=\"og:image\" content=\"https:\/\/lebenleben.de\/wunderland\/wp-content\/uploads\/sites\/9\/2021\/04\/ll_header_slider_image_1400x560_0001_IMG_5382.jpg\" \/>\n\t<meta property=\"og:image:width\" content=\"1400\" \/>\n\t<meta property=\"og:image:height\" content=\"560\" \/>\n\t<meta property=\"og:image:type\" content=\"image\/jpeg\" \/>\n<meta name=\"twitter:card\" content=\"summary_large_image\" \/>\n<meta name=\"twitter:label1\" content=\"Gesch\u00e4tzte Lesezeit\" \/>\n\t<meta name=\"twitter:data1\" content=\"2\u00a0Minuten\" \/>\n<script type=\"application\/ld+json\" class=\"yoast-schema-graph\">{\"@context\":\"https:\\\/\\\/schema.org\",\"@graph\":[{\"@type\":\"WebPage\",\"@id\":\"https:\\\/\\\/lebenleben.de\\\/wunderland\\\/wunderland-dannenberg\\\/kita-dannenberg\\\/\",\"url\":\"https:\\\/\\\/lebenleben.de\\\/wunderland\\\/wunderland-dannenberg\\\/kita-dannenberg\\\/\",\"name\":\"Kita Wunderland in Dannenberg mit Krippe und Kindergarten\",\"isPartOf\":{\"@id\":\"https:\\\/\\\/lebenleben.de\\\/wunderland\\\/#website\"},\"primaryImageOfPage\":{\"@id\":\"https:\\\/\\\/lebenleben.de\\\/wunderland\\\/wunderland-dannenberg\\\/kita-dannenberg\\\/#primaryimage\"},\"image\":{\"@id\":\"https:\\\/\\\/lebenleben.de\\\/wunderland\\\/wunderland-dannenberg\\\/kita-dannenberg\\\/#primaryimage\"},\"thumbnailUrl\":\"https:\\\/\\\/lebenleben.de\\\/wunderland\\\/wp-content\\\/uploads\\\/sites\\\/9\\\/2021\\\/04\\\/ll_header_slider_image_1400x560_0001_IMG_5382.jpg\",\"datePublished\":\"2021-01-22T14:39:30+00:00\",\"dateModified\":\"2026-02-09T12:40:43+00:00\",\"description\":\"Die Kita im Wunderland Dannenberg bietet Pl\u00e4tze f\u00fcr Kinder mit und ohne erh\u00f6hten F\u00f6rderbedarf\",\"breadcrumb\":{\"@id\":\"https:\\\/\\\/lebenleben.de\\\/wunderland\\\/wunderland-dannenberg\\\/kita-dannenberg\\\/#breadcrumb\"},\"inLanguage\":\"de\",\"potentialAction\":[{\"@type\":\"ReadAction\",\"target\":[\"https:\\\/\\\/lebenleben.de\\\/wunderland\\\/wunderland-dannenberg\\\/kita-dannenberg\\\/\"]}]},{\"@type\":\"ImageObject\",\"inLanguage\":\"de\",\"@id\":\"https:\\\/\\\/lebenleben.de\\\/wunderland\\\/wunderland-dannenberg\\\/kita-dannenberg\\\/#primaryimage\",\"url\":\"https:\\\/\\\/lebenleben.de\\\/wunderland\\\/wp-content\\\/uploads\\\/sites\\\/9\\\/2021\\\/04\\\/ll_header_slider_image_1400x560_0001_IMG_5382.jpg\",\"contentUrl\":\"https:\\\/\\\/lebenleben.de\\\/wunderland\\\/wp-content\\\/uploads\\\/sites\\\/9\\\/2021\\\/04\\\/ll_header_slider_image_1400x560_0001_IMG_5382.jpg\",\"width\":1400,\"height\":560},{\"@type\":\"BreadcrumbList\",\"@id\":\"https:\\\/\\\/lebenleben.de\\\/wunderland\\\/wunderland-dannenberg\\\/kita-dannenberg\\\/#breadcrumb\",\"itemListElement\":[{\"@type\":\"ListItem\",\"position\":1,\"name\":\"Startseite\",\"item\":\"https:\\\/\\\/lebenleben.de\\\/wunderland\\\/\"},{\"@type\":\"ListItem\",\"position\":2,\"name\":\"Wunderland Dannenberg\",\"item\":\"https:\\\/\\\/lebenleben.de\\\/wunderland\\\/wunderland-dannenberg\\\/\"},{\"@type\":\"ListItem\",\"position\":3,\"name\":\"Kita Dannenberg\"}]},{\"@type\":\"WebSite\",\"@id\":\"https:\\\/\\\/lebenleben.de\\\/wunderland\\\/#website\",\"url\":\"https:\\\/\\\/lebenleben.de\\\/wunderland\\\/\",\"name\":\"Leben leben Wunderland\",\"description\":\"Eine weitere Leben Leben Netzwerk Website\",\"publisher\":{\"@id\":\"https:\\\/\\\/lebenleben.de\\\/wunderland\\\/#organization\"},\"potentialAction\":[{\"@type\":\"SearchAction\",\"target\":{\"@type\":\"EntryPoint\",\"urlTemplate\":\"https:\\\/\\\/lebenleben.de\\\/wunderland\\\/?s={search_term_string}\"},\"query-input\":{\"@type\":\"PropertyValueSpecification\",\"valueRequired\":true,\"valueName\":\"search_term_string\"}}],\"inLanguage\":\"de\"},{\"@type\":\"Organization\",\"@id\":\"https:\\\/\\\/lebenleben.de\\\/wunderland\\\/#organization\",\"name\":\"Leben leben Wunderland\",\"url\":\"https:\\\/\\\/lebenleben.de\\\/wunderland\\\/\",\"logo\":{\"@type\":\"ImageObject\",\"inLanguage\":\"de\",\"@id\":\"https:\\\/\\\/lebenleben.de\\\/wunderland\\\/#\\\/schema\\\/logo\\\/image\\\/\",\"url\":\"https:\\\/\\\/lebenleben.de\\\/wunderland\\\/wp-content\\\/uploads\\\/sites\\\/9\\\/2021\\\/01\\\/ll_favicon-green.png\",\"contentUrl\":\"https:\\\/\\\/lebenleben.de\\\/wunderland\\\/wp-content\\\/uploads\\\/sites\\\/9\\\/2021\\\/01\\\/ll_favicon-green.png\",\"width\":501,\"height\":501,\"caption\":\"Leben leben Wunderland\"},\"image\":{\"@id\":\"https:\\\/\\\/lebenleben.de\\\/wunderland\\\/#\\\/schema\\\/logo\\\/image\\\/\"}}]}<\/script>\n<!-- \/ Yoast SEO plugin. -->","yoast_head_json":{"title":"Kita Wunderland in Dannenberg mit Krippe und Kindergarten","description":"Die Kita im Wunderland Dannenberg bietet Pl\u00e4tze f\u00fcr Kinder mit und ohne erh\u00f6hten F\u00f6rderbedarf","robots":{"index":"index","follow":"follow","max-snippet":"max-snippet:-1","max-image-preview":"max-image-preview:large","max-video-preview":"max-video-preview:-1"},"canonical":"https:\/\/lebenleben.de\/wunderland\/wunderland-dannenberg\/kita-dannenberg\/","og_locale":"de_DE","og_type":"article","og_title":"Kita Wunderland in Dannenberg mit Krippe und Kindergarten","og_description":"Die Kita im Wunderland Dannenberg bietet Pl\u00e4tze f\u00fcr Kinder mit und ohne erh\u00f6hten F\u00f6rderbedarf","og_url":"https:\/\/lebenleben.de\/wunderland\/wunderland-dannenberg\/kita-dannenberg\/","og_site_name":"Leben leben Wunderland","article_modified_time":"2026-02-09T12:40:43+00:00","og_image":[{"width":1400,"height":560,"url":"https:\/\/lebenleben.de\/wunderland\/wp-content\/uploads\/sites\/9\/2021\/04\/ll_header_slider_image_1400x560_0001_IMG_5382.jpg","type":"image\/jpeg"}],"twitter_card":"summary_large_image","twitter_misc":{"Gesch\u00e4tzte Lesezeit":"2\u00a0Minuten"},"schema":{"@context":"https:\/\/schema.org","@graph":[{"@type":"WebPage","@id":"https:\/\/lebenleben.de\/wunderland\/wunderland-dannenberg\/kita-dannenberg\/","url":"https:\/\/lebenleben.de\/wunderland\/wunderland-dannenberg\/kita-dannenberg\/","name":"Kita Wunderland in Dannenberg mit Krippe und Kindergarten","isPartOf":{"@id":"https:\/\/lebenleben.de\/wunderland\/#website"},"primaryImageOfPage":{"@id":"https:\/\/lebenleben.de\/wunderland\/wunderland-dannenberg\/kita-dannenberg\/#primaryimage"},"image":{"@id":"https:\/\/lebenleben.de\/wunderland\/wunderland-dannenberg\/kita-dannenberg\/#primaryimage"},"thumbnailUrl":"https:\/\/lebenleben.de\/wunderland\/wp-content\/uploads\/sites\/9\/2021\/04\/ll_header_slider_image_1400x560_0001_IMG_5382.jpg","datePublished":"2021-01-22T14:39:30+00:00","dateModified":"2026-02-09T12:40:43+00:00","description":"Die Kita im Wunderland Dannenberg bietet Pl\u00e4tze f\u00fcr Kinder mit und ohne erh\u00f6hten F\u00f6rderbedarf","breadcrumb":{"@id":"https:\/\/lebenleben.de\/wunderland\/wunderland-dannenberg\/kita-dannenberg\/#breadcrumb"},"inLanguage":"de","potentialAction":[{"@type":"ReadAction","target":["https:\/\/lebenleben.de\/wunderland\/wunderland-dannenberg\/kita-dannenberg\/"]}]},{"@type":"ImageObject","inLanguage":"de","@id":"https:\/\/lebenleben.de\/wunderland\/wunderland-dannenberg\/kita-dannenberg\/#primaryimage","url":"https:\/\/lebenleben.de\/wunderland\/wp-content\/uploads\/sites\/9\/2021\/04\/ll_header_slider_image_1400x560_0001_IMG_5382.jpg","contentUrl":"https:\/\/lebenleben.de\/wunderland\/wp-content\/uploads\/sites\/9\/2021\/04\/ll_header_slider_image_1400x560_0001_IMG_5382.jpg","width":1400,"height":560},{"@type":"BreadcrumbList","@id":"https:\/\/lebenleben.de\/wunderland\/wunderland-dannenberg\/kita-dannenberg\/#breadcrumb","itemListElement":[{"@type":"ListItem","position":1,"name":"Startseite","item":"https:\/\/lebenleben.de\/wunderland\/"},{"@type":"ListItem","position":2,"name":"Wunderland Dannenberg","item":"https:\/\/lebenleben.de\/wunderland\/wunderland-dannenberg\/"},{"@type":"ListItem","position":3,"name":"Kita Dannenberg"}]},{"@type":"WebSite","@id":"https:\/\/lebenleben.de\/wunderland\/#website","url":"https:\/\/lebenleben.de\/wunderland\/","name":"Leben leben Wunderland","description":"Eine weitere Leben Leben Netzwerk Website","publisher":{"@id":"https:\/\/lebenleben.de\/wunderland\/#organization"},"potentialAction":[{"@type":"SearchAction","target":{"@type":"EntryPoint","urlTemplate":"https:\/\/lebenleben.de\/wunderland\/?s={search_term_string}"},"query-input":{"@type":"PropertyValueSpecification","valueRequired":true,"valueName":"search_term_string"}}],"inLanguage":"de"},{"@type":"Organization","@id":"https:\/\/lebenleben.de\/wunderland\/#organization","name":"Leben leben Wunderland","url":"https:\/\/lebenleben.de\/wunderland\/","logo":{"@type":"ImageObject","inLanguage":"de","@id":"https:\/\/lebenleben.de\/wunderland\/#\/schema\/logo\/image\/","url":"https:\/\/lebenleben.de\/wunderland\/wp-content\/uploads\/sites\/9\/2021\/01\/ll_favicon-green.png","contentUrl":"https:\/\/lebenleben.de\/wunderland\/wp-content\/uploads\/sites\/9\/2021\/01\/ll_favicon-green.png","width":501,"height":501,"caption":"Leben leben Wunderland"},"image":{"@id":"https:\/\/lebenleben.de\/wunderland\/#\/schema\/logo\/image\/"}}]}},"_links":{"self":[{"href":"https:\/\/lebenleben.de\/wunderland\/wp-json\/wp\/v2\/pages\/29","targetHints":{"allow":["GET"]}}],"collection":[{"href":"https:\/\/lebenleben.de\/wunderland\/wp-json\/wp\/v2\/pages"}],"about":[{"href":"https:\/\/lebenleben.de\/wunderland\/wp-json\/wp\/v2\/types\/page"}],"author":[{"embeddable":true,"href":"https:\/\/lebenleben.de\/wunderland\/wp-json\/wp\/v2\/users\/1"}],"replies":[{"embeddable":true,"href":"https:\/\/lebenleben.de\/wunderland\/wp-json\/wp\/v2\/comments?post=29"}],"version-history":[{"count":17,"href":"https:\/\/lebenleben.de\/wunderland\/wp-json\/wp\/v2\/pages\/29\/revisions"}],"predecessor-version":[{"id":15404,"href":"https:\/\/lebenleben.de\/wunderland\/wp-json\/wp\/v2\/pages\/29\/revisions\/15404"}],"up":[{"embeddable":true,"href":"https:\/\/lebenleben.de\/wunderland\/wp-json\/wp\/v2\/pages\/17"}],"wp:featuredmedia":[{"embeddable":true,"href":"https:\/\/lebenleben.de\/wunderland\/wp-json\/wp\/v2\/media\/160"}],"wp:attachment":[{"href":"https:\/\/lebenleben.de\/wunderland\/wp-json\/wp\/v2\/media?parent=29"}],"curies":[{"name":"wp","href":"https:\/\/api.w.org\/{rel}","templated":true}]}}