{"id":30,"date":"2021-01-22T15:39:51","date_gmt":"2021-01-22T14:39:51","guid":{"rendered":"https:\/\/lebenleben.de\/wunderland\/?page_id=30"},"modified":"2026-02-09T13:38:15","modified_gmt":"2026-02-09T12:38:15","slug":"heilpaedagogischer-kindergarten","status":"publish","type":"page","link":"https:\/\/lebenleben.de\/wunderland\/wunderland-dannenberg\/heilpaedagogischer-kindergarten\/","title":{"rendered":"Heilp\u00e4dagogischer Kindergarten"},"content":{"rendered":"\n<div id=\"llimageslider-block_c28e74c6221b952a21bb7f2342f1a764\" class=\"block-llimageslider llimageslider alignwide\">\n\n    \n\t\t<div class=\"llimageslider-slider\" data-slick='{\"autoplaySpeed\": 5000}'>\n\t\t\t\t\t\t\t<div class=\"single-slide-wrapper slide-1\">\n\t\t\t\t\t<img loading=\"lazy\" decoding=\"async\" width=\"1400\" height=\"440\" src=\"https:\/\/lebenleben.de\/wunderland\/wp-content\/uploads\/sites\/9\/2024\/05\/ll_header_slider_image_1400x560_0003_ashton-bingham-113943-1400x440-1.jpg\" class=\"single-slide-image slider-desktop-image\" alt=\"\" srcset=\"https:\/\/lebenleben.de\/wunderland\/wp-content\/uploads\/sites\/9\/2024\/05\/ll_header_slider_image_1400x560_0003_ashton-bingham-113943-1400x440-1.jpg 1400w, https:\/\/lebenleben.de\/wunderland\/wp-content\/uploads\/sites\/9\/2024\/05\/ll_header_slider_image_1400x560_0003_ashton-bingham-113943-1400x440-1-300x94.jpg 300w, https:\/\/lebenleben.de\/wunderland\/wp-content\/uploads\/sites\/9\/2024\/05\/ll_header_slider_image_1400x560_0003_ashton-bingham-113943-1400x440-1-1024x322.jpg 1024w, https:\/\/lebenleben.de\/wunderland\/wp-content\/uploads\/sites\/9\/2024\/05\/ll_header_slider_image_1400x560_0003_ashton-bingham-113943-1400x440-1-768x241.jpg 768w\" sizes=\"auto, (max-width: 1400px) 100vw, 1400px\" \/>          <img loading=\"lazy\" decoding=\"async\" width=\"1000\" height=\"314\" src=\"https:\/\/lebenleben.de\/wunderland\/wp-content\/uploads\/sites\/9\/2024\/05\/ll_header_slider_image_1400x560_0003_ashton-bingham-113943-1400x440-1-1024x322.jpg\" class=\"single-slide-image slider-mobile-image\" alt=\"\" srcset=\"https:\/\/lebenleben.de\/wunderland\/wp-content\/uploads\/sites\/9\/2024\/05\/ll_header_slider_image_1400x560_0003_ashton-bingham-113943-1400x440-1-1024x322.jpg 1024w, https:\/\/lebenleben.de\/wunderland\/wp-content\/uploads\/sites\/9\/2024\/05\/ll_header_slider_image_1400x560_0003_ashton-bingham-113943-1400x440-1-300x94.jpg 300w, https:\/\/lebenleben.de\/wunderland\/wp-content\/uploads\/sites\/9\/2024\/05\/ll_header_slider_image_1400x560_0003_ashton-bingham-113943-1400x440-1-768x241.jpg 768w, https:\/\/lebenleben.de\/wunderland\/wp-content\/uploads\/sites\/9\/2024\/05\/ll_header_slider_image_1400x560_0003_ashton-bingham-113943-1400x440-1.jpg 1400w\" sizes=\"auto, (max-width: 1000px) 100vw, 1000px\" \/>\n                    <div class=\"single-slide-text\">\n          <h2>Wunderland<\/h2><h3>Heilp\u00e4dagogischer Kindergarten Dannenberg<\/h3>                  <\/div>\n        \n\t\t\t\t<\/div>\n\t\t\t\t\t<\/div>\n\t  <script>\n    jQuery(document).ready(function() {\n        jQuery('.llimageslider-slider').slick({\n          dots: true,\n          infinite: true,\n          speed: 1000,\n          autoplay: true,\n          adaptiveHeight: true,\n          slidesToShow: 1,\n          fade: true,\n          focusOnSelect: true\n        });\n    });\n    <\/script>\n<\/div>\n\n\n\n<p>In unmittelbarer N\u00e4he der KiTa Dannenberg befindet sich der Heilp\u00e4dagogische Kindergarten f\u00fcr Kinder ab 3 Jahren bis zur Schulreife. Hier begleiten wir Kinder mit erh\u00f6htem F\u00f6rderbedarf ganzheitlich in ihrer kognitiven, sprachlichen, sozialen, emotionalen und lebenspraktischen Entwicklung.<\/p>\n\n\n\n<p>Unser Ziel ist es, jedes Kind in einem sicheren und wertsch\u00e4tzenden Umfeld individuell zu f\u00f6rdern und in seinem eigenen Tempo zu st\u00e4rken \u2013 bei Bedarf bis zur Einschulung. Dar\u00fcber hinaus stimmen wir uns mit der benachbarten KiTa Dannenberg ab, wenn dies f\u00fcr das Kind sinnvoll ist.<\/p>\n\n\n\n<div style=\"height:50px\" aria-hidden=\"true\" class=\"wp-block-spacer\"><\/div>\n\n\n\n<div class=\"wp-block-columns is-layout-flex wp-container-core-columns-is-layout-9d6595d7 wp-block-columns-is-layout-flex\">\n<div class=\"wp-block-column is-layout-flow wp-block-column-is-layout-flow\" style=\"flex-basis:45%\">\n<h3 class=\"wp-block-heading\">Heilp\u00e4dagogischer Kindergarten Dannenberg<\/h3>\n\n\n\n<p>L\u00fcneburger Str. 43<br>29451 Dannenberg (Elbe)<br><br><strong>Juliane Tobias<\/strong><br>Telefon: <a href=\"http:\/\/058188542290\"><\/a><a href=\"tel:+4958188542290\">0581 8854-2290<\/a><br>E-Mail: <a href=\"mailto:juliane.tobias@lebenleben.de\">juliane.tobias@lebenleben.de<\/a><br><br><\/p>\n<\/div>\n\n\n\n<div class=\"wp-block-column is-layout-flow wp-block-column-is-layout-flow\" style=\"flex-basis:55%\">\n <div class=\"brlbs-cmpnt-container brlbs-cmpnt-content-blocker brlbs-cmpnt-with-individual-styles\" data-borlabs-cookie-content-blocker-id=\"google-maps\" data-borlabs-cookie-content=\"PGlmcmFtZSBzcmM9Imh0dHBzOi8vd3d3Lmdvb2dsZS5jb20vbWFwcy9lbWJlZD9wYj0hMW0xOCExbTEyITFtMyExZDIzOTUuNzYwNjU4OTg0NTc5NSEyZDExLjA4ODk4MjU3Njk1NTMzNSEzZDUzLjA5NjUzMzI5MzM4NTU1ITJtMyExZjAhMmYwITNmMCEzbTIhMWkxMDI0ITJpNzY4ITRmMTMuMSEzbTMhMW0yITFzMHg0N2FlNDdjZmViMTlhMzEzJTNBMHg5OTliYmUyMTZkNjQ4M2VjITJzTEVCRU4lMjBsZWJlbiUyMGdHbWJIJTIwLSUyMEhlaWxwJUMzJUE0ZGFnb2dpc2NoZXIlMjBLaW5kZXJnYXJ0ZW4hNWUwITNtMiExc2RlITJzZGUhNHYxNzMyODAzNzI1MzczITVtMiExc2RlITJzZGUiIHdpZHRoPSIxMDAlIiBoZWlnaHQ9IjIwMCIgc3R5bGU9ImJvcmRlcjowOyIgYWxsb3dmdWxsc2NyZWVuPSIiIGxvYWRpbmc9ImxhenkiIHJlZmVycmVycG9saWN5PSJuby1yZWZlcnJlci13aGVuLWRvd25ncmFkZSI+PC9pZnJhbWU+\"><div class=\"brlbs-cmpnt-cb-preset-b brlbs-cmpnt-cb-google-maps\"> <div class=\"brlbs-cmpnt-cb-thumbnail\" style=\"background-image: url('https:\/\/lebenleben.de\/wunderland\/wp-content\/uploads\/borlabs-cookie\/9\/brlbs-cb-google-maps-main.png')\"><\/div> <div class=\"brlbs-cmpnt-cb-main\"> <div class=\"brlbs-cmpnt-cb-content\"> <p class=\"brlbs-cmpnt-cb-description\">Sie sehen gerade einen Platzhalterinhalt von <strong>Google Maps<\/strong>. Um auf den eigentlichen Inhalt zuzugreifen, klicken Sie auf die Schaltfl\u00e4che unten. Bitte beachten Sie, dass dabei Daten an Drittanbieter weitergegeben werden.<\/p> <a class=\"brlbs-cmpnt-cb-provider-toggle\" href=\"#\" data-borlabs-cookie-show-provider-information role=\"button\">Mehr Informationen<\/a> <\/div> <div class=\"brlbs-cmpnt-cb-buttons\"> <a class=\"brlbs-cmpnt-cb-btn\" href=\"#\" data-borlabs-cookie-unblock role=\"button\">Inhalt entsperren<\/a> <a class=\"brlbs-cmpnt-cb-btn\" href=\"#\" data-borlabs-cookie-accept-service role=\"button\" style=\"display: inherit\">Erforderlichen Service akzeptieren und Inhalte entsperren<\/a> <\/div> <\/div> <\/div><\/div>\n<\/div>\n<\/div>\n\n\n\n<div style=\"height:25px\" aria-hidden=\"true\" class=\"wp-block-spacer\"><\/div>\n","protected":false},"excerpt":{"rendered":"<p>Den Bedarf an einer ganzheitlichen F\u00f6rderung und Erweiterung der kognitiven, sprachlichen, sozialen, emotionalen und lebenspraktischen Kompetenzen bietet der Heilp\u00e4dagogische Kindergarten Wunderland. Kinder ab dem 3. Lebensjahr bis zur Schulreife werden individuell gef\u00f6rdert.<\/p>\n","protected":false},"author":1,"featured_media":162,"parent":17,"menu_order":30,"comment_status":"closed","ping_status":"closed","template":"page-templates\/page-fullscreen.php","meta":{"_acf_changed":false,"footnotes":""},"class_list":["post-30","page","type-page","status-publish","has-post-thumbnail","hentry"],"acf":[],"yoast_head":"<!-- This site is optimized with the Yoast SEO plugin v27.3 - https:\/\/yoast.com\/product\/yoast-seo-wordpress\/ -->\n<title>Heilp\u00e4dagogischer Kindergarten in Dannenberg<\/title>\n<meta name=\"description\" content=\"Im Heilp\u00e4dagogischen Kindergarten Dannenberg werden Kinder ab 3 Jahren ganzheitlich und gem\u00e4\u00df ihrem individuellen Bedarf gef\u00f6rdert.\" \/>\n<meta name=\"robots\" content=\"index, follow, max-snippet:-1, max-image-preview:large, max-video-preview:-1\" \/>\n<link rel=\"canonical\" href=\"https:\/\/lebenleben.de\/wunderland\/wunderland-dannenberg\/heilpaedagogischer-kindergarten\/\" \/>\n<meta property=\"og:locale\" content=\"de_DE\" \/>\n<meta property=\"og:type\" content=\"article\" \/>\n<meta property=\"og:title\" content=\"Heilp\u00e4dagogischer Kindergarten in Dannenberg\" \/>\n<meta property=\"og:description\" content=\"Im Heilp\u00e4dagogischen Kindergarten Dannenberg werden Kinder ab 3 Jahren ganzheitlich und gem\u00e4\u00df ihrem individuellen Bedarf gef\u00f6rdert.\" \/>\n<meta property=\"og:url\" content=\"https:\/\/lebenleben.de\/wunderland\/wunderland-dannenberg\/heilpaedagogischer-kindergarten\/\" \/>\n<meta property=\"og:site_name\" content=\"Leben leben Wunderland\" \/>\n<meta property=\"article:modified_time\" content=\"2026-02-09T12:38:15+00:00\" \/>\n<meta property=\"og:image\" content=\"https:\/\/lebenleben.de\/wunderland\/wp-content\/uploads\/sites\/9\/2021\/04\/ll_header_slider_image_1400x560_0003_ashton-bingham-113943.jpg\" \/>\n\t<meta property=\"og:image:width\" content=\"1400\" \/>\n\t<meta property=\"og:image:height\" content=\"560\" \/>\n\t<meta property=\"og:image:type\" content=\"image\/jpeg\" \/>\n<meta name=\"twitter:card\" content=\"summary_large_image\" \/>\n<meta name=\"twitter:label1\" content=\"Gesch\u00e4tzte Lesezeit\" \/>\n\t<meta name=\"twitter:data1\" content=\"1\u00a0Minute\" \/>\n<script type=\"application\/ld+json\" class=\"yoast-schema-graph\">{\"@context\":\"https:\\\/\\\/schema.org\",\"@graph\":[{\"@type\":\"WebPage\",\"@id\":\"https:\\\/\\\/lebenleben.de\\\/wunderland\\\/wunderland-dannenberg\\\/heilpaedagogischer-kindergarten\\\/\",\"url\":\"https:\\\/\\\/lebenleben.de\\\/wunderland\\\/wunderland-dannenberg\\\/heilpaedagogischer-kindergarten\\\/\",\"name\":\"Heilp\u00e4dagogischer Kindergarten in Dannenberg\",\"isPartOf\":{\"@id\":\"https:\\\/\\\/lebenleben.de\\\/wunderland\\\/#website\"},\"primaryImageOfPage\":{\"@id\":\"https:\\\/\\\/lebenleben.de\\\/wunderland\\\/wunderland-dannenberg\\\/heilpaedagogischer-kindergarten\\\/#primaryimage\"},\"image\":{\"@id\":\"https:\\\/\\\/lebenleben.de\\\/wunderland\\\/wunderland-dannenberg\\\/heilpaedagogischer-kindergarten\\\/#primaryimage\"},\"thumbnailUrl\":\"https:\\\/\\\/lebenleben.de\\\/wunderland\\\/wp-content\\\/uploads\\\/sites\\\/9\\\/2021\\\/04\\\/ll_header_slider_image_1400x560_0003_ashton-bingham-113943.jpg\",\"datePublished\":\"2021-01-22T14:39:51+00:00\",\"dateModified\":\"2026-02-09T12:38:15+00:00\",\"description\":\"Im Heilp\u00e4dagogischen Kindergarten Dannenberg werden Kinder ab 3 Jahren ganzheitlich und gem\u00e4\u00df ihrem individuellen Bedarf gef\u00f6rdert.\",\"breadcrumb\":{\"@id\":\"https:\\\/\\\/lebenleben.de\\\/wunderland\\\/wunderland-dannenberg\\\/heilpaedagogischer-kindergarten\\\/#breadcrumb\"},\"inLanguage\":\"de\",\"potentialAction\":[{\"@type\":\"ReadAction\",\"target\":[\"https:\\\/\\\/lebenleben.de\\\/wunderland\\\/wunderland-dannenberg\\\/heilpaedagogischer-kindergarten\\\/\"]}]},{\"@type\":\"ImageObject\",\"inLanguage\":\"de\",\"@id\":\"https:\\\/\\\/lebenleben.de\\\/wunderland\\\/wunderland-dannenberg\\\/heilpaedagogischer-kindergarten\\\/#primaryimage\",\"url\":\"https:\\\/\\\/lebenleben.de\\\/wunderland\\\/wp-content\\\/uploads\\\/sites\\\/9\\\/2021\\\/04\\\/ll_header_slider_image_1400x560_0003_ashton-bingham-113943.jpg\",\"contentUrl\":\"https:\\\/\\\/lebenleben.de\\\/wunderland\\\/wp-content\\\/uploads\\\/sites\\\/9\\\/2021\\\/04\\\/ll_header_slider_image_1400x560_0003_ashton-bingham-113943.jpg\",\"width\":1400,\"height\":560},{\"@type\":\"BreadcrumbList\",\"@id\":\"https:\\\/\\\/lebenleben.de\\\/wunderland\\\/wunderland-dannenberg\\\/heilpaedagogischer-kindergarten\\\/#breadcrumb\",\"itemListElement\":[{\"@type\":\"ListItem\",\"position\":1,\"name\":\"Startseite\",\"item\":\"https:\\\/\\\/lebenleben.de\\\/wunderland\\\/\"},{\"@type\":\"ListItem\",\"position\":2,\"name\":\"Wunderland Dannenberg\",\"item\":\"https:\\\/\\\/lebenleben.de\\\/wunderland\\\/wunderland-dannenberg\\\/\"},{\"@type\":\"ListItem\",\"position\":3,\"name\":\"Heilp\u00e4dagogischer Kindergarten\"}]},{\"@type\":\"WebSite\",\"@id\":\"https:\\\/\\\/lebenleben.de\\\/wunderland\\\/#website\",\"url\":\"https:\\\/\\\/lebenleben.de\\\/wunderland\\\/\",\"name\":\"Leben leben Wunderland\",\"description\":\"Eine weitere Leben Leben Netzwerk Website\",\"publisher\":{\"@id\":\"https:\\\/\\\/lebenleben.de\\\/wunderland\\\/#organization\"},\"potentialAction\":[{\"@type\":\"SearchAction\",\"target\":{\"@type\":\"EntryPoint\",\"urlTemplate\":\"https:\\\/\\\/lebenleben.de\\\/wunderland\\\/?s={search_term_string}\"},\"query-input\":{\"@type\":\"PropertyValueSpecification\",\"valueRequired\":true,\"valueName\":\"search_term_string\"}}],\"inLanguage\":\"de\"},{\"@type\":\"Organization\",\"@id\":\"https:\\\/\\\/lebenleben.de\\\/wunderland\\\/#organization\",\"name\":\"Leben leben Wunderland\",\"url\":\"https:\\\/\\\/lebenleben.de\\\/wunderland\\\/\",\"logo\":{\"@type\":\"ImageObject\",\"inLanguage\":\"de\",\"@id\":\"https:\\\/\\\/lebenleben.de\\\/wunderland\\\/#\\\/schema\\\/logo\\\/image\\\/\",\"url\":\"https:\\\/\\\/lebenleben.de\\\/wunderland\\\/wp-content\\\/uploads\\\/sites\\\/9\\\/2021\\\/01\\\/ll_favicon-green.png\",\"contentUrl\":\"https:\\\/\\\/lebenleben.de\\\/wunderland\\\/wp-content\\\/uploads\\\/sites\\\/9\\\/2021\\\/01\\\/ll_favicon-green.png\",\"width\":501,\"height\":501,\"caption\":\"Leben leben Wunderland\"},\"image\":{\"@id\":\"https:\\\/\\\/lebenleben.de\\\/wunderland\\\/#\\\/schema\\\/logo\\\/image\\\/\"}}]}<\/script>\n<!-- \/ Yoast SEO plugin. -->","yoast_head_json":{"title":"Heilp\u00e4dagogischer Kindergarten in Dannenberg","description":"Im Heilp\u00e4dagogischen Kindergarten Dannenberg werden Kinder ab 3 Jahren ganzheitlich und gem\u00e4\u00df ihrem individuellen Bedarf gef\u00f6rdert.","robots":{"index":"index","follow":"follow","max-snippet":"max-snippet:-1","max-image-preview":"max-image-preview:large","max-video-preview":"max-video-preview:-1"},"canonical":"https:\/\/lebenleben.de\/wunderland\/wunderland-dannenberg\/heilpaedagogischer-kindergarten\/","og_locale":"de_DE","og_type":"article","og_title":"Heilp\u00e4dagogischer Kindergarten in Dannenberg","og_description":"Im Heilp\u00e4dagogischen Kindergarten Dannenberg werden Kinder ab 3 Jahren ganzheitlich und gem\u00e4\u00df ihrem individuellen Bedarf gef\u00f6rdert.","og_url":"https:\/\/lebenleben.de\/wunderland\/wunderland-dannenberg\/heilpaedagogischer-kindergarten\/","og_site_name":"Leben leben Wunderland","article_modified_time":"2026-02-09T12:38:15+00:00","og_image":[{"width":1400,"height":560,"url":"https:\/\/lebenleben.de\/wunderland\/wp-content\/uploads\/sites\/9\/2021\/04\/ll_header_slider_image_1400x560_0003_ashton-bingham-113943.jpg","type":"image\/jpeg"}],"twitter_card":"summary_large_image","twitter_misc":{"Gesch\u00e4tzte Lesezeit":"1\u00a0Minute"},"schema":{"@context":"https:\/\/schema.org","@graph":[{"@type":"WebPage","@id":"https:\/\/lebenleben.de\/wunderland\/wunderland-dannenberg\/heilpaedagogischer-kindergarten\/","url":"https:\/\/lebenleben.de\/wunderland\/wunderland-dannenberg\/heilpaedagogischer-kindergarten\/","name":"Heilp\u00e4dagogischer Kindergarten in Dannenberg","isPartOf":{"@id":"https:\/\/lebenleben.de\/wunderland\/#website"},"primaryImageOfPage":{"@id":"https:\/\/lebenleben.de\/wunderland\/wunderland-dannenberg\/heilpaedagogischer-kindergarten\/#primaryimage"},"image":{"@id":"https:\/\/lebenleben.de\/wunderland\/wunderland-dannenberg\/heilpaedagogischer-kindergarten\/#primaryimage"},"thumbnailUrl":"https:\/\/lebenleben.de\/wunderland\/wp-content\/uploads\/sites\/9\/2021\/04\/ll_header_slider_image_1400x560_0003_ashton-bingham-113943.jpg","datePublished":"2021-01-22T14:39:51+00:00","dateModified":"2026-02-09T12:38:15+00:00","description":"Im Heilp\u00e4dagogischen Kindergarten Dannenberg werden Kinder ab 3 Jahren ganzheitlich und gem\u00e4\u00df ihrem individuellen Bedarf gef\u00f6rdert.","breadcrumb":{"@id":"https:\/\/lebenleben.de\/wunderland\/wunderland-dannenberg\/heilpaedagogischer-kindergarten\/#breadcrumb"},"inLanguage":"de","potentialAction":[{"@type":"ReadAction","target":["https:\/\/lebenleben.de\/wunderland\/wunderland-dannenberg\/heilpaedagogischer-kindergarten\/"]}]},{"@type":"ImageObject","inLanguage":"de","@id":"https:\/\/lebenleben.de\/wunderland\/wunderland-dannenberg\/heilpaedagogischer-kindergarten\/#primaryimage","url":"https:\/\/lebenleben.de\/wunderland\/wp-content\/uploads\/sites\/9\/2021\/04\/ll_header_slider_image_1400x560_0003_ashton-bingham-113943.jpg","contentUrl":"https:\/\/lebenleben.de\/wunderland\/wp-content\/uploads\/sites\/9\/2021\/04\/ll_header_slider_image_1400x560_0003_ashton-bingham-113943.jpg","width":1400,"height":560},{"@type":"BreadcrumbList","@id":"https:\/\/lebenleben.de\/wunderland\/wunderland-dannenberg\/heilpaedagogischer-kindergarten\/#breadcrumb","itemListElement":[{"@type":"ListItem","position":1,"name":"Startseite","item":"https:\/\/lebenleben.de\/wunderland\/"},{"@type":"ListItem","position":2,"name":"Wunderland Dannenberg","item":"https:\/\/lebenleben.de\/wunderland\/wunderland-dannenberg\/"},{"@type":"ListItem","position":3,"name":"Heilp\u00e4dagogischer Kindergarten"}]},{"@type":"WebSite","@id":"https:\/\/lebenleben.de\/wunderland\/#website","url":"https:\/\/lebenleben.de\/wunderland\/","name":"Leben leben Wunderland","description":"Eine weitere Leben Leben Netzwerk Website","publisher":{"@id":"https:\/\/lebenleben.de\/wunderland\/#organization"},"potentialAction":[{"@type":"SearchAction","target":{"@type":"EntryPoint","urlTemplate":"https:\/\/lebenleben.de\/wunderland\/?s={search_term_string}"},"query-input":{"@type":"PropertyValueSpecification","valueRequired":true,"valueName":"search_term_string"}}],"inLanguage":"de"},{"@type":"Organization","@id":"https:\/\/lebenleben.de\/wunderland\/#organization","name":"Leben leben Wunderland","url":"https:\/\/lebenleben.de\/wunderland\/","logo":{"@type":"ImageObject","inLanguage":"de","@id":"https:\/\/lebenleben.de\/wunderland\/#\/schema\/logo\/image\/","url":"https:\/\/lebenleben.de\/wunderland\/wp-content\/uploads\/sites\/9\/2021\/01\/ll_favicon-green.png","contentUrl":"https:\/\/lebenleben.de\/wunderland\/wp-content\/uploads\/sites\/9\/2021\/01\/ll_favicon-green.png","width":501,"height":501,"caption":"Leben leben Wunderland"},"image":{"@id":"https:\/\/lebenleben.de\/wunderland\/#\/schema\/logo\/image\/"}}]}},"_links":{"self":[{"href":"https:\/\/lebenleben.de\/wunderland\/wp-json\/wp\/v2\/pages\/30","targetHints":{"allow":["GET"]}}],"collection":[{"href":"https:\/\/lebenleben.de\/wunderland\/wp-json\/wp\/v2\/pages"}],"about":[{"href":"https:\/\/lebenleben.de\/wunderland\/wp-json\/wp\/v2\/types\/page"}],"author":[{"embeddable":true,"href":"https:\/\/lebenleben.de\/wunderland\/wp-json\/wp\/v2\/users\/1"}],"replies":[{"embeddable":true,"href":"https:\/\/lebenleben.de\/wunderland\/wp-json\/wp\/v2\/comments?post=30"}],"version-history":[{"count":19,"href":"https:\/\/lebenleben.de\/wunderland\/wp-json\/wp\/v2\/pages\/30\/revisions"}],"predecessor-version":[{"id":15402,"href":"https:\/\/lebenleben.de\/wunderland\/wp-json\/wp\/v2\/pages\/30\/revisions\/15402"}],"up":[{"embeddable":true,"href":"https:\/\/lebenleben.de\/wunderland\/wp-json\/wp\/v2\/pages\/17"}],"wp:featuredmedia":[{"embeddable":true,"href":"https:\/\/lebenleben.de\/wunderland\/wp-json\/wp\/v2\/media\/162"}],"wp:attachment":[{"href":"https:\/\/lebenleben.de\/wunderland\/wp-json\/wp\/v2\/media?parent=30"}],"curies":[{"name":"wp","href":"https:\/\/api.w.org\/{rel}","templated":true}]}}