{"id":7,"date":"2021-01-22T15:36:30","date_gmt":"2021-01-22T14:36:30","guid":{"rendered":"https:\/\/lebenleben.de\/wunderland\/?page_id=7"},"modified":"2026-02-09T13:44:27","modified_gmt":"2026-02-09T12:44:27","slug":"startseite","status":"publish","type":"page","link":"https:\/\/lebenleben.de\/wunderland\/","title":{"rendered":"Startseite"},"content":{"rendered":"\n<div id=\"llimageslider-block_95f394e3d6f5f3de88293f663bfd5eb9\" class=\"block-llimageslider llimageslider alignwide\">\n\n    \n\t\t<div class=\"llimageslider-slider\" data-slick='{\"autoplaySpeed\": 5000}'>\n\t\t\t\t\t\t\t<div class=\"single-slide-wrapper slide-1\">\n\t\t\t\t\t<img loading=\"lazy\" decoding=\"async\" width=\"1400\" height=\"560\" src=\"https:\/\/lebenleben.de\/wunderland\/wp-content\/uploads\/sites\/9\/2021\/03\/ll_header_slider_image_1400x560_0006_5N5A5387.jpg\" class=\"single-slide-image slider-desktop-image\" alt=\"\" srcset=\"https:\/\/lebenleben.de\/wunderland\/wp-content\/uploads\/sites\/9\/2021\/03\/ll_header_slider_image_1400x560_0006_5N5A5387.jpg 1400w, https:\/\/lebenleben.de\/wunderland\/wp-content\/uploads\/sites\/9\/2021\/03\/ll_header_slider_image_1400x560_0006_5N5A5387-300x120.jpg 300w, https:\/\/lebenleben.de\/wunderland\/wp-content\/uploads\/sites\/9\/2021\/03\/ll_header_slider_image_1400x560_0006_5N5A5387-1024x410.jpg 1024w, https:\/\/lebenleben.de\/wunderland\/wp-content\/uploads\/sites\/9\/2021\/03\/ll_header_slider_image_1400x560_0006_5N5A5387-768x307.jpg 768w\" sizes=\"auto, (max-width: 1400px) 100vw, 1400px\" \/>          <img loading=\"lazy\" decoding=\"async\" width=\"1000\" height=\"714\" src=\"https:\/\/lebenleben.de\/wunderland\/wp-content\/uploads\/sites\/9\/2021\/03\/ll_content_image_1400x1000_0006_5N5A5387-1024x731.jpg\" class=\"single-slide-image slider-mobile-image\" alt=\"\" srcset=\"https:\/\/lebenleben.de\/wunderland\/wp-content\/uploads\/sites\/9\/2021\/03\/ll_content_image_1400x1000_0006_5N5A5387-1024x731.jpg 1024w, https:\/\/lebenleben.de\/wunderland\/wp-content\/uploads\/sites\/9\/2021\/03\/ll_content_image_1400x1000_0006_5N5A5387-300x214.jpg 300w, https:\/\/lebenleben.de\/wunderland\/wp-content\/uploads\/sites\/9\/2021\/03\/ll_content_image_1400x1000_0006_5N5A5387-768x549.jpg 768w, https:\/\/lebenleben.de\/wunderland\/wp-content\/uploads\/sites\/9\/2021\/03\/ll_content_image_1400x1000_0006_5N5A5387.jpg 1400w\" sizes=\"auto, (max-width: 1000px) 100vw, 1000px\" \/>\n                    <div class=\"single-slide-text\">\n          <h2>Spielen \u2013 Lernen &#8211; Wachsen<\/h2><h3>Gemeinsam spielen, lernen und wachsen- vom 1. Lebensjahr bis zur Einschulung<\/h3>                  <\/div>\n        \n\t\t\t\t<\/div>\n\t\t\t\t\t<\/div>\n\t  <script>\n    jQuery(document).ready(function() {\n        jQuery('.llimageslider-slider').slick({\n          dots: true,\n          infinite: true,\n          speed: 1000,\n          autoplay: true,\n          adaptiveHeight: true,\n          slidesToShow: 1,\n          fade: true,\n          focusOnSelect: true\n        });\n    });\n    <\/script>\n<\/div>\n\n\n\n<div class=\"wp-block-columns is-layout-flex wp-container-core-columns-is-layout-9d6595d7 wp-block-columns-is-layout-flex\">\n<div class=\"wp-block-column is-layout-flow wp-block-column-is-layout-flow\" style=\"flex-basis:75%\">\n<h1 class=\"wp-block-heading\">Leben leben<\/h1>\n\n\n\n<h2 class=\"wp-block-heading\">Kind sein im Wunderland<\/h2>\n\n\n\n<p>Die integrativen Kitas und Heilp\u00e4dagogischen Kinderg\u00e4rten in Uelzen und Dannenberg sowie der Sprachheilkindergarten in Uelzen sind unser Wunderland. Hier k\u00f6nnen wir Kinder zwischen 0 und 6 Jahren nicht nur altersgerecht, sondern bei Bedarf auch (sprach-)heilp\u00e4dagogisch f\u00f6rdern. Und darin haben wir seit mehr als 40 Jahren Erfahrung!<\/p>\n\n\n\n<p>Wir pflegen einen wertfreien und respektvollen Umgang mit unseren Kindern und gehen auf ihre individuellen Bed\u00fcrfnisse ein. Aber wir legen auch gro\u00dfen Wert auf eine vertrauensvolle und konstruktive Elternarbeit. Denn erst der regelm\u00e4\u00dfige Austausch mit Ihnen als Elternteil oder Erziehungsberechtigten erm\u00f6glicht es uns, die individuelle Entwicklung Ihres Kindes optimal zu f\u00f6rdern! Unsere kompetenten und hochqualifizierten KiTa-Teams sind dabei Ihre Ansprechpartner:innen.<\/p>\n<\/div>\n\n\n\n<div class=\"wp-block-column is-layout-flow wp-block-column-is-layout-flow\" style=\"flex-basis:25%\">\n<div class=\"wp-block-group widget\"><div class=\"wp-block-group__inner-container is-layout-flow wp-block-group-is-layout-flow\">\n<h3 class=\"wp-block-heading\">Kontakt<\/h3>\n\n\n\n<p>Finden Sie die Kontaktdaten und Adressen des Wunderlands in Uelzen und Dannenberg.<\/p>\n\n\n\n<p><a href=\"https:\/\/lebenleben.de\/wunderland\/kontakt\/\">Kontakt \u00bb<\/a><\/p>\n<\/div><\/div>\n<\/div>\n<\/div>\n\n\n\n<h2 class=\"wp-block-heading\">Sie m\u00f6chten uns n\u00e4her kennenlernen<\/h2>\n\n\n\n<div style=\"height:25px\" aria-hidden=\"true\" class=\"wp-block-spacer\"><\/div>\n\n\n    <script>\n    jQuery(document).ready(function() {\n        jQuery('.uid-1').slick({\n            dots: true,\n            infinite: true,\n            arrows: true,\n            speed: 1000,\n            autoplay: false,\n            slidesToShow: 3,\n            slidesToScroll: 1,\n            fade: false,\n            responsive: [\n                {\n                    breakpoint: 1024,\n                    settings: {\n                        slidesToShow: 2,\n                        slidesToScroll: 1\n                    }\n                },\n                {\n                    breakpoint: 800,\n                    settings: {\n                        slidesToShow: 1,\n                        slidesToScroll: 1\n                    }\n                }\n            ]\n        });\n    });\n    <\/script>\n\n<div id=\"listteaser-block_25ebaea1c83cfe5218385c5f1df2141d\" class=\"block-listteaser-wrapper columns-3 uid-1 testimonial block-listteaser--style-default\">\n                        <div class=\"listteaser-single single-teaser block-subpage-wrapper__single\">\n                <a class='imagelink' href='https:\/\/lebenleben.de\/wunderland\/wunderland-uelzen\/kita-uelzen\/#video' rel='bookmark'  title='Krippe &amp; Kindergarten'><img loading=\"lazy\" decoding=\"async\" width=\"600\" height=\"360\" src=\"https:\/\/lebenleben.de\/wunderland\/wp-content\/uploads\/sites\/9\/2024\/05\/ll_lws_krippe_thumb-800x480-1-600x360.jpg\" class=\"\" alt=\"\" srcset=\"https:\/\/lebenleben.de\/wunderland\/wp-content\/uploads\/sites\/9\/2024\/05\/ll_lws_krippe_thumb-800x480-1-600x360.jpg 600w, https:\/\/lebenleben.de\/wunderland\/wp-content\/uploads\/sites\/9\/2024\/05\/ll_lws_krippe_thumb-800x480-1-400x240.jpg 400w\" sizes=\"auto, (max-width: 600px) 100vw, 600px\" \/><\/a>                <div class=\"textwrapper\">\n                    <h3 class='block-listteaser__headline text-align-left'><a href='https:\/\/lebenleben.de\/wunderland\/wunderland-uelzen\/kita-uelzen\/#video' rel='bookmark'  title='Krippe &amp; Kindergarten'>Krippe &amp; Kindergarten<\/a><\/h3>                    \n                    <p><\/p>\n                                            <p class=\"text-align-left\">\n                            <a href=\"https:\/\/lebenleben.de\/wunderland\/wunderland-uelzen\/kita-uelzen\/#video\" rel=\"bookmark\" title=\"Krippe &amp; Kindergarten\" >\n                                Mehr erfahren&nbsp;&raquo;\n                            <\/a>\n                        <\/p>\n                                    <\/div>\n            <\/div>\n                    <div class=\"listteaser-single single-teaser block-subpage-wrapper__single\">\n                <a class='imagelink' href='https:\/\/lebenleben.de\/wunderland\/wunderland-uelzen\/sprachheilkindergarten\/#video' rel='bookmark'  title='Sprachheilkindergarten'><img loading=\"lazy\" decoding=\"async\" width=\"600\" height=\"360\" src=\"https:\/\/lebenleben.de\/wunderland\/wp-content\/uploads\/sites\/9\/2023\/08\/ll_spraki_elternfilm_thumb-600x360.jpg\" class=\"\" alt=\"\" srcset=\"https:\/\/lebenleben.de\/wunderland\/wp-content\/uploads\/sites\/9\/2023\/08\/ll_spraki_elternfilm_thumb-600x360.jpg 600w, https:\/\/lebenleben.de\/wunderland\/wp-content\/uploads\/sites\/9\/2023\/08\/ll_spraki_elternfilm_thumb-800x480.jpg 800w, https:\/\/lebenleben.de\/wunderland\/wp-content\/uploads\/sites\/9\/2023\/08\/ll_spraki_elternfilm_thumb-400x240.jpg 400w\" sizes=\"auto, (max-width: 600px) 100vw, 600px\" \/><\/a>                <div class=\"textwrapper\">\n                    <h3 class='block-listteaser__headline text-align-left'><a href='https:\/\/lebenleben.de\/wunderland\/wunderland-uelzen\/sprachheilkindergarten\/#video' rel='bookmark'  title='Sprachheilkindergarten'>Sprachheilkindergarten<\/a><\/h3>                    \n                    <p><\/p>\n                                            <p class=\"text-align-left\">\n                            <a href=\"https:\/\/lebenleben.de\/wunderland\/wunderland-uelzen\/sprachheilkindergarten\/#video\" rel=\"bookmark\" title=\"Sprachheilkindergarten\" >\n                                Mehr erfahren&nbsp;&raquo;\n                            <\/a>\n                        <\/p>\n                                    <\/div>\n            <\/div>\n                    <div class=\"listteaser-single single-teaser block-subpage-wrapper__single\">\n                <a class='imagelink' href='https:\/\/lebenleben.de\/wunderland\/wunderland-uelzen\/heilpaedagogischer-kindergarten\/#video' rel='bookmark'  title='Heilp\u00e4dagogischer Kindergarten'><img loading=\"lazy\" decoding=\"async\" width=\"600\" height=\"360\" src=\"https:\/\/lebenleben.de\/wunderland\/wp-content\/uploads\/sites\/9\/2023\/08\/ll_lws_hpk_thumb-600x360.jpg\" class=\"\" alt=\"\" srcset=\"https:\/\/lebenleben.de\/wunderland\/wp-content\/uploads\/sites\/9\/2023\/08\/ll_lws_hpk_thumb-600x360.jpg 600w, https:\/\/lebenleben.de\/wunderland\/wp-content\/uploads\/sites\/9\/2023\/08\/ll_lws_hpk_thumb-800x480.jpg 800w, https:\/\/lebenleben.de\/wunderland\/wp-content\/uploads\/sites\/9\/2023\/08\/ll_lws_hpk_thumb-400x240.jpg 400w\" sizes=\"auto, (max-width: 600px) 100vw, 600px\" \/><\/a>                <div class=\"textwrapper\">\n                    <h3 class='block-listteaser__headline text-align-left'><a href='https:\/\/lebenleben.de\/wunderland\/wunderland-uelzen\/heilpaedagogischer-kindergarten\/#video' rel='bookmark'  title='Heilp\u00e4dagogischer Kindergarten'>Heilp\u00e4dagogischer Kindergarten<\/a><\/h3>                    \n                    <p><\/p>\n                                            <p class=\"text-align-left\">\n                            <a href=\"https:\/\/lebenleben.de\/wunderland\/wunderland-uelzen\/heilpaedagogischer-kindergarten\/#video\" rel=\"bookmark\" title=\"Heilp\u00e4dagogischer Kindergarten\" >\n                                Mehr erfahren&nbsp;&raquo;\n                            <\/a>\n                        <\/p>\n                                    <\/div>\n            <\/div>\n            <\/div>\n\n\n\n<div style=\"height:25px\" aria-hidden=\"true\" class=\"wp-block-spacer\"><\/div>\n\n\n\n<div class=\"wp-block-group alignfull bg-grey\"><div class=\"wp-block-group__inner-container is-layout-flow wp-block-group-is-layout-flow\">\n<h2 class=\"wp-block-heading has-text-align-center\">Wunderland-Einblicke<\/h2>\n\n\n    <script>\n    jQuery(document).ready(function() {\n        jQuery('.uid-2').slick({\n            dots: true,\n            infinite: true,\n            arrows: true,\n            speed: 1000,\n            autoplay: false,\n            slidesToShow: 3,\n            slidesToScroll: 1,\n            fade: false,\n            responsive: [\n                {\n                    breakpoint: 1024,\n                    settings: {\n                        slidesToShow: 2,\n                        slidesToScroll: 1\n                    }\n                },\n                {\n                    breakpoint: 800,\n                    settings: {\n                        slidesToShow: 1,\n                        slidesToScroll: 1\n                    }\n                }\n            ]\n        });\n    });\n    <\/script>\n\n\n<div id=\"listteaser-block_acf898075ba596320b098590a7bcebe9\" class=\"block-listteaser-wrapper columns-3 uid-2 testimonial\">\n\n\t\n\t\t\t\t\t\t\t\t\t\t\t<div class=\"listteaser-single single-teaser block-subpage-wrapper__single post-14575 post type-post status-publish format-standard has-post-thumbnail hentry category-allgemein\">\n\t\t\t\t\n\t\t        \t\t           <a class=\"imagelink \"href=\"https:\/\/lebenleben.de\/wunderland\/aktuelles\/aktuelle-beitraege\/2025\/04\/03\/fruehjahrsputzaktion-2025\/\" rel=\"bookmark\" title=\"Fr\u00fchjahrsputzaktion 2025\"><img loading=\"lazy\" decoding=\"async\" width=\"400\" height=\"240\" src=\"https:\/\/lebenleben.de\/wunderland\/wp-content\/uploads\/sites\/9\/2025\/04\/Fruehjahrsputz-1_resized-400x240.jpg\" class=\"attachment-ll-thumb size-ll-thumb wp-post-image\" alt=\"\" srcset=\"https:\/\/lebenleben.de\/wunderland\/wp-content\/uploads\/sites\/9\/2025\/04\/Fruehjahrsputz-1_resized-400x240.jpg 400w, https:\/\/lebenleben.de\/wunderland\/wp-content\/uploads\/sites\/9\/2025\/04\/Fruehjahrsputz-1_resized-800x480.jpg 800w\" sizes=\"auto, (max-width: 400px) 100vw, 400px\" \/><\/a>\n\t\t        \t\t\t\t\t\t<div class=\"textwrapper\">\n\t\t\t        <h3><a href=\"https:\/\/lebenleben.de\/wunderland\/aktuelles\/aktuelle-beitraege\/2025\/04\/03\/fruehjahrsputzaktion-2025\/\" rel=\"bookmark\" title=\"Fr\u00fchjahrsputzaktion 2025\">Fr\u00fchjahrsputzaktion 2025<\/a><\/h3>\n\t\t\t\t\t<p><span class=\"entry-date listrecentposts__entry-date\">3. April 2025<\/span><\/p>\n\t\t\t        <p>Alle Jahre wieder ruft die Stadt Uelzen Vereine, Verb\u00e4nde, Schulen, Kinderg\u00e4rten und private Initiativen zu einer Fr\u00fchjahrsputzaktion auf.&#8220; &#8222;M\u00fcll sammeln&#8220; hei\u00dft die Devise&#8230;in der Stadt, in Parkanlagen, entlang den Stra\u00dfen und Radwegen &#8230;wo auch immer. M\u00fcll findet sich bekanntlich leider \u00fcberall. In diesem Jahr haben sich die Kinder des Sprachheilkindergartens beteiligt und waren ganz flei\u00dfig. [&hellip;]<\/p>\n\t\t\t\t\t\t\t<a href=\"https:\/\/lebenleben.de\/wunderland\/aktuelles\/aktuelle-beitraege\/2025\/04\/03\/fruehjahrsputzaktion-2025\/\" rel=\"bookmark\" title=\"Fr\u00fchjahrsputzaktion 2025\">Weiterlesen&nbsp;&raquo;<\/a>\n\t\t\t\t\t\t<\/div>\n\t\t    <\/div>\n\t\t\t\t\t\t\t\t\t\t\t<div class=\"listteaser-single single-teaser block-subpage-wrapper__single post-14179 post type-post status-publish format-standard has-post-thumbnail hentry category-allgemein\">\n\t\t\t\t\n\t\t        \t\t           <a class=\"imagelink \"href=\"https:\/\/lebenleben.de\/wunderland\/aktuelles\/aktuelle-beitraege\/2023\/06\/12\/wir-haben-gewonnen\/\" rel=\"bookmark\" title=\"Wir haben gewonnen!\"><img loading=\"lazy\" decoding=\"async\" width=\"400\" height=\"240\" src=\"https:\/\/lebenleben.de\/wunderland\/wp-content\/uploads\/sites\/9\/2023\/06\/20230612_085921-400x240.jpg\" class=\"attachment-ll-thumb size-ll-thumb wp-post-image\" alt=\"\" srcset=\"https:\/\/lebenleben.de\/wunderland\/wp-content\/uploads\/sites\/9\/2023\/06\/20230612_085921-400x240.jpg 400w, https:\/\/lebenleben.de\/wunderland\/wp-content\/uploads\/sites\/9\/2023\/06\/20230612_085921-800x480.jpg 800w, https:\/\/lebenleben.de\/wunderland\/wp-content\/uploads\/sites\/9\/2023\/06\/20230612_085921-600x360.jpg 600w\" sizes=\"auto, (max-width: 400px) 100vw, 400px\" \/><\/a>\n\t\t        \t\t\t\t\t\t<div class=\"textwrapper\">\n\t\t\t        <h3><a href=\"https:\/\/lebenleben.de\/wunderland\/aktuelles\/aktuelle-beitraege\/2023\/06\/12\/wir-haben-gewonnen\/\" rel=\"bookmark\" title=\"Wir haben gewonnen!\">Wir haben gewonnen!<\/a><\/h3>\n\t\t\t\t\t<p><span class=\"entry-date listrecentposts__entry-date\">12. Juni 2023<\/span><\/p>\n\t\t\t        <p>Den Weltkindertag am 01. Juni 2023 hat das Team des Friseursalons Frantes 53 zum Anlass genommen und \u00fcber die sozialen Netzwerke regionale Kinderg\u00e4rten zur Teilnahme an einem k\u00fcnstlerischen Wettbewerb aufgefordert. Es gab keinerlei Vorgaben &#8211; der Kreativit\u00e4t durfte freier Lauf gelassen werden! Das haben sich Kolleg:innen unseres Spachheilkindergartens nicht zweimal sagen lassen und mit ihren [&hellip;]<\/p>\n\t\t\t\t\t\t\t<a href=\"https:\/\/lebenleben.de\/wunderland\/aktuelles\/aktuelle-beitraege\/2023\/06\/12\/wir-haben-gewonnen\/\" rel=\"bookmark\" title=\"Wir haben gewonnen!\">Weiterlesen&nbsp;&raquo;<\/a>\n\t\t\t\t\t\t<\/div>\n\t\t    <\/div>\n\t\t\t\t\t\t\t\t\t\t\t<div class=\"listteaser-single single-teaser block-subpage-wrapper__single post-14166 post type-post status-publish format-standard has-post-thumbnail hentry category-allgemein\">\n\t\t\t\t\n\t\t        \t\t           <a class=\"imagelink \"href=\"https:\/\/lebenleben.de\/wunderland\/aktuelles\/aktuelle-beitraege\/2022\/11\/25\/lichterfest-in-unseren-kindergaerten\/\" rel=\"bookmark\" title=\"Lichterfest in unseren Kinderg\u00e4rten\"><img loading=\"lazy\" decoding=\"async\" width=\"400\" height=\"240\" src=\"https:\/\/lebenleben.de\/wunderland\/wp-content\/uploads\/sites\/9\/2022\/11\/iStock-1324896208_Laterne-400x240.jpg\" class=\"attachment-ll-thumb size-ll-thumb wp-post-image\" alt=\"\" srcset=\"https:\/\/lebenleben.de\/wunderland\/wp-content\/uploads\/sites\/9\/2022\/11\/iStock-1324896208_Laterne-400x240.jpg 400w, https:\/\/lebenleben.de\/wunderland\/wp-content\/uploads\/sites\/9\/2022\/11\/iStock-1324896208_Laterne-800x480.jpg 800w, https:\/\/lebenleben.de\/wunderland\/wp-content\/uploads\/sites\/9\/2022\/11\/iStock-1324896208_Laterne-600x360.jpg 600w\" sizes=\"auto, (max-width: 400px) 100vw, 400px\" \/><\/a>\n\t\t        \t\t\t\t\t\t<div class=\"textwrapper\">\n\t\t\t        <h3><a href=\"https:\/\/lebenleben.de\/wunderland\/aktuelles\/aktuelle-beitraege\/2022\/11\/25\/lichterfest-in-unseren-kindergaerten\/\" rel=\"bookmark\" title=\"Lichterfest in unseren Kinderg\u00e4rten\">Lichterfest in unseren Kinderg\u00e4rten<\/a><\/h3>\n\t\t\t\t\t<p><span class=\"entry-date listrecentposts__entry-date\">25. November 2022<\/span><\/p>\n\t\t\t        <p>Nach fast zweij\u00e4hriger Pause war es Anfang November endlich so weit und die Kinder des Heilp\u00e4dagogischen und des Sprachheilkindergarten konnten gemeinsam mit ihren selbstgebastelten Laternen den Abend &#8222;beleuchten&#8220;. Von der Musiktherapeutin San auf der Guitarre begleitet, wurden kr\u00e4ftig Laternenlieder gesungen. Ein warmer Punsch und Laugengeb\u00e4ck sorgten f\u00fcr die St\u00e4rkung zwischendurch. So konnten alle Kinder bestens [&hellip;]<\/p>\n\t\t\t\t\t\t\t<a href=\"https:\/\/lebenleben.de\/wunderland\/aktuelles\/aktuelle-beitraege\/2022\/11\/25\/lichterfest-in-unseren-kindergaerten\/\" rel=\"bookmark\" title=\"Lichterfest in unseren Kinderg\u00e4rten\">Weiterlesen&nbsp;&raquo;<\/a>\n\t\t\t\t\t\t<\/div>\n\t\t    <\/div>\n\t\t\t\t\t\t\t\t\t\t\t<div class=\"listteaser-single single-teaser block-subpage-wrapper__single post-14057 post type-post status-publish format-standard has-post-thumbnail hentry category-wunderland\">\n\t\t\t\t\n\t\t        \t\t           <a class=\"imagelink \"href=\"https:\/\/lebenleben.de\/wunderland\/aktuelles\/aktuelle-beitraege\/2020\/08\/10\/herzlich-willkommen-im-neuen-krippen-und-kindergartenjahr\/\" rel=\"bookmark\" title=\"Herzlich Willkommen im neuen Krippen- und Kindergartenjahr!\"><img loading=\"lazy\" decoding=\"async\" width=\"355\" height=\"231\" src=\"https:\/\/lebenleben.de\/wunderland\/wp-content\/uploads\/sites\/9\/2020\/08\/5N5A5316-e16032024221501.jpg\" class=\"attachment-ll-thumb size-ll-thumb wp-post-image\" alt=\"\" srcset=\"https:\/\/lebenleben.de\/wunderland\/wp-content\/uploads\/sites\/9\/2020\/08\/5N5A5316-e16032024221501.jpg 355w, https:\/\/lebenleben.de\/wunderland\/wp-content\/uploads\/sites\/9\/2020\/08\/5N5A5316-e16032024221501-300x195.jpg 300w\" sizes=\"auto, (max-width: 355px) 100vw, 355px\" \/><\/a>\n\t\t        \t\t\t\t\t\t<div class=\"textwrapper\">\n\t\t\t        <h3><a href=\"https:\/\/lebenleben.de\/wunderland\/aktuelles\/aktuelle-beitraege\/2020\/08\/10\/herzlich-willkommen-im-neuen-krippen-und-kindergartenjahr\/\" rel=\"bookmark\" title=\"Herzlich Willkommen im neuen Krippen- und Kindergartenjahr!\">Herzlich Willkommen im neuen Krippen- und Kindergartenjahr!<\/a><\/h3>\n\t\t\t\t\t<p><span class=\"entry-date listrecentposts__entry-date\">10. August 2020<\/span><\/p>\n\t\t\t        <p>Liebe Kinder, Eltern und Sorgeberechtigte, wir freuen uns, Euch alle zum Start in die zweite Jahresh\u00e4lfte begr\u00fc\u00dfen zu k\u00f6nnen und hoffen, dass ihr alle eine sch\u00f6ne Ferienzeit hattet! Bei der Gestaltung des&nbsp; neuen Krippen- und Kindergartenjahres werden wir uns selbstverst\u00e4ndlich auch weiterhin an wichtigen Hygieneregeln orientieren. Die konsequente Einhaltung dieser Regeln ist f\u00fcr unser Miteinander [&hellip;]<\/p>\n\t\t\t\t\t\t\t<a href=\"https:\/\/lebenleben.de\/wunderland\/aktuelles\/aktuelle-beitraege\/2020\/08\/10\/herzlich-willkommen-im-neuen-krippen-und-kindergartenjahr\/\" rel=\"bookmark\" title=\"Herzlich Willkommen im neuen Krippen- und Kindergartenjahr!\">Weiterlesen&nbsp;&raquo;<\/a>\n\t\t\t\t\t\t<\/div>\n\t\t    <\/div>\n\t\t\t\t\t\t\t\t\t\t\t<div class=\"listteaser-single single-teaser block-subpage-wrapper__single post-11676 post type-post status-publish format-standard has-post-thumbnail hentry category-wunderland\">\n\t\t\t\t\n\t\t        \t\t           <a class=\"imagelink \"href=\"https:\/\/lebenleben.de\/wunderland\/aktuelles\/aktuelle-beitraege\/2019\/10\/23\/feuerwehr-war-zu-besuch\/\" rel=\"bookmark\" title=\"Feuerwehr war zu Besuch\"><img loading=\"lazy\" decoding=\"async\" width=\"400\" height=\"240\" src=\"https:\/\/lebenleben.de\/wunderland\/wp-content\/uploads\/sites\/9\/2019\/10\/Tatuetata-2019-1-400x240.jpg\" class=\"attachment-ll-thumb size-ll-thumb wp-post-image\" alt=\"\" srcset=\"https:\/\/lebenleben.de\/wunderland\/wp-content\/uploads\/sites\/9\/2019\/10\/Tatuetata-2019-1-400x240.jpg 400w, https:\/\/lebenleben.de\/wunderland\/wp-content\/uploads\/sites\/9\/2019\/10\/Tatuetata-2019-1-800x480.jpg 800w, https:\/\/lebenleben.de\/wunderland\/wp-content\/uploads\/sites\/9\/2019\/10\/Tatuetata-2019-1-600x360.jpg 600w\" sizes=\"auto, (max-width: 400px) 100vw, 400px\" \/><\/a>\n\t\t        \t\t\t\t\t\t<div class=\"textwrapper\">\n\t\t\t        <h3><a href=\"https:\/\/lebenleben.de\/wunderland\/aktuelles\/aktuelle-beitraege\/2019\/10\/23\/feuerwehr-war-zu-besuch\/\" rel=\"bookmark\" title=\"Feuerwehr war zu Besuch\">Feuerwehr war zu Besuch<\/a><\/h3>\n\t\t\t\t\t<p><span class=\"entry-date listrecentposts__entry-date\">23. Oktober 2019<\/span><\/p>\n\t\t\t        <p>Tat\u00fctata, die Feuerwehr war da! Unsere Kinder des Heilp\u00e4dagogischen Kindergartens und des Sprachheilkindergartens kamen aus dem Staunen nicht heraus, als am Montag, 21.10.2019, pl\u00f6tzlich auf unserem Aussengel\u00e4nde ein gro\u00dfer Feuerwehrwagen stand. Mit gro\u00dfem Interesse haben sich unsere Kinder die unterschiedlichen Sachen von Feuerwehrmann Dennis Schulz erkl\u00e4ren lassen. Es wurde getestet,\u00a0 wie viele Kinder wohl auf [&hellip;]<\/p>\n\t\t\t\t\t\t\t<a href=\"https:\/\/lebenleben.de\/wunderland\/aktuelles\/aktuelle-beitraege\/2019\/10\/23\/feuerwehr-war-zu-besuch\/\" rel=\"bookmark\" title=\"Feuerwehr war zu Besuch\">Weiterlesen&nbsp;&raquo;<\/a>\n\t\t\t\t\t\t<\/div>\n\t\t    <\/div>\n\t\t\t\t\t\t\t\t\t\t\t<div class=\"listteaser-single single-teaser block-subpage-wrapper__single post-11569 post type-post status-publish format-standard has-post-thumbnail hentry category-wunderland\">\n\t\t\t\t\n\t\t        \t\t           <a class=\"imagelink \"href=\"https:\/\/lebenleben.de\/wunderland\/aktuelles\/aktuelle-beitraege\/2019\/09\/25\/10-jahre-kita-wunderland\/\" rel=\"bookmark\" title=\"10 Jahre KiTa Wunderland\"><img loading=\"lazy\" decoding=\"async\" width=\"400\" height=\"240\" src=\"https:\/\/lebenleben.de\/wunderland\/wp-content\/uploads\/sites\/9\/2019\/09\/IMG_20190629_121351_resized1-400x240.jpg\" class=\"attachment-ll-thumb size-ll-thumb wp-post-image\" alt=\"\" srcset=\"https:\/\/lebenleben.de\/wunderland\/wp-content\/uploads\/sites\/9\/2019\/09\/IMG_20190629_121351_resized1-400x240.jpg 400w, https:\/\/lebenleben.de\/wunderland\/wp-content\/uploads\/sites\/9\/2019\/09\/IMG_20190629_121351_resized1-800x480.jpg 800w, https:\/\/lebenleben.de\/wunderland\/wp-content\/uploads\/sites\/9\/2019\/09\/IMG_20190629_121351_resized1-600x360.jpg 600w\" sizes=\"auto, (max-width: 400px) 100vw, 400px\" \/><\/a>\n\t\t        \t\t\t\t\t\t<div class=\"textwrapper\">\n\t\t\t        <h3><a href=\"https:\/\/lebenleben.de\/wunderland\/aktuelles\/aktuelle-beitraege\/2019\/09\/25\/10-jahre-kita-wunderland\/\" rel=\"bookmark\" title=\"10 Jahre KiTa Wunderland\">10 Jahre KiTa Wunderland<\/a><\/h3>\n\t\t\t\t\t<p><span class=\"entry-date listrecentposts__entry-date\">25. September 2019<\/span><\/p>\n\t\t\t        <p>In diesem Jahr (2019) konnte unsere KiTa Wunderland 10 j\u00e4hriges Bestehen feiern! Als erste integrative Ganztageskrippe im Landkreis Uelzen gestartet, umfasst unsere KiTa heute eine Krippeneinrichtung und einen angeschlossenen Ganztageskindergarten. Beide Einrichtungen arbeiten mittlerweile integrativ und bieten Kindern mit und ohne Handicap die einmalige Chance gemeinsam vorurteilsfrei aufzuwachsen. Dieses Miteinander sorgt im KiTa-Alltag immer wieder [&hellip;]<\/p>\n\t\t\t\t\t\t\t<a href=\"https:\/\/lebenleben.de\/wunderland\/aktuelles\/aktuelle-beitraege\/2019\/09\/25\/10-jahre-kita-wunderland\/\" rel=\"bookmark\" title=\"10 Jahre KiTa Wunderland\">Weiterlesen&nbsp;&raquo;<\/a>\n\t\t\t\t\t\t<\/div>\n\t\t    <\/div>\n\t\t\n\t\t\n\n\n<\/div>\n\n\n<div id=\"llreadmore-block_a8b6eaa3a303b411fef77e39d2c9ae14\" class=\"block-llreadmore llreadmore aligncenter\">\n\t<a class=\"button\" href=\"https:\/\/lebenleben.de\/wunderland\/aktuelles\/aktuelle-beitrage\/\" target=\"_self\">Mehr aktuelle Beitr\u00e4ge&nbsp;&raquo;<\/a>\n<\/div>\n<\/div><\/div>\n","protected":false},"excerpt":{"rendered":"<p>Leben leben Kind sein im Wunderland Die integrativen Kitas und Heilp\u00e4dagogischen Kinderg\u00e4rten in Uelzen und Dannenberg sowie der Sprachheilkindergarten in Uelzen sind unser Wunderland. Hier k\u00f6nnen wir Kinder zwischen 0 und 6 Jahren nicht nur altersgerecht, sondern bei Bedarf auch (sprach-)heilp\u00e4dagogisch f\u00f6rdern. Und darin haben wir seit mehr als 40 Jahren Erfahrung! Wir pflegen einen [&hellip;]<\/p>\n","protected":false},"author":1,"featured_media":0,"parent":0,"menu_order":0,"comment_status":"closed","ping_status":"closed","template":"page-templates\/page-fullscreen.php","meta":{"_acf_changed":false,"footnotes":""},"class_list":["post-7","page","type-page","status-publish","hentry"],"acf":[],"yoast_head":"<!-- This site is optimized with the Yoast SEO plugin v27.3 - https:\/\/yoast.com\/product\/yoast-seo-wordpress\/ -->\n<title>Das Leben leben Wunderland f\u00fcr Kinder von 0 bis 6 Jahren<\/title>\n<meta name=\"description\" content=\"Zum Leben leben Wunderland geh\u00f6ren Kindertagesst\u00e4tten und (sprach-)heilp\u00e4dagogische Kinderg\u00e4rten in Uelzen und Dannenberg.\" \/>\n<meta name=\"robots\" content=\"index, follow, max-snippet:-1, max-image-preview:large, max-video-preview:-1\" \/>\n<link rel=\"canonical\" href=\"https:\/\/lebenleben.de\/wunderland\/\" \/>\n<meta property=\"og:locale\" content=\"de_DE\" \/>\n<meta property=\"og:type\" content=\"article\" \/>\n<meta property=\"og:title\" content=\"Das Leben leben Wunderland f\u00fcr Kinder von 0 bis 6 Jahren\" \/>\n<meta property=\"og:description\" content=\"Zum Leben leben Wunderland geh\u00f6ren Kindertagesst\u00e4tten und (sprach-)heilp\u00e4dagogische Kinderg\u00e4rten in Uelzen und Dannenberg.\" \/>\n<meta property=\"og:url\" content=\"https:\/\/lebenleben.de\/wunderland\/\" \/>\n<meta property=\"og:site_name\" content=\"Leben leben Wunderland\" \/>\n<meta property=\"article:modified_time\" content=\"2026-02-09T12:44:27+00:00\" \/>\n<meta name=\"twitter:card\" content=\"summary_large_image\" \/>\n<meta name=\"twitter:label1\" content=\"Gesch\u00e4tzte Lesezeit\" \/>\n\t<meta name=\"twitter:data1\" content=\"2\u00a0Minuten\" \/>\n<script type=\"application\/ld+json\" class=\"yoast-schema-graph\">{\"@context\":\"https:\\\/\\\/schema.org\",\"@graph\":[{\"@type\":\"WebPage\",\"@id\":\"https:\\\/\\\/lebenleben.de\\\/wunderland\\\/\",\"url\":\"https:\\\/\\\/lebenleben.de\\\/wunderland\\\/\",\"name\":\"Das Leben leben Wunderland f\u00fcr Kinder von 0 bis 6 Jahren\",\"isPartOf\":{\"@id\":\"https:\\\/\\\/lebenleben.de\\\/wunderland\\\/#website\"},\"datePublished\":\"2021-01-22T14:36:30+00:00\",\"dateModified\":\"2026-02-09T12:44:27+00:00\",\"description\":\"Zum Leben leben Wunderland geh\u00f6ren Kindertagesst\u00e4tten und (sprach-)heilp\u00e4dagogische Kinderg\u00e4rten in Uelzen und Dannenberg.\",\"breadcrumb\":{\"@id\":\"https:\\\/\\\/lebenleben.de\\\/wunderland\\\/#breadcrumb\"},\"inLanguage\":\"de\",\"potentialAction\":[{\"@type\":\"ReadAction\",\"target\":[\"https:\\\/\\\/lebenleben.de\\\/wunderland\\\/\"]}]},{\"@type\":\"BreadcrumbList\",\"@id\":\"https:\\\/\\\/lebenleben.de\\\/wunderland\\\/#breadcrumb\",\"itemListElement\":[{\"@type\":\"ListItem\",\"position\":1,\"name\":\"Startseite\",\"item\":\"https:\\\/\\\/lebenleben.de\\\/wunderland\\\/\"},{\"@type\":\"ListItem\",\"position\":2,\"name\":\"Startseite\"}]},{\"@type\":\"WebSite\",\"@id\":\"https:\\\/\\\/lebenleben.de\\\/wunderland\\\/#website\",\"url\":\"https:\\\/\\\/lebenleben.de\\\/wunderland\\\/\",\"name\":\"Leben leben Wunderland\",\"description\":\"Eine weitere Leben Leben Netzwerk Website\",\"publisher\":{\"@id\":\"https:\\\/\\\/lebenleben.de\\\/wunderland\\\/#organization\"},\"potentialAction\":[{\"@type\":\"SearchAction\",\"target\":{\"@type\":\"EntryPoint\",\"urlTemplate\":\"https:\\\/\\\/lebenleben.de\\\/wunderland\\\/?s={search_term_string}\"},\"query-input\":{\"@type\":\"PropertyValueSpecification\",\"valueRequired\":true,\"valueName\":\"search_term_string\"}}],\"inLanguage\":\"de\"},{\"@type\":\"Organization\",\"@id\":\"https:\\\/\\\/lebenleben.de\\\/wunderland\\\/#organization\",\"name\":\"Leben leben Wunderland\",\"url\":\"https:\\\/\\\/lebenleben.de\\\/wunderland\\\/\",\"logo\":{\"@type\":\"ImageObject\",\"inLanguage\":\"de\",\"@id\":\"https:\\\/\\\/lebenleben.de\\\/wunderland\\\/#\\\/schema\\\/logo\\\/image\\\/\",\"url\":\"https:\\\/\\\/lebenleben.de\\\/wunderland\\\/wp-content\\\/uploads\\\/sites\\\/9\\\/2021\\\/01\\\/ll_favicon-green.png\",\"contentUrl\":\"https:\\\/\\\/lebenleben.de\\\/wunderland\\\/wp-content\\\/uploads\\\/sites\\\/9\\\/2021\\\/01\\\/ll_favicon-green.png\",\"width\":501,\"height\":501,\"caption\":\"Leben leben Wunderland\"},\"image\":{\"@id\":\"https:\\\/\\\/lebenleben.de\\\/wunderland\\\/#\\\/schema\\\/logo\\\/image\\\/\"}}]}<\/script>\n<!-- \/ Yoast SEO plugin. -->","yoast_head_json":{"title":"Das Leben leben Wunderland f\u00fcr Kinder von 0 bis 6 Jahren","description":"Zum Leben leben Wunderland geh\u00f6ren Kindertagesst\u00e4tten und (sprach-)heilp\u00e4dagogische Kinderg\u00e4rten in Uelzen und Dannenberg.","robots":{"index":"index","follow":"follow","max-snippet":"max-snippet:-1","max-image-preview":"max-image-preview:large","max-video-preview":"max-video-preview:-1"},"canonical":"https:\/\/lebenleben.de\/wunderland\/","og_locale":"de_DE","og_type":"article","og_title":"Das Leben leben Wunderland f\u00fcr Kinder von 0 bis 6 Jahren","og_description":"Zum Leben leben Wunderland geh\u00f6ren Kindertagesst\u00e4tten und (sprach-)heilp\u00e4dagogische Kinderg\u00e4rten in Uelzen und Dannenberg.","og_url":"https:\/\/lebenleben.de\/wunderland\/","og_site_name":"Leben leben Wunderland","article_modified_time":"2026-02-09T12:44:27+00:00","twitter_card":"summary_large_image","twitter_misc":{"Gesch\u00e4tzte Lesezeit":"2\u00a0Minuten"},"schema":{"@context":"https:\/\/schema.org","@graph":[{"@type":"WebPage","@id":"https:\/\/lebenleben.de\/wunderland\/","url":"https:\/\/lebenleben.de\/wunderland\/","name":"Das Leben leben Wunderland f\u00fcr Kinder von 0 bis 6 Jahren","isPartOf":{"@id":"https:\/\/lebenleben.de\/wunderland\/#website"},"datePublished":"2021-01-22T14:36:30+00:00","dateModified":"2026-02-09T12:44:27+00:00","description":"Zum Leben leben Wunderland geh\u00f6ren Kindertagesst\u00e4tten und (sprach-)heilp\u00e4dagogische Kinderg\u00e4rten in Uelzen und Dannenberg.","breadcrumb":{"@id":"https:\/\/lebenleben.de\/wunderland\/#breadcrumb"},"inLanguage":"de","potentialAction":[{"@type":"ReadAction","target":["https:\/\/lebenleben.de\/wunderland\/"]}]},{"@type":"BreadcrumbList","@id":"https:\/\/lebenleben.de\/wunderland\/#breadcrumb","itemListElement":[{"@type":"ListItem","position":1,"name":"Startseite","item":"https:\/\/lebenleben.de\/wunderland\/"},{"@type":"ListItem","position":2,"name":"Startseite"}]},{"@type":"WebSite","@id":"https:\/\/lebenleben.de\/wunderland\/#website","url":"https:\/\/lebenleben.de\/wunderland\/","name":"Leben leben Wunderland","description":"Eine weitere Leben Leben Netzwerk Website","publisher":{"@id":"https:\/\/lebenleben.de\/wunderland\/#organization"},"potentialAction":[{"@type":"SearchAction","target":{"@type":"EntryPoint","urlTemplate":"https:\/\/lebenleben.de\/wunderland\/?s={search_term_string}"},"query-input":{"@type":"PropertyValueSpecification","valueRequired":true,"valueName":"search_term_string"}}],"inLanguage":"de"},{"@type":"Organization","@id":"https:\/\/lebenleben.de\/wunderland\/#organization","name":"Leben leben Wunderland","url":"https:\/\/lebenleben.de\/wunderland\/","logo":{"@type":"ImageObject","inLanguage":"de","@id":"https:\/\/lebenleben.de\/wunderland\/#\/schema\/logo\/image\/","url":"https:\/\/lebenleben.de\/wunderland\/wp-content\/uploads\/sites\/9\/2021\/01\/ll_favicon-green.png","contentUrl":"https:\/\/lebenleben.de\/wunderland\/wp-content\/uploads\/sites\/9\/2021\/01\/ll_favicon-green.png","width":501,"height":501,"caption":"Leben leben Wunderland"},"image":{"@id":"https:\/\/lebenleben.de\/wunderland\/#\/schema\/logo\/image\/"}}]}},"_links":{"self":[{"href":"https:\/\/lebenleben.de\/wunderland\/wp-json\/wp\/v2\/pages\/7","targetHints":{"allow":["GET"]}}],"collection":[{"href":"https:\/\/lebenleben.de\/wunderland\/wp-json\/wp\/v2\/pages"}],"about":[{"href":"https:\/\/lebenleben.de\/wunderland\/wp-json\/wp\/v2\/types\/page"}],"author":[{"embeddable":true,"href":"https:\/\/lebenleben.de\/wunderland\/wp-json\/wp\/v2\/users\/1"}],"replies":[{"embeddable":true,"href":"https:\/\/lebenleben.de\/wunderland\/wp-json\/wp\/v2\/comments?post=7"}],"version-history":[{"count":61,"href":"https:\/\/lebenleben.de\/wunderland\/wp-json\/wp\/v2\/pages\/7\/revisions"}],"predecessor-version":[{"id":15407,"href":"https:\/\/lebenleben.de\/wunderland\/wp-json\/wp\/v2\/pages\/7\/revisions\/15407"}],"wp:attachment":[{"href":"https:\/\/lebenleben.de\/wunderland\/wp-json\/wp\/v2\/media?parent=7"}],"curies":[{"name":"wp","href":"https:\/\/api.w.org\/{rel}","templated":true}]}}